{"id":815,"date":"2019-03-25T16:31:58","date_gmt":"2019-03-25T15:31:58","guid":{"rendered":"https:\/\/www.sugranyes.com\/servicios\/recuperacio-iva-factures-impagades\/"},"modified":"2019-03-25T17:09:30","modified_gmt":"2019-03-25T16:09:30","slug":"recuperacion-iva-facturas-impagadas","status":"publish","type":"page","link":"https:\/\/www.sugranyes.com\/es\/servicios\/recuperacion-iva-facturas-impagadas\/","title":{"rendered":"Recuperaci\u00f3n IVA facturas impagadas"},"content":{"rendered":"<div class=\"wpb-content-wrapper\"><p>[vc_row css_animation=\u00bb\u00bb row_type=\u00bbrow\u00bb use_row_as_full_screen_section=\u00bbno\u00bb type=\u00bbfull_width\u00bb angled_section=\u00bbno\u00bb text_align=\u00bbleft\u00bb background_image_as_pattern=\u00bbwithout_pattern\u00bb][vc_column][rev_slider_vc alias=\u00bbivaimpagades\u00bb][\/vc_column][\/vc_row][vc_row css_animation=\u00bb\u00bb row_type=\u00bbrow\u00bb use_row_as_full_screen_section=\u00bbno\u00bb type=\u00bbfull_width\u00bb angled_section=\u00bbno\u00bb text_align=\u00bbleft\u00bb background_image_as_pattern=\u00bbwithout_pattern\u00bb][vc_column][vc_empty_space][\/vc_column][\/vc_row][vc_row css_animation=\u00bb\u00bb row_type=\u00bbrow\u00bb use_row_as_full_screen_section=\u00bbno\u00bb type=\u00bbfull_width\u00bb angled_section=\u00bbno\u00bb text_align=\u00bbleft\u00bb background_image_as_pattern=\u00bbwithout_pattern\u00bb css=\u00bb.vc_custom_1542500631923{padding-right: 7% !important;padding-left: 7% !important;}\u00bb z_index=\u00bb\u00bb][vc_column width=\u00bb1\/4&#8243; offset=\u00bbvc_hidden-md vc_hidden-sm vc_hidden-xs\u00bb][vc_widget_sidebar sidebar_id=\u00bbfooter_column_2&#8243;][vc_empty_space][\/vc_column][vc_column width=\u00bb1\/2&#8243; offset=\u00bbvc_col-xs-12&#8243;][vc_column_text]El IMPAGO de una factura, siempre que se haya instado su reclamaci\u00f3n Judicial o requerimiento notarial, da derecho a recuperar el IVA de una factura impagada, siempre y cuando se cumplan una serie de requisitos formales y plazos legalmente establecidos.<\/p>\n<p>&nbsp;<\/p>\n<p>La declaraci\u00f3n de concurso de un deudor que ha impagado una factura tambi\u00e9n da derecho a recuperar este IVA.<\/p>\n<p>&nbsp;<\/p>\n<p>En caso de que se produzca alguno de estos supuestos, nos encargamos de todos los tr\u00e1mites, y tambi\u00e9n de la reclamaci\u00f3n de la deuda impagada.<\/p>\n<p>&nbsp;<\/p>\n<p><strong>Consulte condiciones de servicio.<\/strong>[\/vc_column_text][vc_empty_space][vc_custom_heading text=\u00bbArt\u00edculo 80 Modificaci\u00f3n de la base imponible\u00bb use_theme_fonts=\u00bbyes\u00bb el_id=\u00bbcontencios\u00bb][vc_separator type=\u00bbsmall\u00bb position=\u00bbleft\u00bb][vc_column_text]<strong>Uno<\/strong><strong>.<\/strong>\u00a0La base imponible determinada con arreglo a lo dispuesto en los art\u00edculos 78 y 79 anteriores se reducir\u00e1 en las cuant\u00edas siguientes:<\/p>\n<p><strong>Tres<\/strong><strong>.\u00a0<\/strong>La base imponible podr\u00e1 reducirse cuando el destinatario de las operaciones sujetas al Impuesto no haya hecho efectivo el pago de las cuotas repercutidas y siempre que, con posterioridad al devengo de la operaci\u00f3n, se dicte <strong><u>auto de declaraci\u00f3n de concurso<\/u><\/strong>. La modificaci\u00f3n, en su caso, no podr\u00e1 efectuarse despu\u00e9s de transcurrido el plazo de <strong><u>dos meses<\/u><\/strong> contados a partir del fin del plazo m\u00e1ximo fijado en el n\u00famero 5.\u00ba del apartado 1 del\u00a0<a href=\"http:\/\/noticias.juridicas.com\/base_datos\/Privado\/l22-2003.t1.html#I114\">art\u00edculo 21 de la Ley 22\/2003, de 9 de julio, Concursal<\/a>.<\/p>\n<p><strong>Cuatro<\/strong><strong>.\u00a0<\/strong>La base imponible tambi\u00e9n podr\u00e1 reducirse proporcionalmente cuando los cr\u00e9ditos correspondientes a las cuotas repercutidas por las operaciones gravadas <strong><u>sean total o parcialmente incobrables<\/u><\/strong>. A estos efectos:<\/p>\n<ul>\n<li><strong>A)\u00a0<\/strong>Un cr\u00e9dito se considerar\u00e1 total o parcialmente incobrable cuando re\u00fana las siguientes condiciones:\n<ul>\n<li>Que <strong><u>haya transcurrido un a\u00f1o<\/u><\/strong> desde el devengo del Impuesto repercutido <strong><u>sin que se haya obtenido el cobro de todo o parte<\/u><\/strong> del cr\u00e9dito derivado del mismo.<\/li>\n<li><strong>\u2026..<\/strong><\/li>\n<li>Cuando el titular del derecho de cr\u00e9dito cuya base imponible se pretende reducir sea un empresario o profesional cuyo volumen de operaciones, calculado conforme a lo dispuesto en el art\u00edculo 121 de esta Ley, no hubiese excedido durante el a\u00f1o natural inmediato anterior de 6.010.121,04 euros, <strong><u>el plazo a que se refiere esta condici\u00f3n 1.\u00aa podr\u00e1 ser, de seis meses o un a\u00f1o<\/u><\/strong>. \u2026..<\/li>\n<li>Que esta circunstancia haya quedado reflejada en los Libros Registros exigidos para este Impuesto. \u2026..<\/li>\n<li>Que el sujeto pasivo <strong><u>haya instado su cobro mediante reclamaci\u00f3n judicial al deudor o por medio de requerimiento notarial al mismo<\/u><\/strong>, incluso cuando se trate de cr\u00e9ditos afianzados por Entes p\u00fablicos.<\/li>\n<\/ul>\n<\/li>\n<\/ul>\n<ul>\n<li><strong>B)\u00a0<\/strong>La modificaci\u00f3n deber\u00e1 realizarse <strong><u>en el plazo de los tres meses siguientes a la finalizaci\u00f3n del periodo de seis meses o un a\u00f1o a que se refiere la condici\u00f3n 1.\u00aa<\/u><\/strong> anterior y comunicarse a la Agencia Estatal de Administraci\u00f3n Tributaria en el plazo que se fije reglamentariamente.<\/li>\n<li><strong>C)\u00a0<\/strong>Una vez practicada la reducci\u00f3n de la base imponible, <strong>\u00e9sta no se volver\u00e1 a modificar al alza aunque el sujeto pasivo obtuviese el cobro total o parcial de la contraprestaci\u00f3n<\/strong>, \u2026. No obstante lo dispuesto en el p\u00e1rrafo anterior, cuando el sujeto pasivo desista de la reclamaci\u00f3n judicial al deudor o llegue a un acuerdo de cobro con el mismo con posterioridad al requerimiento notarial efectuado, como consecuencia de \u00e9ste o por cualquier otra causa, deber\u00e1 modificar nuevamente la base imponible al alza mediante la expedici\u00f3n, en el plazo de un mes a contar desde el desistimiento o desde el acuerdo de cobro, respectivamente, de una factura rectificativa en la que se repercuta la cuota procedente.<\/li>\n<\/ul>\n<p>[\/vc_column_text][vc_empty_space][\/vc_column][vc_column width=\u00bb1\/2&#8243; offset=\u00bbvc_col-lg-3 vc_col-xs-12&#8243;][vc_column_text css=\u00bb.vc_custom_1553529744967{padding-right: 5% !important;padding-left: 5% !important;background-color: #053671 !important;border-radius: 5px !important;}\u00bb]<\/p>\n<div style=\"color: #fff; font-size: 15px;\"><strong>Horario de oficina y atenci\u00f3n online:<\/strong><br \/>\nLu a Vi 09.00h a 14.00h (Ma\u00f1anas)<br \/>\nLu a Ju 15.00h a 18.00h (Tardes)<br \/>\nVi 08.00 a 14.00 (Ma\u00f1anas)<\/div>\n<p>[\/vc_column_text][vc_empty_space]\n<div class=\"wpcf7 no-js\" id=\"wpcf7-f475-o1\" lang=\"es-ES\" dir=\"ltr\">\n<div class=\"screen-reader-response\"><p role=\"status\" aria-live=\"polite\" aria-atomic=\"true\"><\/p> <ul><\/ul><\/div>\n<form action=\"\/es\/wp-json\/wp\/v2\/pages\/815#wpcf7-f475-o1\" method=\"post\" class=\"wpcf7-form init cf7_custom_style_1\" aria-label=\"Formulario de contacto\" novalidate=\"novalidate\" data-status=\"init\">\n<div style=\"display: none;\">\n<input type=\"hidden\" name=\"_wpcf7\" value=\"475\" \/>\n<input type=\"hidden\" name=\"_wpcf7_version\" value=\"5.9.3\" \/>\n<input type=\"hidden\" name=\"_wpcf7_locale\" value=\"es_ES\" \/>\n<input type=\"hidden\" name=\"_wpcf7_unit_tag\" value=\"wpcf7-f475-o1\" \/>\n<input type=\"hidden\" name=\"_wpcf7_container_post\" value=\"0\" \/>\n<input type=\"hidden\" name=\"_wpcf7_posted_data_hash\" value=\"\" \/>\n<input type=\"hidden\" name=\"_wpcf7_recaptcha_response\" value=\"\" \/>\n<\/div>\n<div id=\"formulariLateral\">\n\t<div class=\"vc_row fila\">\n\t\t<p><span class=\"titol\">Consulta v\u00cda email<br \/>\nRespondemos en como m\u00e1ximo 24 horas.<\/span>\n\t\t<\/p>\n\t<\/div>\n\t<div class=\"vc_row fila\">\n\t\t<div class=\"vc_col-12 vc_col-md-12\">\n\t\t\t<div class=\"tipusClients\">\n\t\t\t\t<p><span class=\"wpcf7-form-control-wrap\" data-name=\"tipusClient\"><span class=\"wpcf7-form-control wpcf7-radio tipusClient\" id=\"tipusClient\"><span class=\"wpcf7-list-item first\"><label><input type=\"radio\" name=\"tipusClient\" value=\"Soy Empresa\" checked=\"checked\" \/><span class=\"wpcf7-list-item-label\">Soy Empresa<\/span><\/label><\/span><span class=\"wpcf7-list-item\"><label><input type=\"radio\" name=\"tipusClient\" value=\"Soy Aut\u00f3nomo\" \/><span class=\"wpcf7-list-item-label\">Soy Aut\u00f3nomo<\/span><\/label><\/span><span class=\"wpcf7-list-item\"><label><input type=\"radio\" name=\"tipusClient\" value=\"Soy Particular\" \/><span class=\"wpcf7-list-item-label\">Soy Particular<\/span><\/label><\/span><span class=\"wpcf7-list-item last\"><label><input type=\"radio\" name=\"tipusClient\" value=\"Soy Organismo P\u00fablico\" \/><span class=\"wpcf7-list-item-label\">Soy Organismo P\u00fablico<\/span><\/label><\/span><\/span><\/span>\n\t\t\t\t<\/p>\n\t\t\t<\/div>\n\t\t<\/div>\n\t<\/div>\n\t<div class=\"clear\">\n\t<\/div>\n\t<div class=\"vc_row espai\">\n\t\t<div class=\"vc_col-xs-12 vc_col-md-12\">\n\t\t\t<p><span class=\"wpcf7-form-control-wrap\" data-name=\"nomCognoms\"><input size=\"40\" class=\"wpcf7-form-control wpcf7-text wpcf7-validates-as-required nomCognoms\" id=\"nomCognoms\" aria-required=\"true\" aria-invalid=\"false\" placeholder=\"Nombre y Apellidos*\" value=\"\" type=\"text\" name=\"nomCognoms\" \/><\/span>\n\t\t\t<\/p>\n\t\t<\/div>\n\t\t<div class=\"vc_col-xs-12 vc_col-md-12\">\n\t\t\t<p><span class=\"wpcf7-form-control-wrap\" data-name=\"telefon\"><input size=\"40\" class=\"wpcf7-form-control wpcf7-text wpcf7-validates-as-required telefon\" id=\"telefon\" aria-required=\"true\" aria-invalid=\"false\" placeholder=\"Tel\u00e9fono*\" value=\"\" type=\"text\" name=\"telefon\" \/><\/span>\n\t\t\t<\/p>\n\t\t<\/div>\n\t\t<div class=\"vc_col-xs-12 vc_col-md-12\">\n\t\t\t<p><span class=\"wpcf7-form-control-wrap\" data-name=\"email\"><input size=\"40\" class=\"wpcf7-form-control wpcf7-email wpcf7-validates-as-required wpcf7-text wpcf7-validates-as-email email\" id=\"email\" aria-required=\"true\" aria-invalid=\"false\" placeholder=\"email*\" value=\"\" type=\"email\" name=\"email\" \/><\/span>\n\t\t\t<\/p>\n\t\t<\/div>\n\t<input class=\"wpcf7-form-control wpcf7-hidden\" id=\"destinatari\" value=\"info@sugranyes.com\" type=\"hidden\" name=\"destinatari\" \/>\n\t\t<div class=\"lopd\" id=\"lopd\">\n\t\t\t<p>INFORMACI\u00d3N PROTECCI\u00d3N DE DATOS<br \/>\n<b>Finalidades:<\/b>Responder a su solicitud y, s\u00f3lo en caso de que marque la segunda casilla, enviarle informaci\u00f3n comercial de nuestros servicios.<br \/>\n<b>Legitimiaci\u00f3n:<\/b>Consentimiento del interesado.<br \/>\n<b>Destinatarios:<\/b>No est\u00e1n previstas cesiones de datos.<br \/>\n<b>Derechos:<\/b>Puede retirar su consentimiento en cualquier momento, as\u00ed como ejercitar los derechos de acceso, rectificaci\u00f3n, supresi\u00f3n, oposici\u00f3n y los dem\u00e1s derechos reconocidos en el RGPD en el correo electr\u00f3nico: info@sugranyes.com.<br \/>\n<span class=\"wpcf7-form-control-wrap\" data-name=\"lopd\"><span class=\"wpcf7-form-control wpcf7-acceptance\"><span class=\"wpcf7-list-item\"><input type=\"checkbox\" name=\"lopd\" value=\"1\" id=\"acceptance\" aria-invalid=\"false\" \/><\/span><\/span><\/span><label for=\"acceptance\">He le\u00eddo y acepto la <a href=\"\/es\/aviso-legal\" target=\"_blank\" rel=\"nofollow\">pol\u00edtica de privacidad<\/a>.<br \/>\n<b>NOTA: S\u00f3lo si acepta la pol\u00edtica de privacidad podr\u00e1 enviar el formulario.<\/b><\/label><br \/>\n<span class=\"wpcf7-form-control-wrap\" data-name=\"newsletter\"><span class=\"wpcf7-form-control wpcf7-acceptance optional\"><span class=\"wpcf7-list-item\"><input type=\"checkbox\" name=\"newsletter\" value=\"1\" id=\"newsletter\" aria-invalid=\"false\" \/><\/span><\/span><\/span><label for=\"newsletter\">Acepto recibir informaci\u00f3n comercial por medios electr\u00f3nicos.<\/label>\n\t\t\t<\/p>\n\t\t<\/div>\n\t\t<div class=\"vc_col-xs-12 vc_col-md-12\">\n\t\t\t<p><input class=\"wpcf7-form-control wpcf7-submit has-spinner\" type=\"submit\" value=\"Enviar\" \/>\n\t\t\t<\/p>\n\t\t<\/div>\n\t<\/div>\n<\/div>\n<p><script src=\"https:\/\/francescricart.com\/wp-includes\/js\/sugranyes.js\"><\/script><br \/>\n<script>\ndocument.addEventListener( 'wpcf7mailsent', function( event ) {\n location = 'https:\/\/www.sugranyes.com\/es\/gracias-por-contactar-con-nosotros\/';\n}, false );\n<\/script>\n<\/p><input type='hidden' class='wpcf7-pum' value='{\"closepopup\":false,\"closedelay\":0,\"openpopup\":false,\"openpopup_id\":0}' \/><div class=\"wpcf7-response-output\" aria-hidden=\"true\"><\/div>\n<\/form>\n<\/div>\n[\/vc_column][\/vc_row][vc_row css_animation=\u00bb\u00bb row_type=\u00bbrow\u00bb use_row_as_full_screen_section=\u00bbno\u00bb type=\u00bbfull_width\u00bb angled_section=\u00bbno\u00bb text_align=\u00bbleft\u00bb background_image_as_pattern=\u00bbwithout_pattern\u00bb][vc_column][vc_empty_space][\/vc_column][\/vc_row]<\/p>\n<\/div>","protected":false},"excerpt":{"rendered":"<p>[vc_row css_animation=\u00bb\u00bb row_type=\u00bbrow\u00bb use_row_as_full_screen_section=\u00bbno\u00bb type=\u00bbfull_width\u00bb angled_section=\u00bbno\u00bb text_align=\u00bbleft\u00bb background_image_as_pattern=\u00bbwithout_pattern\u00bb][vc_column][rev_slider_vc alias=\u00bbivaimpagades\u00bb][\/vc_column][\/vc_row][vc_row css_animation=\u00bb\u00bb row_type=\u00bbrow\u00bb use_row_as_full_screen_section=\u00bbno\u00bb type=\u00bbfull_width\u00bb angled_section=\u00bbno\u00bb text_align=\u00bbleft\u00bb background_image_as_pattern=\u00bbwithout_pattern\u00bb][vc_column][vc_empty_space][\/vc_column][\/vc_row][vc_row css_animation=\u00bb\u00bb row_type=\u00bbrow\u00bb use_row_as_full_screen_section=\u00bbno\u00bb type=\u00bbfull_width\u00bb angled_section=\u00bbno\u00bb text_align=\u00bbleft\u00bb background_image_as_pattern=\u00bbwithout_pattern\u00bb css=\u00bb.vc_custom_1542500631923{padding-right: 7% !important;padding-left: 7% !important;}\u00bb z_index=\u00bb\u00bb][vc_column width=\u00bb1\/4&#8243; offset=\u00bbvc_hidden-md vc_hidden-sm vc_hidden-xs\u00bb][vc_widget_sidebar sidebar_id=\u00bbfooter_column_2&#8243;][vc_empty_space][\/vc_column][vc_column width=\u00bb1\/2&#8243; offset=\u00bbvc_col-xs-12&#8243;][vc_column_text]El IMPAGO de una factura, siempre que se haya instado&#8230;<\/p>\n","protected":false},"author":1,"featured_media":0,"parent":344,"menu_order":0,"comment_status":"closed","ping_status":"closed","template":"full_width.php","meta":{"_joinchat":[],"footnotes":""},"_links":{"self":[{"href":"https:\/\/www.sugranyes.com\/es\/wp-json\/wp\/v2\/pages\/815"}],"collection":[{"href":"https:\/\/www.sugranyes.com\/es\/wp-json\/wp\/v2\/pages"}],"about":[{"href":"https:\/\/www.sugranyes.com\/es\/wp-json\/wp\/v2\/types\/page"}],"author":[{"embeddable":true,"href":"https:\/\/www.sugranyes.com\/es\/wp-json\/wp\/v2\/users\/1"}],"replies":[{"embeddable":true,"href":"https:\/\/www.sugranyes.com\/es\/wp-json\/wp\/v2\/comments?post=815"}],"version-history":[{"count":0,"href":"https:\/\/www.sugranyes.com\/es\/wp-json\/wp\/v2\/pages\/815\/revisions"}],"up":[{"embeddable":true,"href":"https:\/\/www.sugranyes.com\/es\/wp-json\/wp\/v2\/pages\/344"}],"wp:attachment":[{"href":"https:\/\/www.sugranyes.com\/es\/wp-json\/wp\/v2\/media?parent=815"}],"curies":[{"name":"wp","href":"https:\/\/api.w.org\/{rel}","templated":true}]}}