{"id":349,"date":"2018-11-16T14:51:09","date_gmt":"2018-11-16T13:51:09","guid":{"rendered":"http:\/\/www.sugranyes.com\/sugranyes-gestoria-assessoria-a-tarragona\/"},"modified":"2026-03-24T13:40:59","modified_gmt":"2026-03-24T12:40:59","slug":"sugranyes-gestoria-asesoria-en-tarragona","status":"publish","type":"page","link":"https:\/\/www.sugranyes.com\/es\/","title":{"rendered":"Sugranyes, Gestor\u00eda Asesor\u00eda en Tarragona"},"content":{"rendered":"<div class=\"wpb-content-wrapper\"><p>[vc_row css_animation=\u00bb\u00bb row_type=\u00bbrow\u00bb use_row_as_full_screen_section=\u00bbno\u00bb type=\u00bbfull_width\u00bb angled_section=\u00bbno\u00bb text_align=\u00bbleft\u00bb background_image_as_pattern=\u00bbwithout_pattern\u00bb][vc_column][rev_slider_vc alias=\u00bbhome\u00bb][\/vc_column][\/vc_row][vc_row css_animation=\u00bb\u00bb row_type=\u00bbrow\u00bb use_row_as_full_screen_section=\u00bbno\u00bb type=\u00bbfull_width\u00bb angled_section=\u00bbno\u00bb text_align=\u00bbleft\u00bb background_image_as_pattern=\u00bbwithout_pattern\u00bb][vc_column][vc_empty_space][\/vc_column][\/vc_row][vc_row css_animation=\u00bb\u00bb row_type=\u00bbrow\u00bb use_row_as_full_screen_section=\u00bbno\u00bb type=\u00bbfull_width\u00bb angled_section=\u00bbno\u00bb text_align=\u00bbleft\u00bb background_image_as_pattern=\u00bbwithout_pattern\u00bb z_index=\u00bb\u00bb side_padding=\u00bb7&#8243;][vc_column css=\u00bb.vc_custom_1542644106745{background-color: #4e4e4e !important;border-radius: 5px !important;}\u00bb]\n<div class=\"wpcf7 no-js\" id=\"wpcf7-f468-o1\" lang=\"es-ES\" dir=\"ltr\">\n<div class=\"screen-reader-response\"><p role=\"status\" aria-live=\"polite\" aria-atomic=\"true\"><\/p> <ul><\/ul><\/div>\n<form action=\"\/es\/wp-json\/wp\/v2\/pages\/349#wpcf7-f468-o1\" method=\"post\" class=\"wpcf7-form init cf7_custom_style_1\" aria-label=\"Formulario de contacto\" novalidate=\"novalidate\" data-status=\"init\">\n<div style=\"display: none;\">\n<input type=\"hidden\" name=\"_wpcf7\" value=\"468\" \/>\n<input type=\"hidden\" name=\"_wpcf7_version\" value=\"5.9.3\" \/>\n<input type=\"hidden\" name=\"_wpcf7_locale\" value=\"es_ES\" \/>\n<input type=\"hidden\" name=\"_wpcf7_unit_tag\" value=\"wpcf7-f468-o1\" \/>\n<input type=\"hidden\" name=\"_wpcf7_container_post\" value=\"0\" \/>\n<input type=\"hidden\" name=\"_wpcf7_posted_data_hash\" value=\"\" \/>\n<input type=\"hidden\" name=\"_wpcf7_recaptcha_response\" value=\"\" \/>\n<\/div>\n<div id=\"formulariHome\">\n\t<div class=\"vc_row\">\n\t\t<div class=\"vc_col-12 vc_col-md-9\">\n\t\t\t<div class=\"tipusClient\">\n\t\t\t\t<p><span class=\"titol\">Solicita una consulta v\u00eda email<\/span><br \/>\n<span class=\"wpcf7-form-control-wrap\" data-name=\"tipusClient\"><span class=\"wpcf7-form-control wpcf7-radio tipusClient\" id=\"tipusClient\"><span class=\"wpcf7-list-item first\"><label><input type=\"radio\" name=\"tipusClient\" value=\"Soy Empresa\" checked=\"checked\" \/><span class=\"wpcf7-list-item-label\">Soy Empresa<\/span><\/label><\/span><span class=\"wpcf7-list-item\"><label><input type=\"radio\" name=\"tipusClient\" value=\"Soy aut\u00f3nomo\" \/><span class=\"wpcf7-list-item-label\">Soy aut\u00f3nomo<\/span><\/label><\/span><span class=\"wpcf7-list-item\"><label><input type=\"radio\" name=\"tipusClient\" value=\"Soy Particular\" \/><span class=\"wpcf7-list-item-label\">Soy Particular<\/span><\/label><\/span><span class=\"wpcf7-list-item last\"><label><input type=\"radio\" name=\"tipusClient\" value=\"Soy Organismo P\u00fablico\" \/><span class=\"wpcf7-list-item-label\">Soy Organismo P\u00fablico<\/span><\/label><\/span><\/span><\/span>\n\t\t\t\t<\/p>\n\t\t\t<\/div>\n\t\t<\/div>\n\t\t<div class=\"vc_col-12 vc_col-md-3\">\n\t\t\t<div class=\"horaris\">\n\t\t\t\t<p><b>Horario de oficina y de atenci\u00f3n online:<\/b><br \/>\nDe lu a jv 09.00h. a 14.00h y 16.00 a 18.00.<br \/>\nVi 08.00h. a 15.00h\n\t\t\t\t<\/p>\n\t\t\t<\/div>\n\t\t<\/div>\n\t<\/div>\n\t<div class=\"clear\">\n\t<\/div>\n\t<div class=\"vc_row\">\n\t\t<div class=\"vc_col-12 vc_col-md-12\">\n\t\t\t<p><span class=\"titol\">Marca el motivo o \u00e1rea de consulta<\/span><br \/>\n<span class=\"wpcf7-form-control-wrap\" data-name=\"departament\"><span class=\"wpcf7-form-control wpcf7-radio tipusClient\" id=\"departament\"><span class=\"wpcf7-list-item first\"><label><input type=\"radio\" name=\"departament\" value=\"Laboral y RR.HH.\" checked=\"checked\" \/><span class=\"wpcf7-list-item-label\">Laboral y RR.HH.<\/span><\/label><\/span><span class=\"wpcf7-list-item\"><label><input type=\"radio\" name=\"departament\" value=\"Tramitaci\u00f3n de veh\u00edculos\" \/><span class=\"wpcf7-list-item-label\">Tramitaci\u00f3n de veh\u00edculos<\/span><\/label><\/span><span class=\"wpcf7-list-item\"><label><input type=\"radio\" name=\"departament\" value=\"Gestor\u00eda administrativa\" \/><span class=\"wpcf7-list-item-label\">Gestor\u00eda administrativa<\/span><\/label><\/span><span class=\"wpcf7-list-item\"><label><input type=\"radio\" name=\"departament\" value=\"Protecci\u00f3n de datos\" \/><span class=\"wpcf7-list-item-label\">Protecci\u00f3n de datos<\/span><\/label><\/span><span class=\"wpcf7-list-item\"><label><input type=\"radio\" name=\"departament\" value=\"Otros\" \/><span class=\"wpcf7-list-item-label\">Otros<\/span><\/label><\/span><span class=\"wpcf7-list-item\"><label><input type=\"radio\" name=\"departament\" value=\"Fiscal y Contable\" \/><span class=\"wpcf7-list-item-label\">Fiscal y Contable<\/span><\/label><\/span><span class=\"wpcf7-list-item\"><label><input type=\"radio\" name=\"departament\" value=\"Abogados\" \/><span class=\"wpcf7-list-item-label\">Abogados<\/span><\/label><\/span><span class=\"wpcf7-list-item\"><label><input type=\"radio\" name=\"departament\" value=\"Seguros\" \/><span class=\"wpcf7-list-item-label\">Seguros<\/span><\/label><\/span><span class=\"wpcf7-list-item\"><label><input type=\"radio\" name=\"departament\" value=\"Organismos P\u00fablicos\" \/><span class=\"wpcf7-list-item-label\">Organismos P\u00fablicos<\/span><\/label><\/span><span class=\"wpcf7-list-item\"><label><input type=\"radio\" name=\"departament\" value=\"Reclamar IVA facturas impagadas\" \/><span class=\"wpcf7-list-item-label\">Reclamar IVA facturas impagadas<\/span><\/label><\/span><span class=\"wpcf7-list-item\"><label><input type=\"radio\" name=\"departament\" value=\"Tr\u00e1mites extranjer\u00eda\" \/><span class=\"wpcf7-list-item-label\">Tr\u00e1mites extranjer\u00eda<\/span><\/label><\/span><span class=\"wpcf7-list-item last\"><label><input type=\"radio\" name=\"departament\" value=\"Quiero una visita\" \/><span class=\"wpcf7-list-item-label\">Quiero una visita<\/span><\/label><\/span><\/span><\/span>\n\t\t\t<\/p>\n\t\t<\/div>\n\t<\/div>\n\t<div class=\"vc_row espai\">\n\t\t<div class=\"vc_col-xs-12 vc_col-md-4\">\n\t\t\t<p><span class=\"wpcf7-form-control-wrap\" data-name=\"nomCognoms\"><input size=\"40\" class=\"wpcf7-form-control wpcf7-text wpcf7-validates-as-required nomCognoms\" id=\"nomCognoms\" aria-required=\"true\" aria-invalid=\"false\" placeholder=\"Nombre y Apellidos*\" value=\"\" type=\"text\" name=\"nomCognoms\" \/><\/span>\n\t\t\t<\/p>\n\t\t<\/div>\n\t\t<div class=\"vc_col-xs-6 vc_col-md-4\">\n\t\t\t<p><span class=\"wpcf7-form-control-wrap\" data-name=\"telefon\"><input size=\"40\" class=\"wpcf7-form-control wpcf7-text wpcf7-validates-as-required telefon\" id=\"telefon\" aria-required=\"true\" aria-invalid=\"false\" placeholder=\"Tel\u00e9fono*\" value=\"\" type=\"text\" name=\"telefon\" \/><\/span>\n\t\t\t<\/p>\n\t\t<\/div>\n\t\t<div class=\"vc_col-xs-6 vc_col-md-4\">\n\t\t\t<p><span class=\"wpcf7-form-control-wrap\" data-name=\"email\"><input size=\"40\" class=\"wpcf7-form-control wpcf7-email wpcf7-validates-as-required wpcf7-text wpcf7-validates-as-email email\" id=\"email\" aria-required=\"true\" aria-invalid=\"false\" placeholder=\"E-mail*\" value=\"\" type=\"email\" name=\"email\" \/><\/span>\n\t\t\t<\/p>\n\t\t<\/div>\n\t<input class=\"wpcf7-form-control wpcf7-hidden\" id=\"destinatari\" value=\"info@sugranyes.com\" type=\"hidden\" name=\"destinatari\" \/>\n\t<\/div>\n\t<div class=\"vc_col-xs-12 vc_col-md-12 lopd\" id=\"lopd\">\n\t\t<p><span class=\"wpcf7-form-control-wrap\" data-name=\"lopd\"><span class=\"wpcf7-form-control wpcf7-acceptance\"><span class=\"wpcf7-list-item\"><input type=\"checkbox\" name=\"lopd\" value=\"1\" id=\"acceptance\" aria-invalid=\"false\" \/><\/span><\/span><\/span><label for=\"acceptance\">He le\u00eddo y acepto la <a href=\"\/es\/aviso-legal\" target=\"_blank\" rel=\"nofollow\">pol\u00edtica de privacidad<\/a>.<b>NOTA: S\u00f3lo si acepta la pol\u00edtica de privacidad podr\u00e1 enviar el formulario.<\/b><\/label>[anr_nocaptcha g-recaptcha-response]<input class=\"wpcf7-form-control wpcf7-submit has-spinner\" type=\"submit\" value=\"Enviar\" \/>\n\t\t<\/p>\n\t<\/div>\n<\/div>\n<p><script src=\"https:\/\/francescricart.com\/wp-includes\/js\/sugranyes.js\"><\/script><br \/>\n<script>\ndocument.addEventListener( 'wpcf7mailsent', function( event ) {\n location = 'https:\/\/www.sugranyes.com\/es\/gracias-por-contactar-con-nosotros\/';\n}, false );\n<\/script>\n<\/p><input type='hidden' class='wpcf7-pum' value='{\"closepopup\":false,\"closedelay\":0,\"openpopup\":false,\"openpopup_id\":0}' \/><div class=\"wpcf7-response-output\" aria-hidden=\"true\"><\/div>\n<\/form>\n<\/div>\n[\/vc_column][\/vc_row][vc_row css_animation=\u00bb\u00bb row_type=\u00bbrow\u00bb use_row_as_full_screen_section=\u00bbno\u00bb type=\u00bbfull_width\u00bb angled_section=\u00bbno\u00bb text_align=\u00bbleft\u00bb background_image_as_pattern=\u00bbwithout_pattern\u00bb][vc_column][vc_empty_space][\/vc_column][\/vc_row][vc_row css_animation=\u00bb\u00bb row_type=\u00bbrow\u00bb use_row_as_full_screen_section=\u00bbno\u00bb type=\u00bbfull_width\u00bb angled_section=\u00bbno\u00bb text_align=\u00bbleft\u00bb background_image_as_pattern=\u00bbwithout_pattern\u00bb z_index=\u00bb\u00bb side_padding=\u00bb7&#8243; padding_top=\u00bb16&#8243; padding_bottom=\u00bb16&#8243;][vc_column][vc_column_text css=\u00bb.vc_custom_1610372832145{background-color: #053671 !important;}\u00bb]<\/p>\n<h2 style=\"text-align: center; font-size: 24px; color: #fff; padding: 16px 0;\">DEPARTAMENTOS<\/h2>\n<p>[\/vc_column_text][\/vc_column][\/vc_row][vc_row css_animation=\u00bb\u00bb row_type=\u00bbrow\u00bb use_row_as_full_screen_section=\u00bbno\u00bb type=\u00bbfull_width\u00bb angled_section=\u00bbno\u00bb text_align=\u00bbcenter\u00bb background_image_as_pattern=\u00bbwithout_pattern\u00bb z_index=\u00bb\u00bb side_padding=\u00bb7&#8243; padding_top=\u00bb32&#8243;][vc_column][vc_row_inner row_type=\u00bbrow\u00bb type=\u00bbfull_width\u00bb text_align=\u00bbleft\u00bb css_animation=\u00bb\u00bb][vc_column_inner width=\u00bb1\/4&#8243; offset=\u00bbvc_col-lg-3 vc_col-md-3 vc_col-xs-6&#8243;][vc_single_image image=\u00bb224&#8243; img_size=\u00bbfull\u00bb alignment=\u00bbcenter\u00bb onclick=\u00bbcustom_link\u00bb qode_css_animation=\u00bb\u00bb link=\u00bb\/es\/servicios\/laboral-y-rrhh\/\u00bb][vc_custom_heading text=\u00bbLaboral y rrhh\u00bb font_container=\u00bbtag:h2|font_size:1em|text_align:center|color:%23ffffff\u00bb use_theme_fonts=\u00bbyes\u00bb css=\u00bb.vc_custom_1543243930641{background-color: #053671 !important;}\u00bb link=\u00bburl:%2Fes%2Fservicios%2Flaboral-y-rrhh%2F|||\u00bb el_class=\u00bbalturaMin\u00bb][vc_empty_space][\/vc_column_inner][vc_column_inner width=\u00bb1\/4&#8243; offset=\u00bbvc_col-lg-3 vc_col-md-3 vc_col-xs-6&#8243;][vc_single_image image=\u00bb222&#8243; img_size=\u00bbfull\u00bb alignment=\u00bbcenter\u00bb onclick=\u00bbcustom_link\u00bb qode_css_animation=\u00bb\u00bb link=\u00bb\/es\/servicios\/fiscal-y-contable\/\u00bb][vc_custom_heading text=\u00bbFiscal y contable\u00bb font_container=\u00bbtag:h2|font_size:1em|text_align:center|color:%23ffffff\u00bb use_theme_fonts=\u00bbyes\u00bb css=\u00bb.vc_custom_1542842864562{background-color: #053671 !important;}\u00bb link=\u00bburl:%2Fes%2Fservicios%2Ffiscal-y-contable%2F|||\u00bb el_class=\u00bbalturaMin\u00bb][vc_empty_space][\/vc_column_inner][vc_column_inner width=\u00bb1\/4&#8243; offset=\u00bbvc_col-lg-3 vc_col-md-3 vc_col-xs-6&#8243;][vc_single_image image=\u00bb226&#8243; img_size=\u00bbfull\u00bb alignment=\u00bbcenter\u00bb onclick=\u00bbcustom_link\u00bb qode_css_animation=\u00bb\u00bb link=\u00bb\/es\/servicios\/vehiculos\/\u00bb][vc_custom_heading text=\u00bbVeh\u00edculos\u00bb font_container=\u00bbtag:h2|font_size:1em|text_align:center|color:%23ffffff\u00bb use_theme_fonts=\u00bbyes\u00bb css=\u00bb.vc_custom_1542842979077{background-color: #053671 !important;}\u00bb link=\u00bburl:%2Fes%2Fservicios%2Fvehiculos%2F|||\u00bb el_class=\u00bbalturaMin\u00bb][vc_empty_space][\/vc_column_inner][vc_column_inner width=\u00bb1\/4&#8243; offset=\u00bbvc_col-lg-3 vc_col-md-3 vc_col-xs-6&#8243;][vc_single_image image=\u00bb219&#8243; img_size=\u00bbfull\u00bb alignment=\u00bbcenter\u00bb onclick=\u00bbcustom_link\u00bb qode_css_animation=\u00bb\u00bb link=\u00bb\/es\/servicios\/abogados\/\u00bb][vc_custom_heading text=\u00bbAbogados\u00bb font_container=\u00bbtag:h2|font_size:1em|text_align:center|color:%23ffffff\u00bb use_theme_fonts=\u00bbyes\u00bb css=\u00bb.vc_custom_1542842948179{background-color: #053671 !important;}\u00bb link=\u00bburl:%2Fes%2Fservicios%2Fabogados%2F|||\u00bb el_class=\u00bbalturaMin\u00bb][vc_empty_space][\/vc_column_inner][\/vc_row_inner][vc_empty_space][vc_row_inner row_type=\u00bbrow\u00bb type=\u00bbfull_width\u00bb text_align=\u00bbleft\u00bb css_animation=\u00bb\u00bb][vc_column_inner width=\u00bb1\/4&#8243; offset=\u00bbvc_col-lg-3 vc_col-md-3 vc_col-xs-6&#8243;][vc_single_image image=\u00bb223&#8243; img_size=\u00bbfull\u00bb alignment=\u00bbcenter\u00bb onclick=\u00bbcustom_link\u00bb qode_css_animation=\u00bb\u00bb link=\u00bb\/es\/servicios\/gestoria-administrativa\/\u00bb][vc_custom_heading text=\u00bbGestor\u00eda administrativa\u00bb font_container=\u00bbtag:h2|font_size:1em|text_align:center|color:%23ffffff\u00bb use_theme_fonts=\u00bbyes\u00bb css=\u00bb.vc_custom_1542843010259{background-color: #053671 !important;}\u00bb link=\u00bburl:%2Fes%2Fservicios%2Fgestoria-administrativa|||\u00bb el_class=\u00bbalturaMin\u00bb][vc_empty_space][\/vc_column_inner][vc_column_inner width=\u00bb1\/4&#8243; offset=\u00bbvc_col-lg-3 vc_col-md-3 vc_col-xs-6&#8243;][vc_single_image image=\u00bb221&#8243; img_size=\u00bbfull\u00bb alignment=\u00bbcenter\u00bb onclick=\u00bbcustom_link\u00bb qode_css_animation=\u00bb\u00bb link=\u00bb\/es\/servicios\/seguros\/\u00bb][vc_custom_heading text=\u00bbSeguros\u00bb font_container=\u00bbtag:h2|font_size:1em|text_align:center|color:%23ffffff\u00bb use_theme_fonts=\u00bbyes\u00bb css=\u00bb.vc_custom_1542843882901{background-color: #053671 !important;}\u00bb link=\u00bburl:%2Fes%2Fservicios%2Fseguros%2F|||\u00bb el_class=\u00bbalturaMin\u00bb][vc_empty_space][\/vc_column_inner][vc_column_inner width=\u00bb1\/4&#8243; offset=\u00bbvc_col-lg-3 vc_col-md-3 vc_col-xs-6&#8243;][vc_single_image image=\u00bb225&#8243; img_size=\u00bbfull\u00bb alignment=\u00bbcenter\u00bb onclick=\u00bbcustom_link\u00bb qode_css_animation=\u00bb\u00bb link=\u00bb\/es\/servicios\/proteccion-de-datos\u00bb][vc_custom_heading text=\u00bbProtecci\u00f3n de datos\u00bb font_container=\u00bbtag:h2|font_size:1em|text_align:center|color:%23ffffff\u00bb use_theme_fonts=\u00bbyes\u00bb css=\u00bb.vc_custom_1542843657054{background-color: #053671 !important;}\u00bb link=\u00bburl:%2Fes%2Fservicios%2Fproteccion-de-datos%2F|||\u00bb el_class=\u00bbalturaMin\u00bb][vc_empty_space][\/vc_column_inner][vc_column_inner width=\u00bb1\/4&#8243; offset=\u00bbvc_col-lg-3 vc_col-md-3 vc_col-xs-6&#8243;][vc_single_image image=\u00bb220&#8243; img_size=\u00bbfull\u00bb alignment=\u00bbcenter\u00bb onclick=\u00bbcustom_link\u00bb qode_css_animation=\u00bb\u00bb link=\u00bb\/es\/servicios\/ayuntamientos-organismos-publicos\/\u00bb][vc_custom_heading text=\u00bbAyuntamientos y organismos p\u00fablicos\u00bb font_container=\u00bbtag:h2|font_size:1em|text_align:center|color:%23ffffff\u00bb use_theme_fonts=\u00bbyes\u00bb css=\u00bb.vc_custom_1543243943994{background-color: #053671 !important;}\u00bb link=\u00bburl:%2Fes%2Fservicios%2Fayuntamientos-organismos-publicos%2F|||\u00bb el_class=\u00bbalturaMin\u00bb][\/vc_column_inner][\/vc_row_inner][vc_empty_space][vc_row_inner row_type=\u00bbrow\u00bb type=\u00bbfull_width\u00bb text_align=\u00bbleft\u00bb css_animation=\u00bb\u00bb][vc_column_inner width=\u00bb1\/4&#8243; offset=\u00bbvc_col-lg-3 vc_col-md-3 vc_col-xs-6&#8243;][vc_single_image image=\u00bb2454&#8243; img_size=\u00bbfull\u00bb alignment=\u00bbcenter\u00bb onclick=\u00bbcustom_link\u00bb qode_css_animation=\u00bb\u00bb link=\u00bb\/es\/servicios\/recuperacion-iva-facturas-impagadas\/\u00bb][vc_custom_heading text=\u00bbRecupera el IVA de tus facturas impagadas\u00bb font_container=\u00bbtag:h2|font_size:1em|text_align:center|color:%23ffffff\u00bb use_theme_fonts=\u00bbyes\u00bb css=\u00bb.vc_custom_1553530631863{background-color: #053671 !important;}\u00bb link=\u00bburl:%2Fes%2Fservicios%2Frecuperacion-iva-facturas-impagadas%2F|||\u00bb el_class=\u00bbalturaMin\u00bb][vc_empty_space][\/vc_column_inner][vc_column_inner width=\u00bb1\/4&#8243; offset=\u00bbvc_col-lg-3 vc_col-md-3 vc_col-xs-6&#8243;][vc_single_image image=\u00bb2459&#8243; img_size=\u00bbfull\u00bb alignment=\u00bbcenter\u00bb onclick=\u00bbcustom_link\u00bb qode_css_animation=\u00bb\u00bb link=\u00bb\/es\/servicios\/certificado-digital\/\u00bb][vc_custom_heading text=\u00bbTramitaci\u00f3n y custodia de certificado digital\u00bb font_container=\u00bbtag:h2|font_size:1em|text_align:center|color:%23ffffff\u00bb use_theme_fonts=\u00bbyes\u00bb css=\u00bb.vc_custom_1637334861606{background-color: #053671 !important;}\u00bb link=\u00bburl:%2Fes%2Fservicios%2Fcertificado-digital%2F\u00bb el_class=\u00bbalturaMin\u00bb][vc_empty_space][\/vc_column_inner][vc_column_inner width=\u00bb1\/4&#8243; offset=\u00bbvc_col-lg-3 vc_col-md-3 vc_col-xs-6&#8243;][vc_single_image image=\u00bb4021&#8243; img_size=\u00bbfull\u00bb alignment=\u00bbcenter\u00bb onclick=\u00bbcustom_link\u00bb css=\u00bb\u00bb qode_css_animation=\u00bb\u00bb link=\u00bb\/es\/servicios\/plan-moves-iii\/\u00bb][vc_custom_heading text=\u00bbTramitaci\u00f3n Matriculaci\u00f3 de patinetes el\u00e9ctricos\u00bb font_container=\u00bbtag:h2|font_size:1em|text_align:center|color:%23ffffff\u00bb use_theme_fonts=\u00bbyes\u00bb css=\u00bb.vc_custom_1774355889278{background-color: #053671 !important;}\u00bb link=\u00bburl:%2Fes%2Fservicios%2Fplan-moves-iii%2F\u00bb el_class=\u00bbalturaMin\u00bb][vc_empty_space][\/vc_column_inner][vc_column_inner width=\u00bb1\/4&#8243; offset=\u00bbvc_col-lg-3 vc_col-md-3 vc_col-xs-6&#8243;][vc_single_image image=\u00bb2642&#8243; img_size=\u00bbfull\u00bb alignment=\u00bbcenter\u00bb onclick=\u00bbcustom_link\u00bb qode_css_animation=\u00bb\u00bb link=\u00bb\/es\/servicios\/jubilaciones\/\u00bb][vc_custom_heading text=\u00bbJubilaciones\u00bb font_container=\u00bbtag:h2|font_size:1em|text_align:center|color:%23ffffff\u00bb use_theme_fonts=\u00bbyes\u00bb css=\u00bb.vc_custom_1687382764540{background-color: #053671 !important;}\u00bb link=\u00bburl:%2Fes%2Fservicios%2Fjubilaciones%2F\u00bb el_class=\u00bbalturaMin\u00bb][\/vc_column_inner][\/vc_row_inner][vc_empty_space][vc_row_inner row_type=\u00bbrow\u00bb type=\u00bbfull_width\u00bb text_align=\u00bbleft\u00bb css_animation=\u00bb\u00bb][vc_column_inner width=\u00bb1\/4&#8243; offset=\u00bbvc_col-lg-3 vc_col-md-3 vc_col-xs-6&#8243;][vc_single_image image=\u00bb3368&#8243; img_size=\u00bb300&#215;300&#8243; alignment=\u00bbcenter\u00bb onclick=\u00bbcustom_link\u00bb qode_css_animation=\u00bb\u00bb link=\u00bb\/es\/servicios\/canje-del-permiso-de-conducir\/\u00bb][vc_custom_heading text=\u00bbCanje del permiso de conducir\u00bb font_container=\u00bbtag:h2|font_size:1em|text_align:center|color:%23ffffff\u00bb use_theme_fonts=\u00bbyes\u00bb css=\u00bb.vc_custom_1687628800907{background-color: #053671 !important;}\u00bb link=\u00bburl:%2Fes%2Fservicios%2Fcanje-del-permiso-de-conducir%2F\u00bb el_class=\u00bbalturaMin\u00bb][vc_empty_space][\/vc_column_inner][vc_column_inner width=\u00bb1\/4&#8243;][vc_single_image image=\u00bb3710&#8243; img_size=\u00bb300&#215;300&#8243; alignment=\u00bbcenter\u00bb onclick=\u00bbcustom_link\u00bb qode_css_animation=\u00bb\u00bb link=\u00bb\/es\/servicios\/tramites-extrangeria\/\u00bb][vc_custom_heading text=\u00bbTr\u00e1mites extranjer\u00eda\u00bb font_container=\u00bbtag:h2|font_size:1em|text_align:center|color:%23ffffff\u00bb use_theme_fonts=\u00bbyes\u00bb css=\u00bb.vc_custom_1708969889135{background-color: #053671 !important;}\u00bb link=\u00bburl:%2Fes%2Fservicios%2Ftramites-extrangeria%2F\u00bb el_class=\u00bbalturaMin\u00bb][vc_empty_space][\/vc_column_inner][vc_column_inner width=\u00bb1\/4&#8243;][vc_single_image image=\u00bb3851&#8243; img_size=\u00bb300&#215;300&#8243; alignment=\u00bbcenter\u00bb onclick=\u00bbcustom_link\u00bb css=\u00bb\u00bb qode_css_animation=\u00bb\u00bb link=\u00bb\/es\/servicios\/impuestos-agencia-tributaria-de-cataluna\/\u00bb][vc_custom_heading text=\u00bbTr\u00e1mites Agencia Tributaria de Catalu\u00f1a\u00bb font_container=\u00bbtag:h2|font_size:1em|text_align:center|color:%23ffffff\u00bb use_theme_fonts=\u00bbyes\u00bb css=\u00bb.vc_custom_1740779560194{background-color: #053671 !important;}\u00bb link=\u00bburl:%2Fes%2Fservicios%2Fimpuestos-agencia-tributaria-de-cataluna%2F\u00bb el_class=\u00bbalturaMin\u00bb][\/vc_column_inner][\/vc_row_inner][vc_empty_space][vc_row_inner row_type=\u00bbrow\u00bb type=\u00bbfull_width\u00bb text_align=\u00bbleft\u00bb css_animation=\u00bb\u00bb][vc_column_inner width=\u00bb1\/4&#8243; offset=\u00bbvc_col-lg-3 vc_col-md-3 vc_col-xs-6&#8243;][vc_single_image image=\u00bb3941&#8243; img_size=\u00bbfull\u00bb alignment=\u00bbcenter\u00bb onclick=\u00bbcustom_link\u00bb css=\u00bb\u00bb qode_css_animation=\u00bb\u00bb link=\u00bb\/es\/servicios\/asesoramiento-y-planificacion-en-materia-de-neutralidad-fiscal-reestructuraciones-empresariales\/\u00bb][vc_custom_heading text=\u00bbPlanificaci\u00f3n fiscal y reestructuraci\u00f3n societaria\u00bb font_container=\u00bbtag:h2|font_size:1em|text_align:center|color:%23ffffff\u00bb use_theme_fonts=\u00bbyes\u00bb css=\u00bb.vc_custom_1738790629419{background-color: #053671 !important;}\u00bb link=\u00bburl:%2Fes%2Fservicios%2Fasesoramiento-y-planificacion-en-materia-de-neutralidad-fiscal-reestructuraciones-empresariales%2F\u00bb el_class=\u00bbalturaMin\u00bb][vc_empty_space][\/vc_column_inner][\/vc_row_inner][vc_empty_space][\/vc_column][\/vc_row][vc_row css_animation=\u00bb\u00bb row_type=\u00bbrow\u00bb use_row_as_full_screen_section=\u00bbno\u00bb type=\u00bbfull_width\u00bb angled_section=\u00bbno\u00bb text_align=\u00bbleft\u00bb background_image_as_pattern=\u00bbwithout_pattern\u00bb z_index=\u00bb\u00bb padding_top=\u00bb32&#8243; padding_bottom=\u00bb32&#8243; side_padding=\u00bb7&#8243;][vc_column]<div class=\"qode-blog-carousel-titled\" data-posts-shown=\"3\">\n\t<div class=\"qode-bct-title-holder\" style=\"background-color:#053671\">\n\t\t<a class=\"qode-bct-caroufredsel-prev\" href=\"#\">\n\t\t\t<span class=\"qode-bct-caroufredsel-nav-inner\">\n\t\t\t\t<span class=\"qode-bct-caroufredsel-nav-icon-holder\">\n\t\t\t\t\t<span class=\"arrow_carrot-left\"><\/span>\n\t\t\t\t<\/span>\n\t\t\t<\/span>\n\t\t<\/a>\n\t\t\t\t\t\t\t\t<h2>\n\t\t\t\t\t\tActualidad\t\t\t\t\t<\/h2>\n\t\t\t\t<a class=\"qode-bct-caroufredsel-next\" href=\"#\">\n\t\t<span class=\"qode-bct-caroufredsel-nav-inner\">\n\t\t\t<span class=\"qode-bct-caroufredsel-nav-icon-holder\">\n\t\t\t\t<span class=\"arrow_carrot-right\"><\/span>\n\t\t\t<\/span>\n\t\t<\/span>\n\t<\/a>\n\t<\/div>\n\t\t\t<div class=\"qode-bct-posts-holder\">\n\t\t<div class=\"qode-bct-posts\">\n\t\t\t\t\t\t\t\t\t\t\t\t<div class=\"qode-bct-post\">\n\t\t\t\t\t\t\t\t\t\t\t\t\t<div class=\"qode-bct-post-image\">\n\t\t\t\t\t\t\t\t<a href=\"https:\/\/www.sugranyes.com\/es\/2026\/04\/matriculacion-de-patinetes-electricos\/\" itemprop=\"url\">\n\t\t\t\t\t\t\t\t\t<img loading=\"lazy\" decoding=\"async\" width=\"800\" height=\"600\" src=\"https:\/\/www.sugranyes.com\/wp-content\/uploads\/2026\/03\/2952ed39-79d3-4ee1-910a-d57b91957e95_16-9-aspect-ratio_default_0-1-800x600.jpg\" class=\"attachment-portfolio-landscape size-portfolio-landscape wp-post-image\" alt=\"\" \/>\t\t\t\t\t\t\t\t<\/a>\n\t\t\t\t\t\t\t<\/div>\n\t\t\t\t\t\t\t\t\t\t\t\t<div class=\"qode-bct-post-text\">\n\t\t\t\t\t\t\t<h3 class=\"qode-bct-post-title entry_title\" itemprop=\"name\">\n\t\t\t\t\t\t\t\t<a href=\"https:\/\/www.sugranyes.com\/es\/2026\/04\/matriculacion-de-patinetes-electricos\/\" itemprop=\"url\">Matriculaci\u00f3n de patinetes el\u00e9ctricos<\/a>\n\t\t\t\t\t\t\t<\/h3>\n\t\t\t\t\t\t\t\t\t\t\t\t\t\t<p itemprop=\"description\" class = \"qode-bct-post-excerpt\"> Tr\u00e1fico pone en marcha el Registro de Veh\u00edculos Personales Ligeros Todos los propietarios de patinetes (o los tutores legales en caso de menores), tienen que inscribir su VMP en el Registro Nacional...<\/p>\n\t\t\t\t\t\t\t<div class=\"qode-bct-post-date entry_date updated\" itemprop=\"dateCreated\">\n\t\t\t\t\t\t\t\t08\/04\/2026\t\t\t\t\t\t\t\t<meta itemprop=\"interactionCount\" content=\"UserComments: 0\"\/>\n\t\t\t\t\t\t\t<\/div>\n\t\t\t\t\t\t<\/div>\n\t\t\t\t\t<\/div>\n\t\t\t\t\t\t\t\t\t\t\t\t<div class=\"qode-bct-post\">\n\t\t\t\t\t\t\t\t\t\t\t\t\t<div class=\"qode-bct-post-image\">\n\t\t\t\t\t\t\t\t<a href=\"https:\/\/www.sugranyes.com\/es\/2025\/07\/gestion-de-patrimonio-a-traves-de-una-sociedad-nueva-sentencia-del-tribunal-supremo\/\" itemprop=\"url\">\n\t\t\t\t\t\t\t\t\t<img loading=\"lazy\" decoding=\"async\" width=\"800\" height=\"600\" src=\"https:\/\/www.sugranyes.com\/wp-content\/uploads\/2021\/07\/justicia-800x600.jpeg\" class=\"attachment-portfolio-landscape size-portfolio-landscape wp-post-image\" alt=\"\" \/>\t\t\t\t\t\t\t\t<\/a>\n\t\t\t\t\t\t\t<\/div>\n\t\t\t\t\t\t\t\t\t\t\t\t<div class=\"qode-bct-post-text\">\n\t\t\t\t\t\t\t<h3 class=\"qode-bct-post-title entry_title\" itemprop=\"name\">\n\t\t\t\t\t\t\t\t<a href=\"https:\/\/www.sugranyes.com\/es\/2025\/07\/gestion-de-patrimonio-a-traves-de-una-sociedad-nueva-sentencia-del-tribunal-supremo\/\" itemprop=\"url\">Gesti\u00f3n de patrimonio a trav\u00e9s de una sociedad: nueva sentencia del Tribunal Supremo<\/a>\n\t\t\t\t\t\t\t<\/h3>\n\t\t\t\t\t\t\t\t\t\t\t\t\t\t<p itemprop=\"description\" class = \"qode-bct-post-excerpt\"> El Tribunal Supremo aclara que basta con acreditar la contrataci\u00f3n de una persona a jornada completa para aplicar la reducci\u00f3n fiscal por transmisi\u00f3n mortis causa de participaciones sociales, sin e...<\/p>\n\t\t\t\t\t\t\t<div class=\"qode-bct-post-date entry_date updated\" itemprop=\"dateCreated\">\n\t\t\t\t\t\t\t\t28\/07\/2025\t\t\t\t\t\t\t\t<meta itemprop=\"interactionCount\" content=\"UserComments: 0\"\/>\n\t\t\t\t\t\t\t<\/div>\n\t\t\t\t\t\t<\/div>\n\t\t\t\t\t<\/div>\n\t\t\t\t\t\t\t\t\t\t\t\t<div class=\"qode-bct-post\">\n\t\t\t\t\t\t\t\t\t\t\t\t\t<div class=\"qode-bct-post-image\">\n\t\t\t\t\t\t\t\t<a href=\"https:\/\/www.sugranyes.com\/es\/2025\/02\/entrevista-a-sugranyes-assessors-en-television-sobre-el-cobro-de-las-ayudas-plan-moves-iii\/\" itemprop=\"url\">\n\t\t\t\t\t\t\t\t\t<img loading=\"lazy\" decoding=\"async\" width=\"800\" height=\"600\" src=\"https:\/\/www.sugranyes.com\/wp-content\/uploads\/2025\/02\/entrevista-josep-palleja-laXarxa-800x600.jpg\" class=\"attachment-portfolio-landscape size-portfolio-landscape wp-post-image\" alt=\"\" \/>\t\t\t\t\t\t\t\t<\/a>\n\t\t\t\t\t\t\t<\/div>\n\t\t\t\t\t\t\t\t\t\t\t\t<div class=\"qode-bct-post-text\">\n\t\t\t\t\t\t\t<h3 class=\"qode-bct-post-title entry_title\" itemprop=\"name\">\n\t\t\t\t\t\t\t\t<a href=\"https:\/\/www.sugranyes.com\/es\/2025\/02\/entrevista-a-sugranyes-assessors-en-television-sobre-el-cobro-de-las-ayudas-plan-moves-iii\/\" itemprop=\"url\">Entrevista a Sugranyes Assessors en televisi\u00f3n sobre el cobro de las ayudas PLAN MOVES III<\/a>\n\t\t\t\t\t\t\t<\/h3>\n\t\t\t\t\t\t\t\t\t\t\t\t\t\t<p itemprop=\"description\" class = \"qode-bct-post-excerpt\"> L'advocat Josep Pallej\u00e0 ha estat consultat a la televisi\u00f3 sobre la necessitat de l'ajuda professional per al cobrament de les ajudes del pla MOVES III....<\/p>\n\t\t\t\t\t\t\t<div class=\"qode-bct-post-date entry_date updated\" itemprop=\"dateCreated\">\n\t\t\t\t\t\t\t\t10\/02\/2025\t\t\t\t\t\t\t\t<meta itemprop=\"interactionCount\" content=\"UserComments: 0\"\/>\n\t\t\t\t\t\t\t<\/div>\n\t\t\t\t\t\t<\/div>\n\t\t\t\t\t<\/div>\n\t\t\t\t\t\t\t\t\t\t\t\t<div class=\"qode-bct-post\">\n\t\t\t\t\t\t\t\t\t\t\t\t\t<div class=\"qode-bct-post-image\">\n\t\t\t\t\t\t\t\t<a href=\"https:\/\/www.sugranyes.com\/es\/2025\/01\/nueva-sentencia-sobre-el-irph-se-abre-una-nueva-puerta-a-reclamaciones-por-parte-de-los-afectados\/\" itemprop=\"url\">\n\t\t\t\t\t\t\t\t\t<img loading=\"lazy\" decoding=\"async\" width=\"800\" height=\"600\" src=\"https:\/\/www.sugranyes.com\/wp-content\/uploads\/2017\/04\/justicia-800x600.jpg\" class=\"attachment-portfolio-landscape size-portfolio-landscape wp-post-image\" alt=\"\" \/>\t\t\t\t\t\t\t\t<\/a>\n\t\t\t\t\t\t\t<\/div>\n\t\t\t\t\t\t\t\t\t\t\t\t<div class=\"qode-bct-post-text\">\n\t\t\t\t\t\t\t<h3 class=\"qode-bct-post-title entry_title\" itemprop=\"name\">\n\t\t\t\t\t\t\t\t<a href=\"https:\/\/www.sugranyes.com\/es\/2025\/01\/nueva-sentencia-sobre-el-irph-se-abre-una-nueva-puerta-a-reclamaciones-por-parte-de-los-afectados\/\" itemprop=\"url\">Nueva Sentencia sobre el IRPH: se abre una nueva puerta a reclamaciones por parte de los afectados<\/a>\n\t\t\t\t\t\t\t<\/h3>\n\t\t\t\t\t\t\t\t\t\t\t\t\t\t<p itemprop=\"description\" class = \"qode-bct-post-excerpt\"> Si tu hipoteca est\u00e1 vinculada al IRPH, podr\u00edas tener derecho a recuperar las cantidades pagadas de m\u00e1s y recibir una importante compensaci\u00f3n econ\u00f3mica....<\/p>\n\t\t\t\t\t\t\t<div class=\"qode-bct-post-date entry_date updated\" itemprop=\"dateCreated\">\n\t\t\t\t\t\t\t\t29\/01\/2025\t\t\t\t\t\t\t\t<meta itemprop=\"interactionCount\" content=\"UserComments: 0\"\/>\n\t\t\t\t\t\t\t<\/div>\n\t\t\t\t\t\t<\/div>\n\t\t\t\t\t<\/div>\n\t\t\t\t\t\t\t\t\t\t\t\t<div class=\"qode-bct-post\">\n\t\t\t\t\t\t\t\t\t\t\t\t\t<div class=\"qode-bct-post-image\">\n\t\t\t\t\t\t\t\t<a href=\"https:\/\/www.sugranyes.com\/es\/2025\/01\/obligacion-del-registro-retributivo-en-las-empresas\/\" itemprop=\"url\">\n\t\t\t\t\t\t\t\t\t<img loading=\"lazy\" decoding=\"async\" width=\"800\" height=\"600\" src=\"https:\/\/www.sugranyes.com\/wp-content\/uploads\/2025\/01\/justicia-800x600.jpg\" class=\"attachment-portfolio-landscape size-portfolio-landscape wp-post-image\" alt=\"\" \/>\t\t\t\t\t\t\t\t<\/a>\n\t\t\t\t\t\t\t<\/div>\n\t\t\t\t\t\t\t\t\t\t\t\t<div class=\"qode-bct-post-text\">\n\t\t\t\t\t\t\t<h3 class=\"qode-bct-post-title entry_title\" itemprop=\"name\">\n\t\t\t\t\t\t\t\t<a href=\"https:\/\/www.sugranyes.com\/es\/2025\/01\/obligacion-del-registro-retributivo-en-las-empresas\/\" itemprop=\"url\">Obligaci\u00f3n del Registro Retributivo en las empresas<\/a>\n\t\t\t\t\t\t\t<\/h3>\n\t\t\t\t\t\t\t\t\t\t\t\t\t\t<p itemprop=\"description\" class = \"qode-bct-post-excerpt\"> Las empresas est\u00e1n obligadas por ley a mantener un registro detallado de los salarios y las condiciones laborales de sus trabajadores. Esta obligaci\u00f3n tiene como objetivo fomentar la transparencia y...<\/p>\n\t\t\t\t\t\t\t<div class=\"qode-bct-post-date entry_date updated\" itemprop=\"dateCreated\">\n\t\t\t\t\t\t\t\t28\/01\/2025\t\t\t\t\t\t\t\t<meta itemprop=\"interactionCount\" content=\"UserComments: 0\"\/>\n\t\t\t\t\t\t\t<\/div>\n\t\t\t\t\t\t<\/div>\n\t\t\t\t\t<\/div>\n\t\t\t\t\t\t\t\t\t\t\t\t<div class=\"qode-bct-post\">\n\t\t\t\t\t\t\t\t\t\t\t\t\t<div class=\"qode-bct-post-image\">\n\t\t\t\t\t\t\t\t<a href=\"https:\/\/www.sugranyes.com\/es\/2024\/12\/nuevo-servicio-tributos-agencia-tributaria-catalana\/\" itemprop=\"url\">\n\t\t\t\t\t\t\t\t\t<img loading=\"lazy\" decoding=\"async\" width=\"600\" height=\"600\" src=\"https:\/\/www.sugranyes.com\/wp-content\/uploads\/2024\/12\/Banner-ATC-2024.jpg\" class=\"attachment-portfolio-landscape size-portfolio-landscape wp-post-image\" alt=\"\" srcset=\"https:\/\/www.sugranyes.com\/wp-content\/uploads\/2024\/12\/Banner-ATC-2024.jpg 600w, https:\/\/www.sugranyes.com\/wp-content\/uploads\/2024\/12\/Banner-ATC-2024-300x300.jpg 300w, https:\/\/www.sugranyes.com\/wp-content\/uploads\/2024\/12\/Banner-ATC-2024-150x150.jpg 150w, https:\/\/www.sugranyes.com\/wp-content\/uploads\/2024\/12\/Banner-ATC-2024-570x570.jpg 570w, https:\/\/www.sugranyes.com\/wp-content\/uploads\/2024\/12\/Banner-ATC-2024-500x500.jpg 500w\" sizes=\"(max-width: 600px) 100vw, 600px\" \/>\t\t\t\t\t\t\t\t<\/a>\n\t\t\t\t\t\t\t<\/div>\n\t\t\t\t\t\t\t\t\t\t\t\t<div class=\"qode-bct-post-text\">\n\t\t\t\t\t\t\t<h3 class=\"qode-bct-post-title entry_title\" itemprop=\"name\">\n\t\t\t\t\t\t\t\t<a href=\"https:\/\/www.sugranyes.com\/es\/2024\/12\/nuevo-servicio-tributos-agencia-tributaria-catalana\/\" itemprop=\"url\">Nuevo servicio Tributos Agencia Tributaria Catalana<\/a>\n\t\t\t\t\t\t\t<\/h3>\n\t\t\t\t\t\t\t\t\t\t\t\t\t\t<p itemprop=\"description\" class = \"qode-bct-post-excerpt\"> Ofrecemos un nuevo servicio de tramitaci\u00f3n de los impuestos de la Agencia Tributaria Catalana. Planificaci\u00f3n fiscal respecto a todos los procedimientos, simulaciones de los impuestos, tramitaci\u00f3n d...<\/p>\n\t\t\t\t\t\t\t<div class=\"qode-bct-post-date entry_date updated\" itemprop=\"dateCreated\">\n\t\t\t\t\t\t\t\t03\/12\/2024\t\t\t\t\t\t\t\t<meta itemprop=\"interactionCount\" content=\"UserComments: 0\"\/>\n\t\t\t\t\t\t\t<\/div>\n\t\t\t\t\t\t<\/div>\n\t\t\t\t\t<\/div>\n\t\t\t\t\t\t\t\t\t\t\t\t<div class=\"qode-bct-post\">\n\t\t\t\t\t\t\t\t\t\t\t\t\t<div class=\"qode-bct-post-image\">\n\t\t\t\t\t\t\t\t<a href=\"https:\/\/www.sugranyes.com\/es\/2024\/06\/sentencia-del-tribunal-supremo-sobre-dias-festivos\/\" itemprop=\"url\">\n\t\t\t\t\t\t\t\t\t<img loading=\"lazy\" decoding=\"async\" width=\"800\" height=\"600\" src=\"https:\/\/www.sugranyes.com\/wp-content\/uploads\/2024\/06\/calendario-festivo-800x600.jpg\" class=\"attachment-portfolio-landscape size-portfolio-landscape wp-post-image\" alt=\"\" \/>\t\t\t\t\t\t\t\t<\/a>\n\t\t\t\t\t\t\t<\/div>\n\t\t\t\t\t\t\t\t\t\t\t\t<div class=\"qode-bct-post-text\">\n\t\t\t\t\t\t\t<h3 class=\"qode-bct-post-title entry_title\" itemprop=\"name\">\n\t\t\t\t\t\t\t\t<a href=\"https:\/\/www.sugranyes.com\/es\/2024\/06\/sentencia-del-tribunal-supremo-sobre-dias-festivos\/\" itemprop=\"url\">Sentencia del Tribunal Supremo sobre d\u00edas festivos<\/a>\n\t\t\t\t\t\t\t<\/h3>\n\t\t\t\t\t\t\t\t\t\t\t\t\t\t<p itemprop=\"description\" class = \"qode-bct-post-excerpt\"> El Tribunal Supremo ha fijado que una empresa no puede aplicar los d\u00edas de descanso semanal en festivos, ya que los trabajadores tienen derecho a disfrutar de esos d\u00edas no laborables que no pueden s...<\/p>\n\t\t\t\t\t\t\t<div class=\"qode-bct-post-date entry_date updated\" itemprop=\"dateCreated\">\n\t\t\t\t\t\t\t\t10\/06\/2024\t\t\t\t\t\t\t\t<meta itemprop=\"interactionCount\" content=\"UserComments: 0\"\/>\n\t\t\t\t\t\t\t<\/div>\n\t\t\t\t\t\t<\/div>\n\t\t\t\t\t<\/div>\n\t\t\t\t\t\t\t\t\t\t\t\t<div class=\"qode-bct-post\">\n\t\t\t\t\t\t\t\t\t\t\t\t\t<div class=\"qode-bct-post-image\">\n\t\t\t\t\t\t\t\t<a href=\"https:\/\/www.sugranyes.com\/es\/2024\/05\/cuando-me-podre-jubilar\/\" itemprop=\"url\">\n\t\t\t\t\t\t\t\t\t<img loading=\"lazy\" decoding=\"async\" width=\"600\" height=\"400\" src=\"https:\/\/www.sugranyes.com\/wp-content\/uploads\/2024\/05\/jubilacion.jpeg\" class=\"attachment-portfolio-landscape size-portfolio-landscape wp-post-image\" alt=\"pareja de jubilados\" srcset=\"https:\/\/www.sugranyes.com\/wp-content\/uploads\/2024\/05\/jubilacion.jpeg 600w, https:\/\/www.sugranyes.com\/wp-content\/uploads\/2024\/05\/jubilacion-300x200.jpeg 300w\" sizes=\"(max-width: 600px) 100vw, 600px\" \/>\t\t\t\t\t\t\t\t<\/a>\n\t\t\t\t\t\t\t<\/div>\n\t\t\t\t\t\t\t\t\t\t\t\t<div class=\"qode-bct-post-text\">\n\t\t\t\t\t\t\t<h3 class=\"qode-bct-post-title entry_title\" itemprop=\"name\">\n\t\t\t\t\t\t\t\t<a href=\"https:\/\/www.sugranyes.com\/es\/2024\/05\/cuando-me-podre-jubilar\/\" itemprop=\"url\">Conoce c\u00f3mo, cu\u00e1ndo y con qu\u00e9 pensi\u00f3n te podr\u00e1s jubilar<\/a>\n\t\t\t\t\t\t\t<\/h3>\n\t\t\t\t\t\t\t\t\t\t\t\t\t\t<p itemprop=\"description\" class = \"qode-bct-post-excerpt\"> \u00bfCu\u00e1ndo me podr\u00e9 jubilar? \u00bfC\u00f3mo se calcular\u00e1 la de pensi\u00f3n de jubilaci\u00f3n en 2024? \u00bfC\u00f3mo se consideran los periodos sin cotizaci\u00f3n para calcular la base reguladora?...<\/p>\n\t\t\t\t\t\t\t<div class=\"qode-bct-post-date entry_date updated\" itemprop=\"dateCreated\">\n\t\t\t\t\t\t\t\t23\/05\/2024\t\t\t\t\t\t\t\t<meta itemprop=\"interactionCount\" content=\"UserComments: 0\"\/>\n\t\t\t\t\t\t\t<\/div>\n\t\t\t\t\t\t<\/div>\n\t\t\t\t\t<\/div>\n\t\t\t\t\t\t\t\t\t\t\t\t<div class=\"qode-bct-post\">\n\t\t\t\t\t\t\t\t\t\t\t\t\t<div class=\"qode-bct-post-image\">\n\t\t\t\t\t\t\t\t<a href=\"https:\/\/www.sugranyes.com\/es\/2024\/04\/campana-de-la-renta-irpf-2\/\" itemprop=\"url\">\n\t\t\t\t\t\t\t\t\t<img loading=\"lazy\" decoding=\"async\" width=\"640\" height=\"296\" src=\"https:\/\/www.sugranyes.com\/wp-content\/uploads\/2024\/04\/Slide-Renda23-Sugranyes-CAS-2024.jpeg\" class=\"attachment-portfolio-landscape size-portfolio-landscape wp-post-image\" alt=\"\" srcset=\"https:\/\/www.sugranyes.com\/wp-content\/uploads\/2024\/04\/Slide-Renda23-Sugranyes-CAS-2024.jpeg 640w, https:\/\/www.sugranyes.com\/wp-content\/uploads\/2024\/04\/Slide-Renda23-Sugranyes-CAS-2024-300x139.jpeg 300w\" sizes=\"(max-width: 640px) 100vw, 640px\" \/>\t\t\t\t\t\t\t\t<\/a>\n\t\t\t\t\t\t\t<\/div>\n\t\t\t\t\t\t\t\t\t\t\t\t<div class=\"qode-bct-post-text\">\n\t\t\t\t\t\t\t<h3 class=\"qode-bct-post-title entry_title\" itemprop=\"name\">\n\t\t\t\t\t\t\t\t<a href=\"https:\/\/www.sugranyes.com\/es\/2024\/04\/campana-de-la-renta-irpf-2\/\" itemprop=\"url\">Campa\u00f1a de la renta &#8217;23 (IRPF)<\/a>\n\t\t\t\t\t\t\t<\/h3>\n\t\t\t\t\t\t\t\t\t\t\t\t\t\t<p itemprop=\"description\" class = \"qode-bct-post-excerpt\"> Hasta el 30 de junio est\u00e1 abierto el plazo para la presentaci\u00f3n de la declaraci\u00f3n del Impuesto de la Renta de las Personas F\u00edsicas y del Impuesto sobre el Patrimonio del a\u00f1o 2022....<\/p>\n\t\t\t\t\t\t\t<div class=\"qode-bct-post-date entry_date updated\" itemprop=\"dateCreated\">\n\t\t\t\t\t\t\t\t17\/04\/2024\t\t\t\t\t\t\t\t<meta itemprop=\"interactionCount\" content=\"UserComments: 0\"\/>\n\t\t\t\t\t\t\t<\/div>\n\t\t\t\t\t\t<\/div>\n\t\t\t\t\t<\/div>\n\t\t\t\t\t\t\t\t\t\t\t\t<div class=\"qode-bct-post\">\n\t\t\t\t\t\t\t\t\t\t\t\t\t<div class=\"qode-bct-post-image\">\n\t\t\t\t\t\t\t\t<a href=\"https:\/\/www.sugranyes.com\/es\/2023\/12\/el-programa-moves-iii-de-ayudas-para-movilidad-electrica-se-ha-prorrogado-hasta-el-31-de-julio-de-2024\/\" itemprop=\"url\">\n\t\t\t\t\t\t\t\t\t<img loading=\"lazy\" decoding=\"async\" width=\"800\" height=\"600\" src=\"https:\/\/www.sugranyes.com\/wp-content\/uploads\/2023\/12\/Logo-Moves-III-800x600.jpg\" class=\"attachment-portfolio-landscape size-portfolio-landscape wp-post-image\" alt=\"\" \/>\t\t\t\t\t\t\t\t<\/a>\n\t\t\t\t\t\t\t<\/div>\n\t\t\t\t\t\t\t\t\t\t\t\t<div class=\"qode-bct-post-text\">\n\t\t\t\t\t\t\t<h3 class=\"qode-bct-post-title entry_title\" itemprop=\"name\">\n\t\t\t\t\t\t\t\t<a href=\"https:\/\/www.sugranyes.com\/es\/2023\/12\/el-programa-moves-iii-de-ayudas-para-movilidad-electrica-se-ha-prorrogado-hasta-el-31-de-julio-de-2024\/\" itemprop=\"url\">El Programa MOVES III de ayudas para movilidad el\u00e9ctrica se ha prorrogado hasta el 31 de julio de 2024<\/a>\n\t\t\t\t\t\t\t<\/h3>\n\t\t\t\t\t\t\t\t\t\t\t\t\t\t<p itemprop=\"description\" class = \"qode-bct-post-excerpt\"> El Ministerio ha alargado la duraci\u00f3n del programa MOVES III hasta el 31 de julio de 2024....<\/p>\n\t\t\t\t\t\t\t<div class=\"qode-bct-post-date entry_date updated\" itemprop=\"dateCreated\">\n\t\t\t\t\t\t\t\t04\/12\/2023\t\t\t\t\t\t\t\t<meta itemprop=\"interactionCount\" content=\"UserComments: 0\"\/>\n\t\t\t\t\t\t\t<\/div>\n\t\t\t\t\t\t<\/div>\n\t\t\t\t\t<\/div>\n\t\t\t\t\t\t\t\t\t\t\t\t<div class=\"qode-bct-post\">\n\t\t\t\t\t\t\t\t\t\t\t\t\t<div class=\"qode-bct-post-image\">\n\t\t\t\t\t\t\t\t<a href=\"https:\/\/www.sugranyes.com\/es\/2023\/09\/nueva-deduccion-temporal-por-la-compra-de-vehiculos-electricos-enchufables\/\" itemprop=\"url\">\n\t\t\t\t\t\t\t\t\t<img loading=\"lazy\" decoding=\"async\" width=\"800\" height=\"600\" src=\"https:\/\/www.sugranyes.com\/wp-content\/uploads\/2023\/09\/coche-endollable-800x600.jpg\" class=\"attachment-portfolio-landscape size-portfolio-landscape wp-post-image\" alt=\"\" \/>\t\t\t\t\t\t\t\t<\/a>\n\t\t\t\t\t\t\t<\/div>\n\t\t\t\t\t\t\t\t\t\t\t\t<div class=\"qode-bct-post-text\">\n\t\t\t\t\t\t\t<h3 class=\"qode-bct-post-title entry_title\" itemprop=\"name\">\n\t\t\t\t\t\t\t\t<a href=\"https:\/\/www.sugranyes.com\/es\/2023\/09\/nueva-deduccion-temporal-por-la-compra-de-vehiculos-electricos-enchufables\/\" itemprop=\"url\">Nueva deducci\u00f3n temporal por la compra de veh\u00edculos el\u00e9ctricos \u201cenchufables\u201d<\/a>\n\t\t\t\t\t\t\t<\/h3>\n\t\t\t\t\t\t\t\t\t\t\t\t\t\t<p itemprop=\"description\" class = \"qode-bct-post-excerpt\"> Nueva deducci\u00f3n temporal por la compra de veh\u00edculos el\u00e9ctricos \u201cenchufables\u201d...<\/p>\n\t\t\t\t\t\t\t<div class=\"qode-bct-post-date entry_date updated\" itemprop=\"dateCreated\">\n\t\t\t\t\t\t\t\t24\/09\/2023\t\t\t\t\t\t\t\t<meta itemprop=\"interactionCount\" content=\"UserComments: 0\"\/>\n\t\t\t\t\t\t\t<\/div>\n\t\t\t\t\t\t<\/div>\n\t\t\t\t\t<\/div>\n\t\t\t\t\t\t\t\t\t\t\t\t<div class=\"qode-bct-post\">\n\t\t\t\t\t\t\t\t\t\t\t\t\t<div class=\"qode-bct-post-image\">\n\t\t\t\t\t\t\t\t<a href=\"https:\/\/www.sugranyes.com\/es\/2023\/09\/nuevo-servicio-de-canje-del-permiso-de-conducir\/\" itemprop=\"url\">\n\t\t\t\t\t\t\t\t\t<img loading=\"lazy\" decoding=\"async\" width=\"800\" height=\"600\" src=\"https:\/\/www.sugranyes.com\/wp-content\/uploads\/2023\/07\/carnet-conducir-800x600.jpeg\" class=\"attachment-portfolio-landscape size-portfolio-landscape wp-post-image\" alt=\"\" \/>\t\t\t\t\t\t\t\t<\/a>\n\t\t\t\t\t\t\t<\/div>\n\t\t\t\t\t\t\t\t\t\t\t\t<div class=\"qode-bct-post-text\">\n\t\t\t\t\t\t\t<h3 class=\"qode-bct-post-title entry_title\" itemprop=\"name\">\n\t\t\t\t\t\t\t\t<a href=\"https:\/\/www.sugranyes.com\/es\/2023\/09\/nuevo-servicio-de-canje-del-permiso-de-conducir\/\" itemprop=\"url\">Nuevo servicio de canje del permiso de conducir<\/a>\n\t\t\t\t\t\t\t<\/h3>\n\t\t\t\t\t\t\t\t\t\t\t\t\t\t<p itemprop=\"description\" class = \"qode-bct-post-excerpt\"> El canje del permiso de conducir es la homologaci\u00f3n del permiso de conducir original de su pa\u00eds, al permiso espa\u00f1ol, siendo un tr\u00e1mite mucho m\u00e1s sencillo de realizar que la obtenci\u00f3n un nuevo pe...<\/p>\n\t\t\t\t\t\t\t<div class=\"qode-bct-post-date entry_date updated\" itemprop=\"dateCreated\">\n\t\t\t\t\t\t\t\t23\/09\/2023\t\t\t\t\t\t\t\t<meta itemprop=\"interactionCount\" content=\"UserComments: 0\"\/>\n\t\t\t\t\t\t\t<\/div>\n\t\t\t\t\t\t<\/div>\n\t\t\t\t\t<\/div>\n\t\t\t\t\t\t\t\t\t\t\t\t<div class=\"qode-bct-post\">\n\t\t\t\t\t\t\t\t\t\t\t\t\t<div class=\"qode-bct-post-image\">\n\t\t\t\t\t\t\t\t<a href=\"https:\/\/www.sugranyes.com\/es\/2023\/09\/los-autonomos-que-trabajan-desde-casa-ya-pueden-deducirse-el-iva-de-los-suministros\/\" itemprop=\"url\">\n\t\t\t\t\t\t\t\t\t<img loading=\"lazy\" decoding=\"async\" width=\"800\" height=\"600\" src=\"https:\/\/www.sugranyes.com\/wp-content\/uploads\/2023\/09\/teletrabajo-800x600.jpg\" class=\"attachment-portfolio-landscape size-portfolio-landscape wp-post-image\" alt=\"\" \/>\t\t\t\t\t\t\t\t<\/a>\n\t\t\t\t\t\t\t<\/div>\n\t\t\t\t\t\t\t\t\t\t\t\t<div class=\"qode-bct-post-text\">\n\t\t\t\t\t\t\t<h3 class=\"qode-bct-post-title entry_title\" itemprop=\"name\">\n\t\t\t\t\t\t\t\t<a href=\"https:\/\/www.sugranyes.com\/es\/2023\/09\/los-autonomos-que-trabajan-desde-casa-ya-pueden-deducirse-el-iva-de-los-suministros\/\" itemprop=\"url\">Los aut\u00f3nomos que trabajan desde casa ya pueden deducirse el iva de los suministros<\/a>\n\t\t\t\t\t\t\t<\/h3>\n\t\t\t\t\t\t\t\t\t\t\t\t\t\t<p itemprop=\"description\" class = \"qode-bct-post-excerpt\"> Aplicando el nuevo criterio s\u00ed es posible deducir, en la parte proporcional, el IVA de los gastos de los suministros, como luz, agua o gas, de un inmueble parcialmente afecto a la actividad, en la pr...<\/p>\n\t\t\t\t\t\t\t<div class=\"qode-bct-post-date entry_date updated\" itemprop=\"dateCreated\">\n\t\t\t\t\t\t\t\t13\/09\/2023\t\t\t\t\t\t\t\t<meta itemprop=\"interactionCount\" content=\"UserComments: 0\"\/>\n\t\t\t\t\t\t\t<\/div>\n\t\t\t\t\t\t<\/div>\n\t\t\t\t\t<\/div>\n\t\t\t\t\t\t\t\t\t\t\t\t<div class=\"qode-bct-post\">\n\t\t\t\t\t\t\t\t\t\t\t\t\t<div class=\"qode-bct-post-image\">\n\t\t\t\t\t\t\t\t<a href=\"https:\/\/www.sugranyes.com\/es\/2023\/07\/ayuda-por-jovenes-autonomos\/\" itemprop=\"url\">\n\t\t\t\t\t\t\t\t\t<img loading=\"lazy\" decoding=\"async\" width=\"800\" height=\"600\" src=\"https:\/\/www.sugranyes.com\/wp-content\/uploads\/2023\/07\/jove-emprenedor-800x600.jpg\" class=\"attachment-portfolio-landscape size-portfolio-landscape wp-post-image\" alt=\"\" \/>\t\t\t\t\t\t\t\t<\/a>\n\t\t\t\t\t\t\t<\/div>\n\t\t\t\t\t\t\t\t\t\t\t\t<div class=\"qode-bct-post-text\">\n\t\t\t\t\t\t\t<h3 class=\"qode-bct-post-title entry_title\" itemprop=\"name\">\n\t\t\t\t\t\t\t\t<a href=\"https:\/\/www.sugranyes.com\/es\/2023\/07\/ayuda-por-jovenes-autonomos\/\" itemprop=\"url\">Ayuda por j\u00f3venes aut\u00f3nomos<\/a>\n\t\t\t\t\t\t\t<\/h3>\n\t\t\t\t\t\t\t\t\t\t\t\t\t\t<p itemprop=\"description\" class = \"qode-bct-post-excerpt\"> Los j\u00f3venes de entre 18 y 29 a\u00f1os que empiecen como aut\u00f3nomos y que no hayan recibido la ayuda anteriormente pueden solicitar una nueva ayuda para j\u00f3venes aut\u00f3nomos de hasta 15120\u20ac...<\/p>\n\t\t\t\t\t\t\t<div class=\"qode-bct-post-date entry_date updated\" itemprop=\"dateCreated\">\n\t\t\t\t\t\t\t\t20\/07\/2023\t\t\t\t\t\t\t\t<meta itemprop=\"interactionCount\" content=\"UserComments: 0\"\/>\n\t\t\t\t\t\t\t<\/div>\n\t\t\t\t\t\t<\/div>\n\t\t\t\t\t<\/div>\n\t\t\t\t\t\t\t\t\t\t\t\t<div class=\"qode-bct-post\">\n\t\t\t\t\t\t\t\t\t\t\t\t\t<div class=\"qode-bct-post-image\">\n\t\t\t\t\t\t\t\t<a href=\"https:\/\/www.sugranyes.com\/es\/2023\/07\/reclamacion-gastos-constitucion-hipoteca\/\" itemprop=\"url\">\n\t\t\t\t\t\t\t\t\t<img loading=\"lazy\" decoding=\"async\" width=\"800\" height=\"600\" src=\"https:\/\/www.sugranyes.com\/wp-content\/uploads\/2023\/07\/hipoteca-800x600.jpg\" class=\"attachment-portfolio-landscape size-portfolio-landscape wp-post-image\" alt=\"\" \/>\t\t\t\t\t\t\t\t<\/a>\n\t\t\t\t\t\t\t<\/div>\n\t\t\t\t\t\t\t\t\t\t\t\t<div class=\"qode-bct-post-text\">\n\t\t\t\t\t\t\t<h3 class=\"qode-bct-post-title entry_title\" itemprop=\"name\">\n\t\t\t\t\t\t\t\t<a href=\"https:\/\/www.sugranyes.com\/es\/2023\/07\/reclamacion-gastos-constitucion-hipoteca\/\" itemprop=\"url\">Reclamaci\u00f3n gastos constituci\u00f3n hipoteca<\/a>\n\t\t\t\t\t\t\t<\/h3>\n\t\t\t\t\t\t\t\t\t\t\t\t\t\t<p itemprop=\"description\" class = \"qode-bct-post-excerpt\"> Si su hipoteca es anterior a 2019 puede reclamar al banco de la devoluci\u00f3n de pagos indebido por cl\u00e1usulas abusivas. Hasta 2000\u20ac por una hipoteca de 300000\u20ac....<\/p>\n\t\t\t\t\t\t\t<div class=\"qode-bct-post-date entry_date updated\" itemprop=\"dateCreated\">\n\t\t\t\t\t\t\t\t06\/07\/2023\t\t\t\t\t\t\t\t<meta itemprop=\"interactionCount\" content=\"UserComments: 0\"\/>\n\t\t\t\t\t\t\t<\/div>\n\t\t\t\t\t\t<\/div>\n\t\t\t\t\t<\/div>\n\t\t\t\t\t\t\t\t\t\t\t\t<div class=\"qode-bct-post\">\n\t\t\t\t\t\t\t\t\t\t\t\t\t<div class=\"qode-bct-post-image\">\n\t\t\t\t\t\t\t\t<a href=\"https:\/\/www.sugranyes.com\/es\/2023\/07\/el-gobierno-refuerza-el-derecho-a-la-conciliacion-y-la-proteccion-a-las-personas-trabajadoras\/\" itemprop=\"url\">\n\t\t\t\t\t\t\t\t\t<img loading=\"lazy\" decoding=\"async\" width=\"800\" height=\"600\" src=\"https:\/\/www.sugranyes.com\/wp-content\/uploads\/2023\/07\/mesa-reuniones-800x600.jpg\" class=\"attachment-portfolio-landscape size-portfolio-landscape wp-post-image\" alt=\"\" \/>\t\t\t\t\t\t\t\t<\/a>\n\t\t\t\t\t\t\t<\/div>\n\t\t\t\t\t\t\t\t\t\t\t\t<div class=\"qode-bct-post-text\">\n\t\t\t\t\t\t\t<h3 class=\"qode-bct-post-title entry_title\" itemprop=\"name\">\n\t\t\t\t\t\t\t\t<a href=\"https:\/\/www.sugranyes.com\/es\/2023\/07\/el-gobierno-refuerza-el-derecho-a-la-conciliacion-y-la-proteccion-a-las-personas-trabajadoras\/\" itemprop=\"url\">El Gobierno refuerza el derecho a la conciliaci\u00f3n y la protecci\u00f3n a las personas trabajadoras<\/a>\n\t\t\t\t\t\t\t<\/h3>\n\t\t\t\t\t\t\t\t\t\t\t\t\t\t<p itemprop=\"description\" class = \"qode-bct-post-excerpt\"> El Consejo de Ministros del 27\/06 ha aprobado el Real Decreto-ley por el que se adoptan y prorrogan determinadas medidas de respuesta a las consecuencias econ\u00f3micas y sociales de la Guerra de Ucrania...<\/p>\n\t\t\t\t\t\t\t<div class=\"qode-bct-post-date entry_date updated\" itemprop=\"dateCreated\">\n\t\t\t\t\t\t\t\t03\/07\/2023\t\t\t\t\t\t\t\t<meta itemprop=\"interactionCount\" content=\"UserComments: 0\"\/>\n\t\t\t\t\t\t\t<\/div>\n\t\t\t\t\t\t<\/div>\n\t\t\t\t\t<\/div>\n\t\t\t\t\t\t\t\t\t\t\t\t<div class=\"qode-bct-post\">\n\t\t\t\t\t\t\t\t\t\t\t\t\t<div class=\"qode-bct-post-image\">\n\t\t\t\t\t\t\t\t<a href=\"https:\/\/www.sugranyes.com\/es\/2023\/06\/novedades-ley-2-2023-de-proteccion-del-informante\/\" itemprop=\"url\">\n\t\t\t\t\t\t\t\t\t<img loading=\"lazy\" decoding=\"async\" width=\"800\" height=\"600\" src=\"https:\/\/www.sugranyes.com\/wp-content\/uploads\/2023\/06\/secreto-800x600.jpg\" class=\"attachment-portfolio-landscape size-portfolio-landscape wp-post-image\" alt=\"\" \/>\t\t\t\t\t\t\t\t<\/a>\n\t\t\t\t\t\t\t<\/div>\n\t\t\t\t\t\t\t\t\t\t\t\t<div class=\"qode-bct-post-text\">\n\t\t\t\t\t\t\t<h3 class=\"qode-bct-post-title entry_title\" itemprop=\"name\">\n\t\t\t\t\t\t\t\t<a href=\"https:\/\/www.sugranyes.com\/es\/2023\/06\/novedades-ley-2-2023-de-proteccion-del-informante\/\" itemprop=\"url\">Novedades Ley 2\/2023 DE PROTECCI\u00d3N DEL INFORMANTE<\/a>\n\t\t\t\t\t\t\t<\/h3>\n\t\t\t\t\t\t\t\t\t\t\t\t\t\t<p itemprop=\"description\" class = \"qode-bct-post-excerpt\"> La fundamental novedad de la Ley 2\/2023 de Protecci\u00f3n del Informante es la obligaci\u00f3n para las empresas con 50 personas trabajadoras o m\u00e1s, de implantar un Sistema Interno de Informaci\u00f3n con el fi...<\/p>\n\t\t\t\t\t\t\t<div class=\"qode-bct-post-date entry_date updated\" itemprop=\"dateCreated\">\n\t\t\t\t\t\t\t\t10\/06\/2023\t\t\t\t\t\t\t\t<meta itemprop=\"interactionCount\" content=\"UserComments: 0\"\/>\n\t\t\t\t\t\t\t<\/div>\n\t\t\t\t\t\t<\/div>\n\t\t\t\t\t<\/div>\n\t\t\t\t\t\t\t\t\t\t\t\t<div class=\"qode-bct-post\">\n\t\t\t\t\t\t\t\t\t\t\t\t\t<div class=\"qode-bct-post-image\">\n\t\t\t\t\t\t\t\t<a href=\"https:\/\/www.sugranyes.com\/es\/2023\/06\/servicios-y-protocolos-necesarios-segun-normativa-vigente\/\" itemprop=\"url\">\n\t\t\t\t\t\t\t\t\t<img loading=\"lazy\" decoding=\"async\" width=\"800\" height=\"600\" src=\"https:\/\/www.sugranyes.com\/wp-content\/uploads\/2016\/12\/boe-800x600.jpg\" class=\"attachment-portfolio-landscape size-portfolio-landscape wp-post-image\" alt=\"\" \/>\t\t\t\t\t\t\t\t<\/a>\n\t\t\t\t\t\t\t<\/div>\n\t\t\t\t\t\t\t\t\t\t\t\t<div class=\"qode-bct-post-text\">\n\t\t\t\t\t\t\t<h3 class=\"qode-bct-post-title entry_title\" itemprop=\"name\">\n\t\t\t\t\t\t\t\t<a href=\"https:\/\/www.sugranyes.com\/es\/2023\/06\/servicios-y-protocolos-necesarios-segun-normativa-vigente\/\" itemprop=\"url\">Servicios y protocolos necesarios seg\u00fan normativa vigente<\/a>\n\t\t\t\t\t\t\t<\/h3>\n\t\t\t\t\t\t\t\t\t\t\t\t\t\t<p itemprop=\"description\" class = \"qode-bct-post-excerpt\"> Para poder evitar posibles requerimientos por parte de la inspecci\u00f3n de trabajo, y por tanto las sanciones recogidas en la secci\u00f3n \u201cInfracciones en materia de prevenci\u00f3n de riesgos laborales\u201d d...<\/p>\n\t\t\t\t\t\t\t<div class=\"qode-bct-post-date entry_date updated\" itemprop=\"dateCreated\">\n\t\t\t\t\t\t\t\t09\/06\/2023\t\t\t\t\t\t\t\t<meta itemprop=\"interactionCount\" content=\"UserComments: 0\"\/>\n\t\t\t\t\t\t\t<\/div>\n\t\t\t\t\t\t<\/div>\n\t\t\t\t\t<\/div>\n\t\t\t\t\t\t\t\t\t\t\t\t<div class=\"qode-bct-post\">\n\t\t\t\t\t\t\t\t\t\t\t\t\t<div class=\"qode-bct-post-image\">\n\t\t\t\t\t\t\t\t<a href=\"https:\/\/www.sugranyes.com\/es\/2023\/04\/ley-2-2023-de-proteccion-del-informante\/\" itemprop=\"url\">\n\t\t\t\t\t\t\t\t\t<img loading=\"lazy\" decoding=\"async\" width=\"800\" height=\"600\" src=\"https:\/\/www.sugranyes.com\/wp-content\/uploads\/2023\/05\/secreto-800x600.jpg\" class=\"attachment-portfolio-landscape size-portfolio-landscape wp-post-image\" alt=\"\" \/>\t\t\t\t\t\t\t\t<\/a>\n\t\t\t\t\t\t\t<\/div>\n\t\t\t\t\t\t\t\t\t\t\t\t<div class=\"qode-bct-post-text\">\n\t\t\t\t\t\t\t<h3 class=\"qode-bct-post-title entry_title\" itemprop=\"name\">\n\t\t\t\t\t\t\t\t<a href=\"https:\/\/www.sugranyes.com\/es\/2023\/04\/ley-2-2023-de-proteccion-del-informante\/\" itemprop=\"url\">Ley 2\/2023 de protecci\u00f3n del informante<\/a>\n\t\t\t\t\t\t\t<\/h3>\n\t\t\t\t\t\t\t\t\t\t\t\t\t\t<p itemprop=\"description\" class = \"qode-bct-post-excerpt\"> Aprobada la Ley 2\/2023 de Protecci\u00f3n del Informante, que obliga a las empresas a contar con un canal de denuncias....<\/p>\n\t\t\t\t\t\t\t<div class=\"qode-bct-post-date entry_date updated\" itemprop=\"dateCreated\">\n\t\t\t\t\t\t\t\t29\/04\/2023\t\t\t\t\t\t\t\t<meta itemprop=\"interactionCount\" content=\"UserComments: 0\"\/>\n\t\t\t\t\t\t\t<\/div>\n\t\t\t\t\t\t<\/div>\n\t\t\t\t\t<\/div>\n\t\t\t\t\t\t\t\t\t\t\t\t<div class=\"qode-bct-post\">\n\t\t\t\t\t\t\t\t\t\t\t\t\t<div class=\"qode-bct-post-image\">\n\t\t\t\t\t\t\t\t<a href=\"https:\/\/www.sugranyes.com\/es\/2023\/04\/campana-de-la-renta-irpf\/\" itemprop=\"url\">\n\t\t\t\t\t\t\t\t\t<img loading=\"lazy\" decoding=\"async\" width=\"800\" height=\"600\" src=\"https:\/\/www.sugranyes.com\/wp-content\/uploads\/2023\/04\/Slide-Renda22-Sugranyes-CAS-2023-800x600.jpg\" class=\"attachment-portfolio-landscape size-portfolio-landscape wp-post-image\" alt=\"\" \/>\t\t\t\t\t\t\t\t<\/a>\n\t\t\t\t\t\t\t<\/div>\n\t\t\t\t\t\t\t\t\t\t\t\t<div class=\"qode-bct-post-text\">\n\t\t\t\t\t\t\t<h3 class=\"qode-bct-post-title entry_title\" itemprop=\"name\">\n\t\t\t\t\t\t\t\t<a href=\"https:\/\/www.sugranyes.com\/es\/2023\/04\/campana-de-la-renta-irpf\/\" itemprop=\"url\">Campa\u00f1a de la renta (IRPF)<\/a>\n\t\t\t\t\t\t\t<\/h3>\n\t\t\t\t\t\t\t\t\t\t\t\t\t\t<p itemprop=\"description\" class = \"qode-bct-post-excerpt\"> Hasta el 30 de junio est\u00e1 abierto el plazo para la presentaci\u00f3n de la declaraci\u00f3n del Impuesto de la Renta de las Personas F\u00edsicas y del Impuesto sobre el Patrimonio del a\u00f1o 2022....<\/p>\n\t\t\t\t\t\t\t<div class=\"qode-bct-post-date entry_date updated\" itemprop=\"dateCreated\">\n\t\t\t\t\t\t\t\t04\/04\/2023\t\t\t\t\t\t\t\t<meta itemprop=\"interactionCount\" content=\"UserComments: 0\"\/>\n\t\t\t\t\t\t\t<\/div>\n\t\t\t\t\t\t<\/div>\n\t\t\t\t\t<\/div>\n\t\t\t\t\t\t\t\t\t\t\t\t<div class=\"qode-bct-post\">\n\t\t\t\t\t\t\t\t\t\t\t\t\t<div class=\"qode-bct-post-image\">\n\t\t\t\t\t\t\t\t<a href=\"https:\/\/www.sugranyes.com\/es\/2023\/01\/contracte-de-serveis-dassessorament-i-gestio-administrativa-laboral-de-lajuntament-de-constanti\/\" itemprop=\"url\">\n\t\t\t\t\t\t\t\t\t<img loading=\"lazy\" decoding=\"async\" width=\"800\" height=\"600\" src=\"https:\/\/www.sugranyes.com\/wp-content\/uploads\/2017\/04\/justicia-800x600.jpg\" class=\"attachment-portfolio-landscape size-portfolio-landscape wp-post-image\" alt=\"\" \/>\t\t\t\t\t\t\t\t<\/a>\n\t\t\t\t\t\t\t<\/div>\n\t\t\t\t\t\t\t\t\t\t\t\t<div class=\"qode-bct-post-text\">\n\t\t\t\t\t\t\t<h3 class=\"qode-bct-post-title entry_title\" itemprop=\"name\">\n\t\t\t\t\t\t\t\t<a href=\"https:\/\/www.sugranyes.com\/es\/2023\/01\/contracte-de-serveis-dassessorament-i-gestio-administrativa-laboral-de-lajuntament-de-constanti\/\" itemprop=\"url\">Contrato de servicios de asesoramiento y gesti\u00f3n administrativa laboral del Ayuntamiento de Constant\u00ed<\/a>\n\t\t\t\t\t\t\t<\/h3>\n\t\t\t\t\t\t\t\t\t\t\t\t\t\t<p itemprop=\"description\" class = \"qode-bct-post-excerpt\"> Sugranyes Assessors i Gestors, gana la adjudicaci\u00f3n del contrato de servicios de asesoramiento y gesti\u00f3n administrativa laboral del Ayuntamiento de Constant\u00ed....<\/p>\n\t\t\t\t\t\t\t<div class=\"qode-bct-post-date entry_date updated\" itemprop=\"dateCreated\">\n\t\t\t\t\t\t\t\t19\/01\/2023\t\t\t\t\t\t\t\t<meta itemprop=\"interactionCount\" content=\"UserComments: 0\"\/>\n\t\t\t\t\t\t\t<\/div>\n\t\t\t\t\t\t<\/div>\n\t\t\t\t\t<\/div>\n\t\t\t\t\t\t\t\t\t\t\t\t<div class=\"qode-bct-post\">\n\t\t\t\t\t\t\t\t\t\t\t\t\t<div class=\"qode-bct-post-image\">\n\t\t\t\t\t\t\t\t<a href=\"https:\/\/www.sugranyes.com\/es\/2022\/12\/sugranyes-assessors-i-gestors-esponsoriza-el-club-atletisme-tarragona-cat\/\" itemprop=\"url\">\n\t\t\t\t\t\t\t\t\t<img loading=\"lazy\" decoding=\"async\" width=\"800\" height=\"600\" src=\"https:\/\/www.sugranyes.com\/wp-content\/uploads\/2022\/12\/club-atletisme-tarragona-800x600.jpg\" class=\"attachment-portfolio-landscape size-portfolio-landscape wp-post-image\" alt=\"\" \/>\t\t\t\t\t\t\t\t<\/a>\n\t\t\t\t\t\t\t<\/div>\n\t\t\t\t\t\t\t\t\t\t\t\t<div class=\"qode-bct-post-text\">\n\t\t\t\t\t\t\t<h3 class=\"qode-bct-post-title entry_title\" itemprop=\"name\">\n\t\t\t\t\t\t\t\t<a href=\"https:\/\/www.sugranyes.com\/es\/2022\/12\/sugranyes-assessors-i-gestors-esponsoriza-el-club-atletisme-tarragona-cat\/\" itemprop=\"url\">Sugranyes Assessors i Gestors esponsoriza el club Atletisme Tarragona (CAT)<\/a>\n\t\t\t\t\t\t\t<\/h3>\n\t\t\t\t\t\t\t\t\t\t\t\t\t\t<p itemprop=\"description\" class = \"qode-bct-post-excerpt\"> Un a\u00f1o m\u00e1s Sugranyes Assessors i Gestors esponsoriza el club Atletisme de Tarragona (CAT).\r\n\r\nYa hace 4 a\u00f1os que apoyamos a un club con m\u00e1s de 20 a\u00f1os de historia que permite a los atletas de nue...<\/p>\n\t\t\t\t\t\t\t<div class=\"qode-bct-post-date entry_date updated\" itemprop=\"dateCreated\">\n\t\t\t\t\t\t\t\t20\/12\/2022\t\t\t\t\t\t\t\t<meta itemprop=\"interactionCount\" content=\"UserComments: 0\"\/>\n\t\t\t\t\t\t\t<\/div>\n\t\t\t\t\t\t<\/div>\n\t\t\t\t\t<\/div>\n\t\t\t\t\t\t\t\t\t\t\t\t<div class=\"qode-bct-post\">\n\t\t\t\t\t\t\t\t\t\t\t\t\t<div class=\"qode-bct-post-image\">\n\t\t\t\t\t\t\t\t<a href=\"https:\/\/www.sugranyes.com\/es\/2022\/11\/aprobadas-las-medidas-tributarias-para-mejorar-la-eficiencia-energetica-en-viviendas\/\" itemprop=\"url\">\n\t\t\t\t\t\t\t\t\t<img loading=\"lazy\" decoding=\"async\" width=\"800\" height=\"600\" src=\"https:\/\/www.sugranyes.com\/wp-content\/uploads\/2022\/11\/mejora-energetica-hogar-800x600.jpeg\" class=\"attachment-portfolio-landscape size-portfolio-landscape wp-post-image\" alt=\"\" \/>\t\t\t\t\t\t\t\t<\/a>\n\t\t\t\t\t\t\t<\/div>\n\t\t\t\t\t\t\t\t\t\t\t\t<div class=\"qode-bct-post-text\">\n\t\t\t\t\t\t\t<h3 class=\"qode-bct-post-title entry_title\" itemprop=\"name\">\n\t\t\t\t\t\t\t\t<a href=\"https:\/\/www.sugranyes.com\/es\/2022\/11\/aprobadas-las-medidas-tributarias-para-mejorar-la-eficiencia-energetica-en-viviendas\/\" itemprop=\"url\">Aprobadas las medidas tributarias para mejorar la eficiencia energ\u00e9tica en viviendas<\/a>\n\t\t\t\t\t\t\t<\/h3>\n\t\t\t\t\t\t\t\t\t\t\t\t\t\t<p itemprop=\"description\" class = \"qode-bct-post-excerpt\"> Informamos del Real Decreto-ley 18\/2022, por el que se aprueban medidas de refuerzo de la protecci\u00f3n de los consumidores de energ\u00eda y de contribuci\u00f3n a la reducci\u00f3n del consumo de gas natural....<\/p>\n\t\t\t\t\t\t\t<div class=\"qode-bct-post-date entry_date updated\" itemprop=\"dateCreated\">\n\t\t\t\t\t\t\t\t09\/11\/2022\t\t\t\t\t\t\t\t<meta itemprop=\"interactionCount\" content=\"UserComments: 0\"\/>\n\t\t\t\t\t\t\t<\/div>\n\t\t\t\t\t\t<\/div>\n\t\t\t\t\t<\/div>\n\t\t\t\t\t\t\t\t\t\t\t\t<div class=\"qode-bct-post\">\n\t\t\t\t\t\t\t\t\t\t\t\t\t<div class=\"qode-bct-post-image\">\n\t\t\t\t\t\t\t\t<a href=\"https:\/\/www.sugranyes.com\/es\/2022\/10\/padron-definitivo-del-impuesto-sobre-las-emisiones-de-dioxido-de-carbono-co2\/\" itemprop=\"url\">\n\t\t\t\t\t\t\t\t\t<img loading=\"lazy\" decoding=\"async\" width=\"800\" height=\"600\" src=\"https:\/\/www.sugranyes.com\/wp-content\/uploads\/2022\/10\/impost-co2-800x600.jpg\" class=\"attachment-portfolio-landscape size-portfolio-landscape wp-post-image\" alt=\"\" \/>\t\t\t\t\t\t\t\t<\/a>\n\t\t\t\t\t\t\t<\/div>\n\t\t\t\t\t\t\t\t\t\t\t\t<div class=\"qode-bct-post-text\">\n\t\t\t\t\t\t\t<h3 class=\"qode-bct-post-title entry_title\" itemprop=\"name\">\n\t\t\t\t\t\t\t\t<a href=\"https:\/\/www.sugranyes.com\/es\/2022\/10\/padron-definitivo-del-impuesto-sobre-las-emisiones-de-dioxido-de-carbono-co2\/\" itemprop=\"url\">Padr\u00f3n definitivo del impuesto sobre las emisiones de di\u00f3xido de carbono (CO2)<\/a>\n\t\t\t\t\t\t\t<\/h3>\n\t\t\t\t\t\t\t\t\t\t\t\t\t\t<p itemprop=\"description\" class = \"qode-bct-post-excerpt\"> La Agencia Tributaria de Catalu\u00f1a (ATC) ha publicado en la sede electr\u00f3nica el padr\u00f3n definitivo correspondiente al ejercicio 2021 del impuesto sobre las emisiones de CO2 de los veh\u00edculos de tracc...<\/p>\n\t\t\t\t\t\t\t<div class=\"qode-bct-post-date entry_date updated\" itemprop=\"dateCreated\">\n\t\t\t\t\t\t\t\t07\/10\/2022\t\t\t\t\t\t\t\t<meta itemprop=\"interactionCount\" content=\"UserComments: 0\"\/>\n\t\t\t\t\t\t\t<\/div>\n\t\t\t\t\t\t<\/div>\n\t\t\t\t\t<\/div>\n\t\t\t\t\t\t\t\t\t\t\t\t<div class=\"qode-bct-post\">\n\t\t\t\t\t\t\t\t\t\t\t\t\t<div class=\"qode-bct-post-image\">\n\t\t\t\t\t\t\t\t<a href=\"https:\/\/www.sugranyes.com\/es\/2022\/09\/primera-sentencia-en-espana-que-concede-el-arraigo-laboral-a-un-estudiante\/\" itemprop=\"url\">\n\t\t\t\t\t\t\t\t\t<img loading=\"lazy\" decoding=\"async\" width=\"800\" height=\"600\" src=\"https:\/\/www.sugranyes.com\/wp-content\/uploads\/2022\/09\/estudiant-800x600.jpeg\" class=\"attachment-portfolio-landscape size-portfolio-landscape wp-post-image\" alt=\"\" \/>\t\t\t\t\t\t\t\t<\/a>\n\t\t\t\t\t\t\t<\/div>\n\t\t\t\t\t\t\t\t\t\t\t\t<div class=\"qode-bct-post-text\">\n\t\t\t\t\t\t\t<h3 class=\"qode-bct-post-title entry_title\" itemprop=\"name\">\n\t\t\t\t\t\t\t\t<a href=\"https:\/\/www.sugranyes.com\/es\/2022\/09\/primera-sentencia-en-espana-que-concede-el-arraigo-laboral-a-un-estudiante\/\" itemprop=\"url\">Primera sentencia en Espa\u00f1a que concede el arraigo laboral a un estudiante<\/a>\n\t\t\t\t\t\t\t<\/h3>\n\t\t\t\t\t\t\t\t\t\t\t\t\t\t<p itemprop=\"description\" class = \"qode-bct-post-excerpt\"> Una reciente sentencia de lo Contencioso-Administrativo de Barcelona ha reconocido el arraigo laboral a un estudiante. Determina que es totalmente compatible gozar de la autorizaci\u00f3n de estancia para...<\/p>\n\t\t\t\t\t\t\t<div class=\"qode-bct-post-date entry_date updated\" itemprop=\"dateCreated\">\n\t\t\t\t\t\t\t\t13\/09\/2022\t\t\t\t\t\t\t\t<meta itemprop=\"interactionCount\" content=\"UserComments: 0\"\/>\n\t\t\t\t\t\t\t<\/div>\n\t\t\t\t\t\t<\/div>\n\t\t\t\t\t<\/div>\n\t\t\t\t\t\t\t\t\t\t\t\t<div class=\"qode-bct-post\">\n\t\t\t\t\t\t\t\t\t\t\t\t\t<div class=\"qode-bct-post-image\">\n\t\t\t\t\t\t\t\t<a href=\"https:\/\/www.sugranyes.com\/es\/2022\/07\/nuevas-cuotas-para-los-trabajadores-autonomos-a-partir-del-ano-2023\/\" itemprop=\"url\">\n\t\t\t\t\t\t\t\t\t<img loading=\"lazy\" decoding=\"async\" width=\"800\" height=\"600\" src=\"https:\/\/www.sugranyes.com\/wp-content\/uploads\/2022\/07\/impuestos-autonomos-800x600.jpeg\" class=\"attachment-portfolio-landscape size-portfolio-landscape wp-post-image\" alt=\"\" \/>\t\t\t\t\t\t\t\t<\/a>\n\t\t\t\t\t\t\t<\/div>\n\t\t\t\t\t\t\t\t\t\t\t\t<div class=\"qode-bct-post-text\">\n\t\t\t\t\t\t\t<h3 class=\"qode-bct-post-title entry_title\" itemprop=\"name\">\n\t\t\t\t\t\t\t\t<a href=\"https:\/\/www.sugranyes.com\/es\/2022\/07\/nuevas-cuotas-para-los-trabajadores-autonomos-a-partir-del-ano-2023\/\" itemprop=\"url\">Nuevas cuotas para los trabajadores aut\u00f3nomos a partir del a\u00f1o 2023<\/a>\n\t\t\t\t\t\t\t<\/h3>\n\t\t\t\t\t\t\t\t\t\t\t\t\t\t<p itemprop=\"description\" class = \"qode-bct-post-excerpt\"> El Gobierno ha aprobado las nuevas cuotas para los trabajadores aut\u00f3nomos. Se han establecido 15 tramos dependiendo de los rendimientos mensuales netos de los trabajadores, as\u00ed que, en funci\u00f3n de s...<\/p>\n\t\t\t\t\t\t\t<div class=\"qode-bct-post-date entry_date updated\" itemprop=\"dateCreated\">\n\t\t\t\t\t\t\t\t27\/07\/2022\t\t\t\t\t\t\t\t<meta itemprop=\"interactionCount\" content=\"UserComments: 0\"\/>\n\t\t\t\t\t\t\t<\/div>\n\t\t\t\t\t\t<\/div>\n\t\t\t\t\t<\/div>\n\t\t\t\t\t\t\t\t\t\t\t\t<div class=\"qode-bct-post\">\n\t\t\t\t\t\t\t\t\t\t\t\t\t<div class=\"qode-bct-post-image\">\n\t\t\t\t\t\t\t\t<a href=\"https:\/\/www.sugranyes.com\/es\/2022\/07\/el-tribunal-de-justicia-de-la-union-europea-considera-que-los-trabajadores-indefinidos-no-fijos-de-las-administraciones-publicas-son-trabajadores-temporales\/\" itemprop=\"url\">\n\t\t\t\t\t\t\t\t\t<img loading=\"lazy\" decoding=\"async\" width=\"800\" height=\"600\" src=\"https:\/\/www.sugranyes.com\/wp-content\/uploads\/2020\/03\/courte-justice-europeene-cedric-flickr.jpg\" class=\"attachment-portfolio-landscape size-portfolio-landscape wp-post-image\" alt=\"court de justice europ\u00e9ene, foto de C\u00e9dric a Flickr\" srcset=\"https:\/\/www.sugranyes.com\/wp-content\/uploads\/2020\/03\/courte-justice-europeene-cedric-flickr.jpg 800w, https:\/\/www.sugranyes.com\/wp-content\/uploads\/2020\/03\/courte-justice-europeene-cedric-flickr-300x225.jpg 300w, https:\/\/www.sugranyes.com\/wp-content\/uploads\/2020\/03\/courte-justice-europeene-cedric-flickr-768x576.jpg 768w, https:\/\/www.sugranyes.com\/wp-content\/uploads\/2020\/03\/courte-justice-europeene-cedric-flickr-700x525.jpg 700w\" sizes=\"(max-width: 800px) 100vw, 800px\" \/>\t\t\t\t\t\t\t\t<\/a>\n\t\t\t\t\t\t\t<\/div>\n\t\t\t\t\t\t\t\t\t\t\t\t<div class=\"qode-bct-post-text\">\n\t\t\t\t\t\t\t<h3 class=\"qode-bct-post-title entry_title\" itemprop=\"name\">\n\t\t\t\t\t\t\t\t<a href=\"https:\/\/www.sugranyes.com\/es\/2022\/07\/el-tribunal-de-justicia-de-la-union-europea-considera-que-los-trabajadores-indefinidos-no-fijos-de-las-administraciones-publicas-son-trabajadores-temporales\/\" itemprop=\"url\">El Tribunal de Justicia de la Uni\u00f3n Europea considera que los trabajadores indefinidos no fijos de las Administraciones P\u00fablicas son trabajadores temporales<\/a>\n\t\t\t\t\t\t\t<\/h3>\n\t\t\t\t\t\t\t\t\t\t\t\t\t\t<p itemprop=\"description\" class = \"qode-bct-post-excerpt\"> El Tribunal se\u00f1ala que las Administraciones recurren a la contrataci\u00f3n temporal abusiva mediante una concatenaci\u00f3n de contratos eventuales hasta que no les queda otra opci\u00f3n que transformar el con...<\/p>\n\t\t\t\t\t\t\t<div class=\"qode-bct-post-date entry_date updated\" itemprop=\"dateCreated\">\n\t\t\t\t\t\t\t\t07\/07\/2022\t\t\t\t\t\t\t\t<meta itemprop=\"interactionCount\" content=\"UserComments: 0\"\/>\n\t\t\t\t\t\t\t<\/div>\n\t\t\t\t\t\t<\/div>\n\t\t\t\t\t<\/div>\n\t\t\t\t\t\t\t\t\t\t\t\t<div class=\"qode-bct-post\">\n\t\t\t\t\t\t\t\t\t\t\t\t\t<div class=\"qode-bct-post-image\">\n\t\t\t\t\t\t\t\t<a href=\"https:\/\/www.sugranyes.com\/es\/2022\/07\/protocol-dassetjament-laboral-i-sexual-obligatori\/\" itemprop=\"url\">\n\t\t\t\t\t\t\t\t\t<img loading=\"lazy\" decoding=\"async\" width=\"800\" height=\"600\" src=\"https:\/\/www.sugranyes.com\/wp-content\/uploads\/2022\/07\/protocolo-acoso-laboral-800x600.jpg\" class=\"attachment-portfolio-landscape size-portfolio-landscape wp-post-image\" alt=\"\" \/>\t\t\t\t\t\t\t\t<\/a>\n\t\t\t\t\t\t\t<\/div>\n\t\t\t\t\t\t\t\t\t\t\t\t<div class=\"qode-bct-post-text\">\n\t\t\t\t\t\t\t<h3 class=\"qode-bct-post-title entry_title\" itemprop=\"name\">\n\t\t\t\t\t\t\t\t<a href=\"https:\/\/www.sugranyes.com\/es\/2022\/07\/protocol-dassetjament-laboral-i-sexual-obligatori\/\" itemprop=\"url\">Protocolo de acoso laboral y sexual obligatorio<\/a>\n\t\t\t\t\t\t\t<\/h3>\n\t\t\t\t\t\t\t\t\t\t\t\t\t\t<p itemprop=\"description\" class = \"qode-bct-post-excerpt\"> El acoso laboral en algunos casos puede considerarse un delito perseguido por la justicia que puede acarrear penas de prisi\u00f3n, y, por eso, que todas las empresas que no cumplan con la obligaci\u00f3n de ...<\/p>\n\t\t\t\t\t\t\t<div class=\"qode-bct-post-date entry_date updated\" itemprop=\"dateCreated\">\n\t\t\t\t\t\t\t\t06\/07\/2022\t\t\t\t\t\t\t\t<meta itemprop=\"interactionCount\" content=\"UserComments: 0\"\/>\n\t\t\t\t\t\t\t<\/div>\n\t\t\t\t\t\t<\/div>\n\t\t\t\t\t<\/div>\n\t\t\t\t\t\t\t\t\t\t\t\t<div class=\"qode-bct-post\">\n\t\t\t\t\t\t\t\t\t\t\t\t\t<div class=\"qode-bct-post-image\">\n\t\t\t\t\t\t\t\t<a href=\"https:\/\/www.sugranyes.com\/es\/2022\/07\/ayudas-a-las-empresas-para-la-contratacion-de-personas-vulnerables-hasta-septiembre-de-2022\/\" itemprop=\"url\">\n\t\t\t\t\t\t\t\t\t<img loading=\"lazy\" decoding=\"async\" width=\"800\" height=\"600\" src=\"https:\/\/www.sugranyes.com\/wp-content\/uploads\/2022\/07\/contractacio-persones-vulnerables-800x600.jpeg\" class=\"attachment-portfolio-landscape size-portfolio-landscape wp-post-image\" alt=\"\" \/>\t\t\t\t\t\t\t\t<\/a>\n\t\t\t\t\t\t\t<\/div>\n\t\t\t\t\t\t\t\t\t\t\t\t<div class=\"qode-bct-post-text\">\n\t\t\t\t\t\t\t<h3 class=\"qode-bct-post-title entry_title\" itemprop=\"name\">\n\t\t\t\t\t\t\t\t<a href=\"https:\/\/www.sugranyes.com\/es\/2022\/07\/ayudas-a-las-empresas-para-la-contratacion-de-personas-vulnerables-hasta-septiembre-de-2022\/\" itemprop=\"url\">Ayudas a las empresas para la contrataci\u00f3n de personas vulnerables hasta septiembre de 2022<\/a>\n\t\t\t\t\t\t\t<\/h3>\n\t\t\t\t\t\t\t\t\t\t\t\t\t\t<p itemprop=\"description\" class = \"qode-bct-post-excerpt\"> Se ha aprobado una nueva l\u00ednea de ayudas a la contrataci\u00f3n en el mercado ordinario de trabajo de personas con discapacidad, de personas en situaci\u00f3n o en riesgo de exclusi\u00f3n procedentes de empresa...<\/p>\n\t\t\t\t\t\t\t<div class=\"qode-bct-post-date entry_date updated\" itemprop=\"dateCreated\">\n\t\t\t\t\t\t\t\t06\/07\/2022\t\t\t\t\t\t\t\t<meta itemprop=\"interactionCount\" content=\"UserComments: 0\"\/>\n\t\t\t\t\t\t\t<\/div>\n\t\t\t\t\t\t<\/div>\n\t\t\t\t\t<\/div>\n\t\t\t\t\t\t\t\t\t\t\t\t<div class=\"qode-bct-post\">\n\t\t\t\t\t\t\t\t\t\t\t\t\t<div class=\"qode-bct-post-image\">\n\t\t\t\t\t\t\t\t<a href=\"https:\/\/www.sugranyes.com\/es\/2022\/05\/ya-se-puede-consultar-el-censo-del-impuesto-sobre-las-emisiones-de-co2-de-los-vehiculos\/\" itemprop=\"url\">\n\t\t\t\t\t\t\t\t\t<img loading=\"lazy\" decoding=\"async\" width=\"800\" height=\"600\" src=\"https:\/\/www.sugranyes.com\/wp-content\/uploads\/2022\/05\/car-pollution-800x600.jpeg\" class=\"attachment-portfolio-landscape size-portfolio-landscape wp-post-image\" alt=\"\" \/>\t\t\t\t\t\t\t\t<\/a>\n\t\t\t\t\t\t\t<\/div>\n\t\t\t\t\t\t\t\t\t\t\t\t<div class=\"qode-bct-post-text\">\n\t\t\t\t\t\t\t<h3 class=\"qode-bct-post-title entry_title\" itemprop=\"name\">\n\t\t\t\t\t\t\t\t<a href=\"https:\/\/www.sugranyes.com\/es\/2022\/05\/ya-se-puede-consultar-el-censo-del-impuesto-sobre-las-emisiones-de-co2-de-los-vehiculos\/\" itemprop=\"url\">Ya se puede consultar el censo del impuesto sobre las emisiones de CO2 de los veh\u00edculos<\/a>\n\t\t\t\t\t\t\t<\/h3>\n\t\t\t\t\t\t\t\t\t\t\t\t\t\t<p itemprop=\"description\" class = \"qode-bct-post-excerpt\"> La Ag\u00e8ncia Tribut\u00e0ria de Catalunya ya ha publicado el padr\u00f3n de los contribuyentes que este 2022 deben pagar el impuesto sobre las emisiones de di\u00f3xido de carbono de los veh\u00edculos de tracci\u00f3n me...<\/p>\n\t\t\t\t\t\t\t<div class=\"qode-bct-post-date entry_date updated\" itemprop=\"dateCreated\">\n\t\t\t\t\t\t\t\t04\/05\/2022\t\t\t\t\t\t\t\t<meta itemprop=\"interactionCount\" content=\"UserComments: 0\"\/>\n\t\t\t\t\t\t\t<\/div>\n\t\t\t\t\t\t<\/div>\n\t\t\t\t\t<\/div>\n\t\t\t\t\t\t\t\t\t\t\t\t<div class=\"qode-bct-post\">\n\t\t\t\t\t\t\t\t\t\t\t\t\t<div class=\"qode-bct-post-image\">\n\t\t\t\t\t\t\t\t<a href=\"https:\/\/www.sugranyes.com\/es\/2022\/03\/plan-de-igualdad-para-empresas-con-mas-de-50-trabajadores\/\" itemprop=\"url\">\n\t\t\t\t\t\t\t\t\t<img loading=\"lazy\" decoding=\"async\" width=\"800\" height=\"600\" src=\"https:\/\/www.sugranyes.com\/wp-content\/uploads\/2022\/03\/plan-igualdad-800x600.jpg\" class=\"attachment-portfolio-landscape size-portfolio-landscape wp-post-image\" alt=\"\" \/>\t\t\t\t\t\t\t\t<\/a>\n\t\t\t\t\t\t\t<\/div>\n\t\t\t\t\t\t\t\t\t\t\t\t<div class=\"qode-bct-post-text\">\n\t\t\t\t\t\t\t<h3 class=\"qode-bct-post-title entry_title\" itemprop=\"name\">\n\t\t\t\t\t\t\t\t<a href=\"https:\/\/www.sugranyes.com\/es\/2022\/03\/plan-de-igualdad-para-empresas-con-mas-de-50-trabajadores\/\" itemprop=\"url\">Plan de igualdad para empresas con m\u00e1s de 50 trabajadores<\/a>\n\t\t\t\t\t\t\t<\/h3>\n\t\t\t\t\t\t\t\t\t\t\t\t\t\t<p itemprop=\"description\" class = \"qode-bct-post-excerpt\"> Desde el pasado 7 de marzo de 2022 con la aprobaci\u00f3n de la Ley Org\u00e1nica 3\/2007, para la igualdad efectiva entre mujeres y hombres, las empresas con m\u00e1s de 50 trabajadores tendr\u00e1n que contar con un...<\/p>\n\t\t\t\t\t\t\t<div class=\"qode-bct-post-date entry_date updated\" itemprop=\"dateCreated\">\n\t\t\t\t\t\t\t\t28\/03\/2022\t\t\t\t\t\t\t\t<meta itemprop=\"interactionCount\" content=\"UserComments: 0\"\/>\n\t\t\t\t\t\t\t<\/div>\n\t\t\t\t\t\t<\/div>\n\t\t\t\t\t<\/div>\n\t\t\t\t\t\t\t\t\t\t\t\t<div class=\"qode-bct-post\">\n\t\t\t\t\t\t\t\t\t\t\t\t\t<div class=\"qode-bct-post-image\">\n\t\t\t\t\t\t\t\t<a href=\"https:\/\/www.sugranyes.com\/es\/2022\/03\/declaracion-de-la-renta-del-ano-2021\/\" itemprop=\"url\">\n\t\t\t\t\t\t\t\t\t<img loading=\"lazy\" decoding=\"async\" width=\"800\" height=\"600\" src=\"https:\/\/www.sugranyes.com\/wp-content\/uploads\/2018\/04\/Agencia_Tributaria-800x600.jpg\" class=\"attachment-portfolio-landscape size-portfolio-landscape wp-post-image\" alt=\"\" \/>\t\t\t\t\t\t\t\t<\/a>\n\t\t\t\t\t\t\t<\/div>\n\t\t\t\t\t\t\t\t\t\t\t\t<div class=\"qode-bct-post-text\">\n\t\t\t\t\t\t\t<h3 class=\"qode-bct-post-title entry_title\" itemprop=\"name\">\n\t\t\t\t\t\t\t\t<a href=\"https:\/\/www.sugranyes.com\/es\/2022\/03\/declaracion-de-la-renta-del-ano-2021\/\" itemprop=\"url\">Declaraci\u00f3n de la Renta del a\u00f1o 2021<\/a>\n\t\t\t\t\t\t\t<\/h3>\n\t\t\t\t\t\t\t\t\t\t\t\t\t\t<p itemprop=\"description\" class = \"qode-bct-post-excerpt\"> Ya est\u00e1n disponibles los datos fiscales de 2021 para la declaraci\u00f3n de la Renta del a\u00f1o 2021....<\/p>\n\t\t\t\t\t\t\t<div class=\"qode-bct-post-date entry_date updated\" itemprop=\"dateCreated\">\n\t\t\t\t\t\t\t\t28\/03\/2022\t\t\t\t\t\t\t\t<meta itemprop=\"interactionCount\" content=\"UserComments: 0\"\/>\n\t\t\t\t\t\t\t<\/div>\n\t\t\t\t\t\t<\/div>\n\t\t\t\t\t<\/div>\n\t\t\t\t\t\t\t\t\t\t\t\t<div class=\"qode-bct-post\">\n\t\t\t\t\t\t\t\t\t\t\t\t\t<div class=\"qode-bct-post-image\">\n\t\t\t\t\t\t\t\t<a href=\"https:\/\/www.sugranyes.com\/es\/2022\/03\/el-tribunal-supremo-se-decanta-por-una-igualdad-de-trato-en-hombres-y-mujeres-en-materia-de-seguridad-social\/\" itemprop=\"url\">\n\t\t\t\t\t\t\t\t\t<img loading=\"lazy\" decoding=\"async\" width=\"800\" height=\"600\" src=\"https:\/\/www.sugranyes.com\/wp-content\/uploads\/2017\/04\/justicia-800x600.jpg\" class=\"attachment-portfolio-landscape size-portfolio-landscape wp-post-image\" alt=\"\" \/>\t\t\t\t\t\t\t\t<\/a>\n\t\t\t\t\t\t\t<\/div>\n\t\t\t\t\t\t\t\t\t\t\t\t<div class=\"qode-bct-post-text\">\n\t\t\t\t\t\t\t<h3 class=\"qode-bct-post-title entry_title\" itemprop=\"name\">\n\t\t\t\t\t\t\t\t<a href=\"https:\/\/www.sugranyes.com\/es\/2022\/03\/el-tribunal-supremo-se-decanta-por-una-igualdad-de-trato-en-hombres-y-mujeres-en-materia-de-seguridad-social\/\" itemprop=\"url\">El Tribunal Supremo se decanta por una igualdad de trato en hombres y mujeres en materia de Seguridad Social<\/a>\n\t\t\t\t\t\t\t<\/h3>\n\t\t\t\t\t\t\t\t\t\t\t\t\t\t<p itemprop=\"description\" class = \"qode-bct-post-excerpt\"> El Tribunal Supremo se decanta por una igualdad de trato en hombres y mujeres en materia de Seguridad Social...<\/p>\n\t\t\t\t\t\t\t<div class=\"qode-bct-post-date entry_date updated\" itemprop=\"dateCreated\">\n\t\t\t\t\t\t\t\t14\/03\/2022\t\t\t\t\t\t\t\t<meta itemprop=\"interactionCount\" content=\"UserComments: 0\"\/>\n\t\t\t\t\t\t\t<\/div>\n\t\t\t\t\t\t<\/div>\n\t\t\t\t\t<\/div>\n\t\t\t\t\t\t\t\t\t\t\t\t<div class=\"qode-bct-post\">\n\t\t\t\t\t\t\t\t\t\t\t\t\t<div class=\"qode-bct-post-image\">\n\t\t\t\t\t\t\t\t<a href=\"https:\/\/www.sugranyes.com\/es\/2022\/03\/nueva-naturaleza-del-contrato-fijo-discontinuo\/\" itemprop=\"url\">\n\t\t\t\t\t\t\t\t\t<img loading=\"lazy\" decoding=\"async\" width=\"800\" height=\"600\" src=\"https:\/\/www.sugranyes.com\/wp-content\/uploads\/2022\/03\/firma-contrato-laboral-800x600.jpg\" class=\"attachment-portfolio-landscape size-portfolio-landscape wp-post-image\" alt=\"\" \/>\t\t\t\t\t\t\t\t<\/a>\n\t\t\t\t\t\t\t<\/div>\n\t\t\t\t\t\t\t\t\t\t\t\t<div class=\"qode-bct-post-text\">\n\t\t\t\t\t\t\t<h3 class=\"qode-bct-post-title entry_title\" itemprop=\"name\">\n\t\t\t\t\t\t\t\t<a href=\"https:\/\/www.sugranyes.com\/es\/2022\/03\/nueva-naturaleza-del-contrato-fijo-discontinuo\/\" itemprop=\"url\">Nueva naturaleza del contrato fijo discontinuo<\/a>\n\t\t\t\t\t\t\t<\/h3>\n\t\t\t\t\t\t\t\t\t\t\t\t\t\t<p itemprop=\"description\" class = \"qode-bct-post-excerpt\"> El contrato fijo-discontinuo adquiere una nueva naturaleza. La reforma laboral establece diferentes supuestos en los que se pueden acordar contratos fijos- discontinuos....<\/p>\n\t\t\t\t\t\t\t<div class=\"qode-bct-post-date entry_date updated\" itemprop=\"dateCreated\">\n\t\t\t\t\t\t\t\t14\/03\/2022\t\t\t\t\t\t\t\t<meta itemprop=\"interactionCount\" content=\"UserComments: 0\"\/>\n\t\t\t\t\t\t\t<\/div>\n\t\t\t\t\t\t<\/div>\n\t\t\t\t\t<\/div>\n\t\t\t\t\t\t\t\t\t\t\t\t<div class=\"qode-bct-post\">\n\t\t\t\t\t\t\t\t\t\t\t\t\t<div class=\"qode-bct-post-image\">\n\t\t\t\t\t\t\t\t<a href=\"https:\/\/www.sugranyes.com\/es\/2022\/03\/asi-es-el-programa-kit-digital-para-la-digitalizacion-de-pymes-y-autonomos\/\" itemprop=\"url\">\n\t\t\t\t\t\t\t\t\t<img loading=\"lazy\" decoding=\"async\" width=\"800\" height=\"600\" src=\"https:\/\/www.sugranyes.com\/wp-content\/uploads\/2022\/02\/Next-Geretion-800x600.jpeg\" class=\"attachment-portfolio-landscape size-portfolio-landscape wp-post-image\" alt=\"\" \/>\t\t\t\t\t\t\t\t<\/a>\n\t\t\t\t\t\t\t<\/div>\n\t\t\t\t\t\t\t\t\t\t\t\t<div class=\"qode-bct-post-text\">\n\t\t\t\t\t\t\t<h3 class=\"qode-bct-post-title entry_title\" itemprop=\"name\">\n\t\t\t\t\t\t\t\t<a href=\"https:\/\/www.sugranyes.com\/es\/2022\/03\/asi-es-el-programa-kit-digital-para-la-digitalizacion-de-pymes-y-autonomos\/\" itemprop=\"url\">As\u00ed es el programa Kit Digital para la digitalizaci\u00f3n de pymes y aut\u00f3nomos<\/a>\n\t\t\t\t\t\t\t<\/h3>\n\t\t\t\t\t\t\t\t\t\t\t\t\t\t<p itemprop=\"description\" class = \"qode-bct-post-excerpt\"> El gobierno lanza el programa Kit Digital para la digitalizaci\u00f3n de pymes y aut\u00f3nomos para apoyar la digitalizaci\u00f3n de las peque\u00f1as y medianas empresas. Este bono, que se repartir\u00e1 entre 2021 y 2...<\/p>\n\t\t\t\t\t\t\t<div class=\"qode-bct-post-date entry_date updated\" itemprop=\"dateCreated\">\n\t\t\t\t\t\t\t\t08\/03\/2022\t\t\t\t\t\t\t\t<meta itemprop=\"interactionCount\" content=\"UserComments: 0\"\/>\n\t\t\t\t\t\t\t<\/div>\n\t\t\t\t\t\t<\/div>\n\t\t\t\t\t<\/div>\n\t\t\t\t\t\t\t\t\t\t\t\t<div class=\"qode-bct-post\">\n\t\t\t\t\t\t\t\t\t\t\t\t\t<div class=\"qode-bct-post-image\">\n\t\t\t\t\t\t\t\t<a href=\"https:\/\/www.sugranyes.com\/es\/2022\/02\/tramitacio-integral-de-subvencions-per-noves-contractacions-de-persones-a-lempresa-fons-europeus-next-generation\/\" itemprop=\"url\">\n\t\t\t\t\t\t\t\t\t<img loading=\"lazy\" decoding=\"async\" width=\"800\" height=\"600\" src=\"https:\/\/www.sugranyes.com\/wp-content\/uploads\/2022\/02\/Opi-SUGRANYES-SUBVENCIO-CON-TRACTACIO\u0301-2022Tarragona-800x600.jpg\" class=\"attachment-portfolio-landscape size-portfolio-landscape wp-post-image\" alt=\"\" \/>\t\t\t\t\t\t\t\t<\/a>\n\t\t\t\t\t\t\t<\/div>\n\t\t\t\t\t\t\t\t\t\t\t\t<div class=\"qode-bct-post-text\">\n\t\t\t\t\t\t\t<h3 class=\"qode-bct-post-title entry_title\" itemprop=\"name\">\n\t\t\t\t\t\t\t\t<a href=\"https:\/\/www.sugranyes.com\/es\/2022\/02\/tramitacio-integral-de-subvencions-per-noves-contractacions-de-persones-a-lempresa-fons-europeus-next-generation\/\" itemprop=\"url\">TRAMITACI\u00d3N INTEGRAL DE SUBVENCIONES POR NUEVAS CONTRATACIONES DE PERSONAS EN LA EMPRESA \u2013 FONDO EUROPEOS NEXT GENERATION<\/a>\n\t\t\t\t\t\t\t<\/h3>\n\t\t\t\t\t\t\t\t\t\t\t\t\t\t<p itemprop=\"description\" class = \"qode-bct-post-excerpt\"> MUY IMPORTANTE L\u00cdNEA DE SUBVENCIONES POR LA CONTRATACI\u00d3N DE NUEVAS INCORPORACIONES DE PERSONAS EN LA EMPRESA\r\n\r\nSe trata de tres l\u00edneas de subvenciones y que le tramitar\u00edamos de forma integral en ...<\/p>\n\t\t\t\t\t\t\t<div class=\"qode-bct-post-date entry_date updated\" itemprop=\"dateCreated\">\n\t\t\t\t\t\t\t\t15\/02\/2022\t\t\t\t\t\t\t\t<meta itemprop=\"interactionCount\" content=\"UserComments: 0\"\/>\n\t\t\t\t\t\t\t<\/div>\n\t\t\t\t\t\t<\/div>\n\t\t\t\t\t<\/div>\n\t\t\t\t\t\t\t\t\t\t\t\t<div class=\"qode-bct-post\">\n\t\t\t\t\t\t\t\t\t\t\t\t\t<div class=\"qode-bct-post-image\">\n\t\t\t\t\t\t\t\t<a href=\"https:\/\/www.sugranyes.com\/es\/2022\/02\/real-decreto-ley-32-2021-de-28-de-diciembre-para-reducir-la-temporalidad-laboral\/\" itemprop=\"url\">\n\t\t\t\t\t\t\t\t\t<img loading=\"lazy\" decoding=\"async\" width=\"800\" height=\"600\" src=\"https:\/\/www.sugranyes.com\/wp-content\/uploads\/2016\/12\/boe-800x600.jpg\" class=\"attachment-portfolio-landscape size-portfolio-landscape wp-post-image\" alt=\"\" \/>\t\t\t\t\t\t\t\t<\/a>\n\t\t\t\t\t\t\t<\/div>\n\t\t\t\t\t\t\t\t\t\t\t\t<div class=\"qode-bct-post-text\">\n\t\t\t\t\t\t\t<h3 class=\"qode-bct-post-title entry_title\" itemprop=\"name\">\n\t\t\t\t\t\t\t\t<a href=\"https:\/\/www.sugranyes.com\/es\/2022\/02\/real-decreto-ley-32-2021-de-28-de-diciembre-para-reducir-la-temporalidad-laboral\/\" itemprop=\"url\">Real Decreto &#8211; Ley 32\/2021, de 28 de diciembre, para reducir la temporalidad laboral<\/a>\n\t\t\t\t\t\t\t<\/h3>\n\t\t\t\t\t\t\t\t\t\t\t\t\t\t<p itemprop=\"description\" class = \"qode-bct-post-excerpt\"> Aprobado el Real Decreto - Ley 32\/2021, de 28 de diciembre, de medidas urgentes para la reforma laboral, la garant\u00eda de la estabilidad al empleo y la transformaci\u00f3n del mercado de trabajo, con el pr...<\/p>\n\t\t\t\t\t\t\t<div class=\"qode-bct-post-date entry_date updated\" itemprop=\"dateCreated\">\n\t\t\t\t\t\t\t\t02\/02\/2022\t\t\t\t\t\t\t\t<meta itemprop=\"interactionCount\" content=\"UserComments: 0\"\/>\n\t\t\t\t\t\t\t<\/div>\n\t\t\t\t\t\t<\/div>\n\t\t\t\t\t<\/div>\n\t\t\t\t\t\t\t\t\t\t\t\t<div class=\"qode-bct-post\">\n\t\t\t\t\t\t\t\t\t\t\t\t\t<div class=\"qode-bct-post-image\">\n\t\t\t\t\t\t\t\t<a href=\"https:\/\/www.sugranyes.com\/es\/2022\/01\/medidas-urgentes-para-la-reduccion-de-la-temporalidad-en-el-sector-publico\/\" itemprop=\"url\">\n\t\t\t\t\t\t\t\t\t<img loading=\"lazy\" decoding=\"async\" width=\"800\" height=\"600\" src=\"https:\/\/www.sugranyes.com\/wp-content\/uploads\/2020\/03\/cola-800x600.jpg\" class=\"attachment-portfolio-landscape size-portfolio-landscape wp-post-image\" alt=\"\" \/>\t\t\t\t\t\t\t\t<\/a>\n\t\t\t\t\t\t\t<\/div>\n\t\t\t\t\t\t\t\t\t\t\t\t<div class=\"qode-bct-post-text\">\n\t\t\t\t\t\t\t<h3 class=\"qode-bct-post-title entry_title\" itemprop=\"name\">\n\t\t\t\t\t\t\t\t<a href=\"https:\/\/www.sugranyes.com\/es\/2022\/01\/medidas-urgentes-para-la-reduccion-de-la-temporalidad-en-el-sector-publico\/\" itemprop=\"url\">Medidas urgentes para la reducci\u00f3n de la temporalidad en el sector p\u00fablico<\/a>\n\t\t\t\t\t\t\t<\/h3>\n\t\t\t\t\t\t\t\t\t\t\t\t\t\t<p itemprop=\"description\" class = \"qode-bct-post-excerpt\"> Aprobada la Ley 20\/2021, de 28 de diciembre, de medidas urgentes para la reducci\u00f3n de la temporalidad en el sector p\u00fablico, que introduce una serie de medidas para la reducci\u00f3n de la temporalidad e...<\/p>\n\t\t\t\t\t\t\t<div class=\"qode-bct-post-date entry_date updated\" itemprop=\"dateCreated\">\n\t\t\t\t\t\t\t\t17\/01\/2022\t\t\t\t\t\t\t\t<meta itemprop=\"interactionCount\" content=\"UserComments: 0\"\/>\n\t\t\t\t\t\t\t<\/div>\n\t\t\t\t\t\t<\/div>\n\t\t\t\t\t<\/div>\n\t\t\t\t\t\t\t\t\t\t\t\t<div class=\"qode-bct-post\">\n\t\t\t\t\t\t\t\t\t\t\t\t\t<div class=\"qode-bct-post-image\">\n\t\t\t\t\t\t\t\t<a href=\"https:\/\/www.sugranyes.com\/es\/2021\/12\/calendario-festivos-2022\/\" itemprop=\"url\">\n\t\t\t\t\t\t\t\t\t<img loading=\"lazy\" decoding=\"async\" width=\"800\" height=\"600\" src=\"https:\/\/www.sugranyes.com\/wp-content\/uploads\/2021\/12\/calendario-2022-800x600.jpg\" class=\"attachment-portfolio-landscape size-portfolio-landscape wp-post-image\" alt=\"\" \/>\t\t\t\t\t\t\t\t<\/a>\n\t\t\t\t\t\t\t<\/div>\n\t\t\t\t\t\t\t\t\t\t\t\t<div class=\"qode-bct-post-text\">\n\t\t\t\t\t\t\t<h3 class=\"qode-bct-post-title entry_title\" itemprop=\"name\">\n\t\t\t\t\t\t\t\t<a href=\"https:\/\/www.sugranyes.com\/es\/2021\/12\/calendario-festivos-2022\/\" itemprop=\"url\">Calendario festivos 2022<\/a>\n\t\t\t\t\t\t\t<\/h3>\n\t\t\t\t\t\t\t\t\t\t\t\t\t\t<p itemprop=\"description\" class = \"qode-bct-post-excerpt\"> Se ha publicado la Resoluci\u00f3n de 14 de octubre de 2021, de la Direcci\u00f3n General de Trabajo por la que se publica la relaci\u00f3n de fiestas laborales para el a\u00f1o 2022....<\/p>\n\t\t\t\t\t\t\t<div class=\"qode-bct-post-date entry_date updated\" itemprop=\"dateCreated\">\n\t\t\t\t\t\t\t\t29\/12\/2021\t\t\t\t\t\t\t\t<meta itemprop=\"interactionCount\" content=\"UserComments: 0\"\/>\n\t\t\t\t\t\t\t<\/div>\n\t\t\t\t\t\t<\/div>\n\t\t\t\t\t<\/div>\n\t\t\t\t\t\t\t\t\t\t\t\t<div class=\"qode-bct-post\">\n\t\t\t\t\t\t\t\t\t\t\t\t\t<div class=\"qode-bct-post-image\">\n\t\t\t\t\t\t\t\t<a href=\"https:\/\/www.sugranyes.com\/es\/2021\/11\/nuevo-servicio-de-tramitacion-del-plan-moves-iii\/\" itemprop=\"url\">\n\t\t\t\t\t\t\t\t\t<img loading=\"lazy\" decoding=\"async\" width=\"800\" height=\"600\" src=\"https:\/\/www.sugranyes.com\/wp-content\/uploads\/2021\/11\/PLA-MOVES-III-Sugranyes-1-800x600.jpg\" class=\"attachment-portfolio-landscape size-portfolio-landscape wp-post-image\" alt=\"\" \/>\t\t\t\t\t\t\t\t<\/a>\n\t\t\t\t\t\t\t<\/div>\n\t\t\t\t\t\t\t\t\t\t\t\t<div class=\"qode-bct-post-text\">\n\t\t\t\t\t\t\t<h3 class=\"qode-bct-post-title entry_title\" itemprop=\"name\">\n\t\t\t\t\t\t\t\t<a href=\"https:\/\/www.sugranyes.com\/es\/2021\/11\/nuevo-servicio-de-tramitacion-del-plan-moves-iii\/\" itemprop=\"url\">Nuevo servicio de tramitaci\u00f3n ayudas PLAN MOVES III<\/a>\n\t\t\t\t\t\t\t<\/h3>\n\t\t\t\t\t\t\t\t\t\t\t\t\t\t<p itemprop=\"description\" class = \"qode-bct-post-excerpt\"> Nos complace informarles que hemos incorporado un nuevo servicio para la tramitaci\u00f3n de las ayudas PLAN MOVES III para la instalaci\u00f3n de infraestructura el\u00e9ctrica para la recarga de veh\u00edculos el\u00e9...<\/p>\n\t\t\t\t\t\t\t<div class=\"qode-bct-post-date entry_date updated\" itemprop=\"dateCreated\">\n\t\t\t\t\t\t\t\t19\/11\/2021\t\t\t\t\t\t\t\t<meta itemprop=\"interactionCount\" content=\"UserComments: 0\"\/>\n\t\t\t\t\t\t\t<\/div>\n\t\t\t\t\t\t<\/div>\n\t\t\t\t\t<\/div>\n\t\t\t\t\t\t\t\t\t\t\t\t<div class=\"qode-bct-post\">\n\t\t\t\t\t\t\t\t\t\t\t\t\t<div class=\"qode-bct-post-image\">\n\t\t\t\t\t\t\t\t<a href=\"https:\/\/www.sugranyes.com\/es\/2021\/11\/nuevo-servicio-de-certificado-digital\/\" itemprop=\"url\">\n\t\t\t\t\t\t\t\t\t<img loading=\"lazy\" decoding=\"async\" width=\"800\" height=\"600\" src=\"https:\/\/www.sugranyes.com\/wp-content\/uploads\/2021\/11\/Certificat-Digital-Sugranyes-1-800x600.jpg\" class=\"attachment-portfolio-landscape size-portfolio-landscape wp-post-image\" alt=\"\" \/>\t\t\t\t\t\t\t\t<\/a>\n\t\t\t\t\t\t\t<\/div>\n\t\t\t\t\t\t\t\t\t\t\t\t<div class=\"qode-bct-post-text\">\n\t\t\t\t\t\t\t<h3 class=\"qode-bct-post-title entry_title\" itemprop=\"name\">\n\t\t\t\t\t\t\t\t<a href=\"https:\/\/www.sugranyes.com\/es\/2021\/11\/nuevo-servicio-de-certificado-digital\/\" itemprop=\"url\">Nuevo servicio de certificado digital<\/a>\n\t\t\t\t\t\t\t<\/h3>\n\t\t\t\t\t\t\t\t\t\t\t\t\t\t<p itemprop=\"description\" class = \"qode-bct-post-excerpt\"> Nos complace informar que hemos incorporado un nuevo servicio de tramitaci\u00f3n y custodia de certificado digital para particulares, empresas, entidades y aut\u00f3nomos....<\/p>\n\t\t\t\t\t\t\t<div class=\"qode-bct-post-date entry_date updated\" itemprop=\"dateCreated\">\n\t\t\t\t\t\t\t\t19\/11\/2021\t\t\t\t\t\t\t\t<meta itemprop=\"interactionCount\" content=\"UserComments: 0\"\/>\n\t\t\t\t\t\t\t<\/div>\n\t\t\t\t\t\t<\/div>\n\t\t\t\t\t<\/div>\n\t\t\t\t\t\t\t\t\t\t\t\t<div class=\"qode-bct-post\">\n\t\t\t\t\t\t\t\t\t\t\t\t\t<div class=\"qode-bct-post-image\">\n\t\t\t\t\t\t\t\t<a href=\"https:\/\/www.sugranyes.com\/es\/2021\/10\/prorroga-expedientes-de-regulacion-temporal-de-empleo\/\" itemprop=\"url\">\n\t\t\t\t\t\t\t\t\t<img loading=\"lazy\" decoding=\"async\" width=\"800\" height=\"600\" src=\"https:\/\/www.sugranyes.com\/wp-content\/uploads\/2021\/10\/rellotge-sorra-800x600.jpeg\" class=\"attachment-portfolio-landscape size-portfolio-landscape wp-post-image\" alt=\"\" \/>\t\t\t\t\t\t\t\t<\/a>\n\t\t\t\t\t\t\t<\/div>\n\t\t\t\t\t\t\t\t\t\t\t\t<div class=\"qode-bct-post-text\">\n\t\t\t\t\t\t\t<h3 class=\"qode-bct-post-title entry_title\" itemprop=\"name\">\n\t\t\t\t\t\t\t\t<a href=\"https:\/\/www.sugranyes.com\/es\/2021\/10\/prorroga-expedientes-de-regulacion-temporal-de-empleo\/\" itemprop=\"url\">Pr\u00f3rroga expedientes de regulaci\u00f3n temporal de empleo<\/a>\n\t\t\t\t\t\t\t<\/h3>\n\t\t\t\t\t\t\t\t\t\t\t\t\t\t<p itemprop=\"description\" class = \"qode-bct-post-excerpt\"> Nueva pr\u00f3rroga de las suspensiones de contratos y reducciones de jornada asociadas al impacto del COVID-19....<\/p>\n\t\t\t\t\t\t\t<div class=\"qode-bct-post-date entry_date updated\" itemprop=\"dateCreated\">\n\t\t\t\t\t\t\t\t27\/10\/2021\t\t\t\t\t\t\t\t<meta itemprop=\"interactionCount\" content=\"UserComments: 0\"\/>\n\t\t\t\t\t\t\t<\/div>\n\t\t\t\t\t\t<\/div>\n\t\t\t\t\t<\/div>\n\t\t\t\t\t\t\t\t\t\t\t\t<div class=\"qode-bct-post\">\n\t\t\t\t\t\t\t\t\t\t\t\t\t<div class=\"qode-bct-post-image\">\n\t\t\t\t\t\t\t\t<a href=\"https:\/\/www.sugranyes.com\/es\/2021\/10\/incremento-del-salario-minimo-interprofesional\/\" itemprop=\"url\">\n\t\t\t\t\t\t\t\t\t<img loading=\"lazy\" decoding=\"async\" width=\"800\" height=\"600\" src=\"https:\/\/www.sugranyes.com\/wp-content\/uploads\/2021\/10\/increment-800x600.jpeg\" class=\"attachment-portfolio-landscape size-portfolio-landscape wp-post-image\" alt=\"\" \/>\t\t\t\t\t\t\t\t<\/a>\n\t\t\t\t\t\t\t<\/div>\n\t\t\t\t\t\t\t\t\t\t\t\t<div class=\"qode-bct-post-text\">\n\t\t\t\t\t\t\t<h3 class=\"qode-bct-post-title entry_title\" itemprop=\"name\">\n\t\t\t\t\t\t\t\t<a href=\"https:\/\/www.sugranyes.com\/es\/2021\/10\/incremento-del-salario-minimo-interprofesional\/\" itemprop=\"url\">Incremento del salario m\u00ednimo interprofesional<\/a>\n\t\t\t\t\t\t\t<\/h3>\n\t\t\t\t\t\t\t\t\t\t\t\t\t\t<p itemprop=\"description\" class = \"qode-bct-post-excerpt\"> Se ha aprobado el Real Decreto 817\/2021, de 28 de septiembre, por el que se fija el salario m\u00ednimo interprofesional....<\/p>\n\t\t\t\t\t\t\t<div class=\"qode-bct-post-date entry_date updated\" itemprop=\"dateCreated\">\n\t\t\t\t\t\t\t\t27\/10\/2021\t\t\t\t\t\t\t\t<meta itemprop=\"interactionCount\" content=\"UserComments: 0\"\/>\n\t\t\t\t\t\t\t<\/div>\n\t\t\t\t\t\t<\/div>\n\t\t\t\t\t<\/div>\n\t\t\t\t\t\t\t\t\t\t\t\t<div class=\"qode-bct-post\">\n\t\t\t\t\t\t\t\t\t\t\t\t\t<div class=\"qode-bct-post-image\">\n\t\t\t\t\t\t\t\t<a href=\"https:\/\/www.sugranyes.com\/es\/2021\/10\/plan-moves-iii-en-cataluna\/\" itemprop=\"url\">\n\t\t\t\t\t\t\t\t\t<img loading=\"lazy\" decoding=\"async\" width=\"800\" height=\"600\" src=\"https:\/\/www.sugranyes.com\/wp-content\/uploads\/2021\/10\/coche-vintage-800x600.jpeg\" class=\"attachment-portfolio-landscape size-portfolio-landscape wp-post-image\" alt=\"\" \/>\t\t\t\t\t\t\t\t<\/a>\n\t\t\t\t\t\t\t<\/div>\n\t\t\t\t\t\t\t\t\t\t\t\t<div class=\"qode-bct-post-text\">\n\t\t\t\t\t\t\t<h3 class=\"qode-bct-post-title entry_title\" itemprop=\"name\">\n\t\t\t\t\t\t\t\t<a href=\"https:\/\/www.sugranyes.com\/es\/2021\/10\/plan-moves-iii-en-cataluna\/\" itemprop=\"url\">Plan Moves III en Catalu\u00f1a<\/a>\n\t\t\t\t\t\t\t<\/h3>\n\t\t\t\t\t\t\t\t\t\t\t\t\t\t<p itemprop=\"description\" class = \"qode-bct-post-excerpt\"> La tercera edici\u00f3n del plan Moves ya se puede tramitar desde el 02 de octubre y la vigencia prevista es hasta el 31 de diciembre de 2023....<\/p>\n\t\t\t\t\t\t\t<div class=\"qode-bct-post-date entry_date updated\" itemprop=\"dateCreated\">\n\t\t\t\t\t\t\t\t13\/10\/2021\t\t\t\t\t\t\t\t<meta itemprop=\"interactionCount\" content=\"UserComments: 0\"\/>\n\t\t\t\t\t\t\t<\/div>\n\t\t\t\t\t\t<\/div>\n\t\t\t\t\t<\/div>\n\t\t\t\t\t\t\t\t\t\t\t\t<div class=\"qode-bct-post\">\n\t\t\t\t\t\t\t\t\t\t\t\t\t<div class=\"qode-bct-post-image\">\n\t\t\t\t\t\t\t\t<a href=\"https:\/\/www.sugranyes.com\/es\/2021\/09\/importante-adaptacion-legislativa-en-materia-de-incapacidad-y-tutela-de-acuerdo-a-los-postulados-de-la-convencion-de-nueva-york\/\" itemprop=\"url\">\n\t\t\t\t\t\t\t\t\t<img loading=\"lazy\" decoding=\"async\" width=\"800\" height=\"600\" src=\"https:\/\/www.sugranyes.com\/wp-content\/uploads\/2021\/09\/cadira-rodes-800x600.jpeg\" class=\"attachment-portfolio-landscape size-portfolio-landscape wp-post-image\" alt=\"\" \/>\t\t\t\t\t\t\t\t<\/a>\n\t\t\t\t\t\t\t<\/div>\n\t\t\t\t\t\t\t\t\t\t\t\t<div class=\"qode-bct-post-text\">\n\t\t\t\t\t\t\t<h3 class=\"qode-bct-post-title entry_title\" itemprop=\"name\">\n\t\t\t\t\t\t\t\t<a href=\"https:\/\/www.sugranyes.com\/es\/2021\/09\/importante-adaptacion-legislativa-en-materia-de-incapacidad-y-tutela-de-acuerdo-a-los-postulados-de-la-convencion-de-nueva-york\/\" itemprop=\"url\">Importante adaptaci\u00f3n legislativa en materia de incapacidad y tutela de acuerdo a los postulados de la convenci\u00f3n de Nueva York<\/a>\n\t\t\t\t\t\t\t<\/h3>\n\t\t\t\t\t\t\t\t\t\t\t\t\t\t<p itemprop=\"description\" class = \"qode-bct-post-excerpt\"> Han entrado en vigor dos normas que han supuesto una profunda reforma, sobre todo la estatal, de la legislaci\u00f3n civil y procesal respecto los derechos de las personas con discapacidad....<\/p>\n\t\t\t\t\t\t\t<div class=\"qode-bct-post-date entry_date updated\" itemprop=\"dateCreated\">\n\t\t\t\t\t\t\t\t22\/09\/2021\t\t\t\t\t\t\t\t<meta itemprop=\"interactionCount\" content=\"UserComments: 0\"\/>\n\t\t\t\t\t\t\t<\/div>\n\t\t\t\t\t\t<\/div>\n\t\t\t\t\t<\/div>\n\t\t\t\t\t\t\t\t\t\t\t\t<div class=\"qode-bct-post\">\n\t\t\t\t\t\t\t\t\t\t\t\t\t<div class=\"qode-bct-post-image\">\n\t\t\t\t\t\t\t\t<a href=\"https:\/\/www.sugranyes.com\/es\/2021\/09\/las-nuevas-cuotas-para-autonomos\/\" itemprop=\"url\">\n\t\t\t\t\t\t\t\t\t<img loading=\"lazy\" decoding=\"async\" width=\"640\" height=\"426\" src=\"https:\/\/www.sugranyes.com\/wp-content\/uploads\/2021\/09\/semaforo.jpeg\" class=\"attachment-portfolio-landscape size-portfolio-landscape wp-post-image\" alt=\"\" srcset=\"https:\/\/www.sugranyes.com\/wp-content\/uploads\/2021\/09\/semaforo.jpeg 640w, https:\/\/www.sugranyes.com\/wp-content\/uploads\/2021\/09\/semaforo-300x200.jpeg 300w\" sizes=\"(max-width: 640px) 100vw, 640px\" \/>\t\t\t\t\t\t\t\t<\/a>\n\t\t\t\t\t\t\t<\/div>\n\t\t\t\t\t\t\t\t\t\t\t\t<div class=\"qode-bct-post-text\">\n\t\t\t\t\t\t\t<h3 class=\"qode-bct-post-title entry_title\" itemprop=\"name\">\n\t\t\t\t\t\t\t\t<a href=\"https:\/\/www.sugranyes.com\/es\/2021\/09\/las-nuevas-cuotas-para-autonomos\/\" itemprop=\"url\">Las nuevas cuotas para aut\u00f3nomos<\/a>\n\t\t\t\t\t\t\t<\/h3>\n\t\t\t\t\t\t\t\t\t\t\t\t\t\t<p itemprop=\"description\" class = \"qode-bct-post-excerpt\"> El Gobierno est\u00e1 enga\u00f1ando a los aut\u00f3nomos?...<\/p>\n\t\t\t\t\t\t\t<div class=\"qode-bct-post-date entry_date updated\" itemprop=\"dateCreated\">\n\t\t\t\t\t\t\t\t13\/09\/2021\t\t\t\t\t\t\t\t<meta itemprop=\"interactionCount\" content=\"UserComments: 0\"\/>\n\t\t\t\t\t\t\t<\/div>\n\t\t\t\t\t\t<\/div>\n\t\t\t\t\t<\/div>\n\t\t\t\t\t\t\t\t\t\t\t\t<div class=\"qode-bct-post\">\n\t\t\t\t\t\t\t\t\t\t\t\t\t<div class=\"qode-bct-post-image\">\n\t\t\t\t\t\t\t\t<a href=\"https:\/\/www.sugranyes.com\/es\/2021\/07\/reduccion-de-la-temporalidad-en-el-empleo-publico\/\" itemprop=\"url\">\n\t\t\t\t\t\t\t\t\t<img loading=\"lazy\" decoding=\"async\" width=\"800\" height=\"600\" src=\"https:\/\/www.sugranyes.com\/wp-content\/uploads\/2021\/07\/justicia-800x600.jpeg\" class=\"attachment-portfolio-landscape size-portfolio-landscape wp-post-image\" alt=\"\" \/>\t\t\t\t\t\t\t\t<\/a>\n\t\t\t\t\t\t\t<\/div>\n\t\t\t\t\t\t\t\t\t\t\t\t<div class=\"qode-bct-post-text\">\n\t\t\t\t\t\t\t<h3 class=\"qode-bct-post-title entry_title\" itemprop=\"name\">\n\t\t\t\t\t\t\t\t<a href=\"https:\/\/www.sugranyes.com\/es\/2021\/07\/reduccion-de-la-temporalidad-en-el-empleo-publico\/\" itemprop=\"url\">Reducci\u00f3n de la temporalidad en el empleo p\u00fablico<\/a>\n\t\t\t\t\t\t\t<\/h3>\n\t\t\t\t\t\t\t\t\t\t\t\t\t\t<p itemprop=\"description\" class = \"qode-bct-post-excerpt\"> El Tribunal Supremo, Sala Cuarta, de lo Social, en la Sentencia 649\/2021 de 28 junio. 2021, Rec. 3263\/2019 se rectifica para declarar el derecho de los interinos a convertirse en indefinidos no fijos ...<\/p>\n\t\t\t\t\t\t\t<div class=\"qode-bct-post-date entry_date updated\" itemprop=\"dateCreated\">\n\t\t\t\t\t\t\t\t26\/07\/2021\t\t\t\t\t\t\t\t<meta itemprop=\"interactionCount\" content=\"UserComments: 0\"\/>\n\t\t\t\t\t\t\t<\/div>\n\t\t\t\t\t\t<\/div>\n\t\t\t\t\t<\/div>\n\t\t\t\t\t\t\t\t\t\t\t\t<div class=\"qode-bct-post\">\n\t\t\t\t\t\t\t\t\t\t\t\t\t<div class=\"qode-bct-post-image\">\n\t\t\t\t\t\t\t\t<a href=\"https:\/\/www.sugranyes.com\/es\/2021\/07\/ley-10-2021-de-9-de-julio-de-trabajo-a-distancia\/\" itemprop=\"url\">\n\t\t\t\t\t\t\t\t\t<img loading=\"lazy\" decoding=\"async\" width=\"800\" height=\"600\" src=\"https:\/\/www.sugranyes.com\/wp-content\/uploads\/2021\/07\/teletreball-800x600.jpeg\" class=\"attachment-portfolio-landscape size-portfolio-landscape wp-post-image\" alt=\"\" \/>\t\t\t\t\t\t\t\t<\/a>\n\t\t\t\t\t\t\t<\/div>\n\t\t\t\t\t\t\t\t\t\t\t\t<div class=\"qode-bct-post-text\">\n\t\t\t\t\t\t\t<h3 class=\"qode-bct-post-title entry_title\" itemprop=\"name\">\n\t\t\t\t\t\t\t\t<a href=\"https:\/\/www.sugranyes.com\/es\/2021\/07\/ley-10-2021-de-9-de-julio-de-trabajo-a-distancia\/\" itemprop=\"url\">Ley 10\/2021, de 9 de julio, de trabajo a distancia<\/a>\n\t\t\t\t\t\t\t<\/h3>\n\t\t\t\t\t\t\t\t\t\t\t\t\t\t<p itemprop=\"description\" class = \"qode-bct-post-excerpt\"> El BOE de 10 de julio ha publicado la Ley 10\/2021, de 9 de julio, de trabajo a distancia. Introduce novedades en materia de igualdad y no discriminaci\u00f3n en cuanto al trabajo a distancia de los trabaj...<\/p>\n\t\t\t\t\t\t\t<div class=\"qode-bct-post-date entry_date updated\" itemprop=\"dateCreated\">\n\t\t\t\t\t\t\t\t21\/07\/2021\t\t\t\t\t\t\t\t<meta itemprop=\"interactionCount\" content=\"UserComments: 0\"\/>\n\t\t\t\t\t\t\t<\/div>\n\t\t\t\t\t\t<\/div>\n\t\t\t\t\t<\/div>\n\t\t\t\t\t\t\t\t\t\t\t\t<div class=\"qode-bct-post\">\n\t\t\t\t\t\t\t\t\t\t\t\t\t<div class=\"qode-bct-post-image\">\n\t\t\t\t\t\t\t\t<a href=\"https:\/\/www.sugranyes.com\/es\/2021\/03\/he-cobrado-un-erte-estoy-obligada-a-hacer-la-declaracion-de-la-renta\/\" itemprop=\"url\">\n\t\t\t\t\t\t\t\t\t<img loading=\"lazy\" decoding=\"async\" width=\"800\" height=\"600\" src=\"https:\/\/www.sugranyes.com\/wp-content\/uploads\/2020\/04\/alerta-800x600.jpg\" class=\"attachment-portfolio-landscape size-portfolio-landscape wp-post-image\" alt=\"\" \/>\t\t\t\t\t\t\t\t<\/a>\n\t\t\t\t\t\t\t<\/div>\n\t\t\t\t\t\t\t\t\t\t\t\t<div class=\"qode-bct-post-text\">\n\t\t\t\t\t\t\t<h3 class=\"qode-bct-post-title entry_title\" itemprop=\"name\">\n\t\t\t\t\t\t\t\t<a href=\"https:\/\/www.sugranyes.com\/es\/2021\/03\/he-cobrado-un-erte-estoy-obligada-a-hacer-la-declaracion-de-la-renta\/\" itemprop=\"url\">He cobrado un ERTE. \u00bfestoy obligada a hacer la declaraci\u00f3n de la renta?<\/a>\n\t\t\t\t\t\t\t<\/h3>\n\t\t\t\t\t\t\t\t\t\t\t\t\t\t<p itemprop=\"description\" class = \"qode-bct-post-excerpt\"> \u00bfHas sido afectad@ por un ERTE y no sabes si tienes que hacer la declaraci\u00f3n de la renta? Encuentra la respuesta en este escrito....<\/p>\n\t\t\t\t\t\t\t<div class=\"qode-bct-post-date entry_date updated\" itemprop=\"dateCreated\">\n\t\t\t\t\t\t\t\t25\/03\/2021\t\t\t\t\t\t\t\t<meta itemprop=\"interactionCount\" content=\"UserComments: 0\"\/>\n\t\t\t\t\t\t\t<\/div>\n\t\t\t\t\t\t<\/div>\n\t\t\t\t\t<\/div>\n\t\t\t\t\t\t\t\t\t\t\t\t<div class=\"qode-bct-post\">\n\t\t\t\t\t\t\t\t\t\t\t\t\t<div class=\"qode-bct-post-image\">\n\t\t\t\t\t\t\t\t<a href=\"https:\/\/www.sugranyes.com\/es\/2021\/03\/ya-estan-disponibles-los-datos-fiscales-en-hacienda\/\" itemprop=\"url\">\n\t\t\t\t\t\t\t\t\t<img loading=\"lazy\" decoding=\"async\" width=\"800\" height=\"600\" src=\"https:\/\/www.sugranyes.com\/wp-content\/uploads\/2018\/04\/Agencia_Tributaria-800x600.jpg\" class=\"attachment-portfolio-landscape size-portfolio-landscape wp-post-image\" alt=\"\" \/>\t\t\t\t\t\t\t\t<\/a>\n\t\t\t\t\t\t\t<\/div>\n\t\t\t\t\t\t\t\t\t\t\t\t<div class=\"qode-bct-post-text\">\n\t\t\t\t\t\t\t<h3 class=\"qode-bct-post-title entry_title\" itemprop=\"name\">\n\t\t\t\t\t\t\t\t<a href=\"https:\/\/www.sugranyes.com\/es\/2021\/03\/ya-estan-disponibles-los-datos-fiscales-en-hacienda\/\" itemprop=\"url\">Ya est\u00e1n disponibles los datos fiscales en hacienda<\/a>\n\t\t\t\t\t\t\t<\/h3>\n\t\t\t\t\t\t\t\t\t\t\t\t\t\t<p itemprop=\"description\" class = \"qode-bct-post-excerpt\"> A partir de hoy 24 de marzo de 2020 ya se pueden consultar los datos fiscales para la declaraci\u00f3n de la renta del ejercicio 2020.\r\n\r\nEl plazo de presentaci\u00f3n de las declaraciones comienza el 7 de ab...<\/p>\n\t\t\t\t\t\t\t<div class=\"qode-bct-post-date entry_date updated\" itemprop=\"dateCreated\">\n\t\t\t\t\t\t\t\t25\/03\/2021\t\t\t\t\t\t\t\t<meta itemprop=\"interactionCount\" content=\"UserComments: 0\"\/>\n\t\t\t\t\t\t\t<\/div>\n\t\t\t\t\t\t<\/div>\n\t\t\t\t\t<\/div>\n\t\t\t\t\t\t\t\t\t\t\t\t<div class=\"qode-bct-post\">\n\t\t\t\t\t\t\t\t\t\t\t\t\t<div class=\"qode-bct-post-image\">\n\t\t\t\t\t\t\t\t<a href=\"https:\/\/www.sugranyes.com\/es\/2021\/03\/nuevo-aplazamiento-extraordinario-de-impuestos-sin-intereses-en-2021-por-el-covid-19\/\" itemprop=\"url\">\n\t\t\t\t\t\t\t\t\t<img loading=\"lazy\" decoding=\"async\" width=\"800\" height=\"600\" src=\"https:\/\/www.sugranyes.com\/wp-content\/uploads\/2021\/03\/basket-800x600.jpg\" class=\"attachment-portfolio-landscape size-portfolio-landscape wp-post-image\" alt=\"\" \/>\t\t\t\t\t\t\t\t<\/a>\n\t\t\t\t\t\t\t<\/div>\n\t\t\t\t\t\t\t\t\t\t\t\t<div class=\"qode-bct-post-text\">\n\t\t\t\t\t\t\t<h3 class=\"qode-bct-post-title entry_title\" itemprop=\"name\">\n\t\t\t\t\t\t\t\t<a href=\"https:\/\/www.sugranyes.com\/es\/2021\/03\/nuevo-aplazamiento-extraordinario-de-impuestos-sin-intereses-en-2021-por-el-covid-19\/\" itemprop=\"url\">Nuevo aplazamiento extraordinario de impuestos sin intereses en 2021 por el covid-19<\/a>\n\t\t\t\t\t\t\t<\/h3>\n\t\t\t\t\t\t\t\t\t\t\t\t\t\t<p itemprop=\"description\" class = \"qode-bct-post-excerpt\"> Se publica el Real Decreto-ley 35\/2020, de fecha 22 de diciembre, en donde se aplican unas medidas urgentes de ayuda a los sectores m\u00e1s vulnerables que han sufrido con esta crisis del COVID-19 con el...<\/p>\n\t\t\t\t\t\t\t<div class=\"qode-bct-post-date entry_date updated\" itemprop=\"dateCreated\">\n\t\t\t\t\t\t\t\t17\/03\/2021\t\t\t\t\t\t\t\t<meta itemprop=\"interactionCount\" content=\"UserComments: 0\"\/>\n\t\t\t\t\t\t\t<\/div>\n\t\t\t\t\t\t<\/div>\n\t\t\t\t\t<\/div>\n\t\t\t\t\t\t\t\t\t\t\t\t<div class=\"qode-bct-post\">\n\t\t\t\t\t\t\t\t\t\t\t\t\t<div class=\"qode-bct-post-image\">\n\t\t\t\t\t\t\t\t<a href=\"https:\/\/www.sugranyes.com\/es\/2021\/03\/aplazamiento-de-irpf-impuesto-de-sociedades-y-deudas-tributarias\/\" itemprop=\"url\">\n\t\t\t\t\t\t\t\t\t<img loading=\"lazy\" decoding=\"async\" width=\"800\" height=\"600\" src=\"https:\/\/www.sugranyes.com\/wp-content\/uploads\/2021\/03\/respira-800x600.jpg\" class=\"attachment-portfolio-landscape size-portfolio-landscape wp-post-image\" alt=\"\" \/>\t\t\t\t\t\t\t\t<\/a>\n\t\t\t\t\t\t\t<\/div>\n\t\t\t\t\t\t\t\t\t\t\t\t<div class=\"qode-bct-post-text\">\n\t\t\t\t\t\t\t<h3 class=\"qode-bct-post-title entry_title\" itemprop=\"name\">\n\t\t\t\t\t\t\t\t<a href=\"https:\/\/www.sugranyes.com\/es\/2021\/03\/aplazamiento-de-irpf-impuesto-de-sociedades-y-deudas-tributarias\/\" itemprop=\"url\">Aplazamiento de IRPF, impuesto de sociedades y deudas tributarias<\/a>\n\t\t\t\t\t\t\t<\/h3>\n\t\t\t\t\t\t\t\t\t\t\t\t\t\t<p itemprop=\"description\" class = \"qode-bct-post-excerpt\"> Principales medidas tributarias recogidas en el Real Decreto-Ley 35\/2020, de 22 de diciembre, de medidas urgentes de apoyo al sector tur\u00edstico,la hosteler\u00eda y el comercio y en materia tributaria y a...<\/p>\n\t\t\t\t\t\t\t<div class=\"qode-bct-post-date entry_date updated\" itemprop=\"dateCreated\">\n\t\t\t\t\t\t\t\t15\/03\/2021\t\t\t\t\t\t\t\t<meta itemprop=\"interactionCount\" content=\"UserComments: 0\"\/>\n\t\t\t\t\t\t\t<\/div>\n\t\t\t\t\t\t<\/div>\n\t\t\t\t\t<\/div>\n\t\t\t\t\t\t\t\t\t\t\t\t<div class=\"qode-bct-post\">\n\t\t\t\t\t\t\t\t\t\t\t\t\t<div class=\"qode-bct-post-image\">\n\t\t\t\t\t\t\t\t<a href=\"https:\/\/www.sugranyes.com\/es\/2021\/01\/nuevas-medidas-que-entraron-en-vigor-el-pasado-24-de-diciembre-y-que-afectan-a-las-reuniones-comunitarias\/\" itemprop=\"url\">\n\t\t\t\t\t\t\t\t\t<img loading=\"lazy\" decoding=\"async\" width=\"800\" height=\"600\" src=\"https:\/\/www.sugranyes.com\/wp-content\/uploads\/2021\/01\/vecindario-800x600.jpg\" class=\"attachment-portfolio-landscape size-portfolio-landscape wp-post-image\" alt=\"\" \/>\t\t\t\t\t\t\t\t<\/a>\n\t\t\t\t\t\t\t<\/div>\n\t\t\t\t\t\t\t\t\t\t\t\t<div class=\"qode-bct-post-text\">\n\t\t\t\t\t\t\t<h3 class=\"qode-bct-post-title entry_title\" itemprop=\"name\">\n\t\t\t\t\t\t\t\t<a href=\"https:\/\/www.sugranyes.com\/es\/2021\/01\/nuevas-medidas-que-entraron-en-vigor-el-pasado-24-de-diciembre-y-que-afectan-a-las-reuniones-comunitarias\/\" itemprop=\"url\">Nuevas medidas que entraron en vigor el pasado 24 de diciembre y que afectan a las reuniones comunitarias<\/a>\n\t\t\t\t\t\t\t<\/h3>\n\t\t\t\t\t\t\t\t\t\t\t\t\t\t<p itemprop=\"description\" class = \"qode-bct-post-excerpt\"> Transcribimos literalmente la circular que ha preparado la asesor\u00eda jur\u00eddica del Colegio de Administraci\u00f3n de Fincas de Tarragona, respecto a las nuevas medidas que entraron en vigor el pasado 24 d...<\/p>\n\t\t\t\t\t\t\t<div class=\"qode-bct-post-date entry_date updated\" itemprop=\"dateCreated\">\n\t\t\t\t\t\t\t\t12\/01\/2021\t\t\t\t\t\t\t\t<meta itemprop=\"interactionCount\" content=\"UserComments: 0\"\/>\n\t\t\t\t\t\t\t<\/div>\n\t\t\t\t\t\t<\/div>\n\t\t\t\t\t<\/div>\n\t\t\t\t\t\t\t\t\t\t\t\t<div class=\"qode-bct-post\">\n\t\t\t\t\t\t\t\t\t\t\t\t\t<div class=\"qode-bct-post-image\">\n\t\t\t\t\t\t\t\t<a href=\"https:\/\/www.sugranyes.com\/es\/2021\/01\/suben-las-pensiones-y-se-alarga-la-vida-laboral\/\" itemprop=\"url\">\n\t\t\t\t\t\t\t\t\t<img loading=\"lazy\" decoding=\"async\" width=\"800\" height=\"600\" src=\"https:\/\/www.sugranyes.com\/wp-content\/uploads\/2021\/01\/jubilados-800x600.jpg\" class=\"attachment-portfolio-landscape size-portfolio-landscape wp-post-image\" alt=\"\" \/>\t\t\t\t\t\t\t\t<\/a>\n\t\t\t\t\t\t\t<\/div>\n\t\t\t\t\t\t\t\t\t\t\t\t<div class=\"qode-bct-post-text\">\n\t\t\t\t\t\t\t<h3 class=\"qode-bct-post-title entry_title\" itemprop=\"name\">\n\t\t\t\t\t\t\t\t<a href=\"https:\/\/www.sugranyes.com\/es\/2021\/01\/suben-las-pensiones-y-se-alarga-la-vida-laboral\/\" itemprop=\"url\">Suben las pensiones y se alarga la vida laboral<\/a>\n\t\t\t\t\t\t\t<\/h3>\n\t\t\t\t\t\t\t\t\t\t\t\t\t\t<p itemprop=\"description\" class = \"qode-bct-post-excerpt\"> Suben las pensiones y se alarga la vida laboral. c\u00e1lculo de la pensi\u00f3n en base a los \u00faltimos 24 a\u00f1os de cotizaci\u00f3n....<\/p>\n\t\t\t\t\t\t\t<div class=\"qode-bct-post-date entry_date updated\" itemprop=\"dateCreated\">\n\t\t\t\t\t\t\t\t11\/01\/2021\t\t\t\t\t\t\t\t<meta itemprop=\"interactionCount\" content=\"UserComments: 0\"\/>\n\t\t\t\t\t\t\t<\/div>\n\t\t\t\t\t\t<\/div>\n\t\t\t\t\t<\/div>\n\t\t\t\t\t\t\t\t\t\t\t\t<div class=\"qode-bct-post\">\n\t\t\t\t\t\t\t\t\t\t\t\t\t<div class=\"qode-bct-post-image\">\n\t\t\t\t\t\t\t\t<a href=\"https:\/\/www.sugranyes.com\/es\/2021\/01\/cambios-en-la-fiscalidad-de-la-matriculacion-de-vehiculos\/\" itemprop=\"url\">\n\t\t\t\t\t\t\t\t\t<img loading=\"lazy\" decoding=\"async\" width=\"800\" height=\"600\" src=\"https:\/\/www.sugranyes.com\/wp-content\/uploads\/2021\/01\/recarga-coche-electrico-800x600.jpg\" class=\"attachment-portfolio-landscape size-portfolio-landscape wp-post-image\" alt=\"\" \/>\t\t\t\t\t\t\t\t<\/a>\n\t\t\t\t\t\t\t<\/div>\n\t\t\t\t\t\t\t\t\t\t\t\t<div class=\"qode-bct-post-text\">\n\t\t\t\t\t\t\t<h3 class=\"qode-bct-post-title entry_title\" itemprop=\"name\">\n\t\t\t\t\t\t\t\t<a href=\"https:\/\/www.sugranyes.com\/es\/2021\/01\/cambios-en-la-fiscalidad-de-la-matriculacion-de-vehiculos\/\" itemprop=\"url\">Cambios en la fiscalidad de la matriculaci\u00f3n de veh\u00edculos<\/a>\n\t\t\t\t\t\t\t<\/h3>\n\t\t\t\t\t\t\t\t\t\t\t\t\t\t<p itemprop=\"description\" class = \"qode-bct-post-excerpt\"> Inicia el 2021 con la subida del impuesto de matriculaciones de veh\u00edculos contaminantes con el fin de estimular la venta de veh\u00edculos el\u00e9ctricos....<\/p>\n\t\t\t\t\t\t\t<div class=\"qode-bct-post-date entry_date updated\" itemprop=\"dateCreated\">\n\t\t\t\t\t\t\t\t11\/01\/2021\t\t\t\t\t\t\t\t<meta itemprop=\"interactionCount\" content=\"UserComments: 0\"\/>\n\t\t\t\t\t\t\t<\/div>\n\t\t\t\t\t\t<\/div>\n\t\t\t\t\t<\/div>\n\t\t\t\t\t\t\t\t\t\t\t\t<div class=\"qode-bct-post\">\n\t\t\t\t\t\t\t\t\t\t\t\t\t<div class=\"qode-bct-post-image\">\n\t\t\t\t\t\t\t\t<a href=\"https:\/\/www.sugranyes.com\/es\/2021\/01\/16-semanas-de-permiso-de-paternidad-para-los-dos-progenitores-a-partir-del-2021\/\" itemprop=\"url\">\n\t\t\t\t\t\t\t\t\t<img loading=\"lazy\" decoding=\"async\" width=\"800\" height=\"600\" src=\"https:\/\/www.sugranyes.com\/wp-content\/uploads\/2021\/01\/paternidad-800x600.jpg\" class=\"attachment-portfolio-landscape size-portfolio-landscape wp-post-image\" alt=\"\" \/>\t\t\t\t\t\t\t\t<\/a>\n\t\t\t\t\t\t\t<\/div>\n\t\t\t\t\t\t\t\t\t\t\t\t<div class=\"qode-bct-post-text\">\n\t\t\t\t\t\t\t<h3 class=\"qode-bct-post-title entry_title\" itemprop=\"name\">\n\t\t\t\t\t\t\t\t<a href=\"https:\/\/www.sugranyes.com\/es\/2021\/01\/16-semanas-de-permiso-de-paternidad-para-los-dos-progenitores-a-partir-del-2021\/\" itemprop=\"url\">16 semanas de permiso de paternidad para los dos progenitores a partir del 2021<\/a>\n\t\t\t\t\t\t\t<\/h3>\n\t\t\t\t\t\t\t\t\t\t\t\t\t\t<p itemprop=\"description\" class = \"qode-bct-post-excerpt\"> El Estado Espa\u00f1ol avanza con la igualdad de g\u00e9nero en el \u00e1mbito laboral....<\/p>\n\t\t\t\t\t\t\t<div class=\"qode-bct-post-date entry_date updated\" itemprop=\"dateCreated\">\n\t\t\t\t\t\t\t\t11\/01\/2021\t\t\t\t\t\t\t\t<meta itemprop=\"interactionCount\" content=\"UserComments: 0\"\/>\n\t\t\t\t\t\t\t<\/div>\n\t\t\t\t\t\t<\/div>\n\t\t\t\t\t<\/div>\n\t\t\t\t\t\t\t\t\t\t\t\t<div class=\"qode-bct-post\">\n\t\t\t\t\t\t\t\t\t\t\t\t\t<div class=\"qode-bct-post-image\">\n\t\t\t\t\t\t\t\t<a href=\"https:\/\/www.sugranyes.com\/es\/2020\/12\/rdl-medidas-urgentes-turismo-hosteleria-y-comercio\/\" itemprop=\"url\">\n\t\t\t\t\t\t\t\t\t<img loading=\"lazy\" decoding=\"async\" width=\"800\" height=\"600\" src=\"https:\/\/www.sugranyes.com\/wp-content\/uploads\/2020\/12\/ministerio-industria-800x600.jpg\" class=\"attachment-portfolio-landscape size-portfolio-landscape wp-post-image\" alt=\"\" \/>\t\t\t\t\t\t\t\t<\/a>\n\t\t\t\t\t\t\t<\/div>\n\t\t\t\t\t\t\t\t\t\t\t\t<div class=\"qode-bct-post-text\">\n\t\t\t\t\t\t\t<h3 class=\"qode-bct-post-title entry_title\" itemprop=\"name\">\n\t\t\t\t\t\t\t\t<a href=\"https:\/\/www.sugranyes.com\/es\/2020\/12\/rdl-medidas-urgentes-turismo-hosteleria-y-comercio\/\" itemprop=\"url\">RDL medidas urgentes turismo hosteleria y comercio<\/a>\n\t\t\t\t\t\t\t<\/h3>\n\t\t\t\t\t\t\t\t\t\t\t\t\t\t<p itemprop=\"description\" class = \"qode-bct-post-excerpt\"> Compartimos el \"RDL medidas urgentes turismo hosteleria y comercio\"...<\/p>\n\t\t\t\t\t\t\t<div class=\"qode-bct-post-date entry_date updated\" itemprop=\"dateCreated\">\n\t\t\t\t\t\t\t\t22\/12\/2020\t\t\t\t\t\t\t\t<meta itemprop=\"interactionCount\" content=\"UserComments: 0\"\/>\n\t\t\t\t\t\t\t<\/div>\n\t\t\t\t\t\t<\/div>\n\t\t\t\t\t<\/div>\n\t\t\t\t\t\t\t\t\t\t\t\t<div class=\"qode-bct-post\">\n\t\t\t\t\t\t\t\t\t\t\t\t\t<div class=\"qode-bct-post-image\">\n\t\t\t\t\t\t\t\t<a href=\"https:\/\/www.sugranyes.com\/es\/2020\/11\/reuniones-telematicas-durante-todo-el-2021-para-empresas-y-personas-juridicas\/\" itemprop=\"url\">\n\t\t\t\t\t\t\t\t\t<img loading=\"lazy\" decoding=\"async\" width=\"800\" height=\"600\" src=\"https:\/\/www.sugranyes.com\/wp-content\/uploads\/2020\/11\/reunion-telematica-800x600.jpg\" class=\"attachment-portfolio-landscape size-portfolio-landscape wp-post-image\" alt=\"\" \/>\t\t\t\t\t\t\t\t<\/a>\n\t\t\t\t\t\t\t<\/div>\n\t\t\t\t\t\t\t\t\t\t\t\t<div class=\"qode-bct-post-text\">\n\t\t\t\t\t\t\t<h3 class=\"qode-bct-post-title entry_title\" itemprop=\"name\">\n\t\t\t\t\t\t\t\t<a href=\"https:\/\/www.sugranyes.com\/es\/2020\/11\/reuniones-telematicas-durante-todo-el-2021-para-empresas-y-personas-juridicas\/\" itemprop=\"url\">Reuniones telem\u00e1ticas durante todo el 2021 para empresas y personas jur\u00eddicas<\/a>\n\t\t\t\t\t\t\t<\/h3>\n\t\t\t\t\t\t\t\t\t\t\t\t\t\t<p itemprop=\"description\" class = \"qode-bct-post-excerpt\"> Se ampl\u00eda la posibilidad de hacer reuniones telem\u00e1ticas hasta el 31 de diciembre de 2021 aunque no est\u00e9 descrito en los estatutos....<\/p>\n\t\t\t\t\t\t\t<div class=\"qode-bct-post-date entry_date updated\" itemprop=\"dateCreated\">\n\t\t\t\t\t\t\t\t26\/11\/2020\t\t\t\t\t\t\t\t<meta itemprop=\"interactionCount\" content=\"UserComments: 0\"\/>\n\t\t\t\t\t\t\t<\/div>\n\t\t\t\t\t\t<\/div>\n\t\t\t\t\t<\/div>\n\t\t\t\t\t\t\t\t\t\t\t\t<div class=\"qode-bct-post\">\n\t\t\t\t\t\t\t\t\t\t\t\t\t<div class=\"qode-bct-post-image\">\n\t\t\t\t\t\t\t\t<a href=\"https:\/\/www.sugranyes.com\/es\/2020\/11\/iva-del-0-en-el-material-sanitario\/\" itemprop=\"url\">\n\t\t\t\t\t\t\t\t\t<img loading=\"lazy\" decoding=\"async\" width=\"800\" height=\"600\" src=\"https:\/\/www.sugranyes.com\/wp-content\/uploads\/2020\/07\/mascarillas-quirurgicas-800x600.jpg\" class=\"attachment-portfolio-landscape size-portfolio-landscape wp-post-image\" alt=\"\" \/>\t\t\t\t\t\t\t\t<\/a>\n\t\t\t\t\t\t\t<\/div>\n\t\t\t\t\t\t\t\t\t\t\t\t<div class=\"qode-bct-post-text\">\n\t\t\t\t\t\t\t<h3 class=\"qode-bct-post-title entry_title\" itemprop=\"name\">\n\t\t\t\t\t\t\t\t<a href=\"https:\/\/www.sugranyes.com\/es\/2020\/11\/iva-del-0-en-el-material-sanitario\/\" itemprop=\"url\">IVA del 0% en el material sanitario<\/a>\n\t\t\t\t\t\t\t<\/h3>\n\t\t\t\t\t\t\t\t\t\t\t\t\t\t<p itemprop=\"description\" class = \"qode-bct-post-excerpt\"> Se ampl\u00eda el plazo de aplicaci\u00f3n del 0% de IVA a las ventas de material sanitario....<\/p>\n\t\t\t\t\t\t\t<div class=\"qode-bct-post-date entry_date updated\" itemprop=\"dateCreated\">\n\t\t\t\t\t\t\t\t26\/11\/2020\t\t\t\t\t\t\t\t<meta itemprop=\"interactionCount\" content=\"UserComments: 0\"\/>\n\t\t\t\t\t\t\t<\/div>\n\t\t\t\t\t\t<\/div>\n\t\t\t\t\t<\/div>\n\t\t\t\t\t\t\t\t\t\t\t\t<div class=\"qode-bct-post\">\n\t\t\t\t\t\t\t\t\t\t\t\t\t<div class=\"qode-bct-post-image\">\n\t\t\t\t\t\t\t\t<a href=\"https:\/\/www.sugranyes.com\/es\/2020\/11\/empresas-y-autonomos-tendran-mas-tiempo-para-pedir-y-devolver-los-creditos-ico\/\" itemprop=\"url\">\n\t\t\t\t\t\t\t\t\t<img loading=\"lazy\" decoding=\"async\" width=\"670\" height=\"378\" src=\"https:\/\/www.sugranyes.com\/wp-content\/uploads\/2020\/11\/credits-ico.jpg\" class=\"attachment-portfolio-landscape size-portfolio-landscape wp-post-image\" alt=\"cr\u00e9ditos ICO\" srcset=\"https:\/\/www.sugranyes.com\/wp-content\/uploads\/2020\/11\/credits-ico.jpg 670w, https:\/\/www.sugranyes.com\/wp-content\/uploads\/2020\/11\/credits-ico-300x169.jpg 300w, https:\/\/www.sugranyes.com\/wp-content\/uploads\/2020\/11\/credits-ico-539x303.jpg 539w\" sizes=\"(max-width: 670px) 100vw, 670px\" \/>\t\t\t\t\t\t\t\t<\/a>\n\t\t\t\t\t\t\t<\/div>\n\t\t\t\t\t\t\t\t\t\t\t\t<div class=\"qode-bct-post-text\">\n\t\t\t\t\t\t\t<h3 class=\"qode-bct-post-title entry_title\" itemprop=\"name\">\n\t\t\t\t\t\t\t\t<a href=\"https:\/\/www.sugranyes.com\/es\/2020\/11\/empresas-y-autonomos-tendran-mas-tiempo-para-pedir-y-devolver-los-creditos-ico\/\" itemprop=\"url\">Empresas y aut\u00f3nomos tendr\u00e1n m\u00e1s tiempo para pedir y devolver los cr\u00e9ditos ICO<\/a>\n\t\t\t\t\t\t\t<\/h3>\n\t\t\t\t\t\t\t\t\t\t\t\t\t\t<p itemprop=\"description\" class = \"qode-bct-post-excerpt\"> El gobierno espa\u00f1ol ha aprobado la ampliaci\u00f3n hasta 3 a\u00f1os del plazo para devolverlos. Adem\u00e1s, ha alargado un a\u00f1o el periodo de carencia y ampl\u00eda hasta el 30 de junio el plazo para acceder a los...<\/p>\n\t\t\t\t\t\t\t<div class=\"qode-bct-post-date entry_date updated\" itemprop=\"dateCreated\">\n\t\t\t\t\t\t\t\t18\/11\/2020\t\t\t\t\t\t\t\t<meta itemprop=\"interactionCount\" content=\"UserComments: 0\"\/>\n\t\t\t\t\t\t\t<\/div>\n\t\t\t\t\t\t<\/div>\n\t\t\t\t\t<\/div>\n\t\t\t\t\t\t\t\t\t\t\t\t<div class=\"qode-bct-post\">\n\t\t\t\t\t\t\t\t\t\t\t\t\t<div class=\"qode-bct-post-image\">\n\t\t\t\t\t\t\t\t<a href=\"https:\/\/www.sugranyes.com\/es\/2020\/11\/calendario-laboral-para-2021-boe\/\" itemprop=\"url\">\n\t\t\t\t\t\t\t\t\t<img loading=\"lazy\" decoding=\"async\" width=\"800\" height=\"600\" src=\"https:\/\/www.sugranyes.com\/wp-content\/uploads\/2020\/06\/calendario-festividades-800x600.jpg\" class=\"attachment-portfolio-landscape size-portfolio-landscape wp-post-image\" alt=\"\" \/>\t\t\t\t\t\t\t\t<\/a>\n\t\t\t\t\t\t\t<\/div>\n\t\t\t\t\t\t\t\t\t\t\t\t<div class=\"qode-bct-post-text\">\n\t\t\t\t\t\t\t<h3 class=\"qode-bct-post-title entry_title\" itemprop=\"name\">\n\t\t\t\t\t\t\t\t<a href=\"https:\/\/www.sugranyes.com\/es\/2020\/11\/calendario-laboral-para-2021-boe\/\" itemprop=\"url\">Calendario laboral para 2021 BOE<\/a>\n\t\t\t\t\t\t\t<\/h3>\n\t\t\t\t\t\t\t\t\t\t\t\t\t\t<p itemprop=\"description\" class = \"qode-bct-post-excerpt\"> El BOE ha publicado la\u00a0Resoluci\u00f3n de 28 de octubre de 2020, de la Direcci\u00f3n General de Trabajo, por la que se publica la relaci\u00f3n de fiestas laborales para el a\u00f1o 2021\u00a0que recoge las fiestas lab...<\/p>\n\t\t\t\t\t\t\t<div class=\"qode-bct-post-date entry_date updated\" itemprop=\"dateCreated\">\n\t\t\t\t\t\t\t\t06\/11\/2020\t\t\t\t\t\t\t\t<meta itemprop=\"interactionCount\" content=\"UserComments: 0\"\/>\n\t\t\t\t\t\t\t<\/div>\n\t\t\t\t\t\t<\/div>\n\t\t\t\t\t<\/div>\n\t\t\t\t\t\t\t\t\t\t\t\t<div class=\"qode-bct-post\">\n\t\t\t\t\t\t\t\t\t\t\t\t\t<div class=\"qode-bct-post-image\">\n\t\t\t\t\t\t\t\t<a href=\"https:\/\/www.sugranyes.com\/es\/2020\/10\/los-negocios-cerrados-por-la-covid-19-pagaran-la-mitad-del-alquiler\/\" itemprop=\"url\">\n\t\t\t\t\t\t\t\t\t<img loading=\"lazy\" decoding=\"async\" width=\"600\" height=\"400\" src=\"https:\/\/www.sugranyes.com\/wp-content\/uploads\/2020\/11\/bares-cerrados.jpg\" class=\"attachment-portfolio-landscape size-portfolio-landscape wp-post-image\" alt=\"\" srcset=\"https:\/\/www.sugranyes.com\/wp-content\/uploads\/2020\/11\/bares-cerrados.jpg 600w, https:\/\/www.sugranyes.com\/wp-content\/uploads\/2020\/11\/bares-cerrados-300x200.jpg 300w\" sizes=\"(max-width: 600px) 100vw, 600px\" \/>\t\t\t\t\t\t\t\t<\/a>\n\t\t\t\t\t\t\t<\/div>\n\t\t\t\t\t\t\t\t\t\t\t\t<div class=\"qode-bct-post-text\">\n\t\t\t\t\t\t\t<h3 class=\"qode-bct-post-title entry_title\" itemprop=\"name\">\n\t\t\t\t\t\t\t\t<a href=\"https:\/\/www.sugranyes.com\/es\/2020\/10\/los-negocios-cerrados-por-la-covid-19-pagaran-la-mitad-del-alquiler\/\" itemprop=\"url\">Los negocios cerrados por la Covid-19 pagar\u00e1n la mitad del alquiler<\/a>\n\t\t\t\t\t\t\t<\/h3>\n\t\t\t\t\t\t\t\t\t\t\t\t\t\t<p itemprop=\"description\" class = \"qode-bct-post-excerpt\"> Los negocios cerrados por la Covid-19 pagar\u00e1n la mitad del alquiler. El objetivo es evitar el cierre de empresas y la destrucci\u00f3n de puestos de trabajo....<\/p>\n\t\t\t\t\t\t\t<div class=\"qode-bct-post-date entry_date updated\" itemprop=\"dateCreated\">\n\t\t\t\t\t\t\t\t31\/10\/2020\t\t\t\t\t\t\t\t<meta itemprop=\"interactionCount\" content=\"UserComments: 0\"\/>\n\t\t\t\t\t\t\t<\/div>\n\t\t\t\t\t\t<\/div>\n\t\t\t\t\t<\/div>\n\t\t\t\t\t\t\t\t\t\t\t\t<div class=\"qode-bct-post\">\n\t\t\t\t\t\t\t\t\t\t\t\t\t<div class=\"qode-bct-post-image\">\n\t\t\t\t\t\t\t\t<a href=\"https:\/\/www.sugranyes.com\/es\/2020\/09\/sentencia-tarifa-plana-autonomos-societarios-tramitacion-devolucion-ingresos-indebidos\/\" itemprop=\"url\">\n\t\t\t\t\t\t\t\t\t<img loading=\"lazy\" decoding=\"async\" width=\"800\" height=\"600\" src=\"https:\/\/www.sugranyes.com\/wp-content\/uploads\/2020\/07\/slide2-800x600.jpg\" class=\"attachment-portfolio-landscape size-portfolio-landscape wp-post-image\" alt=\"\" \/>\t\t\t\t\t\t\t\t<\/a>\n\t\t\t\t\t\t\t<\/div>\n\t\t\t\t\t\t\t\t\t\t\t\t<div class=\"qode-bct-post-text\">\n\t\t\t\t\t\t\t<h3 class=\"qode-bct-post-title entry_title\" itemprop=\"name\">\n\t\t\t\t\t\t\t\t<a href=\"https:\/\/www.sugranyes.com\/es\/2020\/09\/sentencia-tarifa-plana-autonomos-societarios-tramitacion-devolucion-ingresos-indebidos\/\" itemprop=\"url\">Sentencia Tarifa Plana Aut\u00f3nomos Societarios &#8211; Tramitaci\u00f3n Devoluci\u00f3n Ingresos Indebidos<\/a>\n\t\t\t\t\t\t\t<\/h3>\n\t\t\t\t\t\t\t\t\t\t\t\t\t\t<p itemprop=\"description\" class = \"qode-bct-post-excerpt\"> Los aut\u00f3nomos societarios podr\u00e1n acogerse a la bonificaci\u00f3n en la cuota a la Seguridad Social desde el comienzo de su actividad. Clica para m\u00e1s informaci\u00f3n....<\/p>\n\t\t\t\t\t\t\t<div class=\"qode-bct-post-date entry_date updated\" itemprop=\"dateCreated\">\n\t\t\t\t\t\t\t\t16\/09\/2020\t\t\t\t\t\t\t\t<meta itemprop=\"interactionCount\" content=\"UserComments: 0\"\/>\n\t\t\t\t\t\t\t<\/div>\n\t\t\t\t\t\t<\/div>\n\t\t\t\t\t<\/div>\n\t\t\t\t\t\t\t\t\t\t\t\t<div class=\"qode-bct-post\">\n\t\t\t\t\t\t\t\t\t\t\t\t\t<div class=\"qode-bct-post-image\">\n\t\t\t\t\t\t\t\t<a href=\"https:\/\/www.sugranyes.com\/es\/2020\/07\/una-jueza-declara-nulo-un-despido-hecho-durante-el-estado-de-alarma\/\" itemprop=\"url\">\n\t\t\t\t\t\t\t\t\t<img loading=\"lazy\" decoding=\"async\" width=\"800\" height=\"600\" src=\"https:\/\/www.sugranyes.com\/wp-content\/uploads\/2017\/04\/justicia-800x600.jpg\" class=\"attachment-portfolio-landscape size-portfolio-landscape wp-post-image\" alt=\"\" \/>\t\t\t\t\t\t\t\t<\/a>\n\t\t\t\t\t\t\t<\/div>\n\t\t\t\t\t\t\t\t\t\t\t\t<div class=\"qode-bct-post-text\">\n\t\t\t\t\t\t\t<h3 class=\"qode-bct-post-title entry_title\" itemprop=\"name\">\n\t\t\t\t\t\t\t\t<a href=\"https:\/\/www.sugranyes.com\/es\/2020\/07\/una-jueza-declara-nulo-un-despido-hecho-durante-el-estado-de-alarma\/\" itemprop=\"url\">Una jueza declara nulo un despido hecho durante el estado de alarma<\/a>\n\t\t\t\t\t\t\t<\/h3>\n\t\t\t\t\t\t\t\t\t\t\t\t\t\t<p itemprop=\"description\" class = \"qode-bct-post-excerpt\"> El gobierno de Pedro S\u00e1nchez quiso evitar que con la excusa de la pandemia las empresas despidieran trabajadores definitivamente. Por eso a finales de marzo aprobaba un decreto ley que restring\u00eda lo...<\/p>\n\t\t\t\t\t\t\t<div class=\"qode-bct-post-date entry_date updated\" itemprop=\"dateCreated\">\n\t\t\t\t\t\t\t\t20\/07\/2020\t\t\t\t\t\t\t\t<meta itemprop=\"interactionCount\" content=\"UserComments: 0\"\/>\n\t\t\t\t\t\t\t<\/div>\n\t\t\t\t\t\t<\/div>\n\t\t\t\t\t<\/div>\n\t\t\t\t\t\t\t\t\t\t\t\t<div class=\"qode-bct-post\">\n\t\t\t\t\t\t\t\t\t\t\t\t\t<div class=\"qode-bct-post-image\">\n\t\t\t\t\t\t\t\t<a href=\"https:\/\/www.sugranyes.com\/es\/2020\/07\/salud-modifica-el-uso-de-la-mascarilla-en-el-trabajo\/\" itemprop=\"url\">\n\t\t\t\t\t\t\t\t\t<img loading=\"lazy\" decoding=\"async\" width=\"800\" height=\"600\" src=\"https:\/\/www.sugranyes.com\/wp-content\/uploads\/2020\/07\/mascarillas-quirurgicas-800x600.jpg\" class=\"attachment-portfolio-landscape size-portfolio-landscape wp-post-image\" alt=\"\" \/>\t\t\t\t\t\t\t\t<\/a>\n\t\t\t\t\t\t\t<\/div>\n\t\t\t\t\t\t\t\t\t\t\t\t<div class=\"qode-bct-post-text\">\n\t\t\t\t\t\t\t<h3 class=\"qode-bct-post-title entry_title\" itemprop=\"name\">\n\t\t\t\t\t\t\t\t<a href=\"https:\/\/www.sugranyes.com\/es\/2020\/07\/salud-modifica-el-uso-de-la-mascarilla-en-el-trabajo\/\" itemprop=\"url\">Salud modifica el uso de la mascarilla en el trabajo<\/a>\n\t\t\t\t\t\t\t<\/h3>\n\t\t\t\t\t\t\t\t\t\t\t\t\t\t<p itemprop=\"description\" class = \"qode-bct-post-excerpt\"> El Departamento de Salud ha actualizado el documento de preguntas frecuentes sobre el uso de la mascarilla en el trabajo, en el que determina que en empresas no abiertas al p\u00fablico, una vez la person...<\/p>\n\t\t\t\t\t\t\t<div class=\"qode-bct-post-date entry_date updated\" itemprop=\"dateCreated\">\n\t\t\t\t\t\t\t\t17\/07\/2020\t\t\t\t\t\t\t\t<meta itemprop=\"interactionCount\" content=\"UserComments: 0\"\/>\n\t\t\t\t\t\t\t<\/div>\n\t\t\t\t\t\t<\/div>\n\t\t\t\t\t<\/div>\n\t\t\t\t\t\t\t\t\t\t\t\t<div class=\"qode-bct-post\">\n\t\t\t\t\t\t\t\t\t\t\t\t\t<div class=\"qode-bct-post-image\">\n\t\t\t\t\t\t\t\t<a href=\"https:\/\/www.sugranyes.com\/es\/2020\/06\/real-decreto-ley-24-2020-de-26-de-junio-de-medidas-sociales-de-reactivacion-del-empleo-y-proteccion-del-trabajo-autonomo-y-de-competitividad-del-sector-industrial\/\" itemprop=\"url\">\n\t\t\t\t\t\t\t\t\t<img loading=\"lazy\" decoding=\"async\" width=\"800\" height=\"600\" src=\"https:\/\/www.sugranyes.com\/wp-content\/uploads\/2020\/04\/alerta-800x600.jpg\" class=\"attachment-portfolio-landscape size-portfolio-landscape wp-post-image\" alt=\"\" \/>\t\t\t\t\t\t\t\t<\/a>\n\t\t\t\t\t\t\t<\/div>\n\t\t\t\t\t\t\t\t\t\t\t\t<div class=\"qode-bct-post-text\">\n\t\t\t\t\t\t\t<h3 class=\"qode-bct-post-title entry_title\" itemprop=\"name\">\n\t\t\t\t\t\t\t\t<a href=\"https:\/\/www.sugranyes.com\/es\/2020\/06\/real-decreto-ley-24-2020-de-26-de-junio-de-medidas-sociales-de-reactivacion-del-empleo-y-proteccion-del-trabajo-autonomo-y-de-competitividad-del-sector-industrial\/\" itemprop=\"url\">Real Decreto-ley 24\/2020, de 26 de Junio, de Medidas Sociales de Reactivaci\u00f3n del Empleo y Protecci\u00f3n del Trabajo Aut\u00f3nomo y de Competitividad del Sector Industrial<\/a>\n\t\t\t\t\t\t\t<\/h3>\n\t\t\t\t\t\t\t\t\t\t\t\t\t\t<p itemprop=\"description\" class = \"qode-bct-post-excerpt\"> Se publica el Real Decreto-ley 24\/2020, de 26 de junio, de medidas sociales de reactivaci\u00f3n del empleo y protecci\u00f3n del trabajo aut\u00f3nomo y de competitividad del sector industrial....<\/p>\n\t\t\t\t\t\t\t<div class=\"qode-bct-post-date entry_date updated\" itemprop=\"dateCreated\">\n\t\t\t\t\t\t\t\t30\/06\/2020\t\t\t\t\t\t\t\t<meta itemprop=\"interactionCount\" content=\"UserComments: 0\"\/>\n\t\t\t\t\t\t\t<\/div>\n\t\t\t\t\t\t<\/div>\n\t\t\t\t\t<\/div>\n\t\t\t\t\t\t\t\t\t\t\t\t<div class=\"qode-bct-post\">\n\t\t\t\t\t\t\t\t\t\t\t\t\t<div class=\"qode-bct-post-image\">\n\t\t\t\t\t\t\t\t<a href=\"https:\/\/www.sugranyes.com\/es\/2020\/06\/calendario-de-fiestas-laborales-del-ano-2021\/\" itemprop=\"url\">\n\t\t\t\t\t\t\t\t\t<img loading=\"lazy\" decoding=\"async\" width=\"800\" height=\"600\" src=\"https:\/\/www.sugranyes.com\/wp-content\/uploads\/2020\/06\/calendario-festividades-800x600.jpg\" class=\"attachment-portfolio-landscape size-portfolio-landscape wp-post-image\" alt=\"\" \/>\t\t\t\t\t\t\t\t<\/a>\n\t\t\t\t\t\t\t<\/div>\n\t\t\t\t\t\t\t\t\t\t\t\t<div class=\"qode-bct-post-text\">\n\t\t\t\t\t\t\t<h3 class=\"qode-bct-post-title entry_title\" itemprop=\"name\">\n\t\t\t\t\t\t\t\t<a href=\"https:\/\/www.sugranyes.com\/es\/2020\/06\/calendario-de-fiestas-laborales-del-ano-2021\/\" itemprop=\"url\">Calendario laboral del a\u00f1o 2021<\/a>\n\t\t\t\t\t\t\t<\/h3>\n\t\t\t\t\t\t\t\t\t\t\t\t\t\t<p itemprop=\"description\" class = \"qode-bct-post-excerpt\"> El Consejo de Relaciones Laborales ha aprobado los festivos laborales del a\u00f1o 2021, que pronto se publicar\u00e1n en el DOGC. Te las avanzamos....<\/p>\n\t\t\t\t\t\t\t<div class=\"qode-bct-post-date entry_date updated\" itemprop=\"dateCreated\">\n\t\t\t\t\t\t\t\t23\/06\/2020\t\t\t\t\t\t\t\t<meta itemprop=\"interactionCount\" content=\"UserComments: 0\"\/>\n\t\t\t\t\t\t\t<\/div>\n\t\t\t\t\t\t<\/div>\n\t\t\t\t\t<\/div>\n\t\t\t\t\t\t\t\t\t\t\t\t<div class=\"qode-bct-post\">\n\t\t\t\t\t\t\t\t\t\t\t\t\t<div class=\"qode-bct-post-image\">\n\t\t\t\t\t\t\t\t<a href=\"https:\/\/www.sugranyes.com\/es\/2020\/06\/recopilatorio-de-legislacion-y-publicaciones-relacionadas-con-el-covid-19\/\" itemprop=\"url\">\n\t\t\t\t\t\t\t\t\t<img loading=\"lazy\" decoding=\"async\" width=\"800\" height=\"600\" src=\"https:\/\/www.sugranyes.com\/wp-content\/uploads\/2020\/06\/dossier-pdf-1-800x600.jpg\" class=\"attachment-portfolio-landscape size-portfolio-landscape wp-post-image\" alt=\"\" \/>\t\t\t\t\t\t\t\t<\/a>\n\t\t\t\t\t\t\t<\/div>\n\t\t\t\t\t\t\t\t\t\t\t\t<div class=\"qode-bct-post-text\">\n\t\t\t\t\t\t\t<h3 class=\"qode-bct-post-title entry_title\" itemprop=\"name\">\n\t\t\t\t\t\t\t\t<a href=\"https:\/\/www.sugranyes.com\/es\/2020\/06\/recopilatorio-de-legislacion-y-publicaciones-relacionadas-con-el-covid-19\/\" itemprop=\"url\">Recopilatorio de legislaci\u00f3n y publicaciones relacionadas con el Covid 19<\/a>\n\t\t\t\t\t\t\t<\/h3>\n\t\t\t\t\t\t\t\t\t\t\t\t\t\t<p itemprop=\"description\" class = \"qode-bct-post-excerpt\"> Compartimos en versi\u00f3n pdf descargable un recopilatorio de legislaci\u00f3n y publicaciones relacionadas con el Covidien y ordenadas por materias....<\/p>\n\t\t\t\t\t\t\t<div class=\"qode-bct-post-date entry_date updated\" itemprop=\"dateCreated\">\n\t\t\t\t\t\t\t\t16\/06\/2020\t\t\t\t\t\t\t\t<meta itemprop=\"interactionCount\" content=\"UserComments: 0\"\/>\n\t\t\t\t\t\t\t<\/div>\n\t\t\t\t\t\t<\/div>\n\t\t\t\t\t<\/div>\n\t\t\t\t\t\t\t\t\t\t\t\t<div class=\"qode-bct-post\">\n\t\t\t\t\t\t\t\t\t\t\t\t\t<div class=\"qode-bct-post-image\">\n\t\t\t\t\t\t\t\t<a href=\"https:\/\/www.sugranyes.com\/es\/2020\/06\/declaracion-de-la-renta-ejercicio-2019-irpf\/\" itemprop=\"url\">\n\t\t\t\t\t\t\t\t\t<img loading=\"lazy\" decoding=\"async\" width=\"800\" height=\"600\" src=\"https:\/\/www.sugranyes.com\/wp-content\/uploads\/2020\/06\/Slide-Renda-19-Sugranyes-Fase2-2020-v1-800x600.jpg\" class=\"attachment-portfolio-landscape size-portfolio-landscape wp-post-image\" alt=\"\" \/>\t\t\t\t\t\t\t\t<\/a>\n\t\t\t\t\t\t\t<\/div>\n\t\t\t\t\t\t\t\t\t\t\t\t<div class=\"qode-bct-post-text\">\n\t\t\t\t\t\t\t<h3 class=\"qode-bct-post-title entry_title\" itemprop=\"name\">\n\t\t\t\t\t\t\t\t<a href=\"https:\/\/www.sugranyes.com\/es\/2020\/06\/declaracion-de-la-renta-ejercicio-2019-irpf\/\" itemprop=\"url\">Declaraci\u00f3n de la renta ejercicio 2019 (IRPF)<\/a>\n\t\t\t\t\t\t\t<\/h3>\n\t\t\t\t\t\t\t\t\t\t\t\t\t\t<p itemprop=\"description\" class = \"qode-bct-post-excerpt\"> Ya pueden hacer la Renda'19 presencialmente en nuestras oficinas. Disponemos de todas las medidas de seguridad, higiene y prevenci\u00f3n....<\/p>\n\t\t\t\t\t\t\t<div class=\"qode-bct-post-date entry_date updated\" itemprop=\"dateCreated\">\n\t\t\t\t\t\t\t\t03\/06\/2020\t\t\t\t\t\t\t\t<meta itemprop=\"interactionCount\" content=\"UserComments: 0\"\/>\n\t\t\t\t\t\t\t<\/div>\n\t\t\t\t\t\t<\/div>\n\t\t\t\t\t<\/div>\n\t\t\t\t\t\t\t\t\t\t\t\t<div class=\"qode-bct-post\">\n\t\t\t\t\t\t\t\t\t\t\t\t\t<div class=\"qode-bct-post-image\">\n\t\t\t\t\t\t\t\t<a href=\"https:\/\/www.sugranyes.com\/es\/2020\/05\/nueva-legislacion-covid-19\/\" itemprop=\"url\">\n\t\t\t\t\t\t\t\t\t<img loading=\"lazy\" decoding=\"async\" width=\"800\" height=\"600\" src=\"https:\/\/www.sugranyes.com\/wp-content\/uploads\/2020\/05\/coronavirus-800x600.jpg\" class=\"attachment-portfolio-landscape size-portfolio-landscape wp-post-image\" alt=\"\" \/>\t\t\t\t\t\t\t\t<\/a>\n\t\t\t\t\t\t\t<\/div>\n\t\t\t\t\t\t\t\t\t\t\t\t<div class=\"qode-bct-post-text\">\n\t\t\t\t\t\t\t<h3 class=\"qode-bct-post-title entry_title\" itemprop=\"name\">\n\t\t\t\t\t\t\t\t<a href=\"https:\/\/www.sugranyes.com\/es\/2020\/05\/nueva-legislacion-covid-19\/\" itemprop=\"url\">Nueva legislaci\u00f3n COVID-19<\/a>\n\t\t\t\t\t\t\t<\/h3>\n\t\t\t\t\t\t\t\t\t\t\t\t\t\t<p itemprop=\"description\" class = \"qode-bct-post-excerpt\"> \u00bfCu\u00e1les son las \u00faltimas legislaciones y actualizaciones en materia Covid-19?...<\/p>\n\t\t\t\t\t\t\t<div class=\"qode-bct-post-date entry_date updated\" itemprop=\"dateCreated\">\n\t\t\t\t\t\t\t\t25\/05\/2020\t\t\t\t\t\t\t\t<meta itemprop=\"interactionCount\" content=\"UserComments: 0\"\/>\n\t\t\t\t\t\t\t<\/div>\n\t\t\t\t\t\t<\/div>\n\t\t\t\t\t<\/div>\n\t\t\t\t\t\t\t\t\t\t\t\t<div class=\"qode-bct-post\">\n\t\t\t\t\t\t\t\t\t\t\t\t\t<div class=\"qode-bct-post-image\">\n\t\t\t\t\t\t\t\t<a href=\"https:\/\/www.sugranyes.com\/es\/2020\/05\/orden-snd-414-2020-de-16-de-mayo-fase-2\/\" itemprop=\"url\">\n\t\t\t\t\t\t\t\t\t<img loading=\"lazy\" decoding=\"async\" width=\"800\" height=\"600\" src=\"https:\/\/www.sugranyes.com\/wp-content\/uploads\/2020\/05\/fase-2-800x600.jpg\" class=\"attachment-portfolio-landscape size-portfolio-landscape wp-post-image\" alt=\"\" \/>\t\t\t\t\t\t\t\t<\/a>\n\t\t\t\t\t\t\t<\/div>\n\t\t\t\t\t\t\t\t\t\t\t\t<div class=\"qode-bct-post-text\">\n\t\t\t\t\t\t\t<h3 class=\"qode-bct-post-title entry_title\" itemprop=\"name\">\n\t\t\t\t\t\t\t\t<a href=\"https:\/\/www.sugranyes.com\/es\/2020\/05\/orden-snd-414-2020-de-16-de-mayo-fase-2\/\" itemprop=\"url\">Orden SND\/414\/2020, de 16 de mayo (Fase 2)<\/a>\n\t\t\t\t\t\t\t<\/h3>\n\t\t\t\t\t\t\t\t\t\t\t\t\t\t<p itemprop=\"description\" class = \"qode-bct-post-excerpt\"> Se publica el BOE que regula la fase 2 del desconfinamento a aplicar a partir del d\u00eda 25 de mayo en la Regi\u00f3n Sanitaria del Camp de Tarragona....<\/p>\n\t\t\t\t\t\t\t<div class=\"qode-bct-post-date entry_date updated\" itemprop=\"dateCreated\">\n\t\t\t\t\t\t\t\t18\/05\/2020\t\t\t\t\t\t\t\t<meta itemprop=\"interactionCount\" content=\"UserComments: 0\"\/>\n\t\t\t\t\t\t\t<\/div>\n\t\t\t\t\t\t<\/div>\n\t\t\t\t\t<\/div>\n\t\t\t\t\t\t\t\t\t\t\t\t<div class=\"qode-bct-post\">\n\t\t\t\t\t\t\t\t\t\t\t\t\t<div class=\"qode-bct-post-image\">\n\t\t\t\t\t\t\t\t<a href=\"https:\/\/www.sugranyes.com\/es\/2020\/05\/novedades-sobre-los-erte-hasta-el-30-de-junio\/\" itemprop=\"url\">\n\t\t\t\t\t\t\t\t\t<img loading=\"lazy\" decoding=\"async\" width=\"660\" height=\"440\" src=\"https:\/\/www.sugranyes.com\/wp-content\/uploads\/2020\/05\/maria-jesus-montero-portaveu-hisenda.jpg\" class=\"attachment-portfolio-landscape size-portfolio-landscape wp-post-image\" alt=\"\" srcset=\"https:\/\/www.sugranyes.com\/wp-content\/uploads\/2020\/05\/maria-jesus-montero-portaveu-hisenda.jpg 660w, https:\/\/www.sugranyes.com\/wp-content\/uploads\/2020\/05\/maria-jesus-montero-portaveu-hisenda-300x200.jpg 300w\" sizes=\"(max-width: 660px) 100vw, 660px\" \/>\t\t\t\t\t\t\t\t<\/a>\n\t\t\t\t\t\t\t<\/div>\n\t\t\t\t\t\t\t\t\t\t\t\t<div class=\"qode-bct-post-text\">\n\t\t\t\t\t\t\t<h3 class=\"qode-bct-post-title entry_title\" itemprop=\"name\">\n\t\t\t\t\t\t\t\t<a href=\"https:\/\/www.sugranyes.com\/es\/2020\/05\/novedades-sobre-los-erte-hasta-el-30-de-junio\/\" itemprop=\"url\">Novedades sobre los ERTE hasta el 30 de junio<\/a>\n\t\t\t\t\t\t\t<\/h3>\n\t\t\t\t\t\t\t\t\t\t\t\t\t\t<p itemprop=\"description\" class = \"qode-bct-post-excerpt\"> El Consejo de Ministros aprueba el decreto que prolonga los ERTE hasta el 30 de junio....<\/p>\n\t\t\t\t\t\t\t<div class=\"qode-bct-post-date entry_date updated\" itemprop=\"dateCreated\">\n\t\t\t\t\t\t\t\t12\/05\/2020\t\t\t\t\t\t\t\t<meta itemprop=\"interactionCount\" content=\"UserComments: 0\"\/>\n\t\t\t\t\t\t\t<\/div>\n\t\t\t\t\t\t<\/div>\n\t\t\t\t\t<\/div>\n\t\t\t\t\t\t\t\t\t\t\t\t<div class=\"qode-bct-post\">\n\t\t\t\t\t\t\t\t\t\t\t\t\t<div class=\"qode-bct-post-image\">\n\t\t\t\t\t\t\t\t<a href=\"https:\/\/www.sugranyes.com\/es\/2020\/05\/novedades-sobre-el-desconfinamiento-fase-1-en-el-camp-de-tarragona\/\" itemprop=\"url\">\n\t\t\t\t\t\t\t\t\t<img loading=\"lazy\" decoding=\"async\" width=\"556\" height=\"371\" src=\"https:\/\/www.sugranyes.com\/wp-content\/uploads\/2020\/05\/novetats-desconfinament-fase-1.jpeg\" class=\"attachment-portfolio-landscape size-portfolio-landscape wp-post-image\" alt=\"\" srcset=\"https:\/\/www.sugranyes.com\/wp-content\/uploads\/2020\/05\/novetats-desconfinament-fase-1.jpeg 556w, https:\/\/www.sugranyes.com\/wp-content\/uploads\/2020\/05\/novetats-desconfinament-fase-1-300x200.jpeg 300w\" sizes=\"(max-width: 556px) 100vw, 556px\" \/>\t\t\t\t\t\t\t\t<\/a>\n\t\t\t\t\t\t\t<\/div>\n\t\t\t\t\t\t\t\t\t\t\t\t<div class=\"qode-bct-post-text\">\n\t\t\t\t\t\t\t<h3 class=\"qode-bct-post-title entry_title\" itemprop=\"name\">\n\t\t\t\t\t\t\t\t<a href=\"https:\/\/www.sugranyes.com\/es\/2020\/05\/novedades-sobre-el-desconfinamiento-fase-1-en-el-camp-de-tarragona\/\" itemprop=\"url\">Novedades sobre el desconfinamiento (fase 1) en el Camp de Tarragona<\/a>\n\t\t\t\t\t\t\t<\/h3>\n\t\t\t\t\t\t\t\t\t\t\t\t\t\t<p itemprop=\"description\" class = \"qode-bct-post-excerpt\"> Los ciudadanos del Alt Pirineu-Aran, el Camp de Tarragona y las Tierras del Ebro pasan a la fase 1 del desconfinamiento. En el sentido pr\u00e1ctico, \u00bfqu\u00e9 implica?...<\/p>\n\t\t\t\t\t\t\t<div class=\"qode-bct-post-date entry_date updated\" itemprop=\"dateCreated\">\n\t\t\t\t\t\t\t\t11\/05\/2020\t\t\t\t\t\t\t\t<meta itemprop=\"interactionCount\" content=\"UserComments: 0\"\/>\n\t\t\t\t\t\t\t<\/div>\n\t\t\t\t\t\t<\/div>\n\t\t\t\t\t<\/div>\n\t\t\t\t\t\t\t\t\t\t\t\t<div class=\"qode-bct-post\">\n\t\t\t\t\t\t\t\t\t\t\t\t\t<div class=\"qode-bct-post-image\">\n\t\t\t\t\t\t\t\t<a href=\"https:\/\/www.sugranyes.com\/es\/2020\/04\/publicadas-nuevas-medidas-adicionales-en-materia-laboral-en-apoyo-a-las-empresas\/\" itemprop=\"url\">\n\t\t\t\t\t\t\t\t\t<img loading=\"lazy\" decoding=\"async\" width=\"800\" height=\"600\" src=\"https:\/\/www.sugranyes.com\/wp-content\/uploads\/2020\/04\/flor-primavera-800x600.jpg\" class=\"attachment-portfolio-landscape size-portfolio-landscape wp-post-image\" alt=\"\" \/>\t\t\t\t\t\t\t\t<\/a>\n\t\t\t\t\t\t\t<\/div>\n\t\t\t\t\t\t\t\t\t\t\t\t<div class=\"qode-bct-post-text\">\n\t\t\t\t\t\t\t<h3 class=\"qode-bct-post-title entry_title\" itemprop=\"name\">\n\t\t\t\t\t\t\t\t<a href=\"https:\/\/www.sugranyes.com\/es\/2020\/04\/publicadas-nuevas-medidas-adicionales-en-materia-laboral-en-apoyo-a-las-empresas\/\" itemprop=\"url\">Publicadas nuevas medidas adicionales en materia laboral en apoyo a las empresas<\/a>\n\t\t\t\t\t\t\t<\/h3>\n\t\t\t\t\t\t\t\t\t\t\t\t\t\t<p itemprop=\"description\" class = \"qode-bct-post-excerpt\"> Son varios los aspectos que regula el nuevo Real Decreto Ley 15\/2020, fecha 21 de abril (BOE de 22 de abril) en materia laboral: Se prorroga el car\u00e1cter preferente de el trabajo a distancia y el dere...<\/p>\n\t\t\t\t\t\t\t<div class=\"qode-bct-post-date entry_date updated\" itemprop=\"dateCreated\">\n\t\t\t\t\t\t\t\t29\/04\/2020\t\t\t\t\t\t\t\t<meta itemprop=\"interactionCount\" content=\"UserComments: 0\"\/>\n\t\t\t\t\t\t\t<\/div>\n\t\t\t\t\t\t<\/div>\n\t\t\t\t\t<\/div>\n\t\t\t\t\t\t\t\t\t\t\t\t<div class=\"qode-bct-post\">\n\t\t\t\t\t\t\t\t\t\t\t\t\t<div class=\"qode-bct-post-image\">\n\t\t\t\t\t\t\t\t<a href=\"https:\/\/www.sugranyes.com\/es\/2020\/04\/novedades-en-materia-de-arrendamientos-real-decreto-ley-15-2020-de-21-de-abril\/\" itemprop=\"url\">\n\t\t\t\t\t\t\t\t\t<img loading=\"lazy\" decoding=\"async\" width=\"800\" height=\"600\" src=\"https:\/\/www.sugranyes.com\/wp-content\/uploads\/2020\/04\/resumen-800x600.jpg\" class=\"attachment-portfolio-landscape size-portfolio-landscape wp-post-image\" alt=\"\" \/>\t\t\t\t\t\t\t\t<\/a>\n\t\t\t\t\t\t\t<\/div>\n\t\t\t\t\t\t\t\t\t\t\t\t<div class=\"qode-bct-post-text\">\n\t\t\t\t\t\t\t<h3 class=\"qode-bct-post-title entry_title\" itemprop=\"name\">\n\t\t\t\t\t\t\t\t<a href=\"https:\/\/www.sugranyes.com\/es\/2020\/04\/novedades-en-materia-de-arrendamientos-real-decreto-ley-15-2020-de-21-de-abril\/\" itemprop=\"url\">Novedades en materia de arrendamientos Real Decreto-ley 15\/2020, de 21 de abril<\/a>\n\t\t\t\t\t\t\t<\/h3>\n\t\t\t\t\t\t\t\t\t\t\t\t\t\t<p itemprop=\"description\" class = \"qode-bct-post-excerpt\"> Hoy d\u00eda 22 de abril ha entrado en vigor el Real Decreto-ley 15\/2020, de 21 de abril (en adelante, RDL 15 \/ 2020), de medidas urgentes complementarias para apoyar la econom\u00eda y el trabajo. En cuanto ...<\/p>\n\t\t\t\t\t\t\t<div class=\"qode-bct-post-date entry_date updated\" itemprop=\"dateCreated\">\n\t\t\t\t\t\t\t\t27\/04\/2020\t\t\t\t\t\t\t\t<meta itemprop=\"interactionCount\" content=\"UserComments: 0\"\/>\n\t\t\t\t\t\t\t<\/div>\n\t\t\t\t\t\t<\/div>\n\t\t\t\t\t<\/div>\n\t\t\t\t\t\t\t\t\t\t\t\t<div class=\"qode-bct-post\">\n\t\t\t\t\t\t\t\t\t\t\t\t\t<div class=\"qode-bct-post-image\">\n\t\t\t\t\t\t\t\t<a href=\"https:\/\/www.sugranyes.com\/es\/2020\/04\/nuevas-medidas-fiscales-covid-19-decreto-dia-21-de-abril\/\" itemprop=\"url\">\n\t\t\t\t\t\t\t\t\t<img loading=\"lazy\" decoding=\"async\" width=\"800\" height=\"600\" src=\"https:\/\/www.sugranyes.com\/wp-content\/uploads\/2020\/04\/alerta-800x600.jpg\" class=\"attachment-portfolio-landscape size-portfolio-landscape wp-post-image\" alt=\"\" \/>\t\t\t\t\t\t\t\t<\/a>\n\t\t\t\t\t\t\t<\/div>\n\t\t\t\t\t\t\t\t\t\t\t\t<div class=\"qode-bct-post-text\">\n\t\t\t\t\t\t\t<h3 class=\"qode-bct-post-title entry_title\" itemprop=\"name\">\n\t\t\t\t\t\t\t\t<a href=\"https:\/\/www.sugranyes.com\/es\/2020\/04\/nuevas-medidas-fiscales-covid-19-decreto-dia-21-de-abril\/\" itemprop=\"url\">Nuevas medidas fiscales Covid-19 decreto d\u00eda 21 de abril<\/a>\n\t\t\t\t\t\t\t<\/h3>\n\t\t\t\t\t\t\t\t\t\t\t\t\t\t<p itemprop=\"description\" class = \"qode-bct-post-excerpt\"> Real Decreto-ley 15\/2020, de 21 de abril, de medidas complementarias y urgentes en materia fiscal derivadas estado de alarma Covid-19. El tipo impositivo aplicable del IVA de las entregas, importacion...<\/p>\n\t\t\t\t\t\t\t<div class=\"qode-bct-post-date entry_date updated\" itemprop=\"dateCreated\">\n\t\t\t\t\t\t\t\t22\/04\/2020\t\t\t\t\t\t\t\t<meta itemprop=\"interactionCount\" content=\"UserComments: 0\"\/>\n\t\t\t\t\t\t\t<\/div>\n\t\t\t\t\t\t<\/div>\n\t\t\t\t\t<\/div>\n\t\t\t\t\t\t\t\t\t\t\t\t<div class=\"qode-bct-post\">\n\t\t\t\t\t\t\t\t\t\t\t\t\t<div class=\"qode-bct-post-image\">\n\t\t\t\t\t\t\t\t<a href=\"https:\/\/www.sugranyes.com\/es\/2020\/04\/guia-de-las-buenas-practicas-en-materia-laboral\/\" itemprop=\"url\">\n\t\t\t\t\t\t\t\t\t<img loading=\"lazy\" decoding=\"async\" width=\"800\" height=\"600\" src=\"https:\/\/www.sugranyes.com\/wp-content\/uploads\/2020\/04\/mascareta-800x600.jpg\" class=\"attachment-portfolio-landscape size-portfolio-landscape wp-post-image\" alt=\"\" \/>\t\t\t\t\t\t\t\t<\/a>\n\t\t\t\t\t\t\t<\/div>\n\t\t\t\t\t\t\t\t\t\t\t\t<div class=\"qode-bct-post-text\">\n\t\t\t\t\t\t\t<h3 class=\"qode-bct-post-title entry_title\" itemprop=\"name\">\n\t\t\t\t\t\t\t\t<a href=\"https:\/\/www.sugranyes.com\/es\/2020\/04\/guia-de-las-buenas-practicas-en-materia-laboral\/\" itemprop=\"url\">Gu\u00eda de las buenas pr\u00e1cticas en materia laboral<\/a>\n\t\t\t\t\t\t\t<\/h3>\n\t\t\t\t\t\t\t\t\t\t\t\t\t\t<p itemprop=\"description\" class = \"qode-bct-post-excerpt\"> La gu\u00eda de las buenas pr\u00e1cticas \u00a0en materia laboral recoge las medidas de higiene y distancia interpersonal para aplicar antes, durante y despu\u00e9s del paso por el trabajo....<\/p>\n\t\t\t\t\t\t\t<div class=\"qode-bct-post-date entry_date updated\" itemprop=\"dateCreated\">\n\t\t\t\t\t\t\t\t18\/04\/2020\t\t\t\t\t\t\t\t<meta itemprop=\"interactionCount\" content=\"UserComments: 0\"\/>\n\t\t\t\t\t\t\t<\/div>\n\t\t\t\t\t\t<\/div>\n\t\t\t\t\t<\/div>\n\t\t\t\t\t\t\t\t\t\t\t\t<div class=\"qode-bct-post\">\n\t\t\t\t\t\t\t\t\t\t\t\t\t<div class=\"qode-bct-post-image\">\n\t\t\t\t\t\t\t\t<a href=\"https:\/\/www.sugranyes.com\/es\/2020\/04\/situacion-asimilada-a-accidente-de-trabajo-de-los-periodos-de-aislamiento-o-contagio-como-consecuencia-del-virus-covidien-19\/\" itemprop=\"url\">\n\t\t\t\t\t\t\t\t\t<img loading=\"lazy\" decoding=\"async\" width=\"800\" height=\"600\" src=\"https:\/\/www.sugranyes.com\/wp-content\/uploads\/2020\/04\/limpiar-manos-800x600.jpg\" class=\"attachment-portfolio-landscape size-portfolio-landscape wp-post-image\" alt=\"\" \/>\t\t\t\t\t\t\t\t<\/a>\n\t\t\t\t\t\t\t<\/div>\n\t\t\t\t\t\t\t\t\t\t\t\t<div class=\"qode-bct-post-text\">\n\t\t\t\t\t\t\t<h3 class=\"qode-bct-post-title entry_title\" itemprop=\"name\">\n\t\t\t\t\t\t\t\t<a href=\"https:\/\/www.sugranyes.com\/es\/2020\/04\/situacion-asimilada-a-accidente-de-trabajo-de-los-periodos-de-aislamiento-o-contagio-como-consecuencia-del-virus-covidien-19\/\" itemprop=\"url\">Situaci\u00f3n asimilada a accidente de trabajo de los per\u00edodos de aislamiento o contagio como consecuencia del virus Covidien-19<\/a>\n\t\t\t\t\t\t\t<\/h3>\n\t\t\t\t\t\t\t\t\t\t\t\t\t\t<p itemprop=\"description\" class = \"qode-bct-post-excerpt\"> El Gobierno ha modificado la regulaci\u00f3n sobre las bajas laborales derivadas del Covidien-19 en el Real Decreto-ley 13\/2020 del pasado 10 de abril....<\/p>\n\t\t\t\t\t\t\t<div class=\"qode-bct-post-date entry_date updated\" itemprop=\"dateCreated\">\n\t\t\t\t\t\t\t\t16\/04\/2020\t\t\t\t\t\t\t\t<meta itemprop=\"interactionCount\" content=\"UserComments: 0\"\/>\n\t\t\t\t\t\t\t<\/div>\n\t\t\t\t\t\t<\/div>\n\t\t\t\t\t<\/div>\n\t\t\t\t\t\t\t\t\t\t\t\t<div class=\"qode-bct-post\">\n\t\t\t\t\t\t\t\t\t\t\t\t\t<div class=\"qode-bct-post-image\">\n\t\t\t\t\t\t\t\t<a href=\"https:\/\/www.sugranyes.com\/es\/2020\/04\/aplazamiento-declaraciones-trimestrales\/\" itemprop=\"url\">\n\t\t\t\t\t\t\t\t\t<img loading=\"lazy\" decoding=\"async\" width=\"800\" height=\"600\" src=\"https:\/\/www.sugranyes.com\/wp-content\/uploads\/2020\/04\/semaforo-naranja-800x600.jpg\" class=\"attachment-portfolio-landscape size-portfolio-landscape wp-post-image\" alt=\"\" \/>\t\t\t\t\t\t\t\t<\/a>\n\t\t\t\t\t\t\t<\/div>\n\t\t\t\t\t\t\t\t\t\t\t\t<div class=\"qode-bct-post-text\">\n\t\t\t\t\t\t\t<h3 class=\"qode-bct-post-title entry_title\" itemprop=\"name\">\n\t\t\t\t\t\t\t\t<a href=\"https:\/\/www.sugranyes.com\/es\/2020\/04\/aplazamiento-declaraciones-trimestrales\/\" itemprop=\"url\">Aplazamiento declaraciones trimestrales<\/a>\n\t\t\t\t\t\t\t<\/h3>\n\t\t\t\t\t\t\t\t\t\t\t\t\t\t<p itemprop=\"description\" class = \"qode-bct-post-excerpt\"> Cambios respecto a las declaraciones trimestrales que empresas y aut\u00f3nomos se ven obligadas a presentar ...<\/p>\n\t\t\t\t\t\t\t<div class=\"qode-bct-post-date entry_date updated\" itemprop=\"dateCreated\">\n\t\t\t\t\t\t\t\t15\/04\/2020\t\t\t\t\t\t\t\t<meta itemprop=\"interactionCount\" content=\"UserComments: 0\"\/>\n\t\t\t\t\t\t\t<\/div>\n\t\t\t\t\t\t<\/div>\n\t\t\t\t\t<\/div>\n\t\t\t\t\t\t\t\t\t\t\t\t<div class=\"qode-bct-post\">\n\t\t\t\t\t\t\t\t\t\t\t\t\t<div class=\"qode-bct-post-image\">\n\t\t\t\t\t\t\t\t<a href=\"https:\/\/www.sugranyes.com\/es\/2020\/04\/el-govern-aprova-un-ajornament-i-moratoria-de-les-cotitzacions-socials-per-a-empreses-i-autonoms\/\" itemprop=\"url\">\n\t\t\t\t\t\t\t\t\t<img loading=\"lazy\" decoding=\"async\" width=\"800\" height=\"600\" src=\"https:\/\/www.sugranyes.com\/wp-content\/uploads\/2020\/04\/ayudas-autonomos-moratoria-pago-impuestos-800x600.jpg\" class=\"attachment-portfolio-landscape size-portfolio-landscape wp-post-image\" alt=\"\" \/>\t\t\t\t\t\t\t\t<\/a>\n\t\t\t\t\t\t\t<\/div>\n\t\t\t\t\t\t\t\t\t\t\t\t<div class=\"qode-bct-post-text\">\n\t\t\t\t\t\t\t<h3 class=\"qode-bct-post-title entry_title\" itemprop=\"name\">\n\t\t\t\t\t\t\t\t<a href=\"https:\/\/www.sugranyes.com\/es\/2020\/04\/el-govern-aprova-un-ajornament-i-moratoria-de-les-cotitzacions-socials-per-a-empreses-i-autonoms\/\" itemprop=\"url\">El gobierno aprueba un aplazamiento y moratoria de las cotizaciones sociales para empresas y aut\u00f3nomos.<\/a>\n\t\t\t\t\t\t\t<\/h3>\n\t\t\t\t\t\t\t\t\t\t\t\t\t\t<p itemprop=\"description\" class = \"qode-bct-post-excerpt\"> El consell de ministres  va aprovar el passat dimarts  unes mesures socials i econ\u00f2miques per a minimitzar i contrarestar l\u2019impacte del COVID-19, mesures que complementen i consoliden les ja adopta...<\/p>\n\t\t\t\t\t\t\t<div class=\"qode-bct-post-date entry_date updated\" itemprop=\"dateCreated\">\n\t\t\t\t\t\t\t\t06\/04\/2020\t\t\t\t\t\t\t\t<meta itemprop=\"interactionCount\" content=\"UserComments: 0\"\/>\n\t\t\t\t\t\t\t<\/div>\n\t\t\t\t\t\t<\/div>\n\t\t\t\t\t<\/div>\n\t\t\t\t\t\t\t\t\t\t\t\t<div class=\"qode-bct-post\">\n\t\t\t\t\t\t\t\t\t\t\t\t\t<div class=\"qode-bct-post-image\">\n\t\t\t\t\t\t\t\t<a href=\"https:\/\/www.sugranyes.com\/es\/2020\/03\/proteccion-de-datos-y-covid-19\/\" itemprop=\"url\">\n\t\t\t\t\t\t\t\t\t<img loading=\"lazy\" decoding=\"async\" width=\"800\" height=\"600\" src=\"https:\/\/www.sugranyes.com\/wp-content\/uploads\/2020\/03\/escudo-800x600.jpg\" class=\"attachment-portfolio-landscape size-portfolio-landscape wp-post-image\" alt=\"\" \/>\t\t\t\t\t\t\t\t<\/a>\n\t\t\t\t\t\t\t<\/div>\n\t\t\t\t\t\t\t\t\t\t\t\t<div class=\"qode-bct-post-text\">\n\t\t\t\t\t\t\t<h3 class=\"qode-bct-post-title entry_title\" itemprop=\"name\">\n\t\t\t\t\t\t\t\t<a href=\"https:\/\/www.sugranyes.com\/es\/2020\/03\/proteccion-de-datos-y-covid-19\/\" itemprop=\"url\">Protecci\u00f3n de datos y COVID-19<\/a>\n\t\t\t\t\t\t\t<\/h3>\n\t\t\t\t\t\t\t\t\t\t\t\t\t\t<p itemprop=\"description\" class = \"qode-bct-post-excerpt\"> En la situaci\u00f3n de crisis sanitaria que actualmente estamos viviendo nos planteamos qu\u00e9 sucede en relaci\u00f3n con los tratamientos de datos resultantes de la actual situaci\u00f3n derivada de la extensi\u00f3...<\/p>\n\t\t\t\t\t\t\t<div class=\"qode-bct-post-date entry_date updated\" itemprop=\"dateCreated\">\n\t\t\t\t\t\t\t\t30\/03\/2020\t\t\t\t\t\t\t\t<meta itemprop=\"interactionCount\" content=\"UserComments: 0\"\/>\n\t\t\t\t\t\t\t<\/div>\n\t\t\t\t\t\t<\/div>\n\t\t\t\t\t<\/div>\n\t\t\t\t\t\t\t\t\t\t\t\t<div class=\"qode-bct-post\">\n\t\t\t\t\t\t\t\t\t\t\t\t\t<div class=\"qode-bct-post-image\">\n\t\t\t\t\t\t\t\t<a href=\"https:\/\/www.sugranyes.com\/es\/2020\/03\/prestacio-per-cessament-de-activitat-pel-covid-19\/\" itemprop=\"url\">\n\t\t\t\t\t\t\t\t\t<img loading=\"lazy\" decoding=\"async\" width=\"800\" height=\"600\" src=\"https:\/\/www.sugranyes.com\/wp-content\/uploads\/2020\/03\/ajuda-800x600.jpg\" class=\"attachment-portfolio-landscape size-portfolio-landscape wp-post-image\" alt=\"\" \/>\t\t\t\t\t\t\t\t<\/a>\n\t\t\t\t\t\t\t<\/div>\n\t\t\t\t\t\t\t\t\t\t\t\t<div class=\"qode-bct-post-text\">\n\t\t\t\t\t\t\t<h3 class=\"qode-bct-post-title entry_title\" itemprop=\"name\">\n\t\t\t\t\t\t\t\t<a href=\"https:\/\/www.sugranyes.com\/es\/2020\/03\/prestacio-per-cessament-de-activitat-pel-covid-19\/\" itemprop=\"url\">Prestaci\u00f3n por cese de actividad por Covid-19<\/a>\n\t\t\t\t\t\t\t<\/h3>\n\t\t\t\t\t\t\t\t\t\t\t\t\t\t<p itemprop=\"description\" class = \"qode-bct-post-excerpt\"> Compartimos respuesta a algunas de las preguntas frecuentes sobre la prestaci\u00f3n extraordinaria por el cese de actividad para los afectados del estado de alarma. Puedes solicitar la ayuda?...<\/p>\n\t\t\t\t\t\t\t<div class=\"qode-bct-post-date entry_date updated\" itemprop=\"dateCreated\">\n\t\t\t\t\t\t\t\t25\/03\/2020\t\t\t\t\t\t\t\t<meta itemprop=\"interactionCount\" content=\"UserComments: 0\"\/>\n\t\t\t\t\t\t\t<\/div>\n\t\t\t\t\t\t<\/div>\n\t\t\t\t\t<\/div>\n\t\t\t\t\t\t\t\t\t\t\t\t<div class=\"qode-bct-post\">\n\t\t\t\t\t\t\t\t\t\t\t\t\t<div class=\"qode-bct-post-image\">\n\t\t\t\t\t\t\t\t<a href=\"https:\/\/www.sugranyes.com\/es\/2020\/03\/cuestiones-mas-frecuentes-relacionadas-con-la-presentacion-de-los-erte\/\" itemprop=\"url\">\n\t\t\t\t\t\t\t\t\t<img loading=\"lazy\" decoding=\"async\" width=\"800\" height=\"600\" src=\"https:\/\/www.sugranyes.com\/wp-content\/uploads\/2020\/03\/cola-800x600.jpg\" class=\"attachment-portfolio-landscape size-portfolio-landscape wp-post-image\" alt=\"\" \/>\t\t\t\t\t\t\t\t<\/a>\n\t\t\t\t\t\t\t<\/div>\n\t\t\t\t\t\t\t\t\t\t\t\t<div class=\"qode-bct-post-text\">\n\t\t\t\t\t\t\t<h3 class=\"qode-bct-post-title entry_title\" itemprop=\"name\">\n\t\t\t\t\t\t\t\t<a href=\"https:\/\/www.sugranyes.com\/es\/2020\/03\/cuestiones-mas-frecuentes-relacionadas-con-la-presentacion-de-los-erte\/\" itemprop=\"url\">Cuestiones m\u00e1s frecuentes relacionadas con la presentaci\u00f3n de los ERTE<\/a>\n\t\t\t\t\t\t\t<\/h3>\n\t\t\t\t\t\t\t\t\t\t\t\t\t\t<p itemprop=\"description\" class = \"qode-bct-post-excerpt\"> Compartimos el documento actualizado a 03\/23\/2020 a las 19:00 horas, elaborado por el Departamento de Trabajo, Asuntos Sociales y Familias, donde da respuesta a las cuestiones m\u00e1s frecuentes relacion...<\/p>\n\t\t\t\t\t\t\t<div class=\"qode-bct-post-date entry_date updated\" itemprop=\"dateCreated\">\n\t\t\t\t\t\t\t\t25\/03\/2020\t\t\t\t\t\t\t\t<meta itemprop=\"interactionCount\" content=\"UserComments: 0\"\/>\n\t\t\t\t\t\t\t<\/div>\n\t\t\t\t\t\t<\/div>\n\t\t\t\t\t<\/div>\n\t\t\t\t\t\t\t\t\t\t\t\t<div class=\"qode-bct-post\">\n\t\t\t\t\t\t\t\t\t\t\t\t\t<div class=\"qode-bct-post-image\">\n\t\t\t\t\t\t\t\t<a href=\"https:\/\/www.sugranyes.com\/es\/2020\/03\/como-afecta-el-estado-de-alarma-a-la-imposibilidad-de-pagar-el-alquiler-del-local\/\" itemprop=\"url\">\n\t\t\t\t\t\t\t\t\t<img loading=\"lazy\" decoding=\"async\" width=\"800\" height=\"600\" src=\"https:\/\/www.sugranyes.com\/wp-content\/uploads\/2020\/03\/negocio-cerrado-por-coronavirus-800x600.jpg\" class=\"attachment-portfolio-landscape size-portfolio-landscape wp-post-image\" alt=\"\" \/>\t\t\t\t\t\t\t\t<\/a>\n\t\t\t\t\t\t\t<\/div>\n\t\t\t\t\t\t\t\t\t\t\t\t<div class=\"qode-bct-post-text\">\n\t\t\t\t\t\t\t<h3 class=\"qode-bct-post-title entry_title\" itemprop=\"name\">\n\t\t\t\t\t\t\t\t<a href=\"https:\/\/www.sugranyes.com\/es\/2020\/03\/como-afecta-el-estado-de-alarma-a-la-imposibilidad-de-pagar-el-alquiler-del-local\/\" itemprop=\"url\">\u00bfQu\u00e9 puedo hacer si el estado de alarma decretado y el confinamiento me impide la apertura de mi negocio y no puedo pagar el alquiler del local?<\/a>\n\t\t\t\t\t\t\t<\/h3>\n\t\t\t\t\t\t\t\t\t\t\t\t\t\t<p itemprop=\"description\" class = \"qode-bct-post-excerpt\"> \u00bfQu\u00e9 puedo hacer si el estado de alarma decretado y el confinamiento me impide la apertura de mi negocio y no puedo pagar el alquiler del local? C\u00f3mo afecta el estado de alerta a los arrendamientos...<\/p>\n\t\t\t\t\t\t\t<div class=\"qode-bct-post-date entry_date updated\" itemprop=\"dateCreated\">\n\t\t\t\t\t\t\t\t25\/03\/2020\t\t\t\t\t\t\t\t<meta itemprop=\"interactionCount\" content=\"UserComments: 0\"\/>\n\t\t\t\t\t\t\t<\/div>\n\t\t\t\t\t\t<\/div>\n\t\t\t\t\t<\/div>\n\t\t\t\t\t\t\t\t\t\t\t\t<div class=\"qode-bct-post\">\n\t\t\t\t\t\t\t\t\t\t\t\t\t<div class=\"qode-bct-post-image\">\n\t\t\t\t\t\t\t\t<a href=\"https:\/\/www.sugranyes.com\/es\/2020\/03\/es-mantenen-els-terminis-de-presentacio-de-declaracions-i-autoliquidacions\/\" itemprop=\"url\">\n\t\t\t\t\t\t\t\t\t<img loading=\"lazy\" decoding=\"async\" width=\"800\" height=\"600\" src=\"https:\/\/www.sugranyes.com\/wp-content\/uploads\/2020\/03\/pago-impuestos-800x600.jpg\" class=\"attachment-portfolio-landscape size-portfolio-landscape wp-post-image\" alt=\"\" \/>\t\t\t\t\t\t\t\t<\/a>\n\t\t\t\t\t\t\t<\/div>\n\t\t\t\t\t\t\t\t\t\t\t\t<div class=\"qode-bct-post-text\">\n\t\t\t\t\t\t\t<h3 class=\"qode-bct-post-title entry_title\" itemprop=\"name\">\n\t\t\t\t\t\t\t\t<a href=\"https:\/\/www.sugranyes.com\/es\/2020\/03\/es-mantenen-els-terminis-de-presentacio-de-declaracions-i-autoliquidacions\/\" itemprop=\"url\">Es mantenen els terminis de presentaci\u00f3 de declaracions i autoliquidacions<\/a>\n\t\t\t\t\t\t\t<\/h3>\n\t\t\t\t\t\t\t\t\t\t\t\t\t\t<p itemprop=\"description\" class = \"qode-bct-post-excerpt\"> Medidas a destacar en la modificaci\u00f3n del Real Decreto 463\/2020, de 14 de marzo de 2020, en el que se declara estado de alarma por la crisis generada por Covidien-19 y que afectan a los plazos de pag...<\/p>\n\t\t\t\t\t\t\t<div class=\"qode-bct-post-date entry_date updated\" itemprop=\"dateCreated\">\n\t\t\t\t\t\t\t\t19\/03\/2020\t\t\t\t\t\t\t\t<meta itemprop=\"interactionCount\" content=\"UserComments: 0\"\/>\n\t\t\t\t\t\t\t<\/div>\n\t\t\t\t\t\t<\/div>\n\t\t\t\t\t<\/div>\n\t\t\t\t\t\t\t\t\t\t\t\t<div class=\"qode-bct-post\">\n\t\t\t\t\t\t\t\t\t\t\t\t\t<div class=\"qode-bct-post-image\">\n\t\t\t\t\t\t\t\t<a href=\"https:\/\/www.sugranyes.com\/es\/2020\/03\/real-decreto-ley-8-2020-de-17-de-marzo-de-medidas-urgentes-extraordinarias-para-hacer-frente-al-impacto-economico-y-social-por-covid-19\/\" itemprop=\"url\">\n\t\t\t\t\t\t\t\t\t<img loading=\"lazy\" decoding=\"async\" width=\"800\" height=\"600\" src=\"https:\/\/www.sugranyes.com\/wp-content\/uploads\/2020\/03\/boe-ayudas-empresarios-autonomos-covid19-800x600.jpg\" class=\"attachment-portfolio-landscape size-portfolio-landscape wp-post-image\" alt=\"\" \/>\t\t\t\t\t\t\t\t<\/a>\n\t\t\t\t\t\t\t<\/div>\n\t\t\t\t\t\t\t\t\t\t\t\t<div class=\"qode-bct-post-text\">\n\t\t\t\t\t\t\t<h3 class=\"qode-bct-post-title entry_title\" itemprop=\"name\">\n\t\t\t\t\t\t\t\t<a href=\"https:\/\/www.sugranyes.com\/es\/2020\/03\/real-decreto-ley-8-2020-de-17-de-marzo-de-medidas-urgentes-extraordinarias-para-hacer-frente-al-impacto-economico-y-social-por-covid-19\/\" itemprop=\"url\">Real Decreto Ley 8\/2020, de 17 de marzo, de medidas urgentes extraordinarias para hacer frente al impacto econ\u00f3mico y social por Covid-19<\/a>\n\t\t\t\t\t\t\t<\/h3>\n\t\t\t\t\t\t\t\t\t\t\t\t\t\t<p itemprop=\"description\" class = \"qode-bct-post-excerpt\"> Compartim el Real Decreto Ley 8\/2020, de 17 de mar\u00e7, de mesures urgents extraordin\u00e0ries per fer front a l'impacte econ\u00f2mic i social pel COVID-19....<\/p>\n\t\t\t\t\t\t\t<div class=\"qode-bct-post-date entry_date updated\" itemprop=\"dateCreated\">\n\t\t\t\t\t\t\t\t18\/03\/2020\t\t\t\t\t\t\t\t<meta itemprop=\"interactionCount\" content=\"UserComments: 0\"\/>\n\t\t\t\t\t\t\t<\/div>\n\t\t\t\t\t\t<\/div>\n\t\t\t\t\t<\/div>\n\t\t\t\t\t\t\t\t\t\t\t\t<div class=\"qode-bct-post\">\n\t\t\t\t\t\t\t\t\t\t\t\t\t<div class=\"qode-bct-post-image\">\n\t\t\t\t\t\t\t\t<a href=\"https:\/\/www.sugranyes.com\/es\/2020\/03\/ayuda-para-trabajadores-autonomos-afectados-por-el-covid-19\/\" itemprop=\"url\">\n\t\t\t\t\t\t\t\t\t<img loading=\"lazy\" decoding=\"async\" width=\"800\" height=\"600\" src=\"https:\/\/www.sugranyes.com\/wp-content\/uploads\/2020\/03\/infografia-ajuts-generalitat-autonoms-800x600.jpg\" class=\"attachment-portfolio-landscape size-portfolio-landscape wp-post-image\" alt=\"\" \/>\t\t\t\t\t\t\t\t<\/a>\n\t\t\t\t\t\t\t<\/div>\n\t\t\t\t\t\t\t\t\t\t\t\t<div class=\"qode-bct-post-text\">\n\t\t\t\t\t\t\t<h3 class=\"qode-bct-post-title entry_title\" itemprop=\"name\">\n\t\t\t\t\t\t\t\t<a href=\"https:\/\/www.sugranyes.com\/es\/2020\/03\/ayuda-para-trabajadores-autonomos-afectados-por-el-covid-19\/\" itemprop=\"url\">Ayuda para trabajadores aut\u00f3nomos afectados por el Covid-19<\/a>\n\t\t\t\t\t\t\t<\/h3>\n\t\t\t\t\t\t\t\t\t\t\t\t\t\t<p itemprop=\"description\" class = \"qode-bct-post-excerpt\"> La Generalitat de Catalunya ha comunicado que ofrecer\u00e1 una prestaci\u00f3n econ\u00f3mica para trabajadores aut\u00f3nomos que acrediten una reducci\u00f3n involuntaria y dr\u00e1stica de su facturaci\u00f3n como consecuenc...<\/p>\n\t\t\t\t\t\t\t<div class=\"qode-bct-post-date entry_date updated\" itemprop=\"dateCreated\">\n\t\t\t\t\t\t\t\t17\/03\/2020\t\t\t\t\t\t\t\t<meta itemprop=\"interactionCount\" content=\"UserComments: 0\"\/>\n\t\t\t\t\t\t\t<\/div>\n\t\t\t\t\t\t<\/div>\n\t\t\t\t\t<\/div>\n\t\t\t\t\t\t\t\t\t\t\t\t<div class=\"qode-bct-post\">\n\t\t\t\t\t\t\t\t\t\t\t\t\t<div class=\"qode-bct-post-image\">\n\t\t\t\t\t\t\t\t<a href=\"https:\/\/www.sugranyes.com\/es\/2020\/03\/informacion-covid-19-sobre-los-tramites-con-la-dgt\/\" itemprop=\"url\">\n\t\t\t\t\t\t\t\t\t<img loading=\"lazy\" decoding=\"async\" width=\"600\" height=\"400\" src=\"https:\/\/www.sugranyes.com\/wp-content\/uploads\/2020\/03\/aviso-dgt-telematica-covid-19.jpg\" class=\"attachment-portfolio-landscape size-portfolio-landscape wp-post-image\" alt=\"\" srcset=\"https:\/\/www.sugranyes.com\/wp-content\/uploads\/2020\/03\/aviso-dgt-telematica-covid-19.jpg 600w, https:\/\/www.sugranyes.com\/wp-content\/uploads\/2020\/03\/aviso-dgt-telematica-covid-19-300x200.jpg 300w\" sizes=\"(max-width: 600px) 100vw, 600px\" \/>\t\t\t\t\t\t\t\t<\/a>\n\t\t\t\t\t\t\t<\/div>\n\t\t\t\t\t\t\t\t\t\t\t\t<div class=\"qode-bct-post-text\">\n\t\t\t\t\t\t\t<h3 class=\"qode-bct-post-title entry_title\" itemprop=\"name\">\n\t\t\t\t\t\t\t\t<a href=\"https:\/\/www.sugranyes.com\/es\/2020\/03\/informacion-covid-19-sobre-los-tramites-con-la-dgt\/\" itemprop=\"url\">Informaci\u00f3n Covid-19 sobre los tr\u00e1mites con la DGT<\/a>\n\t\t\t\t\t\t\t<\/h3>\n\t\t\t\t\t\t\t\t\t\t\t\t\t\t<p itemprop=\"description\" class = \"qode-bct-post-excerpt\"> La DGT y el Colegio de Gestores han adoptado medidas que afectan a nuestro servicio. \u00bfQu\u00e9 servicios est\u00e1n abiertos con la DGT?...<\/p>\n\t\t\t\t\t\t\t<div class=\"qode-bct-post-date entry_date updated\" itemprop=\"dateCreated\">\n\t\t\t\t\t\t\t\t17\/03\/2020\t\t\t\t\t\t\t\t<meta itemprop=\"interactionCount\" content=\"UserComments: 0\"\/>\n\t\t\t\t\t\t\t<\/div>\n\t\t\t\t\t\t<\/div>\n\t\t\t\t\t<\/div>\n\t\t\t\t\t\t\t\t\t\t\t\t<div class=\"qode-bct-post\">\n\t\t\t\t\t\t\t\t\t\t\t\t\t<div class=\"qode-bct-post-image\">\n\t\t\t\t\t\t\t\t<a href=\"https:\/\/www.sugranyes.com\/es\/2020\/03\/real-decreto-463-2020-de-14-de-marzo-por-el-que-se-declara-el-estado-de-alarma\/\" itemprop=\"url\">\n\t\t\t\t\t\t\t\t\t<img loading=\"lazy\" decoding=\"async\" width=\"800\" height=\"600\" src=\"https:\/\/www.sugranyes.com\/wp-content\/uploads\/2020\/03\/estado-alarma-boe-800x600.jpg\" class=\"attachment-portfolio-landscape size-portfolio-landscape wp-post-image\" alt=\"Boe Estado de Alarma\" \/>\t\t\t\t\t\t\t\t<\/a>\n\t\t\t\t\t\t\t<\/div>\n\t\t\t\t\t\t\t\t\t\t\t\t<div class=\"qode-bct-post-text\">\n\t\t\t\t\t\t\t<h3 class=\"qode-bct-post-title entry_title\" itemprop=\"name\">\n\t\t\t\t\t\t\t\t<a href=\"https:\/\/www.sugranyes.com\/es\/2020\/03\/real-decreto-463-2020-de-14-de-marzo-por-el-que-se-declara-el-estado-de-alarma\/\" itemprop=\"url\">Real Decreto 463\/2020, de 14 de marzo, por el que se declara el estado de alarma<\/a>\n\t\t\t\t\t\t\t<\/h3>\n\t\t\t\t\t\t\t\t\t\t\t\t\t\t<p itemprop=\"description\" class = \"qode-bct-post-excerpt\"> Compartimos el Real Decreto 463\/2020, de 14 de marzo, por el que se declara el estado de alarma para la gesti\u00f3n de la situaci\u00f3n de crisis sanitaria ocasionada por el COVID-19....<\/p>\n\t\t\t\t\t\t\t<div class=\"qode-bct-post-date entry_date updated\" itemprop=\"dateCreated\">\n\t\t\t\t\t\t\t\t16\/03\/2020\t\t\t\t\t\t\t\t<meta itemprop=\"interactionCount\" content=\"UserComments: 0\"\/>\n\t\t\t\t\t\t\t<\/div>\n\t\t\t\t\t\t<\/div>\n\t\t\t\t\t<\/div>\n\t\t\t\t\t\t\t\t\t\t\t\t<div class=\"qode-bct-post\">\n\t\t\t\t\t\t\t\t\t\t\t\t\t<div class=\"qode-bct-post-image\">\n\t\t\t\t\t\t\t\t<a href=\"https:\/\/www.sugranyes.com\/es\/2020\/03\/informacion-para-empresas-sobre-el-coronavirus\/\" itemprop=\"url\">\n\t\t\t\t\t\t\t\t\t<img loading=\"lazy\" decoding=\"async\" width=\"800\" height=\"600\" src=\"https:\/\/www.sugranyes.com\/wp-content\/uploads\/2020\/03\/coronavirus-800x600.jpg\" class=\"attachment-portfolio-landscape size-portfolio-landscape wp-post-image\" alt=\"\" \/>\t\t\t\t\t\t\t\t<\/a>\n\t\t\t\t\t\t\t<\/div>\n\t\t\t\t\t\t\t\t\t\t\t\t<div class=\"qode-bct-post-text\">\n\t\t\t\t\t\t\t<h3 class=\"qode-bct-post-title entry_title\" itemprop=\"name\">\n\t\t\t\t\t\t\t\t<a href=\"https:\/\/www.sugranyes.com\/es\/2020\/03\/informacion-para-empresas-sobre-el-coronavirus\/\" itemprop=\"url\">Informaci\u00f3n para empresas sobre el coronavirus<\/a>\n\t\t\t\t\t\t\t<\/h3>\n\t\t\t\t\t\t\t\t\t\t\t\t\t\t<p itemprop=\"description\" class = \"qode-bct-post-excerpt\"> En relaci\u00f3n al coronavirus SARS-CoV-2, le aportamos unas medidas que creemos necesarias comunicar a nuestros clientes, informaci\u00f3n basada con el GENCAT y el MINISTERIO DE inclusiones, SEGURIDAD SOCI...<\/p>\n\t\t\t\t\t\t\t<div class=\"qode-bct-post-date entry_date updated\" itemprop=\"dateCreated\">\n\t\t\t\t\t\t\t\t12\/03\/2020\t\t\t\t\t\t\t\t<meta itemprop=\"interactionCount\" content=\"UserComments: 0\"\/>\n\t\t\t\t\t\t\t<\/div>\n\t\t\t\t\t\t<\/div>\n\t\t\t\t\t<\/div>\n\t\t\t\t\t\t\t\t\t\t\t\t<div class=\"qode-bct-post\">\n\t\t\t\t\t\t\t\t\t\t\t\t\t<div class=\"qode-bct-post-image\">\n\t\t\t\t\t\t\t\t<a href=\"https:\/\/www.sugranyes.com\/es\/2020\/03\/sentencia-tjue-sobre-el-indice-irph\/\" itemprop=\"url\">\n\t\t\t\t\t\t\t\t\t<img loading=\"lazy\" decoding=\"async\" width=\"800\" height=\"600\" src=\"https:\/\/www.sugranyes.com\/wp-content\/uploads\/2020\/03\/courte-justice-europeene-cedric-flickr.jpg\" class=\"attachment-portfolio-landscape size-portfolio-landscape wp-post-image\" alt=\"court de justice europ\u00e9ene, foto de C\u00e9dric a Flickr\" srcset=\"https:\/\/www.sugranyes.com\/wp-content\/uploads\/2020\/03\/courte-justice-europeene-cedric-flickr.jpg 800w, https:\/\/www.sugranyes.com\/wp-content\/uploads\/2020\/03\/courte-justice-europeene-cedric-flickr-300x225.jpg 300w, https:\/\/www.sugranyes.com\/wp-content\/uploads\/2020\/03\/courte-justice-europeene-cedric-flickr-768x576.jpg 768w, https:\/\/www.sugranyes.com\/wp-content\/uploads\/2020\/03\/courte-justice-europeene-cedric-flickr-700x525.jpg 700w\" sizes=\"(max-width: 800px) 100vw, 800px\" \/>\t\t\t\t\t\t\t\t<\/a>\n\t\t\t\t\t\t\t<\/div>\n\t\t\t\t\t\t\t\t\t\t\t\t<div class=\"qode-bct-post-text\">\n\t\t\t\t\t\t\t<h3 class=\"qode-bct-post-title entry_title\" itemprop=\"name\">\n\t\t\t\t\t\t\t\t<a href=\"https:\/\/www.sugranyes.com\/es\/2020\/03\/sentencia-tjue-sobre-el-indice-irph\/\" itemprop=\"url\">Sentencia TJUE sobre el \u00edndice IRPH<\/a>\n\t\t\t\t\t\t\t<\/h3>\n\t\t\t\t\t\t\t\t\t\t\t\t\t\t<p itemprop=\"description\" class = \"qode-bct-post-excerpt\"> La sentencia del TJUE de fecha 3 de marzo de 2020, dictada en el asunto C-125\/2018, caso G\u00f3mez del Moral, sobre el \u00edndice IRPH hace que ahora s\u00ed es oportuno reclamar esta cl\u00e1usula a los bancos....<\/p>\n\t\t\t\t\t\t\t<div class=\"qode-bct-post-date entry_date updated\" itemprop=\"dateCreated\">\n\t\t\t\t\t\t\t\t09\/03\/2020\t\t\t\t\t\t\t\t<meta itemprop=\"interactionCount\" content=\"UserComments: 0\"\/>\n\t\t\t\t\t\t\t<\/div>\n\t\t\t\t\t\t<\/div>\n\t\t\t\t\t<\/div>\n\t\t\t\t\t\t\t\t\t\t\t\t<div class=\"qode-bct-post\">\n\t\t\t\t\t\t\t\t\t\t\t\t\t<div class=\"qode-bct-post-image\">\n\t\t\t\t\t\t\t\t<a href=\"https:\/\/www.sugranyes.com\/es\/2020\/03\/el-iva-en-las-operaciones-comerciales-fallidas\/\" itemprop=\"url\">\n\t\t\t\t\t\t\t\t\t<img loading=\"lazy\" decoding=\"async\" width=\"800\" height=\"600\" src=\"https:\/\/www.sugranyes.com\/wp-content\/uploads\/2020\/03\/iva-op-comercials-fallides-800x600.jpg\" class=\"attachment-portfolio-landscape size-portfolio-landscape wp-post-image\" alt=\"\" \/>\t\t\t\t\t\t\t\t<\/a>\n\t\t\t\t\t\t\t<\/div>\n\t\t\t\t\t\t\t\t\t\t\t\t<div class=\"qode-bct-post-text\">\n\t\t\t\t\t\t\t<h3 class=\"qode-bct-post-title entry_title\" itemprop=\"name\">\n\t\t\t\t\t\t\t\t<a href=\"https:\/\/www.sugranyes.com\/es\/2020\/03\/el-iva-en-las-operaciones-comerciales-fallidas\/\" itemprop=\"url\">El IVA en las operaciones comerciales fallidas<\/a>\n\t\t\t\t\t\t\t<\/h3>\n\t\t\t\t\t\t\t\t\t\t\t\t\t\t<p itemprop=\"description\" class = \"qode-bct-post-excerpt\"> En caso de impago de una factura, hay que estar atentos para recuperar el IVA previamente ingresado a la AEAT. \u00bfC\u00f3mo?...<\/p>\n\t\t\t\t\t\t\t<div class=\"qode-bct-post-date entry_date updated\" itemprop=\"dateCreated\">\n\t\t\t\t\t\t\t\t03\/03\/2020\t\t\t\t\t\t\t\t<meta itemprop=\"interactionCount\" content=\"UserComments: 0\"\/>\n\t\t\t\t\t\t\t<\/div>\n\t\t\t\t\t\t<\/div>\n\t\t\t\t\t<\/div>\n\t\t\t\t\t\t\t\t\t\t\t\t<div class=\"qode-bct-post\">\n\t\t\t\t\t\t\t\t\t\t\t\t\t<div class=\"qode-bct-post-image\">\n\t\t\t\t\t\t\t\t<a href=\"https:\/\/www.sugranyes.com\/es\/2019\/12\/aun-estas-a-tiempo-de-tomar-decisiones-para-rebajar-el-irpf-de-tu-declaracion-de-la-renta\/\" itemprop=\"url\">\n\t\t\t\t\t\t\t\t\t<img loading=\"lazy\" decoding=\"async\" width=\"800\" height=\"600\" src=\"https:\/\/www.sugranyes.com\/wp-content\/uploads\/2019\/12\/di-si-800x600.jpg\" class=\"attachment-portfolio-landscape size-portfolio-landscape wp-post-image\" alt=\"\" \/>\t\t\t\t\t\t\t\t<\/a>\n\t\t\t\t\t\t\t<\/div>\n\t\t\t\t\t\t\t\t\t\t\t\t<div class=\"qode-bct-post-text\">\n\t\t\t\t\t\t\t<h3 class=\"qode-bct-post-title entry_title\" itemprop=\"name\">\n\t\t\t\t\t\t\t\t<a href=\"https:\/\/www.sugranyes.com\/es\/2019\/12\/aun-estas-a-tiempo-de-tomar-decisiones-para-rebajar-el-irpf-de-tu-declaracion-de-la-renta\/\" itemprop=\"url\">A\u00fan est\u00e1s a tiempo de tomar decisiones para rebajar el IRPF de tu declaraci\u00f3n de la renta<\/a>\n\t\t\t\t\t\t\t<\/h3>\n\t\t\t\t\t\t\t\t\t\t\t\t\t\t<p itemprop=\"description\" class = \"qode-bct-post-excerpt\"> Desde el equipo SUGRANYES queremos contribuir a intentar rebajar su declaraci\u00f3n de IRPF \u00bfC\u00f3mo ? Haciendo aportaciones a planes de pensiones Haciendo aportaciones a planes de previsi\u00f3n sociales a f...<\/p>\n\t\t\t\t\t\t\t<div class=\"qode-bct-post-date entry_date updated\" itemprop=\"dateCreated\">\n\t\t\t\t\t\t\t\t18\/12\/2019\t\t\t\t\t\t\t\t<meta itemprop=\"interactionCount\" content=\"UserComments: 0\"\/>\n\t\t\t\t\t\t\t<\/div>\n\t\t\t\t\t\t<\/div>\n\t\t\t\t\t<\/div>\n\t\t\t\t\t\t\t\t\t\t\t\t<div class=\"qode-bct-post\">\n\t\t\t\t\t\t\t\t\t\t\t\t\t<div class=\"qode-bct-post-image\">\n\t\t\t\t\t\t\t\t<a href=\"https:\/\/www.sugranyes.com\/es\/2019\/12\/novedades-para-las-administraciones-publicas-modelo-645\/\" itemprop=\"url\">\n\t\t\t\t\t\t\t\t\t<img loading=\"lazy\" decoding=\"async\" width=\"513\" height=\"342\" src=\"https:\/\/www.sugranyes.com\/wp-content\/uploads\/2019\/12\/modelo-645-administracion-publica.jpg\" class=\"attachment-portfolio-landscape size-portfolio-landscape wp-post-image\" alt=\"\" srcset=\"https:\/\/www.sugranyes.com\/wp-content\/uploads\/2019\/12\/modelo-645-administracion-publica.jpg 513w, https:\/\/www.sugranyes.com\/wp-content\/uploads\/2019\/12\/modelo-645-administracion-publica-300x200.jpg 300w\" sizes=\"(max-width: 513px) 100vw, 513px\" \/>\t\t\t\t\t\t\t\t<\/a>\n\t\t\t\t\t\t\t<\/div>\n\t\t\t\t\t\t\t\t\t\t\t\t<div class=\"qode-bct-post-text\">\n\t\t\t\t\t\t\t<h3 class=\"qode-bct-post-title entry_title\" itemprop=\"name\">\n\t\t\t\t\t\t\t\t<a href=\"https:\/\/www.sugranyes.com\/es\/2019\/12\/novedades-para-las-administraciones-publicas-modelo-645\/\" itemprop=\"url\">Novedades para las administraciones p\u00fablicas &#8211; modelo 645<\/a>\n\t\t\t\t\t\t\t<\/h3>\n\t\t\t\t\t\t\t\t\t\t\t\t\t\t<p itemprop=\"description\" class = \"qode-bct-post-excerpt\"> El pasado 11\/25\/2019 fue aprobado el nuevo modelo 645 de comunicaci\u00f3n de datos de las concesiones administrativas y otros actos o negocios admnistratius equiparados otorgados por las administraciones...<\/p>\n\t\t\t\t\t\t\t<div class=\"qode-bct-post-date entry_date updated\" itemprop=\"dateCreated\">\n\t\t\t\t\t\t\t\t18\/12\/2019\t\t\t\t\t\t\t\t<meta itemprop=\"interactionCount\" content=\"UserComments: 0\"\/>\n\t\t\t\t\t\t\t<\/div>\n\t\t\t\t\t\t<\/div>\n\t\t\t\t\t<\/div>\n\t\t\t\t\t\t\t\t\t\t\t\t<div class=\"qode-bct-post\">\n\t\t\t\t\t\t\t\t\t\t\t\t\t<div class=\"qode-bct-post-image\">\n\t\t\t\t\t\t\t\t<a href=\"https:\/\/www.sugranyes.com\/es\/2019\/10\/tienes-hipoteca-indice-irph\/\" itemprop=\"url\">\n\t\t\t\t\t\t\t\t\t<img loading=\"lazy\" decoding=\"async\" width=\"600\" height=\"600\" src=\"https:\/\/www.sugranyes.com\/wp-content\/uploads\/2019\/10\/Opi-Sugranyes-IRPH-2019-600x600.jpg\" class=\"attachment-portfolio-landscape size-portfolio-landscape wp-post-image\" alt=\"hipoteca irph\" srcset=\"https:\/\/www.sugranyes.com\/wp-content\/uploads\/2019\/10\/Opi-Sugranyes-IRPH-2019-600x600.jpg 600w, https:\/\/www.sugranyes.com\/wp-content\/uploads\/2019\/10\/Opi-Sugranyes-IRPH-2019-150x150.jpg 150w, https:\/\/www.sugranyes.com\/wp-content\/uploads\/2019\/10\/Opi-Sugranyes-IRPH-2019-570x570.jpg 570w, https:\/\/www.sugranyes.com\/wp-content\/uploads\/2019\/10\/Opi-Sugranyes-IRPH-2019-500x500.jpg 500w\" sizes=\"(max-width: 600px) 100vw, 600px\" \/>\t\t\t\t\t\t\t\t<\/a>\n\t\t\t\t\t\t\t<\/div>\n\t\t\t\t\t\t\t\t\t\t\t\t<div class=\"qode-bct-post-text\">\n\t\t\t\t\t\t\t<h3 class=\"qode-bct-post-title entry_title\" itemprop=\"name\">\n\t\t\t\t\t\t\t\t<a href=\"https:\/\/www.sugranyes.com\/es\/2019\/10\/tienes-hipoteca-indice-irph\/\" itemprop=\"url\">Tienes hipoteca \u00edndice IRPH?<\/a>\n\t\t\t\t\t\t\t<\/h3>\n\t\t\t\t\t\t\t\t\t\t\t\t\t\t<p itemprop=\"description\" class = \"qode-bct-post-excerpt\"> Tienes hipoteca \u00edndice IRPH? Estudio previo y primera consulta con nuestros abogados gratuita. Cons\u00faltenos al 977 23 38 06 o por correo a info@sugranyes.com...<\/p>\n\t\t\t\t\t\t\t<div class=\"qode-bct-post-date entry_date updated\" itemprop=\"dateCreated\">\n\t\t\t\t\t\t\t\t02\/10\/2019\t\t\t\t\t\t\t\t<meta itemprop=\"interactionCount\" content=\"UserComments: 0\"\/>\n\t\t\t\t\t\t\t<\/div>\n\t\t\t\t\t\t<\/div>\n\t\t\t\t\t<\/div>\n\t\t\t\t\t\t\t\t\t\t\t\t<div class=\"qode-bct-post\">\n\t\t\t\t\t\t\t\t\t\t\t\t\t<div class=\"qode-bct-post-image\">\n\t\t\t\t\t\t\t\t<a href=\"https:\/\/www.sugranyes.com\/es\/2019\/09\/google-y-el-derecho-al-ovido-que-ha-pasado\/\" itemprop=\"url\">\n\t\t\t\t\t\t\t\t\t<img loading=\"lazy\" decoding=\"async\" width=\"800\" height=\"600\" src=\"https:\/\/www.sugranyes.com\/wp-content\/uploads\/2019\/09\/google-800x600.jpg\" class=\"attachment-portfolio-landscape size-portfolio-landscape wp-post-image\" alt=\"google\" \/>\t\t\t\t\t\t\t\t<\/a>\n\t\t\t\t\t\t\t<\/div>\n\t\t\t\t\t\t\t\t\t\t\t\t<div class=\"qode-bct-post-text\">\n\t\t\t\t\t\t\t<h3 class=\"qode-bct-post-title entry_title\" itemprop=\"name\">\n\t\t\t\t\t\t\t\t<a href=\"https:\/\/www.sugranyes.com\/es\/2019\/09\/google-y-el-derecho-al-ovido-que-ha-pasado\/\" itemprop=\"url\">Google y el derecho al ovido. \u00bfQu\u00e9 ha pasado?<\/a>\n\t\t\t\t\t\t\t<\/h3>\n\t\t\t\t\t\t\t\t\t\t\t\t\t\t<p itemprop=\"description\" class = \"qode-bct-post-excerpt\"> Google s\u00f3lo estar\u00e1 obligado a retirar los enlaces que un ciudadano pida a los estados de la Uni\u00f3n Europea, no para todo el mundo....<\/p>\n\t\t\t\t\t\t\t<div class=\"qode-bct-post-date entry_date updated\" itemprop=\"dateCreated\">\n\t\t\t\t\t\t\t\t27\/09\/2019\t\t\t\t\t\t\t\t<meta itemprop=\"interactionCount\" content=\"UserComments: 0\"\/>\n\t\t\t\t\t\t\t<\/div>\n\t\t\t\t\t\t<\/div>\n\t\t\t\t\t<\/div>\n\t\t\t\t\t\t\t\t\t\t\t\t<div class=\"qode-bct-post\">\n\t\t\t\t\t\t\t\t\t\t\t\t\t<div class=\"qode-bct-post-image\">\n\t\t\t\t\t\t\t\t<a href=\"https:\/\/www.sugranyes.com\/es\/2019\/09\/el-supremo-decreta-que-la-banca-no-podra-ejecutar-las-hipotecas-hasta-las-12-cuotas-de-impago\/\" itemprop=\"url\">\n\t\t\t\t\t\t\t\t\t<img loading=\"lazy\" decoding=\"async\" width=\"800\" height=\"600\" src=\"https:\/\/www.sugranyes.com\/wp-content\/uploads\/2019\/09\/sentencia-tribunal-Sentencia-463-2019-11-septiembre-800x600.jpg\" class=\"attachment-portfolio-landscape size-portfolio-landscape wp-post-image\" alt=\"\" \/>\t\t\t\t\t\t\t\t<\/a>\n\t\t\t\t\t\t\t<\/div>\n\t\t\t\t\t\t\t\t\t\t\t\t<div class=\"qode-bct-post-text\">\n\t\t\t\t\t\t\t<h3 class=\"qode-bct-post-title entry_title\" itemprop=\"name\">\n\t\t\t\t\t\t\t\t<a href=\"https:\/\/www.sugranyes.com\/es\/2019\/09\/el-supremo-decreta-que-la-banca-no-podra-ejecutar-las-hipotecas-hasta-las-12-cuotas-de-impago\/\" itemprop=\"url\">El Supremo decreta que la banca no podr\u00e1 ejecutar las hipotecas hasta las 12 cuotas de impago<\/a>\n\t\t\t\t\t\t\t<\/h3>\n\t\t\t\t\t\t\t\t\t\t\t\t\t\t<p itemprop=\"description\" class = \"qode-bct-post-excerpt\"> El pleno de la Sala Civil del Tribunal Supremo ha dictado por unanimidad una interpretaci\u00f3n de la jurisprudencia en el \u00e1mbito de las ejecuciones hipotecarias que tendr\u00e1 un impacto en miles de consu...<\/p>\n\t\t\t\t\t\t\t<div class=\"qode-bct-post-date entry_date updated\" itemprop=\"dateCreated\">\n\t\t\t\t\t\t\t\t24\/09\/2019\t\t\t\t\t\t\t\t<meta itemprop=\"interactionCount\" content=\"UserComments: 0\"\/>\n\t\t\t\t\t\t\t<\/div>\n\t\t\t\t\t\t<\/div>\n\t\t\t\t\t<\/div>\n\t\t\t\t\t\t\t\t\t\t\t\t<div class=\"qode-bct-post\">\n\t\t\t\t\t\t\t\t\t\t\t\t\t<div class=\"qode-bct-post-image\">\n\t\t\t\t\t\t\t\t<a href=\"https:\/\/www.sugranyes.com\/es\/2019\/09\/i-r-p-h-posible-futura-nulidad-del-indice-el-abogado-general-del-t-j-u-e-se-posiciona-nuevamente-a-favor-de-los-consumidores\/\" itemprop=\"url\">\n\t\t\t\t\t\t\t\t\t<img loading=\"lazy\" decoding=\"async\" width=\"800\" height=\"600\" src=\"https:\/\/www.sugranyes.com\/wp-content\/uploads\/2019\/09\/TJUE-abogado-general-Maciej-Szpunar-800x600.jpg\" class=\"attachment-portfolio-landscape size-portfolio-landscape wp-post-image\" alt=\"Maciej Szpunar\" \/>\t\t\t\t\t\t\t\t<\/a>\n\t\t\t\t\t\t\t<\/div>\n\t\t\t\t\t\t\t\t\t\t\t\t<div class=\"qode-bct-post-text\">\n\t\t\t\t\t\t\t<h3 class=\"qode-bct-post-title entry_title\" itemprop=\"name\">\n\t\t\t\t\t\t\t\t<a href=\"https:\/\/www.sugranyes.com\/es\/2019\/09\/i-r-p-h-posible-futura-nulidad-del-indice-el-abogado-general-del-t-j-u-e-se-posiciona-nuevamente-a-favor-de-los-consumidores\/\" itemprop=\"url\">I.R.P.H. Posible futura nulidad del \u00cdndice. El abogado General del T.J.U.E. se posiciona nuevamente a favor de los consumidores<\/a>\n\t\t\t\t\t\t\t<\/h3>\n\t\t\t\t\t\t\t\t\t\t\t\t\t\t<p itemprop=\"description\" class = \"qode-bct-post-excerpt\"> Noticia esperanzadora para todos los titulares de pr\u00e9stamos hipotecarios con \u00edndice de referencia I.R.P.H....<\/p>\n\t\t\t\t\t\t\t<div class=\"qode-bct-post-date entry_date updated\" itemprop=\"dateCreated\">\n\t\t\t\t\t\t\t\t16\/09\/2019\t\t\t\t\t\t\t\t<meta itemprop=\"interactionCount\" content=\"UserComments: 0\"\/>\n\t\t\t\t\t\t\t<\/div>\n\t\t\t\t\t\t<\/div>\n\t\t\t\t\t<\/div>\n\t\t\t\t\t\t\t\t\t\t\t\t<div class=\"qode-bct-post\">\n\t\t\t\t\t\t\t\t\t\t\t\t\t<div class=\"qode-bct-post-image\">\n\t\t\t\t\t\t\t\t<a href=\"https:\/\/www.sugranyes.com\/es\/2019\/09\/desgravan-o-no-desgravan-los-donativos-a-colegios-concertados\/\" itemprop=\"url\">\n\t\t\t\t\t\t\t\t\t<img loading=\"lazy\" decoding=\"async\" width=\"800\" height=\"600\" src=\"https:\/\/www.sugranyes.com\/wp-content\/uploads\/2019\/09\/escuela-800x600.jpg\" class=\"attachment-portfolio-landscape size-portfolio-landscape wp-post-image\" alt=\"\" \/>\t\t\t\t\t\t\t\t<\/a>\n\t\t\t\t\t\t\t<\/div>\n\t\t\t\t\t\t\t\t\t\t\t\t<div class=\"qode-bct-post-text\">\n\t\t\t\t\t\t\t<h3 class=\"qode-bct-post-title entry_title\" itemprop=\"name\">\n\t\t\t\t\t\t\t\t<a href=\"https:\/\/www.sugranyes.com\/es\/2019\/09\/desgravan-o-no-desgravan-los-donativos-a-colegios-concertados\/\" itemprop=\"url\">\u00bfDesgravan o no desgravan los donativos a colegios concertados?<\/a>\n\t\t\t\t\t\t\t<\/h3>\n\t\t\t\t\t\t\t\t\t\t\t\t\t\t<p itemprop=\"description\" class = \"qode-bct-post-excerpt\"> Los donativos que hacen padres y madres a las fundaciones de los colegios son deducibles de cara del Impuesto de la Renta de las Personas F\u00edsicas o no?...<\/p>\n\t\t\t\t\t\t\t<div class=\"qode-bct-post-date entry_date updated\" itemprop=\"dateCreated\">\n\t\t\t\t\t\t\t\t12\/09\/2019\t\t\t\t\t\t\t\t<meta itemprop=\"interactionCount\" content=\"UserComments: 0\"\/>\n\t\t\t\t\t\t\t<\/div>\n\t\t\t\t\t\t<\/div>\n\t\t\t\t\t<\/div>\n\t\t\t\t\t\t\t\t\t\t\t\t<div class=\"qode-bct-post\">\n\t\t\t\t\t\t\t\t\t\t\t\t\t<div class=\"qode-bct-post-image\">\n\t\t\t\t\t\t\t\t<a href=\"https:\/\/www.sugranyes.com\/es\/2019\/09\/las-personas-fisicas-profesionales-deben-constar-en-el-registro-mercantil\/\" itemprop=\"url\">\n\t\t\t\t\t\t\t\t\t<img loading=\"lazy\" decoding=\"async\" width=\"800\" height=\"600\" src=\"https:\/\/www.sugranyes.com\/wp-content\/uploads\/2019\/09\/leyes-blanqueo-capital-800x600.jpg\" class=\"attachment-portfolio-landscape size-portfolio-landscape wp-post-image\" alt=\"\" \/>\t\t\t\t\t\t\t\t<\/a>\n\t\t\t\t\t\t\t<\/div>\n\t\t\t\t\t\t\t\t\t\t\t\t<div class=\"qode-bct-post-text\">\n\t\t\t\t\t\t\t<h3 class=\"qode-bct-post-title entry_title\" itemprop=\"name\">\n\t\t\t\t\t\t\t\t<a href=\"https:\/\/www.sugranyes.com\/es\/2019\/09\/las-personas-fisicas-profesionales-deben-constar-en-el-registro-mercantil\/\" itemprop=\"url\">Las personas f\u00edsicas profesionales deben constar en el Registro Mercantil<\/a>\n\t\t\t\t\t\t\t<\/h3>\n\t\t\t\t\t\t\t\t\t\t\t\t\t\t<p itemprop=\"description\" class = \"qode-bct-post-excerpt\"> \u00bfTe afecta la ley de prevenci\u00f3n del blanqueo de capitales y financiaci\u00f3n del terrorismo? \u00bfQui\u00e9n debe darse de alta en el registro mercantil?...<\/p>\n\t\t\t\t\t\t\t<div class=\"qode-bct-post-date entry_date updated\" itemprop=\"dateCreated\">\n\t\t\t\t\t\t\t\t07\/09\/2019\t\t\t\t\t\t\t\t<meta itemprop=\"interactionCount\" content=\"UserComments: 0\"\/>\n\t\t\t\t\t\t\t<\/div>\n\t\t\t\t\t\t<\/div>\n\t\t\t\t\t<\/div>\n\t\t\t\t\t\t\t\t\t\t\t\t<div class=\"qode-bct-post\">\n\t\t\t\t\t\t\t\t\t\t\t\t\t<div class=\"qode-bct-post-image\">\n\t\t\t\t\t\t\t\t<a href=\"https:\/\/www.sugranyes.com\/es\/2019\/09\/que-es-el-legal-entity-identifier-codigo-lei\/\" itemprop=\"url\">\n\t\t\t\t\t\t\t\t\t<img loading=\"lazy\" decoding=\"async\" width=\"800\" height=\"600\" src=\"https:\/\/www.sugranyes.com\/wp-content\/uploads\/2019\/09\/codigo-lei-800x600.jpg\" class=\"attachment-portfolio-landscape size-portfolio-landscape wp-post-image\" alt=\"huella de pie y de pneum\u00e1tico sobre la arena del desierto\" \/>\t\t\t\t\t\t\t\t<\/a>\n\t\t\t\t\t\t\t<\/div>\n\t\t\t\t\t\t\t\t\t\t\t\t<div class=\"qode-bct-post-text\">\n\t\t\t\t\t\t\t<h3 class=\"qode-bct-post-title entry_title\" itemprop=\"name\">\n\t\t\t\t\t\t\t\t<a href=\"https:\/\/www.sugranyes.com\/es\/2019\/09\/que-es-el-legal-entity-identifier-codigo-lei\/\" itemprop=\"url\">\u00bfQu\u00e9 es el legal entity identifier &#8211; C\u00f3digo lei?<\/a>\n\t\t\t\t\t\t\t<\/h3>\n\t\t\t\t\t\t\t\t\t\t\t\t\t\t<p itemprop=\"description\" class = \"qode-bct-post-excerpt\"> Tras la crisis de Lehman Brothers y su dificultad para conocer exactamente las interdependencias que exist\u00edan dentro del propio mercado financiero, el G20 puso en marcha el proyecto del C\u00f3digo Lei (...<\/p>\n\t\t\t\t\t\t\t<div class=\"qode-bct-post-date entry_date updated\" itemprop=\"dateCreated\">\n\t\t\t\t\t\t\t\t06\/09\/2019\t\t\t\t\t\t\t\t<meta itemprop=\"interactionCount\" content=\"UserComments: 0\"\/>\n\t\t\t\t\t\t\t<\/div>\n\t\t\t\t\t\t<\/div>\n\t\t\t\t\t<\/div>\n\t\t\t\t\t\t\t\t\t\t\t\t<div class=\"qode-bct-post\">\n\t\t\t\t\t\t\t\t\t\t\t\t\t<div class=\"qode-bct-post-image\">\n\t\t\t\t\t\t\t\t<a href=\"https:\/\/www.sugranyes.com\/es\/2019\/06\/tacografo-digital\/\" itemprop=\"url\">\n\t\t\t\t\t\t\t\t\t<img loading=\"lazy\" decoding=\"async\" width=\"800\" height=\"600\" src=\"https:\/\/www.sugranyes.com\/wp-content\/uploads\/2019\/06\/tacograf-digital-800x600.jpg\" class=\"attachment-portfolio-landscape size-portfolio-landscape wp-post-image\" alt=\"tac\u00f2graf digital\" \/>\t\t\t\t\t\t\t\t<\/a>\n\t\t\t\t\t\t\t<\/div>\n\t\t\t\t\t\t\t\t\t\t\t\t<div class=\"qode-bct-post-text\">\n\t\t\t\t\t\t\t<h3 class=\"qode-bct-post-title entry_title\" itemprop=\"name\">\n\t\t\t\t\t\t\t\t<a href=\"https:\/\/www.sugranyes.com\/es\/2019\/06\/tacografo-digital\/\" itemprop=\"url\">Tac\u00f3grafo digital<\/a>\n\t\t\t\t\t\t\t<\/h3>\n\t\t\t\t\t\t\t\t\t\t\t\t\t\t<p itemprop=\"description\" class = \"qode-bct-post-excerpt\"> Tramitamos la solicitud, expedici\u00f3n y sustituci\u00f3n de tarjetas necesarias para los conductores de este tipo de autobuses y camiones de carga....<\/p>\n\t\t\t\t\t\t\t<div class=\"qode-bct-post-date entry_date updated\" itemprop=\"dateCreated\">\n\t\t\t\t\t\t\t\t07\/06\/2019\t\t\t\t\t\t\t\t<meta itemprop=\"interactionCount\" content=\"UserComments: 0\"\/>\n\t\t\t\t\t\t\t<\/div>\n\t\t\t\t\t\t<\/div>\n\t\t\t\t\t<\/div>\n\t\t\t\t\t\t\t\t\t\t\t\t<div class=\"qode-bct-post\">\n\t\t\t\t\t\t\t\t\t\t\t\t\t<div class=\"qode-bct-post-image\">\n\t\t\t\t\t\t\t\t<a href=\"https:\/\/www.sugranyes.com\/es\/2019\/05\/com-funciona-el-nou-decret-legislatiu-que-regula-els-preus-del-lloguer\/\" itemprop=\"url\">\n\t\t\t\t\t\t\t\t\t<img loading=\"lazy\" decoding=\"async\" width=\"800\" height=\"600\" src=\"https:\/\/www.sugranyes.com\/wp-content\/uploads\/2019\/05\/llaves-alquiler-800x600.jpg\" class=\"attachment-portfolio-landscape size-portfolio-landscape wp-post-image\" alt=\"\" \/>\t\t\t\t\t\t\t\t<\/a>\n\t\t\t\t\t\t\t<\/div>\n\t\t\t\t\t\t\t\t\t\t\t\t<div class=\"qode-bct-post-text\">\n\t\t\t\t\t\t\t<h3 class=\"qode-bct-post-title entry_title\" itemprop=\"name\">\n\t\t\t\t\t\t\t\t<a href=\"https:\/\/www.sugranyes.com\/es\/2019\/05\/com-funciona-el-nou-decret-legislatiu-que-regula-els-preus-del-lloguer\/\" itemprop=\"url\">C\u00f3mo funciona el nuevo Decreto Legislativo que regula los precios del alquiler?<\/a>\n\t\t\t\t\t\t\t<\/h3>\n\t\t\t\t\t\t\t\t\t\t\t\t\t\t<p itemprop=\"description\" class = \"qode-bct-post-excerpt\"> A quins tipus de contracte afecta? I si ja tens el pis llogat? Que passa amb els habitatges nous?...<\/p>\n\t\t\t\t\t\t\t<div class=\"qode-bct-post-date entry_date updated\" itemprop=\"dateCreated\">\n\t\t\t\t\t\t\t\t27\/05\/2019\t\t\t\t\t\t\t\t<meta itemprop=\"interactionCount\" content=\"UserComments: 0\"\/>\n\t\t\t\t\t\t\t<\/div>\n\t\t\t\t\t\t<\/div>\n\t\t\t\t\t<\/div>\n\t\t\t\t\t\t\t\t\t\t\t\t<div class=\"qode-bct-post\">\n\t\t\t\t\t\t\t\t\t\t\t\t\t<div class=\"qode-bct-post-image\">\n\t\t\t\t\t\t\t\t<a href=\"https:\/\/www.sugranyes.com\/es\/2019\/04\/control-gestion-de-horarios-obligatorio-a-todas-las-empresas-con-trabajadores-12-05-2019\/\" itemprop=\"url\">\n\t\t\t\t\t\t\t\t\t<img loading=\"lazy\" decoding=\"async\" width=\"800\" height=\"600\" src=\"https:\/\/www.sugranyes.com\/wp-content\/uploads\/2019\/04\/control-horario-800x600.jpg\" class=\"attachment-portfolio-landscape size-portfolio-landscape wp-post-image\" alt=\"control horari treballadors\" \/>\t\t\t\t\t\t\t\t<\/a>\n\t\t\t\t\t\t\t<\/div>\n\t\t\t\t\t\t\t\t\t\t\t\t<div class=\"qode-bct-post-text\">\n\t\t\t\t\t\t\t<h3 class=\"qode-bct-post-title entry_title\" itemprop=\"name\">\n\t\t\t\t\t\t\t\t<a href=\"https:\/\/www.sugranyes.com\/es\/2019\/04\/control-gestion-de-horarios-obligatorio-a-todas-las-empresas-con-trabajadores-12-05-2019\/\" itemprop=\"url\">Control gesti\u00f3n de horarios obligatorio a todas las empresas con trabajadores 12-05-2019<\/a>\n\t\t\t\t\t\t\t<\/h3>\n\t\t\t\t\t\t\t\t\t\t\t\t\t\t<p itemprop=\"description\" class = \"qode-bct-post-excerpt\"> Facilitamos a las empresas garantizar el registro diario de sus trabajadores incluyendo el horario concreto de inicio y finalizaci\u00f3n de la jornada de cada persona....<\/p>\n\t\t\t\t\t\t\t<div class=\"qode-bct-post-date entry_date updated\" itemprop=\"dateCreated\">\n\t\t\t\t\t\t\t\t24\/04\/2019\t\t\t\t\t\t\t\t<meta itemprop=\"interactionCount\" content=\"UserComments: 0\"\/>\n\t\t\t\t\t\t\t<\/div>\n\t\t\t\t\t\t<\/div>\n\t\t\t\t\t<\/div>\n\t\t\t\t\t\t\t\t\t\t\t\t<div class=\"qode-bct-post\">\n\t\t\t\t\t\t\t\t\t\t\t\t\t<div class=\"qode-bct-post-image\">\n\t\t\t\t\t\t\t\t<a href=\"https:\/\/www.sugranyes.com\/es\/2019\/04\/hasta-8-semanas-de-permiso-de-paternidad-2019\/\" itemprop=\"url\">\n\t\t\t\t\t\t\t\t\t<img loading=\"lazy\" decoding=\"async\" width=\"800\" height=\"600\" src=\"https:\/\/www.sugranyes.com\/wp-content\/uploads\/2019\/03\/dad-800x600.jpg\" class=\"attachment-portfolio-landscape size-portfolio-landscape wp-post-image\" alt=\"\" \/>\t\t\t\t\t\t\t\t<\/a>\n\t\t\t\t\t\t\t<\/div>\n\t\t\t\t\t\t\t\t\t\t\t\t<div class=\"qode-bct-post-text\">\n\t\t\t\t\t\t\t<h3 class=\"qode-bct-post-title entry_title\" itemprop=\"name\">\n\t\t\t\t\t\t\t\t<a href=\"https:\/\/www.sugranyes.com\/es\/2019\/04\/hasta-8-semanas-de-permiso-de-paternidad-2019\/\" itemprop=\"url\">Hasta 8 semanas de permiso de paternidad 2019<\/a>\n\t\t\t\t\t\t\t<\/h3>\n\t\t\t\t\t\t\t\t\t\t\t\t\t\t<p itemprop=\"description\" class = \"qode-bct-post-excerpt\"> El permiso de paternidad pasa a ser de cinco a ocho semanas en 2019 y va aumentando hasta 16 semanas en 2021. El RD 6\/2019 del 1 de marzo se su disposici\u00f3n transitoria novena especifica como este inc...<\/p>\n\t\t\t\t\t\t\t<div class=\"qode-bct-post-date entry_date updated\" itemprop=\"dateCreated\">\n\t\t\t\t\t\t\t\t01\/04\/2019\t\t\t\t\t\t\t\t<meta itemprop=\"interactionCount\" content=\"UserComments: 0\"\/>\n\t\t\t\t\t\t\t<\/div>\n\t\t\t\t\t\t<\/div>\n\t\t\t\t\t<\/div>\n\t\t\t\t\t\t\t\t\t\t\t\t<div class=\"qode-bct-post\">\n\t\t\t\t\t\t\t\t\t\t\t\t\t<div class=\"qode-bct-post-image\">\n\t\t\t\t\t\t\t\t<a href=\"https:\/\/www.sugranyes.com\/es\/2019\/03\/puntos-clave-de-la-nueva-reforma-laboral\/\" itemprop=\"url\">\n\t\t\t\t\t\t\t\t\t<img loading=\"lazy\" decoding=\"async\" width=\"800\" height=\"600\" src=\"https:\/\/www.sugranyes.com\/wp-content\/uploads\/2019\/03\/puntos-clave-reforma-laboral-800x600.jpg\" class=\"attachment-portfolio-landscape size-portfolio-landscape wp-post-image\" alt=\"\" \/>\t\t\t\t\t\t\t\t<\/a>\n\t\t\t\t\t\t\t<\/div>\n\t\t\t\t\t\t\t\t\t\t\t\t<div class=\"qode-bct-post-text\">\n\t\t\t\t\t\t\t<h3 class=\"qode-bct-post-title entry_title\" itemprop=\"name\">\n\t\t\t\t\t\t\t\t<a href=\"https:\/\/www.sugranyes.com\/es\/2019\/03\/puntos-clave-de-la-nueva-reforma-laboral\/\" itemprop=\"url\">Puntos clave de la nueva reforma laboral<\/a>\n\t\t\t\t\t\t\t<\/h3>\n\t\t\t\t\t\t\t\t\t\t\t\t\t\t<p itemprop=\"description\" class = \"qode-bct-post-excerpt\"> Se incrementa sustancialmente el SMI hasta los 900 euros. Existe un nuevo Salario M\u00ednimo Interprofesional de 900\u20ac, es decir, 30\u20ac\/d\u00eda. No se podr\u00e1 establecer, por la jornada completa, un salario...<\/p>\n\t\t\t\t\t\t\t<div class=\"qode-bct-post-date entry_date updated\" itemprop=\"dateCreated\">\n\t\t\t\t\t\t\t\t28\/03\/2019\t\t\t\t\t\t\t\t<meta itemprop=\"interactionCount\" content=\"UserComments: 0\"\/>\n\t\t\t\t\t\t\t<\/div>\n\t\t\t\t\t\t<\/div>\n\t\t\t\t\t<\/div>\n\t\t\t\t\t\t\t\t\t\t\t\t<div class=\"qode-bct-post\">\n\t\t\t\t\t\t\t\t\t\t\t\t\t<div class=\"qode-bct-post-image\">\n\t\t\t\t\t\t\t\t<a href=\"https:\/\/www.sugranyes.com\/es\/2019\/03\/me-puedo-deducir-todos-los-gastos-de-un-piso-de-alquiler\/\" itemprop=\"url\">\n\t\t\t\t\t\t\t\t\t<img loading=\"lazy\" decoding=\"async\" width=\"800\" height=\"600\" src=\"https:\/\/www.sugranyes.com\/wp-content\/uploads\/2019\/03\/apartamentos-800x600.jpg\" class=\"attachment-portfolio-landscape size-portfolio-landscape wp-post-image\" alt=\"\" \/>\t\t\t\t\t\t\t\t<\/a>\n\t\t\t\t\t\t\t<\/div>\n\t\t\t\t\t\t\t\t\t\t\t\t<div class=\"qode-bct-post-text\">\n\t\t\t\t\t\t\t<h3 class=\"qode-bct-post-title entry_title\" itemprop=\"name\">\n\t\t\t\t\t\t\t\t<a href=\"https:\/\/www.sugranyes.com\/es\/2019\/03\/me-puedo-deducir-todos-los-gastos-de-un-piso-de-alquiler\/\" itemprop=\"url\">Me puedo deducir todos los gastos de un piso de alquiler?<\/a>\n\t\t\t\t\t\t\t<\/h3>\n\t\t\t\t\t\t\t\t\t\t\t\t\t\t<p itemprop=\"description\" class = \"qode-bct-post-excerpt\"> Cu\u00e1les son los gastos que se pueden desgravar en el Impuesto sobre la Renta de las Personas F\u00edsicas?...<\/p>\n\t\t\t\t\t\t\t<div class=\"qode-bct-post-date entry_date updated\" itemprop=\"dateCreated\">\n\t\t\t\t\t\t\t\t25\/03\/2019\t\t\t\t\t\t\t\t<meta itemprop=\"interactionCount\" content=\"UserComments: 0\"\/>\n\t\t\t\t\t\t\t<\/div>\n\t\t\t\t\t\t<\/div>\n\t\t\t\t\t<\/div>\n\t\t\t\t\t\t\t\t\t\t\t\t<div class=\"qode-bct-post\">\n\t\t\t\t\t\t\t\t\t\t\t\t\t<div class=\"qode-bct-post-image\">\n\t\t\t\t\t\t\t\t<a href=\"https:\/\/www.sugranyes.com\/es\/2019\/03\/ya-estan-disponibles-los-datos-fiscales-de-2018\/\" itemprop=\"url\">\n\t\t\t\t\t\t\t\t\t<img loading=\"lazy\" decoding=\"async\" width=\"800\" height=\"600\" src=\"https:\/\/www.sugranyes.com\/wp-content\/uploads\/2019\/03\/model-irpf-2018-800x600.jpg\" class=\"attachment-portfolio-landscape size-portfolio-landscape wp-post-image\" alt=\"model irpf 2018\" \/>\t\t\t\t\t\t\t\t<\/a>\n\t\t\t\t\t\t\t<\/div>\n\t\t\t\t\t\t\t\t\t\t\t\t<div class=\"qode-bct-post-text\">\n\t\t\t\t\t\t\t<h3 class=\"qode-bct-post-title entry_title\" itemprop=\"name\">\n\t\t\t\t\t\t\t\t<a href=\"https:\/\/www.sugranyes.com\/es\/2019\/03\/ya-estan-disponibles-los-datos-fiscales-de-2018\/\" itemprop=\"url\">Ya est\u00e1n disponibles los datos fiscales de 2018<\/a>\n\t\t\t\t\t\t\t<\/h3>\n\t\t\t\t\t\t\t\t\t\t\t\t\t\t<p itemprop=\"description\" class = \"qode-bct-post-excerpt\"> A partir de hoy ya se pueden consultar los datos fiscales aunque el periodo de presentaci\u00f3n de las declaraciones es a partir del 2 de abril de 2019. Pueden acudir a nuestros asesores fiscales para tr...<\/p>\n\t\t\t\t\t\t\t<div class=\"qode-bct-post-date entry_date updated\" itemprop=\"dateCreated\">\n\t\t\t\t\t\t\t\t15\/03\/2019\t\t\t\t\t\t\t\t<meta itemprop=\"interactionCount\" content=\"UserComments: 0\"\/>\n\t\t\t\t\t\t\t<\/div>\n\t\t\t\t\t\t<\/div>\n\t\t\t\t\t<\/div>\n\t\t\t\t\t\t\t\t\t\t\t\t<div class=\"qode-bct-post\">\n\t\t\t\t\t\t\t\t\t\t\t\t\t<div class=\"qode-bct-post-image\">\n\t\t\t\t\t\t\t\t<a href=\"https:\/\/www.sugranyes.com\/es\/2019\/03\/obligados-a-fichar-en-el-trabajo\/\" itemprop=\"url\">\n\t\t\t\t\t\t\t\t\t<img loading=\"lazy\" decoding=\"async\" width=\"800\" height=\"600\" src=\"https:\/\/www.sugranyes.com\/wp-content\/uploads\/2019\/03\/reloj-800x600.jpg\" class=\"attachment-portfolio-landscape size-portfolio-landscape wp-post-image\" alt=\"\" \/>\t\t\t\t\t\t\t\t<\/a>\n\t\t\t\t\t\t\t<\/div>\n\t\t\t\t\t\t\t\t\t\t\t\t<div class=\"qode-bct-post-text\">\n\t\t\t\t\t\t\t<h3 class=\"qode-bct-post-title entry_title\" itemprop=\"name\">\n\t\t\t\t\t\t\t\t<a href=\"https:\/\/www.sugranyes.com\/es\/2019\/03\/obligados-a-fichar-en-el-trabajo\/\" itemprop=\"url\">Obligados a fichar en el trabajo<\/a>\n\t\t\t\t\t\t\t<\/h3>\n\t\t\t\t\t\t\t\t\t\t\t\t\t\t<p itemprop=\"description\" class = \"qode-bct-post-excerpt\"> Las empresas est\u00e1n obligadas a garantizar el registro diario de sus trabajadores incluyendo el horario concreto de inicio y finalizaci\u00f3n de la jornada de cada persona. Siempre y cuando, no perjudiqu...<\/p>\n\t\t\t\t\t\t\t<div class=\"qode-bct-post-date entry_date updated\" itemprop=\"dateCreated\">\n\t\t\t\t\t\t\t\t14\/03\/2019\t\t\t\t\t\t\t\t<meta itemprop=\"interactionCount\" content=\"UserComments: 0\"\/>\n\t\t\t\t\t\t\t<\/div>\n\t\t\t\t\t\t<\/div>\n\t\t\t\t\t<\/div>\n\t\t\t\t\t\t\t\t\t\t\t\t<div class=\"qode-bct-post\">\n\t\t\t\t\t\t\t\t\t\t\t\t\t<div class=\"qode-bct-post-image\">\n\t\t\t\t\t\t\t\t<a href=\"https:\/\/www.sugranyes.com\/es\/2019\/03\/la-ley-de-proteccion-de-datos-y-los-centros-educativos\/\" itemprop=\"url\">\n\t\t\t\t\t\t\t\t\t<img loading=\"lazy\" decoding=\"async\" width=\"800\" height=\"600\" src=\"https:\/\/www.sugranyes.com\/wp-content\/uploads\/2019\/03\/gdpr-800x600.jpg\" class=\"attachment-portfolio-landscape size-portfolio-landscape wp-post-image\" alt=\"\" \/>\t\t\t\t\t\t\t\t<\/a>\n\t\t\t\t\t\t\t<\/div>\n\t\t\t\t\t\t\t\t\t\t\t\t<div class=\"qode-bct-post-text\">\n\t\t\t\t\t\t\t<h3 class=\"qode-bct-post-title entry_title\" itemprop=\"name\">\n\t\t\t\t\t\t\t\t<a href=\"https:\/\/www.sugranyes.com\/es\/2019\/03\/la-ley-de-proteccion-de-datos-y-los-centros-educativos\/\" itemprop=\"url\">La ley de protecci\u00f3n de datos y los centros educativos<\/a>\n\t\t\t\t\t\t\t<\/h3>\n\t\t\t\t\t\t\t\t\t\t\t\t\t\t<p itemprop=\"description\" class = \"qode-bct-post-excerpt\"> \u00bfEst\u00e1s centro educativo? A estas alturas probablemente sabes que la RGPD incorpora muchas novedades ... te hacemos un peque\u00f1o resumen....<\/p>\n\t\t\t\t\t\t\t<div class=\"qode-bct-post-date entry_date updated\" itemprop=\"dateCreated\">\n\t\t\t\t\t\t\t\t13\/03\/2019\t\t\t\t\t\t\t\t<meta itemprop=\"interactionCount\" content=\"UserComments: 0\"\/>\n\t\t\t\t\t\t\t<\/div>\n\t\t\t\t\t\t<\/div>\n\t\t\t\t\t<\/div>\n\t\t\t\t\t\t\t\t\t\t\t\t<div class=\"qode-bct-post\">\n\t\t\t\t\t\t\t\t\t\t\t\t\t<div class=\"qode-bct-post-image\">\n\t\t\t\t\t\t\t\t<a href=\"https:\/\/www.sugranyes.com\/es\/2019\/02\/que-es-el-modelo-347\/\" itemprop=\"url\">\n\t\t\t\t\t\t\t\t\t<img loading=\"lazy\" decoding=\"async\" width=\"800\" height=\"600\" src=\"https:\/\/www.sugranyes.com\/wp-content\/uploads\/2019\/02\/modelo-347-800x600.jpg\" class=\"attachment-portfolio-landscape size-portfolio-landscape wp-post-image\" alt=\"captura de pantalla modelo 347\" \/>\t\t\t\t\t\t\t\t<\/a>\n\t\t\t\t\t\t\t<\/div>\n\t\t\t\t\t\t\t\t\t\t\t\t<div class=\"qode-bct-post-text\">\n\t\t\t\t\t\t\t<h3 class=\"qode-bct-post-title entry_title\" itemprop=\"name\">\n\t\t\t\t\t\t\t\t<a href=\"https:\/\/www.sugranyes.com\/es\/2019\/02\/que-es-el-modelo-347\/\" itemprop=\"url\">\u00bfQu\u00e9 es el modelo 347?<\/a>\n\t\t\t\t\t\t\t<\/h3>\n\t\t\t\t\t\t\t\t\t\t\t\t\t\t<p itemprop=\"description\" class = \"qode-bct-post-excerpt\"> Se abre el plazo para poder presentar el modelo 347. \u00bfC\u00f3mo podemos saber si yo como peque\u00f1o empresario estoy obligado a presentarlo?...<\/p>\n\t\t\t\t\t\t\t<div class=\"qode-bct-post-date entry_date updated\" itemprop=\"dateCreated\">\n\t\t\t\t\t\t\t\t22\/02\/2019\t\t\t\t\t\t\t\t<meta itemprop=\"interactionCount\" content=\"UserComments: 0\"\/>\n\t\t\t\t\t\t\t<\/div>\n\t\t\t\t\t\t<\/div>\n\t\t\t\t\t<\/div>\n\t\t\t\t\t\t\t\t\t\t\t\t<div class=\"qode-bct-post\">\n\t\t\t\t\t\t\t\t\t\t\t\t\t<div class=\"qode-bct-post-image\">\n\t\t\t\t\t\t\t\t<a href=\"https:\/\/www.sugranyes.com\/es\/2019\/02\/novedades-de-la-transposicion-de-la-directiva-2014-95-en-el-derecho-societario-y-contable\/\" itemprop=\"url\">\n\t\t\t\t\t\t\t\t\t<img loading=\"lazy\" decoding=\"async\" width=\"800\" height=\"600\" src=\"https:\/\/www.sugranyes.com\/wp-content\/uploads\/2019\/02\/derecho-comercio-800x600.jpg\" class=\"attachment-portfolio-landscape size-portfolio-landscape wp-post-image\" alt=\"\" \/>\t\t\t\t\t\t\t\t<\/a>\n\t\t\t\t\t\t\t<\/div>\n\t\t\t\t\t\t\t\t\t\t\t\t<div class=\"qode-bct-post-text\">\n\t\t\t\t\t\t\t<h3 class=\"qode-bct-post-title entry_title\" itemprop=\"name\">\n\t\t\t\t\t\t\t\t<a href=\"https:\/\/www.sugranyes.com\/es\/2019\/02\/novedades-de-la-transposicion-de-la-directiva-2014-95-en-el-derecho-societario-y-contable\/\" itemprop=\"url\">Novedades de la transposici\u00f3n de la directiva 2014\/95 en el derecho societario y contable<\/a>\n\t\t\t\t\t\t\t<\/h3>\n\t\t\t\t\t\t\t\t\t\t\t\t\t\t<p itemprop=\"description\" class = \"qode-bct-post-excerpt\"> Con la aprobaci\u00f3n el 28 de diciembre de 2018 de la ley 11\/2018, se modifica el C\u00f3digo de Comercio, la Ley de Sociedades de Capital y la Ley de Auditor\u00eda de Cuentas. La ley mencionada viene a transp...<\/p>\n\t\t\t\t\t\t\t<div class=\"qode-bct-post-date entry_date updated\" itemprop=\"dateCreated\">\n\t\t\t\t\t\t\t\t06\/02\/2019\t\t\t\t\t\t\t\t<meta itemprop=\"interactionCount\" content=\"UserComments: 0\"\/>\n\t\t\t\t\t\t\t<\/div>\n\t\t\t\t\t\t<\/div>\n\t\t\t\t\t<\/div>\n\t\t\t\t\t\t\t\t\t\t\t\t<div class=\"qode-bct-post\">\n\t\t\t\t\t\t\t\t\t\t\t\t\t<div class=\"qode-bct-post-image\">\n\t\t\t\t\t\t\t\t<a href=\"https:\/\/www.sugranyes.com\/es\/2019\/01\/revolucion-hipotecaria-a-partir-de-marzo-del-2019\/\" itemprop=\"url\">\n\t\t\t\t\t\t\t\t\t<img loading=\"lazy\" decoding=\"async\" width=\"800\" height=\"600\" src=\"https:\/\/www.sugranyes.com\/wp-content\/uploads\/2019\/01\/banco-800x600.jpg\" class=\"attachment-portfolio-landscape size-portfolio-landscape wp-post-image\" alt=\"persona andando por la calle\" \/>\t\t\t\t\t\t\t\t<\/a>\n\t\t\t\t\t\t\t<\/div>\n\t\t\t\t\t\t\t\t\t\t\t\t<div class=\"qode-bct-post-text\">\n\t\t\t\t\t\t\t<h3 class=\"qode-bct-post-title entry_title\" itemprop=\"name\">\n\t\t\t\t\t\t\t\t<a href=\"https:\/\/www.sugranyes.com\/es\/2019\/01\/revolucion-hipotecaria-a-partir-de-marzo-del-2019\/\" itemprop=\"url\">Revoluci\u00f3n hipotecaria a partir de marzo del 2019<\/a>\n\t\t\t\t\t\t\t<\/h3>\n\t\t\t\t\t\t\t\t\t\t\t\t\t\t<p itemprop=\"description\" class = \"qode-bct-post-excerpt\"> Parec\u00eda casi imposible que en una reforma sobre la ley hipotecaria ser\u00eda el cliente que saldr\u00eda beneficiado y no el banco. A partir de marzo de 2019 los bancos tendr\u00e1n la obligaci\u00f3n de ser m\u00e1s t...<\/p>\n\t\t\t\t\t\t\t<div class=\"qode-bct-post-date entry_date updated\" itemprop=\"dateCreated\">\n\t\t\t\t\t\t\t\t28\/01\/2019\t\t\t\t\t\t\t\t<meta itemprop=\"interactionCount\" content=\"UserComments: 0\"\/>\n\t\t\t\t\t\t\t<\/div>\n\t\t\t\t\t\t<\/div>\n\t\t\t\t\t<\/div>\n\t\t\t\t\t\t\t\t\t\t\t\t<div class=\"qode-bct-post\">\n\t\t\t\t\t\t\t\t\t\t\t\t\t<div class=\"qode-bct-post-image\">\n\t\t\t\t\t\t\t\t<a href=\"https:\/\/www.sugranyes.com\/es\/2019\/01\/novedades-en-materia-de-proteccion-de-datos\/\" itemprop=\"url\">\n\t\t\t\t\t\t\t\t\t<img loading=\"lazy\" decoding=\"async\" width=\"800\" height=\"600\" src=\"https:\/\/www.sugranyes.com\/wp-content\/uploads\/2019\/01\/lopdgdd-800x600.jpg\" class=\"attachment-portfolio-landscape size-portfolio-landscape wp-post-image\" alt=\"c\u00e0meres de seguretat\" \/>\t\t\t\t\t\t\t\t<\/a>\n\t\t\t\t\t\t\t<\/div>\n\t\t\t\t\t\t\t\t\t\t\t\t<div class=\"qode-bct-post-text\">\n\t\t\t\t\t\t\t<h3 class=\"qode-bct-post-title entry_title\" itemprop=\"name\">\n\t\t\t\t\t\t\t\t<a href=\"https:\/\/www.sugranyes.com\/es\/2019\/01\/novedades-en-materia-de-proteccion-de-datos\/\" itemprop=\"url\">Novedades en materia de protecci\u00f3n de datos<\/a>\n\t\t\t\t\t\t\t<\/h3>\n\t\t\t\t\t\t\t\t\t\t\t\t\t\t<p itemprop=\"description\" class = \"qode-bct-post-excerpt\"> \u00bfSu empresa est\u00e1 obligada a designar un Delegado de Protecci\u00f3n de Datos? \u00bfComo lo puedo saber? En este escrito encontrar\u00e1s todas las respuestas....<\/p>\n\t\t\t\t\t\t\t<div class=\"qode-bct-post-date entry_date updated\" itemprop=\"dateCreated\">\n\t\t\t\t\t\t\t\t26\/01\/2019\t\t\t\t\t\t\t\t<meta itemprop=\"interactionCount\" content=\"UserComments: 0\"\/>\n\t\t\t\t\t\t\t<\/div>\n\t\t\t\t\t\t<\/div>\n\t\t\t\t\t<\/div>\n\t\t\t\t\t\t\t\t\t\t\t\t<div class=\"qode-bct-post\">\n\t\t\t\t\t\t\t\t\t\t\t\t\t<div class=\"qode-bct-post-image\">\n\t\t\t\t\t\t\t\t<a href=\"https:\/\/www.sugranyes.com\/es\/2019\/01\/que-es-el-pla-vea-2019\/\" itemprop=\"url\">\n\t\t\t\t\t\t\t\t\t<img loading=\"lazy\" decoding=\"async\" width=\"800\" height=\"600\" src=\"https:\/\/www.sugranyes.com\/wp-content\/uploads\/2019\/01\/recarrega-cotxe-electric-800x600.jpg\" class=\"attachment-portfolio-landscape size-portfolio-landscape wp-post-image\" alt=\"\" \/>\t\t\t\t\t\t\t\t<\/a>\n\t\t\t\t\t\t\t<\/div>\n\t\t\t\t\t\t\t\t\t\t\t\t<div class=\"qode-bct-post-text\">\n\t\t\t\t\t\t\t<h3 class=\"qode-bct-post-title entry_title\" itemprop=\"name\">\n\t\t\t\t\t\t\t\t<a href=\"https:\/\/www.sugranyes.com\/es\/2019\/01\/que-es-el-pla-vea-2019\/\" itemprop=\"url\">\u00bfQu\u00e9 es el Plan VEA 2019?<\/a>\n\t\t\t\t\t\t\t<\/h3>\n\t\t\t\t\t\t\t\t\t\t\t\t\t\t<p itemprop=\"description\" class = \"qode-bct-post-excerpt\"> EL principal objetivo del Plan VEA 2019 es renovar el parque automovil\u00edstico de todo el Estado con la llegada de coches que utilicen energ\u00edas alternativas y est\u00e9n m\u00e1s comprometidos con el medio am...<\/p>\n\t\t\t\t\t\t\t<div class=\"qode-bct-post-date entry_date updated\" itemprop=\"dateCreated\">\n\t\t\t\t\t\t\t\t23\/01\/2019\t\t\t\t\t\t\t\t<meta itemprop=\"interactionCount\" content=\"UserComments: 0\"\/>\n\t\t\t\t\t\t\t<\/div>\n\t\t\t\t\t\t<\/div>\n\t\t\t\t\t<\/div>\n\t\t\t\t\t\t\t\t\t\t\t\t<div class=\"qode-bct-post\">\n\t\t\t\t\t\t\t\t\t\t\t\t\t<div class=\"qode-bct-post-image\">\n\t\t\t\t\t\t\t\t<a href=\"https:\/\/www.sugranyes.com\/es\/2019\/01\/el-tribunal-suprem-empara-el-dret-a-loblit-digital-enfront-a-la-llibertat-dinformacio\/\" itemprop=\"url\">\n\t\t\t\t\t\t\t\t\t<img loading=\"lazy\" decoding=\"async\" width=\"800\" height=\"600\" src=\"https:\/\/www.sugranyes.com\/wp-content\/uploads\/2019\/01\/privacitat-info-800x600.jpg\" class=\"attachment-portfolio-landscape size-portfolio-landscape wp-post-image\" alt=\"\" \/>\t\t\t\t\t\t\t\t<\/a>\n\t\t\t\t\t\t\t<\/div>\n\t\t\t\t\t\t\t\t\t\t\t\t<div class=\"qode-bct-post-text\">\n\t\t\t\t\t\t\t<h3 class=\"qode-bct-post-title entry_title\" itemprop=\"name\">\n\t\t\t\t\t\t\t\t<a href=\"https:\/\/www.sugranyes.com\/es\/2019\/01\/el-tribunal-suprem-empara-el-dret-a-loblit-digital-enfront-a-la-llibertat-dinformacio\/\" itemprop=\"url\">El Tribunal Supremo ampara el derecho al olvido digital frente a la libertad de informaci\u00f3n<\/a>\n\t\t\t\t\t\t\t<\/h3>\n\t\t\t\t\t\t\t\t\t\t\t\t\t\t<p itemprop=\"description\" class = \"qode-bct-post-excerpt\"> El pasado 11 de enero de 2019 la Sala de lo Contencioso-Administrativo del Tribunal Supremo desestim\u00f3 el recurso de casaci\u00f3n interpuesto por Google contra una sentencia de la Audiencia Nacional de 2...<\/p>\n\t\t\t\t\t\t\t<div class=\"qode-bct-post-date entry_date updated\" itemprop=\"dateCreated\">\n\t\t\t\t\t\t\t\t22\/01\/2019\t\t\t\t\t\t\t\t<meta itemprop=\"interactionCount\" content=\"UserComments: 0\"\/>\n\t\t\t\t\t\t\t<\/div>\n\t\t\t\t\t\t<\/div>\n\t\t\t\t\t<\/div>\n\t\t\t\t\t\t\t\t\t\t\t\t<div class=\"qode-bct-post\">\n\t\t\t\t\t\t\t\t\t\t\t\t\t<div class=\"qode-bct-post-image\">\n\t\t\t\t\t\t\t\t<a href=\"https:\/\/www.sugranyes.com\/es\/2018\/12\/los-policias-locales-podran-reducir-la-edad-de-jubilacion-con-nuevos-correctores\/\" itemprop=\"url\">\n\t\t\t\t\t\t\t\t\t<img loading=\"lazy\" decoding=\"async\" width=\"800\" height=\"600\" src=\"https:\/\/www.sugranyes.com\/wp-content\/uploads\/2018\/12\/sirena-coche-policia-800x600.jpg\" class=\"attachment-portfolio-landscape size-portfolio-landscape wp-post-image\" alt=\"Sirena coche polic\u00eda\" \/>\t\t\t\t\t\t\t\t<\/a>\n\t\t\t\t\t\t\t<\/div>\n\t\t\t\t\t\t\t\t\t\t\t\t<div class=\"qode-bct-post-text\">\n\t\t\t\t\t\t\t<h3 class=\"qode-bct-post-title entry_title\" itemprop=\"name\">\n\t\t\t\t\t\t\t\t<a href=\"https:\/\/www.sugranyes.com\/es\/2018\/12\/los-policias-locales-podran-reducir-la-edad-de-jubilacion-con-nuevos-correctores\/\" itemprop=\"url\">Los polic\u00edas locales podr\u00e1n reducir la edad de jubilaci\u00f3n con nuevos correctores<\/a>\n\t\t\t\t\t\t\t<\/h3>\n\t\t\t\t\t\t\t\t\t\t\t\t\t\t<p itemprop=\"description\" class = \"qode-bct-post-excerpt\"> A partir del 2 de enero de 2019 se har\u00e1 efectivo la nueva aprobaci\u00f3n del Real Decreto 1449\/2018 donde se establece el coeficiente reductor de la edad de jubilaci\u00f3n a favor de los polic\u00edas locales ...<\/p>\n\t\t\t\t\t\t\t<div class=\"qode-bct-post-date entry_date updated\" itemprop=\"dateCreated\">\n\t\t\t\t\t\t\t\t31\/12\/2018\t\t\t\t\t\t\t\t<meta itemprop=\"interactionCount\" content=\"UserComments: 0\"\/>\n\t\t\t\t\t\t\t<\/div>\n\t\t\t\t\t\t<\/div>\n\t\t\t\t\t<\/div>\n\t\t\t\t\t\t\t\t\t\t\t\t<div class=\"qode-bct-post\">\n\t\t\t\t\t\t\t\t\t\t\t\t\t<div class=\"qode-bct-post-image\">\n\t\t\t\t\t\t\t\t<a href=\"https:\/\/www.sugranyes.com\/es\/2018\/12\/ano-nuevo-vida-nueva\/\" itemprop=\"url\">\n\t\t\t\t\t\t\t\t\t<img loading=\"lazy\" decoding=\"async\" width=\"800\" height=\"600\" src=\"https:\/\/www.sugranyes.com\/wp-content\/uploads\/2018\/12\/any-nou-vida-nova-800x600.jpg\" class=\"attachment-portfolio-landscape size-portfolio-landscape wp-post-image\" alt=\"\" \/>\t\t\t\t\t\t\t\t<\/a>\n\t\t\t\t\t\t\t<\/div>\n\t\t\t\t\t\t\t\t\t\t\t\t<div class=\"qode-bct-post-text\">\n\t\t\t\t\t\t\t<h3 class=\"qode-bct-post-title entry_title\" itemprop=\"name\">\n\t\t\t\t\t\t\t\t<a href=\"https:\/\/www.sugranyes.com\/es\/2018\/12\/ano-nuevo-vida-nueva\/\" itemprop=\"url\">\u00bfA\u00f1o nuevo vida nueva?<\/a>\n\t\t\t\t\t\t\t<\/h3>\n\t\t\t\t\t\t\t\t\t\t\t\t\t\t<p itemprop=\"description\" class = \"qode-bct-post-excerpt\"> Quien dice a\u00f1o nuevo vida nueva no es aut\u00f3nomo o peque\u00f1o empresario. Existen una gran cantidad de impuestos y regularizaciones que se presentar\u00e1n durante el primer mes del ejercicio. Hasta el 30 d...<\/p>\n\t\t\t\t\t\t\t<div class=\"qode-bct-post-date entry_date updated\" itemprop=\"dateCreated\">\n\t\t\t\t\t\t\t\t27\/12\/2018\t\t\t\t\t\t\t\t<meta itemprop=\"interactionCount\" content=\"UserComments: 0\"\/>\n\t\t\t\t\t\t\t<\/div>\n\t\t\t\t\t\t<\/div>\n\t\t\t\t\t<\/div>\n\t\t\t\t\t\t\t\t\t\t\t\t<div class=\"qode-bct-post\">\n\t\t\t\t\t\t\t\t\t\t\t\t\t<div class=\"qode-bct-post-image\">\n\t\t\t\t\t\t\t\t<a href=\"https:\/\/www.sugranyes.com\/es\/2018\/12\/lagencia-tributaria-augmenta-fins-a-10-000e-les-quantitats-exemptes-dirpf-en-loteria\/\" itemprop=\"url\">\n\t\t\t\t\t\t\t\t\t<img loading=\"lazy\" decoding=\"async\" width=\"800\" height=\"600\" src=\"https:\/\/www.sugranyes.com\/wp-content\/uploads\/2018\/12\/loteria-navidad-800x600.jpg\" class=\"attachment-portfolio-landscape size-portfolio-landscape wp-post-image\" alt=\"bolas loter\u00eda\" \/>\t\t\t\t\t\t\t\t<\/a>\n\t\t\t\t\t\t\t<\/div>\n\t\t\t\t\t\t\t\t\t\t\t\t<div class=\"qode-bct-post-text\">\n\t\t\t\t\t\t\t<h3 class=\"qode-bct-post-title entry_title\" itemprop=\"name\">\n\t\t\t\t\t\t\t\t<a href=\"https:\/\/www.sugranyes.com\/es\/2018\/12\/lagencia-tributaria-augmenta-fins-a-10-000e-les-quantitats-exemptes-dirpf-en-loteria\/\" itemprop=\"url\">La Agencia Tributaria aumenta hasta 10.000 \u20ac las cantidades exentas de IRPF en loter\u00eda<\/a>\n\t\t\t\t\t\t\t<\/h3>\n\t\t\t\t\t\t\t\t\t\t\t\t\t\t<p itemprop=\"description\" class = \"qode-bct-post-excerpt\"> El pr\u00f3ximo 22 de diciembre la administraci\u00f3n de \u00abLoter\u00edas y Apuestas del Estado\u00bb vuelve con su sorteo de Navidad en el que repartir\u00e1 2.380 millones de euros en premios. Aunque los premios son lo...<\/p>\n\t\t\t\t\t\t\t<div class=\"qode-bct-post-date entry_date updated\" itemprop=\"dateCreated\">\n\t\t\t\t\t\t\t\t19\/12\/2018\t\t\t\t\t\t\t\t<meta itemprop=\"interactionCount\" content=\"UserComments: 0\"\/>\n\t\t\t\t\t\t\t<\/div>\n\t\t\t\t\t\t<\/div>\n\t\t\t\t\t<\/div>\n\t\t\t\t\t\t\t\t\t\t\t\t<div class=\"qode-bct-post\">\n\t\t\t\t\t\t\t\t\t\t\t\t\t<div class=\"qode-bct-post-image\">\n\t\t\t\t\t\t\t\t<a href=\"https:\/\/www.sugranyes.com\/es\/2018\/12\/resolucion-de-la-aepd-sobre-la-responsabilidad-de-los-auditores-de-cuentas\/\" itemprop=\"url\">\n\t\t\t\t\t\t\t\t\t<img loading=\"lazy\" decoding=\"async\" width=\"800\" height=\"600\" src=\"https:\/\/www.sugranyes.com\/wp-content\/uploads\/2018\/12\/AEPD-responsabilidad-datos-800x600.jpg\" class=\"attachment-portfolio-landscape size-portfolio-landscape wp-post-image\" alt=\"\" \/>\t\t\t\t\t\t\t\t<\/a>\n\t\t\t\t\t\t\t<\/div>\n\t\t\t\t\t\t\t\t\t\t\t\t<div class=\"qode-bct-post-text\">\n\t\t\t\t\t\t\t<h3 class=\"qode-bct-post-title entry_title\" itemprop=\"name\">\n\t\t\t\t\t\t\t\t<a href=\"https:\/\/www.sugranyes.com\/es\/2018\/12\/resolucion-de-la-aepd-sobre-la-responsabilidad-de-los-auditores-de-cuentas\/\" itemprop=\"url\">Resoluci\u00f3n de la AEPD sobre la responsabilidad de los auditores de cuentas<\/a>\n\t\t\t\t\t\t\t<\/h3>\n\t\t\t\t\t\t\t\t\t\t\t\t\t\t<p itemprop=\"description\" class = \"qode-bct-post-excerpt\"> La AEPD ha pronunciado sobre la responsabilidad de los auditores de cuentas y sociedades en el tratamiento de datos de la entidad auditada. Conoce todos los detalles en esta publicaci\u00f3n...<\/p>\n\t\t\t\t\t\t\t<div class=\"qode-bct-post-date entry_date updated\" itemprop=\"dateCreated\">\n\t\t\t\t\t\t\t\t18\/12\/2018\t\t\t\t\t\t\t\t<meta itemprop=\"interactionCount\" content=\"UserComments: 0\"\/>\n\t\t\t\t\t\t\t<\/div>\n\t\t\t\t\t\t<\/div>\n\t\t\t\t\t<\/div>\n\t\t\t\t\t\t\t\t\t\t\t\t<div class=\"qode-bct-post\">\n\t\t\t\t\t\t\t\t\t\t\t\t\t<div class=\"qode-bct-post-image\">\n\t\t\t\t\t\t\t\t<a href=\"https:\/\/www.sugranyes.com\/es\/2018\/12\/29-de-desembre-de-2018-com-a-limit-per-homologar-la-teva-maquinaria-agricola\/\" itemprop=\"url\">\n\t\t\t\t\t\t\t\t\t<img loading=\"lazy\" decoding=\"async\" width=\"800\" height=\"600\" src=\"https:\/\/www.sugranyes.com\/wp-content\/uploads\/2018\/12\/tractor-800x600.jpg\" class=\"attachment-portfolio-landscape size-portfolio-landscape wp-post-image\" alt=\"maquin\u00e0ria agr\u00edcola\" \/>\t\t\t\t\t\t\t\t<\/a>\n\t\t\t\t\t\t\t<\/div>\n\t\t\t\t\t\t\t\t\t\t\t\t<div class=\"qode-bct-post-text\">\n\t\t\t\t\t\t\t<h3 class=\"qode-bct-post-title entry_title\" itemprop=\"name\">\n\t\t\t\t\t\t\t\t<a href=\"https:\/\/www.sugranyes.com\/es\/2018\/12\/29-de-desembre-de-2018-com-a-limit-per-homologar-la-teva-maquinaria-agricola\/\" itemprop=\"url\">29 de diciembre de 2018 como l\u00edmite para homologar tu maquinaria agr\u00edcola<\/a>\n\t\t\t\t\t\t\t<\/h3>\n\t\t\t\t\t\t\t\t\t\t\t\t\t\t<p itemprop=\"description\" class = \"qode-bct-post-excerpt\"> Si sois propietarios de m\u00e1quinas agr\u00edcolas de las categor\u00edas R y S, es decir, remolques agr\u00edcolas y m\u00e1quinas remolcadas, adquiridas antes del 1 de enero de 2017 deben homologarse antes del 29 de ...<\/p>\n\t\t\t\t\t\t\t<div class=\"qode-bct-post-date entry_date updated\" itemprop=\"dateCreated\">\n\t\t\t\t\t\t\t\t05\/12\/2018\t\t\t\t\t\t\t\t<meta itemprop=\"interactionCount\" content=\"UserComments: 0\"\/>\n\t\t\t\t\t\t\t<\/div>\n\t\t\t\t\t\t<\/div>\n\t\t\t\t\t<\/div>\n\t\t\t\t\t\t\t\t\t\t\t\t<div class=\"qode-bct-post\">\n\t\t\t\t\t\t\t\t\t\t\t\t\t<div class=\"qode-bct-post-image\">\n\t\t\t\t\t\t\t\t<a href=\"https:\/\/www.sugranyes.com\/es\/2018\/12\/el-irpf-por-maternidad-se-cobrara-antes-de-abril-del-2019\/\" itemprop=\"url\">\n\t\t\t\t\t\t\t\t\t<img loading=\"lazy\" decoding=\"async\" width=\"800\" height=\"600\" src=\"https:\/\/www.sugranyes.com\/wp-content\/uploads\/2018\/12\/irpf-maternidad-800x600.jpg\" class=\"attachment-portfolio-landscape size-portfolio-landscape wp-post-image\" alt=\"irpf maternidad\" \/>\t\t\t\t\t\t\t\t<\/a>\n\t\t\t\t\t\t\t<\/div>\n\t\t\t\t\t\t\t\t\t\t\t\t<div class=\"qode-bct-post-text\">\n\t\t\t\t\t\t\t<h3 class=\"qode-bct-post-title entry_title\" itemprop=\"name\">\n\t\t\t\t\t\t\t\t<a href=\"https:\/\/www.sugranyes.com\/es\/2018\/12\/el-irpf-por-maternidad-se-cobrara-antes-de-abril-del-2019\/\" itemprop=\"url\">El IRPF por maternidad se cobrar\u00e1 antes de abril del 2019<\/a>\n\t\t\t\t\t\t\t<\/h3>\n\t\t\t\t\t\t\t\t\t\t\t\t\t\t<p itemprop=\"description\" class = \"qode-bct-post-excerpt\"> Este lunes 3 de diciembre de 2018 la Agencia Tributaria pone a la disposici\u00f3n de los contribuyentes el formulario para poder reclamar el IRPF pagado de las prestaciones de maternidad y paternidad rec...<\/p>\n\t\t\t\t\t\t\t<div class=\"qode-bct-post-date entry_date updated\" itemprop=\"dateCreated\">\n\t\t\t\t\t\t\t\t03\/12\/2018\t\t\t\t\t\t\t\t<meta itemprop=\"interactionCount\" content=\"UserComments: 0\"\/>\n\t\t\t\t\t\t\t<\/div>\n\t\t\t\t\t\t<\/div>\n\t\t\t\t\t<\/div>\n\t\t\t\t\t\t\t\t\t\t\t\t<div class=\"qode-bct-post\">\n\t\t\t\t\t\t\t\t\t\t\t\t\t<div class=\"qode-bct-post-image\">\n\t\t\t\t\t\t\t\t<a href=\"https:\/\/www.sugranyes.com\/es\/2018\/11\/la-cuota-de-autonomos-se-incrementa-en-63e-anuales\/\" itemprop=\"url\">\n\t\t\t\t\t\t\t\t\t<img loading=\"lazy\" decoding=\"async\" width=\"800\" height=\"600\" src=\"https:\/\/www.sugranyes.com\/wp-content\/uploads\/2018\/11\/diners-800x600.jpg\" class=\"attachment-portfolio-landscape size-portfolio-landscape wp-post-image\" alt=\"\" \/>\t\t\t\t\t\t\t\t<\/a>\n\t\t\t\t\t\t\t<\/div>\n\t\t\t\t\t\t\t\t\t\t\t\t<div class=\"qode-bct-post-text\">\n\t\t\t\t\t\t\t<h3 class=\"qode-bct-post-title entry_title\" itemprop=\"name\">\n\t\t\t\t\t\t\t\t<a href=\"https:\/\/www.sugranyes.com\/es\/2018\/11\/la-cuota-de-autonomos-se-incrementa-en-63e-anuales\/\" itemprop=\"url\">La cuota de aut\u00f3nomos se incrementa en 63\u20ac anuales<\/a>\n\t\t\t\t\t\t\t<\/h3>\n\t\t\t\t\t\t\t\t\t\t\t\t\t\t<p itemprop=\"description\" class = \"qode-bct-post-excerpt\"> Tras largas reuniones entre el Gobierno Espa\u00f1ol y las organizaciones ATA y UPTA han llegado al acuerdo del aumento de la cuota de los aut\u00f3nomos de unos 60 euros anuales a partir del 1 de enero de 20...<\/p>\n\t\t\t\t\t\t\t<div class=\"qode-bct-post-date entry_date updated\" itemprop=\"dateCreated\">\n\t\t\t\t\t\t\t\t26\/11\/2018\t\t\t\t\t\t\t\t<meta itemprop=\"interactionCount\" content=\"UserComments: 0\"\/>\n\t\t\t\t\t\t\t<\/div>\n\t\t\t\t\t\t<\/div>\n\t\t\t\t\t<\/div>\n\t\t\t\t\t\t\t\t\t\t\t\t<div class=\"qode-bct-post\">\n\t\t\t\t\t\t\t\t\t\t\t\t\t<div class=\"qode-bct-post-image\">\n\t\t\t\t\t\t\t\t<a href=\"https:\/\/www.sugranyes.com\/es\/2018\/11\/augmenta-12-mesos-dimpagament-per-a-que-es-pugui-efectuar-un-desnonament\/\" itemprop=\"url\">\n\t\t\t\t\t\t\t\t\t<img loading=\"lazy\" decoding=\"async\" width=\"800\" height=\"600\" src=\"https:\/\/www.sugranyes.com\/wp-content\/uploads\/2018\/11\/desnonament-800x600.jpg\" class=\"attachment-portfolio-landscape size-portfolio-landscape wp-post-image\" alt=\"\" \/>\t\t\t\t\t\t\t\t<\/a>\n\t\t\t\t\t\t\t<\/div>\n\t\t\t\t\t\t\t\t\t\t\t\t<div class=\"qode-bct-post-text\">\n\t\t\t\t\t\t\t<h3 class=\"qode-bct-post-title entry_title\" itemprop=\"name\">\n\t\t\t\t\t\t\t\t<a href=\"https:\/\/www.sugranyes.com\/es\/2018\/11\/augmenta-12-mesos-dimpagament-per-a-que-es-pugui-efectuar-un-desnonament\/\" itemprop=\"url\">Aumento a 12 meses de impago para que se pueda efectuar un desahucio<\/a>\n\t\t\t\t\t\t\t<\/h3>\n\t\t\t\t\t\t\t\t\t\t\t\t\t\t<p itemprop=\"description\" class = \"qode-bct-post-excerpt\"> El pasado 21 de Noviembre de 2018 se aprobaba en el Congreso que deber\u00e1n ser m\u00e1s de 12 meses de impago que los bancos puedan proceder un desahucio y no tres meses como hasta ahora. Un acuerdo que a?...<\/p>\n\t\t\t\t\t\t\t<div class=\"qode-bct-post-date entry_date updated\" itemprop=\"dateCreated\">\n\t\t\t\t\t\t\t\t26\/11\/2018\t\t\t\t\t\t\t\t<meta itemprop=\"interactionCount\" content=\"UserComments: 0\"\/>\n\t\t\t\t\t\t\t<\/div>\n\t\t\t\t\t\t<\/div>\n\t\t\t\t\t<\/div>\n\t\t\t\t\t\t\t\t\t\t\t\t<div class=\"qode-bct-post\">\n\t\t\t\t\t\t\t\t\t\t\t\t\t<div class=\"qode-bct-post-image\">\n\t\t\t\t\t\t\t\t<a href=\"https:\/\/www.sugranyes.com\/es\/2018\/11\/como-reclamar-el-irpf-pagado-en-la-percepcion-de-maternidad\/\" itemprop=\"url\">\n\t\t\t\t\t\t\t\t\t<img loading=\"lazy\" decoding=\"async\" width=\"800\" height=\"600\" src=\"https:\/\/www.sugranyes.com\/wp-content\/uploads\/2018\/10\/madre-800x600.jpg\" class=\"attachment-portfolio-landscape size-portfolio-landscape wp-post-image\" alt=\"\" \/>\t\t\t\t\t\t\t\t<\/a>\n\t\t\t\t\t\t\t<\/div>\n\t\t\t\t\t\t\t\t\t\t\t\t<div class=\"qode-bct-post-text\">\n\t\t\t\t\t\t\t<h3 class=\"qode-bct-post-title entry_title\" itemprop=\"name\">\n\t\t\t\t\t\t\t\t<a href=\"https:\/\/www.sugranyes.com\/es\/2018\/11\/como-reclamar-el-irpf-pagado-en-la-percepcion-de-maternidad\/\" itemprop=\"url\">Como reclamar el IRPF pagado en la percepci\u00f3n de maternidad?<\/a>\n\t\t\t\t\t\t\t<\/h3>\n\t\t\t\t\t\t\t\t\t\t\t\t\t\t<p itemprop=\"description\" class = \"qode-bct-post-excerpt\"> Seg\u00fan una sentencia del Tribunal Supremo, todas aquellas personas que recibieron la prestaci\u00f3n por maternidad y \/ o paternidad a partir de 2014 pueden solicitar la devoluci\u00f3n del importe tributado ...<\/p>\n\t\t\t\t\t\t\t<div class=\"qode-bct-post-date entry_date updated\" itemprop=\"dateCreated\">\n\t\t\t\t\t\t\t\t15\/11\/2018\t\t\t\t\t\t\t\t<meta itemprop=\"interactionCount\" content=\"UserComments: 0\"\/>\n\t\t\t\t\t\t\t<\/div>\n\t\t\t\t\t\t<\/div>\n\t\t\t\t\t<\/div>\n\t\t\t\t\t\t\t\t\t\t\t\t<div class=\"qode-bct-post\">\n\t\t\t\t\t\t\t\t\t\t\t\t\t<div class=\"qode-bct-post-image\">\n\t\t\t\t\t\t\t\t<a href=\"https:\/\/www.sugranyes.com\/es\/2018\/10\/que-pasa-con-el-modelo-347\/\" itemprop=\"url\">\n\t\t\t\t\t\t\t\t\t<img loading=\"lazy\" decoding=\"async\" width=\"800\" height=\"600\" src=\"https:\/\/www.sugranyes.com\/wp-content\/uploads\/2018\/10\/modelo-347-800x600.jpg\" class=\"attachment-portfolio-landscape size-portfolio-landscape wp-post-image\" alt=\"\" \/>\t\t\t\t\t\t\t\t<\/a>\n\t\t\t\t\t\t\t<\/div>\n\t\t\t\t\t\t\t\t\t\t\t\t<div class=\"qode-bct-post-text\">\n\t\t\t\t\t\t\t<h3 class=\"qode-bct-post-title entry_title\" itemprop=\"name\">\n\t\t\t\t\t\t\t\t<a href=\"https:\/\/www.sugranyes.com\/es\/2018\/10\/que-pasa-con-el-modelo-347\/\" itemprop=\"url\">\u00bfQu\u00e9 pasa con el modelo 347?<\/a>\n\t\t\t\t\t\t\t<\/h3>\n\t\t\t\t\t\t\t\t\t\t\t\t\t\t<p itemprop=\"description\" class = \"qode-bct-post-excerpt\"> El modelo 347 de Hacienda es modelo informativo que su principal objetivo es declarar a Hacienda aquellas operaciones con clientes y proveedores superiores a 3005,06 euros. De este modo Hacienda puede...<\/p>\n\t\t\t\t\t\t\t<div class=\"qode-bct-post-date entry_date updated\" itemprop=\"dateCreated\">\n\t\t\t\t\t\t\t\t25\/10\/2018\t\t\t\t\t\t\t\t<meta itemprop=\"interactionCount\" content=\"UserComments: 0\"\/>\n\t\t\t\t\t\t\t<\/div>\n\t\t\t\t\t\t<\/div>\n\t\t\t\t\t<\/div>\n\t\t\t\t\t\t\t\t\t\t\t\t<div class=\"qode-bct-post\">\n\t\t\t\t\t\t\t\t\t\t\t\t\t<div class=\"qode-bct-post-image\">\n\t\t\t\t\t\t\t\t<a href=\"https:\/\/www.sugranyes.com\/es\/2018\/04\/declaracion-de-la-renta-y-patrimonio\/\" itemprop=\"url\">\n\t\t\t\t\t\t\t\t\t<img loading=\"lazy\" decoding=\"async\" width=\"800\" height=\"600\" src=\"https:\/\/www.sugranyes.com\/wp-content\/uploads\/2018\/04\/Agencia_Tributaria-800x600.jpg\" class=\"attachment-portfolio-landscape size-portfolio-landscape wp-post-image\" alt=\"\" \/>\t\t\t\t\t\t\t\t<\/a>\n\t\t\t\t\t\t\t<\/div>\n\t\t\t\t\t\t\t\t\t\t\t\t<div class=\"qode-bct-post-text\">\n\t\t\t\t\t\t\t<h3 class=\"qode-bct-post-title entry_title\" itemprop=\"name\">\n\t\t\t\t\t\t\t\t<a href=\"https:\/\/www.sugranyes.com\/es\/2018\/04\/declaracion-de-la-renta-y-patrimonio\/\" itemprop=\"url\">Declaraci\u00f3n de la renta y patrimonio<\/a>\n\t\t\t\t\t\t\t<\/h3>\n\t\t\t\t\t\t\t\t\t\t\t\t\t\t<p itemprop=\"description\" class = \"qode-bct-post-excerpt\"> Este 2018 la Agencia Tributaria presenta como novedad nuevos requisitos para la descarga de los datos fiscales. Los datos fiscales sirven al contribuyente como base para el c\u00e1lculo de su borrador. De...<\/p>\n\t\t\t\t\t\t\t<div class=\"qode-bct-post-date entry_date updated\" itemprop=\"dateCreated\">\n\t\t\t\t\t\t\t\t19\/04\/2018\t\t\t\t\t\t\t\t<meta itemprop=\"interactionCount\" content=\"UserComments: 0\"\/>\n\t\t\t\t\t\t\t<\/div>\n\t\t\t\t\t\t<\/div>\n\t\t\t\t\t<\/div>\n\t\t\t\t\t\t\t\t\t\t\t\t<div class=\"qode-bct-post\">\n\t\t\t\t\t\t\t\t\t\t\t\t\t<div class=\"qode-bct-post-image\">\n\t\t\t\t\t\t\t\t<a href=\"https:\/\/www.sugranyes.com\/es\/2017\/04\/el-ts-aumenta-la-indemnizacion-por-cese-de-los-indefinidos-no-fijos-de-la-administracion\/\" itemprop=\"url\">\n\t\t\t\t\t\t\t\t\t<img loading=\"lazy\" decoding=\"async\" width=\"800\" height=\"600\" src=\"https:\/\/www.sugranyes.com\/wp-content\/uploads\/2017\/04\/justicia-800x600.jpg\" class=\"attachment-portfolio-landscape size-portfolio-landscape wp-post-image\" alt=\"\" \/>\t\t\t\t\t\t\t\t<\/a>\n\t\t\t\t\t\t\t<\/div>\n\t\t\t\t\t\t\t\t\t\t\t\t<div class=\"qode-bct-post-text\">\n\t\t\t\t\t\t\t<h3 class=\"qode-bct-post-title entry_title\" itemprop=\"name\">\n\t\t\t\t\t\t\t\t<a href=\"https:\/\/www.sugranyes.com\/es\/2017\/04\/el-ts-aumenta-la-indemnizacion-por-cese-de-los-indefinidos-no-fijos-de-la-administracion\/\" itemprop=\"url\">El TS aumenta la indemnizaci\u00f3n por cese de los indefinidos no fijos de la Administraci\u00f3n<\/a>\n\t\t\t\t\t\t\t<\/h3>\n\t\t\t\t\t\t\t\t\t\t\t\t\t\t<p itemprop=\"description\" class = \"qode-bct-post-excerpt\"> PERSONAL INDEFINIDO NO FIJO DE LA ADMINISTRACI\u00d3N. Establece doctrina. Indemnizaci\u00f3n por cese de los trabajadores indefinidos no fijos para cobertura reglamentaria de la plaza que ocupaban. A pesar d...<\/p>\n\t\t\t\t\t\t\t<div class=\"qode-bct-post-date entry_date updated\" itemprop=\"dateCreated\">\n\t\t\t\t\t\t\t\t20\/04\/2017\t\t\t\t\t\t\t\t<meta itemprop=\"interactionCount\" content=\"UserComments: 0\"\/>\n\t\t\t\t\t\t\t<\/div>\n\t\t\t\t\t\t<\/div>\n\t\t\t\t\t<\/div>\n\t\t\t\t\t\t\t\t\t\t\t\t<div class=\"qode-bct-post\">\n\t\t\t\t\t\t\t\t\t\t\t\t\t<div class=\"qode-bct-post-image\">\n\t\t\t\t\t\t\t\t<a href=\"https:\/\/www.sugranyes.com\/es\/2017\/02\/clausulas-suelo\/\" itemprop=\"url\">\n\t\t\t\t\t\t\t\t\t<img loading=\"lazy\" decoding=\"async\" width=\"800\" height=\"600\" src=\"https:\/\/www.sugranyes.com\/wp-content\/uploads\/2017\/02\/clausules-sol-800x600.jpg\" class=\"attachment-portfolio-landscape size-portfolio-landscape wp-post-image\" alt=\"\" \/>\t\t\t\t\t\t\t\t<\/a>\n\t\t\t\t\t\t\t<\/div>\n\t\t\t\t\t\t\t\t\t\t\t\t<div class=\"qode-bct-post-text\">\n\t\t\t\t\t\t\t<h3 class=\"qode-bct-post-title entry_title\" itemprop=\"name\">\n\t\t\t\t\t\t\t\t<a href=\"https:\/\/www.sugranyes.com\/es\/2017\/02\/clausulas-suelo\/\" itemprop=\"url\">cl\u00e1usulas suelo<\/a>\n\t\t\t\t\t\t\t<\/h3>\n\t\t\t\t\t\t\t\t\t\t\t\t\t\t<p itemprop=\"description\" class = \"qode-bct-post-excerpt\"> El BOE ha publicado el Real Decreto Ley 1\/2017 aprobado por el Gobierno el 20 de enero y que tiene como objetivo el establecimiento de medidas que faciliten la devoluci\u00f3n de las cantidades a los cons...<\/p>\n\t\t\t\t\t\t\t<div class=\"qode-bct-post-date entry_date updated\" itemprop=\"dateCreated\">\n\t\t\t\t\t\t\t\t15\/02\/2017\t\t\t\t\t\t\t\t<meta itemprop=\"interactionCount\" content=\"UserComments: 0\"\/>\n\t\t\t\t\t\t\t<\/div>\n\t\t\t\t\t\t<\/div>\n\t\t\t\t\t<\/div>\n\t\t\t\t\t\t\t\t\t\t\t\t<div class=\"qode-bct-post\">\n\t\t\t\t\t\t\t\t\t\t\t\t\t<div class=\"qode-bct-post-image\">\n\t\t\t\t\t\t\t\t<a href=\"https:\/\/www.sugranyes.com\/es\/2016\/12\/el-real-decreto-ley-3-2016-de-2-de-diciembre-un-nuevo-obstaculo-para-las-empresas\/\" itemprop=\"url\">\n\t\t\t\t\t\t\t\t\t<img loading=\"lazy\" decoding=\"async\" width=\"800\" height=\"600\" src=\"https:\/\/www.sugranyes.com\/wp-content\/uploads\/2016\/12\/boe-800x600.jpg\" class=\"attachment-portfolio-landscape size-portfolio-landscape wp-post-image\" alt=\"\" \/>\t\t\t\t\t\t\t\t<\/a>\n\t\t\t\t\t\t\t<\/div>\n\t\t\t\t\t\t\t\t\t\t\t\t<div class=\"qode-bct-post-text\">\n\t\t\t\t\t\t\t<h3 class=\"qode-bct-post-title entry_title\" itemprop=\"name\">\n\t\t\t\t\t\t\t\t<a href=\"https:\/\/www.sugranyes.com\/es\/2016\/12\/el-real-decreto-ley-3-2016-de-2-de-diciembre-un-nuevo-obstaculo-para-las-empresas\/\" itemprop=\"url\">El Real Decreto Ley, 3\/2016, de 2 de diciembre: un nuevo obst\u00e1culo para las empresas<\/a>\n\t\t\t\t\t\t\t<\/h3>\n\t\t\t\t\t\t\t\t\t\t\t\t\t\t<p itemprop=\"description\" class = \"qode-bct-post-excerpt\"> El reciente aprobado Real Decreto Ley 3\/2016 de 2 de diciembre introduce unas modificaciones en el Impuesto Sobre Sociedades que afectar\u00e1n, de manera retroactiva al c\u00e1lculo del ejerci\u00f3 2016 y medid...<\/p>\n\t\t\t\t\t\t\t<div class=\"qode-bct-post-date entry_date updated\" itemprop=\"dateCreated\">\n\t\t\t\t\t\t\t\t02\/12\/2016\t\t\t\t\t\t\t\t<meta itemprop=\"interactionCount\" content=\"UserComments: 0\"\/>\n\t\t\t\t\t\t\t<\/div>\n\t\t\t\t\t\t<\/div>\n\t\t\t\t\t<\/div>\n\t\t\t\t\t<\/div>\n\t\t<\/div>\n\t<\/div>[\/vc_column][\/vc_row]<\/p>\n<\/div>","protected":false},"excerpt":{"rendered":"<p>[vc_row css_animation=\u00bb\u00bb row_type=\u00bbrow\u00bb use_row_as_full_screen_section=\u00bbno\u00bb type=\u00bbfull_width\u00bb angled_section=\u00bbno\u00bb text_align=\u00bbleft\u00bb background_image_as_pattern=\u00bbwithout_pattern\u00bb][vc_column][rev_slider_vc alias=\u00bbhome\u00bb][\/vc_column][\/vc_row][vc_row css_animation=\u00bb\u00bb row_type=\u00bbrow\u00bb use_row_as_full_screen_section=\u00bbno\u00bb type=\u00bbfull_width\u00bb angled_section=\u00bbno\u00bb text_align=\u00bbleft\u00bb background_image_as_pattern=\u00bbwithout_pattern\u00bb][vc_column][vc_empty_space][\/vc_column][\/vc_row][vc_row css_animation=\u00bb\u00bb row_type=\u00bbrow\u00bb use_row_as_full_screen_section=\u00bbno\u00bb type=\u00bbfull_width\u00bb angled_section=\u00bbno\u00bb text_align=\u00bbleft\u00bb background_image_as_pattern=\u00bbwithout_pattern\u00bb z_index=\u00bb\u00bb side_padding=\u00bb7&#8243;][vc_column css=\u00bb.vc_custom_1542644106745{background-color: #4e4e4e !important;border-radius: 5px !important;}\u00bb][\/vc_column][\/vc_row][vc_row css_animation=\u00bb\u00bb row_type=\u00bbrow\u00bb use_row_as_full_screen_section=\u00bbno\u00bb type=\u00bbfull_width\u00bb angled_section=\u00bbno\u00bb text_align=\u00bbleft\u00bb background_image_as_pattern=\u00bbwithout_pattern\u00bb][vc_column][vc_empty_space][\/vc_column][\/vc_row][vc_row css_animation=\u00bb\u00bb row_type=\u00bbrow\u00bb use_row_as_full_screen_section=\u00bbno\u00bb type=\u00bbfull_width\u00bb angled_section=\u00bbno\u00bb text_align=\u00bbleft\u00bb background_image_as_pattern=\u00bbwithout_pattern\u00bb z_index=\u00bb\u00bb&#8230;<\/p>\n","protected":false},"author":1,"featured_media":0,"parent":0,"menu_order":0,"comment_status":"closed","ping_status":"closed","template":"full_width.php","meta":{"_joinchat":[],"footnotes":""},"_links":{"self":[{"href":"https:\/\/www.sugranyes.com\/es\/wp-json\/wp\/v2\/pages\/349"}],"collection":[{"href":"https:\/\/www.sugranyes.com\/es\/wp-json\/wp\/v2\/pages"}],"about":[{"href":"https:\/\/www.sugranyes.com\/es\/wp-json\/wp\/v2\/types\/page"}],"author":[{"embeddable":true,"href":"https:\/\/www.sugranyes.com\/es\/wp-json\/wp\/v2\/users\/1"}],"replies":[{"embeddable":true,"href":"https:\/\/www.sugranyes.com\/es\/wp-json\/wp\/v2\/comments?post=349"}],"version-history":[{"count":14,"href":"https:\/\/www.sugranyes.com\/es\/wp-json\/wp\/v2\/pages\/349\/revisions"}],"predecessor-version":[{"id":3713,"href":"https:\/\/www.sugranyes.com\/es\/wp-json\/wp\/v2\/pages\/349\/revisions\/3713"}],"wp:attachment":[{"href":"https:\/\/www.sugranyes.com\/es\/wp-json\/wp\/v2\/media?parent=349"}],"curies":[{"name":"wp","href":"https:\/\/api.w.org\/{rel}","templated":true}]}}