{"id":346,"date":"2018-11-16T14:57:39","date_gmt":"2018-11-16T13:57:39","guid":{"rendered":"http:\/\/www.sugranyes.com\/contacte\/"},"modified":"2025-02-05T22:31:22","modified_gmt":"2025-02-05T21:31:22","slug":"contacto","status":"publish","type":"page","link":"https:\/\/www.sugranyes.com\/es\/contacto\/","title":{"rendered":"Contacto"},"content":{"rendered":"<div class=\"wpb-content-wrapper\"><p>[vc_row css_animation=\u00bb\u00bb row_type=\u00bbrow\u00bb use_row_as_full_screen_section=\u00bbno\u00bb type=\u00bbgrid\u00bb angled_section=\u00bbno\u00bb text_align=\u00bbleft\u00bb background_image_as_pattern=\u00bbwithout_pattern\u00bb][vc_column][vc_row_inner row_type=\u00bbrow\u00bb type=\u00bbfull_width\u00bb text_align=\u00bbleft\u00bb css_animation=\u00bb\u00bb][vc_column_inner width=\u00bb1\/2&#8243;][vc_empty_space][vc_custom_heading text=\u00bbEmails de contacto por especialidad\u00bb use_theme_fonts=\u00bbyes\u00bb][vc_separator type=\u00bbsmall\u00bb position=\u00bbleft\u00bb][vc_column_text css=\u00bb\u00bb]<\/p>\n<ul>\n<li>General: <b>info@sugranyes.com<\/b><\/li>\n<li>Otros: <b>info@sugranyes.com<\/b><\/li>\n<li>Quiero una visita: <b>info@sugranyes.com<\/b><\/li>\n<li>Laboral y RRHH: <b>laboral@sugranyes.com<\/b><\/li>\n<li>Fiscal y contable: <b>societats@sugranyes.com<\/b><\/li>\n<li>Veh\u00edculos: <b>vehicles@sugranyes.com<\/b><\/li>\n<li>Abogados: <b>advocats@sugranyes.com<\/b><\/li>\n<li>Gestor\u00eda administrativa: <b>gestoriasugranyes@sugranyes.com<\/b><\/li>\n<li>Seguros: <b>assegurances@sugranyes.com<\/b><\/li>\n<li>Protecci\u00f3n de datos: <b>protecciodedades@sugranyes.com<\/b><\/li>\n<li>Ayuntamientos y Organismos P\u00fablicos: <b>ajuntaments@sugranyes.com<\/b><\/li>\n<li>Reclamar IVA facturas impagadas: <b>juridic@sugranyes.com<\/b><\/li>\n<li>Planificaci\u00f3n fiscal y reestructuraci\u00f3n societaria: <b>juridic@sugranyes.com<\/b><\/li>\n<\/ul>\n<p>[\/vc_column_text][vc_empty_space][vc_custom_heading text=\u00bbHorario de atenci\u00f3n al p\u00fablico\u00bb use_theme_fonts=\u00bbyes\u00bb][vc_separator type=\u00bbsmall\u00bb position=\u00bbleft\u00bb][vc_column_text]De lunes a jueves de 9:00 a 14:00 horas y de 16:00 a 18:00 horas.<\/p>\n<p>Los viernes de 8:00 a 15:00 horas.<\/p>\n<p>TEL\u00c9FONO: 977 23 38 06<\/p>\n<p>FAX: 977 23 38 51[\/vc_column_text][vc_empty_space][\/vc_column_inner][vc_column_inner width=\u00bb1\/2&#8243;]\n<div class=\"wpcf7 no-js\" id=\"wpcf7-f473-o1\" lang=\"es-ES\" dir=\"ltr\">\n<div class=\"screen-reader-response\"><p role=\"status\" aria-live=\"polite\" aria-atomic=\"true\"><\/p> <ul><\/ul><\/div>\n<form action=\"\/es\/wp-json\/wp\/v2\/pages\/346#wpcf7-f473-o1\" method=\"post\" class=\"wpcf7-form init cf7_custom_style_1\" aria-label=\"Formulario de contacto\" novalidate=\"novalidate\" data-status=\"init\">\n<div style=\"display: none;\">\n<input type=\"hidden\" name=\"_wpcf7\" value=\"473\" \/>\n<input type=\"hidden\" name=\"_wpcf7_version\" value=\"5.9.3\" \/>\n<input type=\"hidden\" name=\"_wpcf7_locale\" value=\"es_ES\" \/>\n<input type=\"hidden\" name=\"_wpcf7_unit_tag\" value=\"wpcf7-f473-o1\" \/>\n<input type=\"hidden\" name=\"_wpcf7_container_post\" value=\"0\" \/>\n<input type=\"hidden\" name=\"_wpcf7_posted_data_hash\" value=\"\" \/>\n<input type=\"hidden\" name=\"_wpcf7_recaptcha_response\" value=\"\" \/>\n<\/div>\n<p><label> Nombre y apellidos(*)<br \/>\n<span class=\"wpcf7-form-control-wrap\" data-name=\"nomCognoms\"><input size=\"40\" class=\"wpcf7-form-control wpcf7-text wpcf7-validates-as-required nomCognoms\" id=\"nomCognoms\" aria-required=\"true\" aria-invalid=\"false\" placeholder=\"Nombre y Apellidos\" value=\"\" type=\"text\" name=\"nomCognoms\" \/><\/span><\/label>\n<\/p>\n<p><label> Tel\u00e9fono(*)<br \/>\n<span class=\"wpcf7-form-control-wrap\" data-name=\"telefon\"><input size=\"40\" class=\"wpcf7-form-control wpcf7-tel wpcf7-validates-as-required wpcf7-text wpcf7-validates-as-tel telefon\" id=\"telefon\" aria-required=\"true\" aria-invalid=\"false\" placeholder=\"Indique un tel\u00e9fono de contacto\" value=\"\" type=\"tel\" name=\"telefon\" \/><\/span><\/label>\n<\/p>\n<p><label> Correo electr\u00f3nico (*)<br \/>\n<span class=\"wpcf7-form-control-wrap\" data-name=\"email\"><input size=\"40\" class=\"wpcf7-form-control wpcf7-email wpcf7-validates-as-required wpcf7-text wpcf7-validates-as-email email\" id=\"email\" aria-required=\"true\" aria-invalid=\"false\" placeholder=\"Su correo electr\u00f3nico\" value=\"\" type=\"email\" name=\"email\" \/><\/span><br \/>\n<label> Asunto<br \/>\n<span class=\"wpcf7-form-control-wrap\" data-name=\"departament\"><select class=\"wpcf7-form-control wpcf7-select wpcf7-validates-as-required departament\" id=\"departament\" aria-required=\"true\" aria-invalid=\"false\" name=\"departament\"><option value=\"\">&#8212;Por favor, elige una opci\u00f3n&#8212;<\/option><option value=\"Laboral y RRHH\">Laboral y RRHH<\/option><option value=\"Tramitaci\u00f3n de veh\u00edculos\">Tramitaci\u00f3n de veh\u00edculos<\/option><option value=\"Gestor\u00eda administrativa\">Gestor\u00eda administrativa<\/option><option value=\"Protecci\u00f3n de datos\">Protecci\u00f3n de datos<\/option><option value=\"Fiscal y contable\">Fiscal y contable<\/option><option value=\"Abogados\">Abogados<\/option><option value=\"Seguros\">Seguros<\/option><option value=\"Organismos P\u00fablicos y Ayuntamientos\">Organismos P\u00fablicos y Ayuntamientos<\/option><option value=\"Reclamar IVA facturas impagadas\">Reclamar IVA facturas impagadas<\/option><option value=\"Quiero una visita\">Quiero una visita<\/option><option value=\"Tr\u00e1mites extranger\u00eda\">Tr\u00e1mites extranger\u00eda<\/option><option value=\"Otros\">Otros<\/option><\/select><\/span><\/label><br \/>\n<label> Mensaje<br \/>\n<span class=\"wpcf7-form-control-wrap\" data-name=\"missatge\"><textarea cols=\"40\" rows=\"10\" class=\"wpcf7-form-control wpcf7-textarea wpcf7-validates-as-required missatge\" id=\"missatge\" aria-required=\"true\" aria-invalid=\"false\" placeholder=\"Escriba su consulta\" name=\"missatge\"><\/textarea><\/span> <\/label><br \/>\n<\/label>\n<\/p>\n<div class=\"espai\" id=\"lopdContacte\">\n\t<p>INFORMACI\u00d3N PROTECCI\u00d3N DE DATOS<br \/>\n<b>Finalidades:<\/b>Responder a su solicitud y, s\u00f3lo en caso de que marque la segunda casilla, enviarle informaci\u00f3n comercial de nuestros servicios.<br \/>\n<b>Legitimiaci\u00f3n:<\/b>Consentimiento del interesado.<br \/>\n<b>Destinatarios:<\/b>No est\u00e1n previstas cesiones de datos.<br \/>\n<b>Derechos:<\/b>Puede retirar su consentimiento en cualquier momento, as\u00ed como ejercitar los derechos de acceso, rectificaci\u00f3n, supresi\u00f3n, oposici\u00f3n y los dem\u00e1s derechos reconocidos en el RGPD en el correo electr\u00f3nico: info@sugranyes.com.<br \/>\n<span class=\"wpcf7-form-control-wrap\" data-name=\"lopd\"><span class=\"wpcf7-form-control wpcf7-acceptance\"><span class=\"wpcf7-list-item\"><input type=\"checkbox\" name=\"lopd\" value=\"1\" id=\"acceptance\" aria-invalid=\"false\" \/><\/span><\/span><\/span><label for=\"acceptance\">He le\u00eddo y acepto la <a href=\"\/es\/aviso-legal\" target=\"_blank\" rel=\"nofollow\">pol\u00edtica de privacidad<\/a>.<br \/>\n<b>NOTA: S\u00f3lo si acepta la pol\u00edtica de privacidad podr\u00e1 enviar el formulario.<\/b><\/label><br \/>\n<span class=\"wpcf7-form-control-wrap\" data-name=\"newsletter\"><span class=\"wpcf7-form-control wpcf7-acceptance optional\"><span class=\"wpcf7-list-item\"><input type=\"checkbox\" name=\"newsletter\" value=\"1\" id=\"newsletter\" aria-invalid=\"false\" \/><\/span><\/span><\/span><label for=\"newsletter\">Acepto recibir informaci\u00f3n comercial por medios electr\u00f3nicos.<\/label>\n\t<\/p>\n<\/div>\n<p>[anr_nocaptcha g-recaptcha-response]\n<\/p>\n<p><input class=\"wpcf7-form-control wpcf7-submit has-spinner\" type=\"submit\" value=\"Enviar\" \/><br \/>\n<script>\ndocument.addEventListener( 'wpcf7mailsent', function( event ) {\n location = 'https:\/\/www.sugranyes.com\/es\/gracias-por-contactar-con-nosotros\/';\n}, false );\n<\/script>\n<\/p><input type='hidden' class='wpcf7-pum' value='{\"closepopup\":false,\"closedelay\":0,\"openpopup\":false,\"openpopup_id\":0}' \/><div class=\"wpcf7-response-output\" aria-hidden=\"true\"><\/div>\n<\/form>\n<\/div>\n[\/vc_column_inner][\/vc_row_inner][\/vc_column][\/vc_row][vc_row css_animation=\u00bb\u00bb row_type=\u00bbrow\u00bb use_row_as_full_screen_section=\u00bbno\u00bb type=\u00bbgrid\u00bb angled_section=\u00bbno\u00bb text_align=\u00bbleft\u00bb background_image_as_pattern=\u00bbwithout_pattern\u00bb][vc_column][vc_custom_heading text=\u00bbD\u00f3nde estamos\u00bb use_theme_fonts=\u00bbyes\u00bb][vc_separator type=\u00bbsmall\u00bb position=\u00bbleft\u00bb][vc_empty_space][vc_row_inner row_type=\u00bbrow\u00bb type=\u00bbfull_width\u00bb text_align=\u00bbleft\u00bb css_animation=\u00bb\u00bb][vc_column_inner width=\u00bb1\/2&#8243;][vc_custom_heading text=\u00bbTarragona\u00bb font_container=\u00bbtag:h2|text_align:center\u00bb use_theme_fonts=\u00bbyes\u00bb][vc_empty_space][vc_gmaps link=\u00bb#E-8_JTNDaWZyYW1lJTIwc3JjJTNEJTIyaHR0cHMlM0ElMkYlMkZ3d3cuZ29vZ2xlLmNvbSUyRm1hcHMlMkZlbWJlZCUzRnBiJTNEJTIxMW0xOCUyMTFtMTIlMjExbTMlMjExZDMwMDUuODI2MzgyMjA2MDU3NiUyMTJkMS4yNTEzNTQ3MTU0MTc0MDIlMjEzZDQxLjExNjQ4MjY3OTI4OTg3NCUyMTJtMyUyMTFmMCUyMTJmMCUyMTNmMCUyMTNtMiUyMTFpMTAyNCUyMTJpNzY4JTIxNGYxMy4xJTIxM20zJTIxMW0yJTIxMXMweDEyYTNmY2Q0NGU5NTM4ZDklMjUzQTB4MjA5NWFkNzVjZTcyZDgzNCUyMTJzU3VncmFueWVzJTJCQXNzZXNzb3JzJTJCU0wlMjE1ZTAlMjEzbTIlMjExc2VzJTIxMnNlcyUyMTR2MTU0MjcxNjM0ODM1MiUyMiUyMHdpZHRoJTNEJTIyNjAwJTIyJTIwaGVpZ2h0JTNEJTIyNDUwJTIyJTIwZnJhbWVib3JkZXIlM0QlMjIwJTIyJTIwc3R5bGUlM0QlMjJib3JkZXIlM0EwJTIyJTIwYWxsb3dmdWxsc2NyZWVuJTNFJTNDJTJGaWZyYW1lJTNF\u00bb][vc_empty_space][vc_column_text]C\/Sant Francesc, 10<br \/>\n43003 TARRAGONA<br \/>\n977 23 38 06<\/p>\n<p>info@sugranyes.com[\/vc_column_text][vc_column_text]Ver en\u00a0<span style=\"text-decoration: underline;\"><a href=\"https:\/\/www.google.com\/maps\/place\/Sugranyes+Assessors+SL\/@41.1164827,1.2513547,17z\/data=!3m1!4b1!4m5!3m4!1s0x12a3fcd44e9538d9:0x2095ad75ce72d834!8m2!3d41.1164827!4d1.2535434\" target=\"_blank\" rel=\"noopener\">Google Maps<\/a><\/span>[\/vc_column_text][vc_empty_space][\/vc_column_inner][vc_column_inner width=\u00bb1\/2&#8243;][vc_custom_heading text=\u00bbTorredembarra\u00bb font_container=\u00bbtag:h2|text_align:center\u00bb use_theme_fonts=\u00bbyes\u00bb][vc_empty_space][vc_gmaps link=\u00bb#E-8_JTNDaWZyYW1lJTIwc3JjJTNEJTIyaHR0cHMlM0ElMkYlMkZ3d3cuZ29vZ2xlLmNvbSUyRm1hcHMlMkZlbWJlZCUzRnBiJTNEJTIxMW0xNCUyMTFtOCUyMTFtMyUyMTFkNjAwOS4xMDkxMjMxMTMlMjEyZDEuNDAyMzczJTIxM2Q0MS4xNDQyNDklMjEzbTIlMjExaTEwMjQlMjEyaTc2OCUyMTRmMTMuMSUyMTNtMyUyMTFtMiUyMTFzMHgxMmEzZjA1M2FhNjI2MDczJTI1M0EweDg4MTQ4YTFiNTE4NjkzNWElMjEyc0Fzc2Vzc29yaWElMjUyMFJpJTI1QzMlMjVCMWUlMjUyMENhc2FqdWFuYSUyNTIwUyUyNTIwQ3YlMjUyMFAlMjE1ZTAlMjEzbTIlMjExc2VzJTIxMnNlcyUyMTR2MTY1NzAxMjIzOTc0NSUyMTVtMiUyMTFzZXMlMjEyc2VzJTIyJTIwd2lkdGglM0QlMjI2MDAlMjIlMjBoZWlnaHQlM0QlMjI0NTAlMjIlMjBzdHlsZSUzRCUyMmJvcmRlciUzQTAlM0IlMjIlMjBhbGxvd2Z1bGxzY3JlZW4lM0QlMjIlMjIlMjBsb2FkaW5nJTNEJTIybGF6eSUyMiUyMHJlZmVycmVycG9saWN5JTNEJTIybm8tcmVmZXJyZXItd2hlbi1kb3duZ3JhZGUlMjIlM0UlM0MlMkZpZnJhbWUlM0U=\u00bb][vc_empty_space][vc_column_text]Carrer Pere Badia n\u00ba 12<br \/>\n43830 TORREDEMBARA<br \/>\n977 64 43 51<\/p>\n<p>torredembarra@sugranyes.com[\/vc_column_text][vc_column_text]Ver en <span style=\"text-decoration: underline;\"><a href=\"https:\/\/goo.gl\/maps\/JeFKM2o6JRSCnAzB6\" target=\"_blank\" rel=\"noopener\">Google Maps<\/a><\/span>[\/vc_column_text][\/vc_column_inner][\/vc_row_inner][vc_empty_space][vc_row_inner row_type=\u00bbrow\u00bb type=\u00bbfull_width\u00bb text_align=\u00bbleft\u00bb css_animation=\u00bb\u00bb][vc_column_inner width=\u00bb1\/2&#8243;][vc_custom_heading text=\u00bbValls\u00bb font_container=\u00bbtag:h2|text_align:center\u00bb use_theme_fonts=\u00bbyes\u00bb][vc_empty_space][vc_gmaps link=\u00bb#E-8_JTNDaWZyYW1lJTIwc3JjJTNEJTIyaHR0cHMlM0ElMkYlMkZ3d3cuZ29vZ2xlLmNvbSUyRm1hcHMlMkZlbWJlZCUzRnBiJTNEJTIxMW0xOCUyMTFtMTIlMjExbTMlMjExZDI5OTcuOTI0MjAyNjg5OTY3NCUyMTJkMS4yNTIwNTczMTU0MjI3MzQ2JTIxM2Q0MS4yODg3NTQwNzkyNzMzMyUyMTJtMyUyMTFmMCUyMTJmMCUyMTNmMCUyMTNtMiUyMTFpMTAyNCUyMTJpNzY4JTIxNGYxMy4xJTIxM20zJTIxMW0yJTIxMXMweDEyYTQwMDg5NWQ5Mjc3NzklMjUzQTB4M2NhZjZjZGU3NDcwYTk5NSUyMTJzQ2FycmVyJTI1MjBkZSUyNTIwbGElMjUyMFZhbGx2ZXJhJTI1MkMlMjUyMDE1JTI1MkMlMjUyMDQzODAwJTI1MjBWYWxscyUyNTJDJTI1MjBUYXJyYWdvbmElMjE1ZTAlMjEzbTIlMjExc2VzJTIxMnNlcyUyMTR2MTY4OTg5NTEzNDU1OSUyMTVtMiUyMTFzZXMlMjEyc2VzJTIyJTIwd2lkdGglM0QlMjI2MDAlMjIlMjBoZWlnaHQlM0QlMjI0NTAlMjIlMjBzdHlsZSUzRCUyMmJvcmRlciUzQTAlM0IlMjIlMjBhbGxvd2Z1bGxzY3JlZW4lM0QlMjIlMjIlMjBsb2FkaW5nJTNEJTIybGF6eSUyMiUyMHJlZmVycmVycG9saWN5JTNEJTIybm8tcmVmZXJyZXItd2hlbi1kb3duZ3JhZGUlMjIlM0UlM0MlMkZpZnJhbWUlM0U=\u00bb][vc_empty_space][vc_column_text]C\/ Vallvera, 15<br \/>\n43800 VALLS<br \/>\n977 61 21 90<\/p>\n<p>valls@sugranyes.com[\/vc_column_text][vc_column_text]Ver en\u00a0<a href=\"https:\/\/goo.gl\/maps\/uHG3dDt2RGsHoHHq5\"><span style=\"text-decoration: underline;\">Google Maps<\/span><\/a>[\/vc_column_text][vc_empty_space][\/vc_column_inner][\/vc_row_inner][\/vc_column][\/vc_row][vc_row css_animation=\u00bb\u00bb row_type=\u00bbrow\u00bb use_row_as_full_screen_section=\u00bbno\u00bb type=\u00bbfull_width\u00bb angled_section=\u00bbno\u00bb text_align=\u00bbleft\u00bb background_image_as_pattern=\u00bbwithout_pattern\u00bb][vc_column][vc_empty_space][\/vc_column][\/vc_row]<\/p>\n<\/div>","protected":false},"excerpt":{"rendered":"<p>[vc_row css_animation=\u00bb\u00bb row_type=\u00bbrow\u00bb use_row_as_full_screen_section=\u00bbno\u00bb type=\u00bbgrid\u00bb angled_section=\u00bbno\u00bb text_align=\u00bbleft\u00bb background_image_as_pattern=\u00bbwithout_pattern\u00bb][vc_column][vc_row_inner row_type=\u00bbrow\u00bb type=\u00bbfull_width\u00bb text_align=\u00bbleft\u00bb css_animation=\u00bb\u00bb][vc_column_inner width=\u00bb1\/2&#8243;][vc_empty_space][vc_custom_heading text=\u00bbEmails de contacto por especialidad\u00bb use_theme_fonts=\u00bbyes\u00bb][vc_separator type=\u00bbsmall\u00bb position=\u00bbleft\u00bb][vc_column_text css=\u00bb\u00bb] General: info@sugranyes.com Otros: info@sugranyes.com Quiero una visita: info@sugranyes.com Laboral y RRHH: laboral@sugranyes.com Fiscal y contable: societats@sugranyes.com Veh\u00edculos: vehicles@sugranyes.com Abogados: advocats@sugranyes.com Gestor\u00eda administrativa: gestoriasugranyes@sugranyes.com&#8230;<\/p>\n","protected":false},"author":1,"featured_media":0,"parent":0,"menu_order":0,"comment_status":"closed","ping_status":"closed","template":"full_width.php","meta":{"_joinchat":[],"footnotes":""},"_links":{"self":[{"href":"https:\/\/www.sugranyes.com\/es\/wp-json\/wp\/v2\/pages\/346"}],"collection":[{"href":"https:\/\/www.sugranyes.com\/es\/wp-json\/wp\/v2\/pages"}],"about":[{"href":"https:\/\/www.sugranyes.com\/es\/wp-json\/wp\/v2\/types\/page"}],"author":[{"embeddable":true,"href":"https:\/\/www.sugranyes.com\/es\/wp-json\/wp\/v2\/users\/1"}],"replies":[{"embeddable":true,"href":"https:\/\/www.sugranyes.com\/es\/wp-json\/wp\/v2\/comments?post=346"}],"version-history":[{"count":6,"href":"https:\/\/www.sugranyes.com\/es\/wp-json\/wp\/v2\/pages\/346\/revisions"}],"predecessor-version":[{"id":3955,"href":"https:\/\/www.sugranyes.com\/es\/wp-json\/wp\/v2\/pages\/346\/revisions\/3955"}],"wp:attachment":[{"href":"https:\/\/www.sugranyes.com\/es\/wp-json\/wp\/v2\/media?parent=346"}],"curies":[{"name":"wp","href":"https:\/\/api.w.org\/{rel}","templated":true}]}}