{"id":344,"date":"2018-11-17T01:05:50","date_gmt":"2018-11-17T01:05:50","guid":{"rendered":"http:\/\/www.sugranyes.com\/serveis\/"},"modified":"2025-02-28T22:51:50","modified_gmt":"2025-02-28T21:51:50","slug":"servicios","status":"publish","type":"page","link":"https:\/\/www.sugranyes.com\/es\/servicios\/","title":{"rendered":"Servicios"},"content":{"rendered":"<div class=\"wpb-content-wrapper\"><p>[vc_row css_animation=\u00bb\u00bb row_type=\u00bbrow\u00bb use_row_as_full_screen_section=\u00bbno\u00bb type=\u00bbfull_width\u00bb angled_section=\u00bbno\u00bb text_align=\u00bbleft\u00bb background_image_as_pattern=\u00bbwithout_pattern\u00bb][vc_column][vc_empty_space][\/vc_column][\/vc_row][vc_row css_animation=\u00bb\u00bb row_type=\u00bbrow\u00bb use_row_as_full_screen_section=\u00bbno\u00bb type=\u00bbfull_width\u00bb angled_section=\u00bbno\u00bb text_align=\u00bbleft\u00bb background_image_as_pattern=\u00bbwithout_pattern\u00bb css=\u00bb.vc_custom_1542670816086{padding-right: 7% !important;padding-left: 7% !important;}\u00bb z_index=\u00bb\u00bb][vc_column][vc_custom_heading text=\u00bbDepartamentos\u00bb font_container=\u00bbtag:h3|font_size:22px|text_align:left|color:%23000000&#8243; use_theme_fonts=\u00bbyes\u00bb][vc_separator type=\u00bbsmall\u00bb position=\u00bbleft\u00bb][vc_empty_space][\/vc_column][\/vc_row][vc_row css_animation=\u00bb\u00bb row_type=\u00bbrow\u00bb use_row_as_full_screen_section=\u00bbno\u00bb type=\u00bbfull_width\u00bb angled_section=\u00bbno\u00bb text_align=\u00bbcenter\u00bb background_image_as_pattern=\u00bbwithout_pattern\u00bb css=\u00bb.vc_custom_1542739180982{padding-right: 10% !important;padding-left: 10% !important;}\u00bb z_index=\u00bb\u00bb][vc_column][vc_row_inner row_type=\u00bbrow\u00bb type=\u00bbfull_width\u00bb text_align=\u00bbleft\u00bb css_animation=\u00bb\u00bb][vc_column_inner width=\u00bb1\/4&#8243; offset=\u00bbvc_col-lg-3 vc_col-md-3 vc_col-xs-6&#8243;][vc_single_image image=\u00bb224&#8243; img_size=\u00bbfull\u00bb alignment=\u00bbcenter\u00bb onclick=\u00bbcustom_link\u00bb qode_css_animation=\u00bb\u00bb link=\u00bb\/es\/servicios\/laboral-y-rrhh\/\u00bb][vc_custom_heading text=\u00bbLaboral y rrhh\u00bb font_container=\u00bbtag:h2|font_size:1em|text_align:center|color:%23ffffff\u00bb use_theme_fonts=\u00bbyes\u00bb css=\u00bb.vc_custom_1543243875188{background-color: #053671 !important;}\u00bb link=\u00bburl:%2Fes%2Fservicios%2Flaboral-y-rrhh%2F|||\u00bb el_class=\u00bbalturaMin\u00bb][vc_empty_space][\/vc_column_inner][vc_column_inner width=\u00bb1\/4&#8243; offset=\u00bbvc_col-lg-3 vc_col-md-3 vc_col-xs-6&#8243;][vc_single_image image=\u00bb222&#8243; img_size=\u00bbfull\u00bb alignment=\u00bbcenter\u00bb onclick=\u00bbcustom_link\u00bb qode_css_animation=\u00bb\u00bb link=\u00bb\/es\/servicios\/fiscal-y-contable\/\u00bb][vc_custom_heading text=\u00bbFiscal y contable\u00bb font_container=\u00bbtag:h2|font_size:1em|text_align:center|color:%23ffffff\u00bb use_theme_fonts=\u00bbyes\u00bb css=\u00bb.vc_custom_1542842864562{background-color: #053671 !important;}\u00bb link=\u00bburl:%2Fes%2Fservicios%2Ffiscal-y-contable%2F|||\u00bb el_class=\u00bbalturaMin\u00bb][vc_empty_space][\/vc_column_inner][vc_column_inner width=\u00bb1\/4&#8243; offset=\u00bbvc_col-lg-3 vc_col-md-3 vc_col-xs-6&#8243;][vc_single_image image=\u00bb226&#8243; img_size=\u00bbfull\u00bb alignment=\u00bbcenter\u00bb onclick=\u00bbcustom_link\u00bb qode_css_animation=\u00bb\u00bb link=\u00bb\/es\/servicios\/vehiculos\/\u00bb][vc_custom_heading text=\u00bbVeh\u00edculos\u00bb font_container=\u00bbtag:h2|font_size:1em|text_align:center|color:%23ffffff\u00bb use_theme_fonts=\u00bbyes\u00bb css=\u00bb.vc_custom_1542842979077{background-color: #053671 !important;}\u00bb link=\u00bburl:%2Fes%2Fservicios%2Fvehiculos%2F|||\u00bb el_class=\u00bbalturaMin\u00bb][vc_empty_space][\/vc_column_inner][vc_column_inner width=\u00bb1\/4&#8243; offset=\u00bbvc_col-lg-3 vc_col-md-3 vc_col-xs-6&#8243;][vc_single_image image=\u00bb219&#8243; img_size=\u00bbfull\u00bb alignment=\u00bbcenter\u00bb onclick=\u00bbcustom_link\u00bb qode_css_animation=\u00bb\u00bb link=\u00bb\/es\/servicios\/abogados\/\u00bb][vc_custom_heading text=\u00bbAbogados\u00bb font_container=\u00bbtag:h2|font_size:1em|text_align:center|color:%23ffffff\u00bb use_theme_fonts=\u00bbyes\u00bb css=\u00bb.vc_custom_1542842948179{background-color: #053671 !important;}\u00bb link=\u00bburl:%2Fes%2Fservicios%2Fabogados%2F|||\u00bb el_class=\u00bbalturaMin\u00bb][vc_empty_space][\/vc_column_inner][\/vc_row_inner][vc_empty_space][vc_row_inner row_type=\u00bbrow\u00bb type=\u00bbfull_width\u00bb text_align=\u00bbleft\u00bb css_animation=\u00bb\u00bb][vc_column_inner width=\u00bb1\/4&#8243; offset=\u00bbvc_col-lg-3 vc_col-md-3 vc_col-xs-6&#8243;][vc_single_image image=\u00bb223&#8243; img_size=\u00bbfull\u00bb alignment=\u00bbcenter\u00bb onclick=\u00bbcustom_link\u00bb qode_css_animation=\u00bb\u00bb link=\u00bb\/es\/servicios\/gestoria-administrativa\/\u00bb][vc_custom_heading text=\u00bbGestor\u00eda administrativa\u00bb font_container=\u00bbtag:h2|font_size:1em|text_align:center|color:%23ffffff\u00bb use_theme_fonts=\u00bbyes\u00bb css=\u00bb.vc_custom_1542843010259{background-color: #053671 !important;}\u00bb link=\u00bburl:%2Fes%2Fservicios%2Fgestoria-administrativa|||\u00bb el_class=\u00bbalturaMin\u00bb][\/vc_column_inner][vc_column_inner width=\u00bb1\/4&#8243; offset=\u00bbvc_col-lg-3 vc_col-md-3 vc_col-xs-6&#8243;][vc_single_image image=\u00bb221&#8243; img_size=\u00bbfull\u00bb alignment=\u00bbcenter\u00bb onclick=\u00bbcustom_link\u00bb qode_css_animation=\u00bb\u00bb link=\u00bb\/es\/servicios\/seguros\/\u00bb][vc_custom_heading text=\u00bbSeguros\u00bb font_container=\u00bbtag:h2|font_size:1em|text_align:center|color:%23ffffff\u00bb use_theme_fonts=\u00bbyes\u00bb css=\u00bb.vc_custom_1542845346850{background-color: #053671 !important;}\u00bb link=\u00bburl:%2Fes%2Fservicios%2Fseguros%2F|||\u00bb el_class=\u00bbalturaMin\u00bb][vc_empty_space][\/vc_column_inner][vc_column_inner width=\u00bb1\/4&#8243; offset=\u00bbvc_col-lg-3 vc_col-md-3 vc_col-xs-6&#8243;][vc_single_image image=\u00bb225&#8243; img_size=\u00bbfull\u00bb alignment=\u00bbcenter\u00bb onclick=\u00bbcustom_link\u00bb qode_css_animation=\u00bb\u00bb link=\u00bb\/serveis\/proteccio-de-dades\/\u00bb][vc_custom_heading text=\u00bbProtecci\u00f3n de datos\u00bb font_container=\u00bbtag:h2|font_size:1em|text_align:center|color:%23ffffff\u00bb use_theme_fonts=\u00bbyes\u00bb css=\u00bb.vc_custom_1542843034556{background-color: #053671 !important;}\u00bb link=\u00bburl:%2Fes%2Fservicios%2Fseguros%2F|||\u00bb el_class=\u00bbalturaMin\u00bb][vc_empty_space][\/vc_column_inner][vc_column_inner width=\u00bb1\/4&#8243; offset=\u00bbvc_col-lg-3 vc_col-md-3 vc_col-xs-6&#8243;][vc_single_image image=\u00bb220&#8243; img_size=\u00bbfull\u00bb alignment=\u00bbcenter\u00bb onclick=\u00bbcustom_link\u00bb qode_css_animation=\u00bb\u00bb link=\u00bb\/es\/servicios\/ayuntamientos-organismos-publicos\/\u00bb][vc_custom_heading text=\u00bbAyuntamientos y organismos p\u00fablicos\u00bb font_container=\u00bbtag:h2|font_size:1em|text_align:center|color:%23ffffff\u00bb use_theme_fonts=\u00bbyes\u00bb css=\u00bb.vc_custom_1543243943994{background-color: #053671 !important;}\u00bb link=\u00bburl:%2Fes%2Fservicios%2Fayuntamientos-organismos-publicos%2F|||\u00bb el_class=\u00bbalturaMin\u00bb][\/vc_column_inner][\/vc_row_inner][vc_empty_space][vc_row_inner row_type=\u00bbrow\u00bb type=\u00bbfull_width\u00bb text_align=\u00bbleft\u00bb css_animation=\u00bb\u00bb][vc_column_inner width=\u00bb1\/4&#8243; offset=\u00bbvc_col-lg-3 vc_col-md-3 vc_col-xs-6&#8243;][vc_single_image image=\u00bb2454&#8243; img_size=\u00bbfull\u00bb alignment=\u00bbcenter\u00bb onclick=\u00bbcustom_link\u00bb qode_css_animation=\u00bb\u00bb link=\u00bb\/es\/servicios\/recuperacion-iva-facturas-impagadas\/\u00bb][vc_custom_heading text=\u00bbRecupera el IVA de tus facturas impagadas\u00bb font_container=\u00bbtag:h2|font_size:1em|text_align:center|color:%23ffffff\u00bb use_theme_fonts=\u00bbyes\u00bb css=\u00bb.vc_custom_1553530631863{background-color: #053671 !important;}\u00bb link=\u00bburl:%2Fes%2Fservicios%2Frecuperacion-iva-facturas-impagadas%2F|||\u00bb el_class=\u00bbalturaMin\u00bb][\/vc_column_inner][vc_column_inner width=\u00bb1\/4&#8243; offset=\u00bbvc_col-lg-3 vc_col-md-3 vc_col-xs-6&#8243;][vc_single_image image=\u00bb2459&#8243; img_size=\u00bbfull\u00bb alignment=\u00bbcenter\u00bb onclick=\u00bbcustom_link\u00bb qode_css_animation=\u00bb\u00bb link=\u00bb\/es\/servicios\/certificado-digital\/\u00bb][vc_custom_heading text=\u00bbTramitaci\u00f3n y custodia de certificado digital\u00bb font_container=\u00bbtag:h2|font_size:1em|text_align:center|color:%23ffffff\u00bb use_theme_fonts=\u00bbyes\u00bb css=\u00bb.vc_custom_1637334861606{background-color: #053671 !important;}\u00bb link=\u00bburl:%2Fes%2Fservicios%2Fcertificado-digital%2F\u00bb el_class=\u00bbalturaMin\u00bb][vc_empty_space][\/vc_column_inner][vc_column_inner width=\u00bb1\/4&#8243; offset=\u00bbvc_col-lg-3 vc_col-md-3 vc_col-xs-6&#8243;][vc_single_image image=\u00bb2456&#8243; img_size=\u00bbfull\u00bb alignment=\u00bbcenter\u00bb onclick=\u00bbcustom_link\u00bb qode_css_animation=\u00bb\u00bb link=\u00bb\/es\/servicios\/plan-moves-iii\/\u00bb][vc_custom_heading text=\u00bbTramitaci\u00f3n PLAN MOVES III veh\u00edculos el\u00e9ctricos\u00bb font_container=\u00bbtag:h2|font_size:1em|text_align:center|color:%23ffffff\u00bb use_theme_fonts=\u00bbyes\u00bb css=\u00bb.vc_custom_1637334920740{background-color: #053671 !important;}\u00bb link=\u00bburl:%2Fes%2Fservicios%2Fplan-moves-iii%2F\u00bb el_class=\u00bbalturaMin\u00bb][vc_empty_space][\/vc_column_inner][vc_column_inner width=\u00bb1\/4&#8243; offset=\u00bbvc_col-lg-3 vc_col-md-3 vc_col-xs-6&#8243;][vc_single_image image=\u00bb2642&#8243; img_size=\u00bbfull\u00bb alignment=\u00bbcenter\u00bb onclick=\u00bbcustom_link\u00bb qode_css_animation=\u00bb\u00bb link=\u00bb\/es\/servicios\/jubilaciones\/\u00bb][vc_custom_heading text=\u00bbJubilaciones\u00bb font_container=\u00bbtag:h2|font_size:1em|text_align:center|color:%23ffffff\u00bb use_theme_fonts=\u00bbyes\u00bb css=\u00bb.vc_custom_1687383008462{background-color: #053671 !important;}\u00bb link=\u00bburl:%2Fes%2Fservicios%2Fjubilaciones%2F\u00bb el_class=\u00bbalturaMin\u00bb][\/vc_column_inner][\/vc_row_inner][vc_empty_space][vc_row_inner row_type=\u00bbrow\u00bb type=\u00bbfull_width\u00bb text_align=\u00bbleft\u00bb css_animation=\u00bb\u00bb][vc_column_inner width=\u00bb1\/4&#8243; offset=\u00bbvc_col-lg-3 vc_col-md-3 vc_col-xs-6&#8243;][vc_single_image image=\u00bb3368&#8243; img_size=\u00bbfull\u00bb alignment=\u00bbcenter\u00bb onclick=\u00bbcustom_link\u00bb qode_css_animation=\u00bb\u00bb link=\u00bb\/es\/servicios\/canje-del-permiso-de-conducir\/\u00bb][vc_custom_heading text=\u00bbCanje del permiso de conducir\u00bb font_container=\u00bbtag:h2|font_size:1em|text_align:center|color:%23ffffff\u00bb use_theme_fonts=\u00bbyes\u00bb css=\u00bb.vc_custom_1689503471573{background-color: #053671 !important;}\u00bb link=\u00bburl:%2Fes%2Fservicios%2Fcanje-del-permiso-de-conducir%2F\u00bb el_class=\u00bbalturaMin\u00bb][vc_empty_space][\/vc_column_inner][vc_column_inner width=\u00bb1\/4&#8243;][vc_single_image image=\u00bb3365&#8243; img_size=\u00bbfull\u00bb alignment=\u00bbcenter\u00bb onclick=\u00bbcustom_link\u00bb qode_css_animation=\u00bb\u00bb link=\u00bb\/es\/servicios\/reclamacion-gastos-constitucion-hipoteca\/\u00bb][vc_custom_heading text=\u00bbIRPH + Reclamaci\u00f3n gastos hipoteca\u00bb font_container=\u00bbtag:h2|font_size:1em|text_align:center|color:%23ffffff\u00bb use_theme_fonts=\u00bbyes\u00bb css=\u00bb.vc_custom_1740779210093{background-color: #053671 !important;}\u00bb link=\u00bburl:%2Fes%2Fservicios%2Freclamacion-gastos-constitucion-hipoteca%2F\u00bb el_class=\u00bbalturaMin\u00bb][vc_empty_space][\/vc_column_inner][vc_column_inner width=\u00bb1\/4&#8243;][vc_single_image image=\u00bb3710&#8243; img_size=\u00bbfull\u00bb alignment=\u00bbcenter\u00bb onclick=\u00bbcustom_link\u00bb qode_css_animation=\u00bb\u00bb link=\u00bb\/es\/servicios\/tramites-extrangeria\/\u00bb][vc_custom_heading text=\u00bbTr\u00e1mites extranger\u00eda\u00bb font_container=\u00bbtag:h2|font_size:1em|text_align:center|color:%23ffffff\u00bb use_theme_fonts=\u00bbyes\u00bb css=\u00bb.vc_custom_1708970056586{background-color: #053671 !important;}\u00bb link=\u00bburl:%2Fes%2Fservicios%2Ftramites-extrangeria%2F|title:Tr%C3%A1mites%20extranger%C3%ADa\u00bb el_class=\u00bbalturaMin\u00bb][vc_empty_space][\/vc_column_inner][vc_column_inner width=\u00bb1\/4&#8243;][vc_single_image image=\u00bb3851&#8243; img_size=\u00bbfull\u00bb alignment=\u00bbcenter\u00bb onclick=\u00bbcustom_link\u00bb css=\u00bb\u00bb qode_css_animation=\u00bb\u00bb link=\u00bb\/es\/servicios\/impuestos-agencia-tributaria-de-cataluna\/\u00bb][vc_custom_heading text=\u00bbImpuestos Agencia Tributaria de Catalu\u00f1a\u00bb font_container=\u00bbtag:h2|font_size:1em|text_align:center|color:%23ffffff\u00bb use_theme_fonts=\u00bbyes\u00bb css=\u00bb.vc_custom_1740779496030{background-color: #053671 !important;}\u00bb link=\u00bburl:%2Fes%2Fservicios%2Fimpuestos-agencia-tributaria-de-cataluna%2F|title:Tr%C3%A1mites%20extranger%C3%ADa\u00bb el_class=\u00bbalturaMin\u00bb][\/vc_column_inner][\/vc_row_inner][vc_empty_space][vc_row_inner row_type=\u00bbrow\u00bb type=\u00bbfull_width\u00bb text_align=\u00bbleft\u00bb css_animation=\u00bb\u00bb][vc_column_inner width=\u00bb1\/4&#8243; offset=\u00bbvc_col-lg-3 vc_col-md-3 vc_col-xs-6&#8243;][vc_single_image image=\u00bb3941&#8243; img_size=\u00bbfull\u00bb alignment=\u00bbcenter\u00bb onclick=\u00bbcustom_link\u00bb css=\u00bb\u00bb qode_css_animation=\u00bb\u00bb link=\u00bb\/es\/servicios\/asesoramiento-y-planificacion-en-materia-de-neutralidad-fiscal-reestructuraciones-empresariales\/\u00bb][vc_custom_heading text=\u00bbPlanificaci\u00f3n fiscal y reestructuraci\u00f3n societaria\u00bb font_container=\u00bbtag:h2|font_size:1em|text_align:center|color:%23ffffff\u00bb use_theme_fonts=\u00bbyes\u00bb css=\u00bb.vc_custom_1738790651802{background-color: #053671 !important;}\u00bb link=\u00bburl:%2Fes%2Fservicios%2Fasesoramiento-y-planificacion-en-materia-de-neutralidad-fiscal-reestructuraciones-empresariales%2F\u00bb el_class=\u00bbalturaMin\u00bb][vc_empty_space][\/vc_column_inner][\/vc_row_inner][vc_empty_space][\/vc_column][\/vc_row]<\/p>\n<\/div>","protected":false},"excerpt":{"rendered":"<p>[vc_row css_animation=\u00bb\u00bb row_type=\u00bbrow\u00bb use_row_as_full_screen_section=\u00bbno\u00bb type=\u00bbfull_width\u00bb angled_section=\u00bbno\u00bb text_align=\u00bbleft\u00bb background_image_as_pattern=\u00bbwithout_pattern\u00bb][vc_column][vc_empty_space][\/vc_column][\/vc_row][vc_row css_animation=\u00bb\u00bb row_type=\u00bbrow\u00bb use_row_as_full_screen_section=\u00bbno\u00bb type=\u00bbfull_width\u00bb angled_section=\u00bbno\u00bb text_align=\u00bbleft\u00bb background_image_as_pattern=\u00bbwithout_pattern\u00bb css=\u00bb.vc_custom_1542670816086{padding-right: 7% !important;padding-left: 7% !important;}\u00bb z_index=\u00bb\u00bb][vc_column][vc_custom_heading text=\u00bbDepartamentos\u00bb font_container=\u00bbtag:h3|font_size:22px|text_align:left|color:%23000000&#8243; use_theme_fonts=\u00bbyes\u00bb][vc_separator type=\u00bbsmall\u00bb position=\u00bbleft\u00bb][vc_empty_space][\/vc_column][\/vc_row][vc_row css_animation=\u00bb\u00bb row_type=\u00bbrow\u00bb use_row_as_full_screen_section=\u00bbno\u00bb type=\u00bbfull_width\u00bb angled_section=\u00bbno\u00bb text_align=\u00bbcenter\u00bb background_image_as_pattern=\u00bbwithout_pattern\u00bb css=\u00bb.vc_custom_1542739180982{padding-right: 10% !important;padding-left: 10% !important;}\u00bb z_index=\u00bb\u00bb][vc_column][vc_row_inner row_type=\u00bbrow\u00bb type=\u00bbfull_width\u00bb text_align=\u00bbleft\u00bb css_animation=\u00bb\u00bb][vc_column_inner width=\u00bb1\/4&#8243; offset=\u00bbvc_col-lg-3&#8230;<\/p>\n","protected":false},"author":1,"featured_media":0,"parent":0,"menu_order":0,"comment_status":"closed","ping_status":"closed","template":"full_width.php","meta":{"_joinchat":[],"footnotes":""},"_links":{"self":[{"href":"https:\/\/www.sugranyes.com\/es\/wp-json\/wp\/v2\/pages\/344"}],"collection":[{"href":"https:\/\/www.sugranyes.com\/es\/wp-json\/wp\/v2\/pages"}],"about":[{"href":"https:\/\/www.sugranyes.com\/es\/wp-json\/wp\/v2\/types\/page"}],"author":[{"embeddable":true,"href":"https:\/\/www.sugranyes.com\/es\/wp-json\/wp\/v2\/users\/1"}],"replies":[{"embeddable":true,"href":"https:\/\/www.sugranyes.com\/es\/wp-json\/wp\/v2\/comments?post=344"}],"version-history":[{"count":8,"href":"https:\/\/www.sugranyes.com\/es\/wp-json\/wp\/v2\/pages\/344\/revisions"}],"predecessor-version":[{"id":3987,"href":"https:\/\/www.sugranyes.com\/es\/wp-json\/wp\/v2\/pages\/344\/revisions\/3987"}],"wp:attachment":[{"href":"https:\/\/www.sugranyes.com\/es\/wp-json\/wp\/v2\/media?parent=344"}],"curies":[{"name":"wp","href":"https:\/\/api.w.org\/{rel}","templated":true}]}}