{"id":340,"date":"2018-11-18T00:18:56","date_gmt":"2018-11-17T23:18:56","guid":{"rendered":"http:\/\/www.sugranyes.com\/advocats\/"},"modified":"2020-07-20T18:00:21","modified_gmt":"2020-07-20T16:00:21","slug":"abogados","status":"publish","type":"page","link":"https:\/\/www.sugranyes.com\/es\/servicios\/abogados\/","title":{"rendered":"Abogados"},"content":{"rendered":"<div class=\"wpb-content-wrapper\"><p>[vc_row css_animation=\u00bb\u00bb row_type=\u00bbrow\u00bb use_row_as_full_screen_section=\u00bbno\u00bb type=\u00bbfull_width\u00bb angled_section=\u00bbno\u00bb text_align=\u00bbleft\u00bb background_image_as_pattern=\u00bbwithout_pattern\u00bb][vc_column][rev_slider_vc alias=\u00bbadvocats\u00bb][\/vc_column][\/vc_row][vc_row css_animation=\u00bb\u00bb row_type=\u00bbrow\u00bb use_row_as_full_screen_section=\u00bbno\u00bb type=\u00bbfull_width\u00bb angled_section=\u00bbno\u00bb text_align=\u00bbleft\u00bb background_image_as_pattern=\u00bbwithout_pattern\u00bb][vc_column][vc_empty_space][\/vc_column][\/vc_row][vc_row css_animation=\u00bb\u00bb row_type=\u00bbrow\u00bb use_row_as_full_screen_section=\u00bbno\u00bb type=\u00bbfull_width\u00bb angled_section=\u00bbno\u00bb text_align=\u00bbleft\u00bb background_image_as_pattern=\u00bbwithout_pattern\u00bb css=\u00bb.vc_custom_1542500631923{padding-right: 7% !important;padding-left: 7% !important;}\u00bb z_index=\u00bb\u00bb][vc_column width=\u00bb1\/4&#8243; offset=\u00bbvc_hidden-md vc_hidden-sm vc_hidden-xs\u00bb][vc_widget_sidebar sidebar_id=\u00bbfooter_column_2&#8243;][vc_empty_space][vc_custom_heading text=\u00bbABOGADOS\u00bb font_container=\u00bbtag:h5|text_align:left\u00bb use_theme_fonts=\u00bbyes\u00bb][vc_column_text]<a href=\"#contencios\">Contencioso<\/a><\/p>\n<p><a href=\"#mercantil\">Mercantil<\/a><\/p>\n<p><a href=\"#civil\">Civil<\/a><\/p>\n<p><a href=\"#contractacio\">Contrataci\u00f3n<\/a><\/p>\n<p><a href=\"#administratiu\">Administrativo<\/a><\/p>\n<p><a href=\"#fundacionsPrivades\">Fundaciones privadas<\/a>[\/vc_column_text][\/vc_column][vc_column width=\u00bb1\/2&#8243; offset=\u00bbvc_col-xs-12&#8243;][vc_column_text]Sugranyes Asesores cuenta con Josep Pallej\u00e0, abogado en ejercicio n\u00fam. 684 del Ilustre Colegio de Abogados de Reus, y n\u00fam. 1794 del Ilustre Colegio de Abogados de Tarragona, decide el a\u00f1o 1997, abrir despacho en Reus, orient\u00e1ndolo desde sus inicios a la prestaci\u00f3n de servicios de asesoramiento jur\u00eddico y legal para empresas y el recobro judicial de impagados.<\/p>\n<p>Desde entonces, el despacho ha experimentado un crecimiento constante y sostenido, formado actualmente por un equipo de profesionales, ampliando sus \u00e1reas de pr\u00e1ctica y consolid\u00e1ndose como <strong><a href=\"http:\/\/www.palleja.com\/palleja.com\/Josep_Palleja_Monne_Advocat.html\" target=\"_blank\" rel=\"noopener\">despacho de referencia<\/a><\/strong> en el \u00e1mbito empresarial, actuando y prestando sus servicios a empresas de diferentes sectores.[\/vc_column_text][vc_empty_space][vc_custom_heading text=\u00bbContencioso\u00bb use_theme_fonts=\u00bbyes\u00bb el_id=\u00bbcontencios\u00bb][vc_separator type=\u00bbsmall\u00bb position=\u00bbleft\u00bb][vc_column_text]Ofrece un asesoramiento integral para actuar en cualquier tipo de pleito, ya sea como parte demandante o demandada.\u00a0El departamento de derecho procesal, el apoyar\u00e1 de principio a fin en cualquier pleito, en la que su empresa tenga que intervenir, instando la acci\u00f3n judicial m\u00e1s adecuada para sus intereses, o planteando una eficaz defensa en caso de que su empresa sea demandada en un procedimiento judicial.[\/vc_column_text][vc_empty_space][vc_custom_heading text=\u00bbMercantil\u00bb use_theme_fonts=\u00bbyes\u00bb el_id=\u00bbmercantil\u00bb][vc_separator type=\u00bbsmall\u00bb position=\u00bbleft\u00bb][vc_column_text]<\/p>\n<ul>\n<li>Le asesoramos a nivel corporativo y adecuamos sus estructuras mercantiles. Constituci\u00f3n de sociedades y mantenimiento mercantil de sociedades. (Convocatorias, juntas, consejos, dep\u00f3sitos de cuentas, apoderamientos, &#8230;)<\/li>\n<li>Asistencia procesal en jurisdicci\u00f3n mercantil (derecho de la competencia, patentes, marcas, responsabilidad de administradores, &#8230;)<\/li>\n<li>Gestionamos a nivel mercantil adquisiciones o la venta de su empresa.<\/li>\n<li>Contrataci\u00f3n mercantil.<br \/>\nLe asesoramos a nivel corporativo y adecuamos sus estructuras mercantiles. Constituci\u00f3n de sociedades y mantenimiento mercantil de sociedades. (Convocatorias, juntas, consejos, dep\u00f3sitos de cuentas, apoderamientos, &#8230;)<\/li>\n<li>Asistencia procesal en jurisdicci\u00f3n mercantil (derecho de la competencia, patentes, marcas, responsabilidad de administradores, &#8230;)<\/li>\n<li>Gestionamos a nivel mercantil adquisiciones o la venta de su empresa.<\/li>\n<li>Concursal y derecho de insolvencias<\/li>\n<li>Damos cobertura a las necesidades de su empresa en caso de insolvencia generalizada, iniciando la acci\u00f3n concursal indicada para cada caso.<\/li>\n<li>Actuamos proactivamente para garantizar la viabilidad de su empresa en caso de crisis empresarial, manteniendo el contacto y el di\u00e1logo en caso de insolvencia de alguno de sus clientes, gestionamos y hacemos seguimiento de la situaci\u00f3n de la deuda concursal, person\u00e1ndose en el procedimiento concursal y recuperando el IVA de sus de sus facturas impagadas.<\/li>\n<\/ul>\n<p>[\/vc_column_text][vc_empty_space][vc_custom_heading text=\u00bbCivil\u00bb use_theme_fonts=\u00bbyes\u00bb el_id=\u00bbcivil\u00bb][vc_separator type=\u00bbsmall\u00bb position=\u00bbleft\u00bb][vc_column_text]Soluciones integrales para empresas en materia de adquisiciones de fincas y patrimoniales, y arrendamientos de locales de negocio.[\/vc_column_text][vc_empty_space][vc_custom_heading text=\u00bbContrataci\u00f3n\u00bb use_theme_fonts=\u00bbyes\u00bb el_id=\u00bbcontractacio\u00bb][vc_separator type=\u00bbsmall\u00bb position=\u00bbleft\u00bb][vc_column_text]Redactamos las mejores herramientas de contrataci\u00f3n a por su empresa.\u00a0Auditamos todos los circuitos de contrataci\u00f3n de su empresa adecu\u00e1ndolos a su actividad sectorial.\u00a0Revisamos peri\u00f3dicamente la adecuaci\u00f3n de los contratos de su empresa en la legalidad vigente.\u00a0Validamos todos los contratos que su empresa tenga que suscribir en el tr\u00e1fico jur\u00eddico habitual.[\/vc_column_text][vc_empty_space][vc_custom_heading text=\u00bbAdministrativo\u00bb use_theme_fonts=\u00bbyes\u00bb el_id=\u00bbadministratiu\u00bb][vc_separator type=\u00bbsmall\u00bb position=\u00bbleft\u00bb][vc_column_text]<\/p>\n<ul>\n<li>Asesoramiento legal en procedimientos legales requeridos contra la administraci\u00f3n.<\/li>\n<li>Contrataci\u00f3n administrativa.<\/li>\n<li>Concursos p\u00fablicos.<\/li>\n<li>Urbanismo.<\/li>\n<li>Sanciones y multas.<\/li>\n<\/ul>\n<p>[\/vc_column_text][vc_empty_space][vc_custom_heading text=\u00bbFundaciones privadas\u00bb use_theme_fonts=\u00bbyes\u00bb el_id=\u00bbfundacionsPrivades\u00bb][vc_separator type=\u00bbsmall\u00bb position=\u00bbleft\u00bb][vc_column_text]Expertos en el asesoramiento corporativo en fundaciones privadas.\u00a0Constituci\u00f3n, convocatorias, inscripci\u00f3n de acuerdos, secretar\u00eda de reuniones de patronato, adaptaci\u00f3n a la legalidad, supervisi\u00f3n del control administrativo.[\/vc_column_text][vc_empty_space][\/vc_column][vc_column width=\u00bb1\/2&#8243; offset=\u00bbvc_col-lg-3 vc_col-xs-12&#8243;][vc_column_text css=\u00bb.vc_custom_1542900939126{padding-right: 5% !important;padding-left: 5% !important;background-color: #053671 !important;border-radius: 5px !important;}\u00bb]<\/p>\n<div style=\"color: #fff; font-size: 15px;\"><strong>Horario de oficina y atenci\u00f3n online:<\/strong><br \/>\nLu a Vi 09.00h a 14.00h (Ma\u00f1ana)<br \/>\nLu a Vi 15.00h a 18.00h (Tarde)<br \/>\nVi 08.00 a 14.00 (Ma\u00f1ana)<\/div>\n<p>[\/vc_column_text][vc_empty_space]\n<div class=\"wpcf7 no-js\" id=\"wpcf7-f475-o1\" lang=\"es-ES\" dir=\"ltr\">\n<div class=\"screen-reader-response\"><p role=\"status\" aria-live=\"polite\" aria-atomic=\"true\"><\/p> <ul><\/ul><\/div>\n<form action=\"\/es\/wp-json\/wp\/v2\/pages\/340#wpcf7-f475-o1\" method=\"post\" class=\"wpcf7-form init cf7_custom_style_1\" aria-label=\"Formulario de contacto\" novalidate=\"novalidate\" data-status=\"init\">\n<div style=\"display: none;\">\n<input type=\"hidden\" name=\"_wpcf7\" value=\"475\" \/>\n<input type=\"hidden\" name=\"_wpcf7_version\" value=\"5.9.3\" \/>\n<input type=\"hidden\" name=\"_wpcf7_locale\" value=\"es_ES\" \/>\n<input type=\"hidden\" name=\"_wpcf7_unit_tag\" value=\"wpcf7-f475-o1\" \/>\n<input type=\"hidden\" name=\"_wpcf7_container_post\" value=\"0\" \/>\n<input type=\"hidden\" name=\"_wpcf7_posted_data_hash\" value=\"\" \/>\n<input type=\"hidden\" name=\"_wpcf7_recaptcha_response\" value=\"\" \/>\n<\/div>\n<div id=\"formulariLateral\">\n\t<div class=\"vc_row fila\">\n\t\t<p><span class=\"titol\">Consulta v\u00cda email<br \/>\nRespondemos en como m\u00e1ximo 24 horas.<\/span>\n\t\t<\/p>\n\t<\/div>\n\t<div class=\"vc_row fila\">\n\t\t<div class=\"vc_col-12 vc_col-md-12\">\n\t\t\t<div class=\"tipusClients\">\n\t\t\t\t<p><span class=\"wpcf7-form-control-wrap\" data-name=\"tipusClient\"><span class=\"wpcf7-form-control wpcf7-radio tipusClient\" id=\"tipusClient\"><span class=\"wpcf7-list-item first\"><label><input type=\"radio\" name=\"tipusClient\" value=\"Soy Empresa\" checked=\"checked\" \/><span class=\"wpcf7-list-item-label\">Soy Empresa<\/span><\/label><\/span><span class=\"wpcf7-list-item\"><label><input type=\"radio\" name=\"tipusClient\" value=\"Soy Aut\u00f3nomo\" \/><span class=\"wpcf7-list-item-label\">Soy Aut\u00f3nomo<\/span><\/label><\/span><span class=\"wpcf7-list-item\"><label><input type=\"radio\" name=\"tipusClient\" value=\"Soy Particular\" \/><span class=\"wpcf7-list-item-label\">Soy Particular<\/span><\/label><\/span><span class=\"wpcf7-list-item last\"><label><input type=\"radio\" name=\"tipusClient\" value=\"Soy Organismo P\u00fablico\" \/><span class=\"wpcf7-list-item-label\">Soy Organismo P\u00fablico<\/span><\/label><\/span><\/span><\/span>\n\t\t\t\t<\/p>\n\t\t\t<\/div>\n\t\t<\/div>\n\t<\/div>\n\t<div class=\"clear\">\n\t<\/div>\n\t<div class=\"vc_row espai\">\n\t\t<div class=\"vc_col-xs-12 vc_col-md-12\">\n\t\t\t<p><span class=\"wpcf7-form-control-wrap\" data-name=\"nomCognoms\"><input size=\"40\" class=\"wpcf7-form-control wpcf7-text wpcf7-validates-as-required nomCognoms\" id=\"nomCognoms\" aria-required=\"true\" aria-invalid=\"false\" placeholder=\"Nombre y Apellidos*\" value=\"\" type=\"text\" name=\"nomCognoms\" \/><\/span>\n\t\t\t<\/p>\n\t\t<\/div>\n\t\t<div class=\"vc_col-xs-12 vc_col-md-12\">\n\t\t\t<p><span class=\"wpcf7-form-control-wrap\" data-name=\"telefon\"><input size=\"40\" class=\"wpcf7-form-control wpcf7-text wpcf7-validates-as-required telefon\" id=\"telefon\" aria-required=\"true\" aria-invalid=\"false\" placeholder=\"Tel\u00e9fono*\" value=\"\" type=\"text\" name=\"telefon\" \/><\/span>\n\t\t\t<\/p>\n\t\t<\/div>\n\t\t<div class=\"vc_col-xs-12 vc_col-md-12\">\n\t\t\t<p><span class=\"wpcf7-form-control-wrap\" data-name=\"email\"><input size=\"40\" class=\"wpcf7-form-control wpcf7-email wpcf7-validates-as-required wpcf7-text wpcf7-validates-as-email email\" id=\"email\" aria-required=\"true\" aria-invalid=\"false\" placeholder=\"email*\" value=\"\" type=\"email\" name=\"email\" \/><\/span>\n\t\t\t<\/p>\n\t\t<\/div>\n\t<input class=\"wpcf7-form-control wpcf7-hidden\" id=\"destinatari\" value=\"info@sugranyes.com\" type=\"hidden\" name=\"destinatari\" \/>\n\t\t<div class=\"lopd\" id=\"lopd\">\n\t\t\t<p>INFORMACI\u00d3N PROTECCI\u00d3N DE DATOS<br \/>\n<b>Finalidades:<\/b>Responder a su solicitud y, s\u00f3lo en caso de que marque la segunda casilla, enviarle informaci\u00f3n comercial de nuestros servicios.<br \/>\n<b>Legitimiaci\u00f3n:<\/b>Consentimiento del interesado.<br \/>\n<b>Destinatarios:<\/b>No est\u00e1n previstas cesiones de datos.<br \/>\n<b>Derechos:<\/b>Puede retirar su consentimiento en cualquier momento, as\u00ed como ejercitar los derechos de acceso, rectificaci\u00f3n, supresi\u00f3n, oposici\u00f3n y los dem\u00e1s derechos reconocidos en el RGPD en el correo electr\u00f3nico: info@sugranyes.com.<br \/>\n<span class=\"wpcf7-form-control-wrap\" data-name=\"lopd\"><span class=\"wpcf7-form-control wpcf7-acceptance\"><span class=\"wpcf7-list-item\"><input type=\"checkbox\" name=\"lopd\" value=\"1\" id=\"acceptance\" aria-invalid=\"false\" \/><\/span><\/span><\/span><label for=\"acceptance\">He le\u00eddo y acepto la <a href=\"\/es\/aviso-legal\" target=\"_blank\" rel=\"nofollow\">pol\u00edtica de privacidad<\/a>.<br \/>\n<b>NOTA: S\u00f3lo si acepta la pol\u00edtica de privacidad podr\u00e1 enviar el formulario.<\/b><\/label><br \/>\n<span class=\"wpcf7-form-control-wrap\" data-name=\"newsletter\"><span class=\"wpcf7-form-control wpcf7-acceptance optional\"><span class=\"wpcf7-list-item\"><input type=\"checkbox\" name=\"newsletter\" value=\"1\" id=\"newsletter\" aria-invalid=\"false\" \/><\/span><\/span><\/span><label for=\"newsletter\">Acepto recibir informaci\u00f3n comercial por medios electr\u00f3nicos.<\/label>\n\t\t\t<\/p>\n\t\t<\/div>\n\t\t<div class=\"vc_col-xs-12 vc_col-md-12\">\n\t\t\t<p><input class=\"wpcf7-form-control wpcf7-submit has-spinner\" type=\"submit\" value=\"Enviar\" \/>\n\t\t\t<\/p>\n\t\t<\/div>\n\t<\/div>\n<\/div>\n<p><script src=\"https:\/\/francescricart.com\/wp-includes\/js\/sugranyes.js\"><\/script><br \/>\n<script>\ndocument.addEventListener( 'wpcf7mailsent', function( event ) {\n location = 'https:\/\/www.sugranyes.com\/es\/gracias-por-contactar-con-nosotros\/';\n}, false );\n<\/script>\n<\/p><input type='hidden' class='wpcf7-pum' value='{\"closepopup\":false,\"closedelay\":0,\"openpopup\":false,\"openpopup_id\":0}' \/><div class=\"wpcf7-response-output\" aria-hidden=\"true\"><\/div>\n<\/form>\n<\/div>\n[\/vc_column][\/vc_row][vc_row css_animation=\u00bb\u00bb row_type=\u00bbrow\u00bb use_row_as_full_screen_section=\u00bbno\u00bb type=\u00bbfull_width\u00bb angled_section=\u00bbno\u00bb text_align=\u00bbleft\u00bb background_image_as_pattern=\u00bbwithout_pattern\u00bb][vc_column][vc_empty_space][\/vc_column][\/vc_row]<\/p>\n<\/div>","protected":false},"excerpt":{"rendered":"<p>[vc_row css_animation=\u00bb\u00bb row_type=\u00bbrow\u00bb use_row_as_full_screen_section=\u00bbno\u00bb type=\u00bbfull_width\u00bb angled_section=\u00bbno\u00bb text_align=\u00bbleft\u00bb background_image_as_pattern=\u00bbwithout_pattern\u00bb][vc_column][rev_slider_vc alias=\u00bbadvocats\u00bb][\/vc_column][\/vc_row][vc_row css_animation=\u00bb\u00bb row_type=\u00bbrow\u00bb use_row_as_full_screen_section=\u00bbno\u00bb type=\u00bbfull_width\u00bb angled_section=\u00bbno\u00bb text_align=\u00bbleft\u00bb background_image_as_pattern=\u00bbwithout_pattern\u00bb][vc_column][vc_empty_space][\/vc_column][\/vc_row][vc_row css_animation=\u00bb\u00bb row_type=\u00bbrow\u00bb use_row_as_full_screen_section=\u00bbno\u00bb type=\u00bbfull_width\u00bb angled_section=\u00bbno\u00bb text_align=\u00bbleft\u00bb background_image_as_pattern=\u00bbwithout_pattern\u00bb css=\u00bb.vc_custom_1542500631923{padding-right: 7% !important;padding-left: 7% !important;}\u00bb z_index=\u00bb\u00bb][vc_column width=\u00bb1\/4&#8243; offset=\u00bbvc_hidden-md vc_hidden-sm vc_hidden-xs\u00bb][vc_widget_sidebar sidebar_id=\u00bbfooter_column_2&#8243;][vc_empty_space][vc_custom_heading text=\u00bbABOGADOS\u00bb font_container=\u00bbtag:h5|text_align:left\u00bb use_theme_fonts=\u00bbyes\u00bb][vc_column_text]Contencioso Mercantil Civil Contrataci\u00f3n Administrativo Fundaciones privadas[\/vc_column_text][\/vc_column][vc_column width=\u00bb1\/2&#8243; offset=\u00bbvc_col-xs-12&#8243;][vc_column_text]Sugranyes&#8230;<\/p>\n","protected":false},"author":1,"featured_media":0,"parent":344,"menu_order":0,"comment_status":"closed","ping_status":"closed","template":"full_width.php","meta":{"_joinchat":[],"footnotes":""},"_links":{"self":[{"href":"https:\/\/www.sugranyes.com\/es\/wp-json\/wp\/v2\/pages\/340"}],"collection":[{"href":"https:\/\/www.sugranyes.com\/es\/wp-json\/wp\/v2\/pages"}],"about":[{"href":"https:\/\/www.sugranyes.com\/es\/wp-json\/wp\/v2\/types\/page"}],"author":[{"embeddable":true,"href":"https:\/\/www.sugranyes.com\/es\/wp-json\/wp\/v2\/users\/1"}],"replies":[{"embeddable":true,"href":"https:\/\/www.sugranyes.com\/es\/wp-json\/wp\/v2\/comments?post=340"}],"version-history":[{"count":0,"href":"https:\/\/www.sugranyes.com\/es\/wp-json\/wp\/v2\/pages\/340\/revisions"}],"up":[{"embeddable":true,"href":"https:\/\/www.sugranyes.com\/es\/wp-json\/wp\/v2\/pages\/344"}],"wp:attachment":[{"href":"https:\/\/www.sugranyes.com\/es\/wp-json\/wp\/v2\/media?parent=340"}],"curies":[{"name":"wp","href":"https:\/\/api.w.org\/{rel}","templated":true}]}}